{"id":1268,"date":"2017-08-11T10:33:00","date_gmt":"2017-08-11T09:33:00","guid":{"rendered":"http:\/\/nalusurf.de\/?page_id=1268"},"modified":"2026-08-31T23:10:37","modified_gmt":"2026-08-31T22:10:37","slug":"surfschool-surfcamp-fuerteventura","status":"publish","type":"page","link":"https:\/\/nalusurf.de\/da\/","title":{"rendered":"Nalusurf Surfschool &#038; Surfcamp Fuerteventura"},"content":{"rendered":"<div id=\"fws_6a9d5bad097db\"  data-column-margin=\"default\" data-midnight=\"dark\"  class=\"wpb_row vc_row-fluid vc_row full-width-section vc_row-o-full-height vc_row-o-columns-middle vc_row-o-equal-height vc_row-flex  mobile-disable-bg-image-animation\"  style=\"padding-top: 0px; padding-bottom: 0px; \"><div class=\"row-bg-wrap\" data-bg-animation=\"zoom-out\" data-bg-animation-delay=\"\" data-bg-overlay=\"false\"><div class=\"inner-wrap row-bg-layer using-image\" ><div class=\"row-bg viewport-desktop using-image\"  style=\"background-position: center center; background-repeat: no-repeat; \" data-nectar-img-src=\"https:\/\/nalusurf.de\/wp-content\/uploads\/2026\/08\/strand-la-pared-fuerteventura.webp\"><\/div><\/div><\/div><div class=\"row_col_wrap_12 col span_12 dark left\">\n\t<div  class=\"vc_col-sm-12 wpb_column column_container vc_column_container col no-extra-padding inherit_tablet inherit_phone flex_gap_desktop_10px\"  data-padding-pos=\"all\" data-has-bg-color=\"false\" data-bg-color=\"\" data-bg-opacity=\"1\" data-animation=\"\" data-delay=\"0\" >\n\t\t<div class=\"vc_column-inner\" >\n\t\t\t<div class=\"wpb_wrapper\">\n\t\t\t\t<div class=\"divider-wrap\" data-alignment=\"default\"><div style=\"height: 90px;\" class=\"divider\"><\/div><\/div><h1 style=\"font-size: 50px;color: #ffffff;text-align: center\" class=\"vc_custom_heading vc_do_custom_heading wpb_animate_when_almost_visible wpb_fadeIn fadeIn\" >Surfeskole og surfcamp p\u00e5 Fuerteventura<\/h1><div class=\"divider-wrap\" data-alignment=\"default\"><div style=\"margin-top: 10px; height: 1px; margin-bottom: 10px;\" data-width=\"100%\" data-animate=\"\" data-animation-delay=\"\" data-color=\"default\" class=\"divider-border\"><\/div><\/div><h2 style=\"font-size: 50px;color: #ffffff;text-align: center\" class=\"vc_custom_heading vc_do_custom_heading wpb_animate_when_almost_visible wpb_fadeIn fadeIn\" >Velkommen til Nalusurf!<\/h2><div class=\"divider-wrap\" data-alignment=\"default\"><div style=\"height: 90px;\" class=\"divider\"><\/div><\/div>\n\t\t\t<\/div> \n\t\t<\/div>\n\t<\/div> \n<\/div><\/div>\n\t\t<div id=\"fws_6a9d5bad0a0f5\"  data-column-margin=\"default\" data-midnight=\"dark\" data-top-percent=\"5%\" data-bottom-percent=\"5%\"  class=\"wpb_row vc_row-fluid vc_row full-width-section has-row-bg-color\"  style=\"padding-top: calc(100vw * 0.05); padding-bottom: calc(100vw * 0.05); --row-bg-color: #ffffff;\"><div class=\"row-bg-wrap\" data-bg-animation=\"none\" data-bg-animation-delay=\"\" data-bg-overlay=\"false\"><div class=\"inner-wrap row-bg-layer\" ><div class=\"row-bg viewport-desktop using-bg-color\"  style=\"background-color: #ffffff; \"><\/div><\/div><\/div><div class=\"row_col_wrap_12 col span_12 dark left\">\n\t<div  class=\"vc_col-sm-12 wpb_column column_container vc_column_container col no-extra-padding inherit_tablet inherit_phone flex_gap_desktop_10px\"  data-padding-pos=\"all\" data-has-bg-color=\"false\" data-bg-color=\"\" data-bg-opacity=\"1\" data-animation=\"\" data-delay=\"0\" >\n\t\t<div class=\"vc_column-inner\" >\n\t\t\t<div class=\"wpb_wrapper\">\n\t\t\t\t<div id=\"fws_6a9d5bad0a3be\" data-midnight=\"\" data-column-margin=\"default\" class=\"wpb_row vc_row-fluid vc_row inner_row\"  style=\"\"><div class=\"row-bg-wrap\"> <div class=\"row-bg\" ><\/div> <\/div><div class=\"row_col_wrap_12_inner col span_12  left\">\n\t<div  class=\"vc_col-sm-6 wpb_column column_container vc_column_container col child_column no-extra-padding inherit_tablet inherit_phone flex_gap_desktop_10px\"   data-padding-pos=\"all\" data-has-bg-color=\"false\" data-bg-color=\"\" data-bg-opacity=\"1\" data-animation=\"\" data-delay=\"0\" >\n\t\t<div class=\"vc_column-inner\" >\n\t\t<div class=\"wpb_wrapper\">\n\t\t\t<div class=\"nectar-gradient-text\" data-direction=\"diagonal\" data-color=\"extra-color-gradient-1\" style=\"\"><h2>Pionererne fra La Pared:<br \/>\nJeres surfcamp p\u00e5 Fuerteventuras vestkyst<\/h2><\/div>\n\t\t<\/div> \n\t<\/div>\n\t<\/div> \n\n\t<div  class=\"vc_col-sm-6 wpb_column column_container vc_column_container col child_column no-extra-padding inherit_tablet inherit_phone flex_gap_desktop_10px\"   data-padding-pos=\"all\" data-has-bg-color=\"false\" data-bg-color=\"\" data-bg-opacity=\"1\" data-animation=\"\" data-delay=\"0\" >\n\t\t<div class=\"vc_column-inner\" >\n\t\t<div class=\"wpb_wrapper\">\n\t\t\t\n\t\t<\/div> \n\t<\/div>\n\t<\/div> \n<\/div><\/div><div id=\"fws_6a9d5bad0a786\" data-midnight=\"\" data-column-margin=\"default\" class=\"wpb_row vc_row-fluid vc_row inner_row\"  style=\"\"><div class=\"row-bg-wrap\"> <div class=\"row-bg\" ><\/div> <\/div><div class=\"row_col_wrap_12_inner col span_12  left\">\n\t<div  class=\"vc_col-sm-6 wpb_column column_container vc_column_container col child_column padding-3-percent top_margin_phone_-25px inherit_tablet inherit_phone flex_gap_desktop_10px\"   data-padding-pos=\"top-bottom\" data-has-bg-color=\"false\" data-bg-color=\"\" data-bg-opacity=\"1\" data-animation=\"\" data-delay=\"0\" >\n\t\t<div class=\"vc_column-inner\" >\n\t\t<div class=\"wpb_wrapper\">\n\t\t\t\n<div class=\"wpb_text_column wpb_content_element  vc_custom_1754041026053\" >\n\t<p>Velkommen til Nalusurf. Vores historie begyndte l\u00e6nge f\u00f8r de fleste andre surfskoler p\u00e5 vestkysten overhovedet eksisterede. <strong>Vores grundl\u00e6gger, Ralf, var en af de f\u00f8rste surfinstrukt\u00f8rer p\u00e5 stranden ved La Pared<\/strong>.<\/p>\n<p>Dengang stod han n\u00e6sten helt alene p\u00e5 stranden med sine kurser \u2013 ingen andre surfskoler, ingen menneskem\u00e6ngder, kun den rene passion for stedets vilde, autentiske b\u00f8lger.<\/p>\n<p>Hans vision har fra starten v\u00e6ret, at surfing ikke skal v\u00e6re en masseproduktion, men at give hver enkelt elev den teknik og den forst\u00e5else for havet, der er n\u00f8dvendig for \u00e6gte surfing.<\/p>\n<\/div>\n\n\n\n\n\t\t<\/div> \n\t<\/div>\n\t<\/div> \n\n\t<div  class=\"vc_col-sm-6 wpb_column column_container vc_column_container col child_column padding-3-percent inherit_tablet inherit_phone flex_gap_desktop_10px\"   data-padding-pos=\"top-bottom\" data-has-bg-color=\"false\" data-bg-color=\"\" data-bg-opacity=\"1\" data-animation=\"\" data-delay=\"0\" >\n\t\t<div class=\"vc_column-inner\" >\n\t\t<div class=\"wpb_wrapper\">\n\t\t\t\n<div class=\"wpb_text_column wpb_content_element  vc_custom_1754678114571\" >\n\t<p>Dette grundl\u00e6ggende DNA udg\u00f8r stadig vores kerne. Det er grunden til, at vi bevidst v\u00e6lger kvalitet frem for kvantitet. Hos os l\u00e6rer du ikke bare at st\u00e5 p\u00e5 et br\u00e6t \u2013 du l\u00e6rer at blive en surfer.<\/p>\n<h3>Det er vores <strong>L\u00f8fte<\/strong><\/h3>\n<p>Vores hjem er La Pared, det legendariske surfsted p\u00e5 vestkysten, hvor \u201eThe Search\u201c for os ikke er et slogan, men en del af hverdagen. Med vores shuttle henter vi dig bekvemt fra dit overnatningssted i <strong>Costa Calma<\/strong> fra. Ogs\u00e5 \u00a0<strong>Jandia<\/strong>, <strong>Morro Jable<\/strong> eller <strong>Esquinzo<\/strong> ligger ikke langt v\u00e6k. Vi tager dig med derhen, hvor surfingen er mest autentisk. Er du klar til at l\u00e6re det ordentligt?<\/p>\n<\/div>\n\n\n\n\n\t\t<\/div> \n\t<\/div>\n\t<\/div> \n<\/div><\/div>\n\t\t\t<\/div> \n\t\t<\/div>\n\t<\/div> \n<\/div><\/div>\n\t\t<div id=\"fws_6a9d5bad0abba\"  data-column-margin=\"default\" data-midnight=\"dark\"  class=\"wpb_row vc_row-fluid vc_row full-width-content vc_row-o-equal-height vc_row-flex vc_row-o-content-middle\"  style=\"padding-top: 0px; padding-bottom: 0px; \"><div class=\"row-bg-wrap\" data-bg-animation=\"none\" data-bg-animation-delay=\"\" data-bg-overlay=\"false\"><div class=\"inner-wrap row-bg-layer\" ><div class=\"row-bg viewport-desktop\"  style=\"\"><\/div><\/div><\/div><div class=\"row_col_wrap_12 col span_12 dark left\">\n\t<div  class=\"vc_col-sm-6 wpb_column column_container vc_column_container col no-extra-padding inherit_tablet inherit_phone flex_gap_desktop_10px\"  data-padding-pos=\"all\" data-has-bg-color=\"false\" data-bg-color=\"\" data-bg-opacity=\"1\" data-animation=\"\" data-delay=\"0\" >\n\t\t<div class=\"vc_column-inner\" >\n\t\t\t<div class=\"wpb_wrapper\">\n\t\t\t\t<div class=\"img-with-aniamtion-wrap center nectar-object-position-center-center\" data-max-width=\"100%\" data-max-width-mobile=\"default\" data-shadow=\"none\" data-animation=\"none\" >\n      <div class=\"inner\">\n        <div class=\"hover-wrap\"> \n          <div class=\"hover-wrap-inner\">\n            <img loading=\"lazy\" decoding=\"async\" class=\"img-with-animation skip-lazy nectar-object-cover\" data-delay=\"0\" height=\"1361\" width=\"1814\" data-animation=\"none\" src=\"https:\/\/nalusurf.de\/wp-content\/uploads\/2025\/07\/IMG_0508-Kopie.jpg\" alt=\"To surfere b\u00e6rer gr\u00f8nne og bl\u00e5 surfbr\u00e6tter langs stranden i solrigt vejr.\" srcset=\"https:\/\/nalusurf.de\/wp-content\/uploads\/2025\/07\/IMG_0508-Kopie.jpg 1814w, https:\/\/nalusurf.de\/wp-content\/uploads\/2025\/07\/IMG_0508-Kopie-300x225.jpg 300w, https:\/\/nalusurf.de\/wp-content\/uploads\/2025\/07\/IMG_0508-Kopie-1024x768.jpg 1024w, https:\/\/nalusurf.de\/wp-content\/uploads\/2025\/07\/IMG_0508-Kopie-768x576.jpg 768w, https:\/\/nalusurf.de\/wp-content\/uploads\/2025\/07\/IMG_0508-Kopie-1536x1152.jpg 1536w\" sizes=\"auto, (max-width: 1814px) 100vw, 1814px\" \/>\n          <\/div>\n        <\/div>\n        \n      <\/div>\n    <\/div>\n\t\t\t<\/div> \n\t\t<\/div>\n\t<\/div> \n\n\t<div style=\"\" class=\"vc_col-sm-6 wpb_column column_container vc_column_container col padding-5-percent inherit_tablet inherit_phone flex_gap_desktop_10px\" data-using-bg=\"true\" data-padding-pos=\"all\" data-has-bg-color=\"true\" data-bg-color=\"#ffffff\" data-bg-opacity=\"1\" data-animation=\"\" data-delay=\"0\" >\n\t\t<div class=\"vc_column-inner\" ><div class=\"column-bg-overlay-wrap column-bg-layer\" data-bg-animation=\"none\"><div class=\"column-bg-overlay\" style=\"opacity: 1; background-color: #ffffff;\"><\/div><\/div>\n\t\t\t<div class=\"wpb_wrapper\">\n\t\t\t\t<div id=\"fws_6a9d5bad0b200\" data-midnight=\"\" data-column-margin=\"default\" class=\"wpb_row vc_row-fluid vc_row inner_row\"  style=\"\"><div class=\"row-bg-wrap\"> <div class=\"row-bg\" ><\/div> <\/div><div class=\"row_col_wrap_12_inner col span_12  left\">\n\t<div  class=\"vc_col-sm-12 wpb_column column_container vc_column_container col child_column has-animation no-extra-padding inherit_tablet inherit_phone flex_gap_desktop_10px\"   data-padding-pos=\"all\" data-has-bg-color=\"false\" data-bg-color=\"\" data-bg-opacity=\"1\" data-animation=\"fade-in-from-bottom\" data-delay=\"0\" >\n\t\t<div class=\"vc_column-inner\" >\n\t\t<div class=\"wpb_wrapper\">\n\t\t\t<div class=\"nectar-gradient-text\" data-direction=\"diagonal\" data-color=\"extra-color-gradient-1\" style=\"\"><h2>Surfkursus med pionererne fra La Pared<\/h2><\/div>\n<div class=\"wpb_text_column wpb_content_element  vc_custom_1754041612524\" >\n\t<p>L\u00e6r at surfe d\u00e9r, hvor den professionelle surfundervisning p\u00e5 dette sted tog sin begyndelse. Vi underviser efter vores grundl\u00e6ggers filosofi: med fokus p\u00e5 en <strong>velgennemt\u00e6nkt teknik<\/strong>,<strong> dyb viden om havet<\/strong> og den <strong>Sikkerhed<\/strong>, som er n\u00f8dvendige i de kr\u00e6vende b\u00f8lger p\u00e5 vestkysten.<\/p>\n<\/div>\n\n\n\n<div class=\"divider-wrap\" data-alignment=\"default\"><div style=\"height: 30px;\" class=\"divider\"><\/div><\/div><h3 style=\"color: #000000;text-align: left\" class=\"vc_custom_heading vc_do_custom_heading vc_custom_1753613267187\" >Det er vores l\u00f8fte til dig:<\/h3><div class=\"nectar-fancy-ul\" data-list-icon=\"dot\" data-animation=\"true\" data-animation-delay=\"0\" data-spacing=\"default\" data-alignment=\"left\"> \n<ul>\n<li style=\"text-align: left;\"><strong>Kvalitet frem for kvantitet:<\/strong> I sm\u00e5 grupper s\u00f8rger vi for, at du f\u00e5r den individuelle vejledning, som de store surfskoler ikke kan tilbyde.<\/li>\n<li><strong>Rigtig uddannelse:<\/strong> Vi l\u00e6rer dig ikke kun at komme op p\u00e5 br\u00e6ttet. Vi uddanner dig til en surfer, der kan afl\u00e6se b\u00f8lgerne og overholde reglerne i vandet.<\/li>\n<li><strong>De bedste betingelser:<\/strong> Som pionerer kender vi La Pared og den sydlige del af Fuerteventura ud og ind. Hver dag tager vi dig pr\u00e6cis til det sted, der byder p\u00e5 de bedste og sikreste forhold for dit niveau.<\/li>\n<li style=\"text-align: left;\"><span style=\"font-family: -apple-system, BlinkMacSystemFont, 'Segoe UI', Roboto, Oxygen-Sans, Ubuntu, Cantarell, 'Helvetica Neue', sans-serif;\"><strong>Professionel uddannelse:<\/strong> Vores ISA-certificerede surfinstrukt\u00f8rer er ikke kun fremragende surfere, men frem for alt engagerede tr\u00e6nere, der med t\u00e5lmodighed og gl\u00e6de l\u00e6rer dig at surfe.<\/span><\/li>\n<\/ul>\n <\/div><a class=\"nectar-button large see-through-2\"  role=\"button\" style=\"margin-top: 30px; \"  href=\"https:\/\/nalusurf.de\/da\/surfkursus-pa-fuerteventura\/\" data-color-override=\"false\" data-hover-color-override=\"false\" data-hover-text-color-override=\"#ffffff\"><span>Surfkursus<\/span><\/a>\n\t\t<\/div> \n\t<\/div>\n\t<\/div> \n<\/div><\/div>\n\t\t\t<\/div> \n\t\t<\/div>\n\t<\/div> \n<\/div><\/div>\n\t\t<div id=\"fws_6a9d5bad0b76f\"  data-column-margin=\"default\" data-midnight=\"dark\"  class=\"wpb_row vc_row-fluid vc_row full-width-content has-row-bg-color vc_row-o-equal-height vc_row-flex vc_row-o-content-middle\"  style=\"padding-top: 0px; padding-bottom: 0px; --row-bg-color: #ffffff;\"><div class=\"row-bg-wrap\" data-bg-animation=\"none\" data-bg-animation-delay=\"\" data-bg-overlay=\"false\"><div class=\"inner-wrap row-bg-layer\" ><div class=\"row-bg viewport-desktop using-bg-color\"  style=\"background-color: #ffffff; \"><\/div><\/div><\/div><div class=\"row_col_wrap_12 col span_12 dark left\">\n\t<div style=\"\" class=\"vc_col-sm-6 wpb_column column_container vc_column_container col padding-10-percent inherit_tablet inherit_phone flex_gap_desktop_10px\" data-using-bg=\"true\" data-padding-pos=\"all\" data-has-bg-color=\"true\" data-bg-color=\"#f4f4f4\" data-bg-opacity=\"1\" data-animation=\"\" data-delay=\"0\" >\n\t\t<div class=\"vc_column-inner\" ><div class=\"column-bg-overlay-wrap column-bg-layer\" data-bg-animation=\"none\"><div class=\"column-bg-overlay\" style=\"opacity: 1; background-color: #f4f4f4;\"><\/div><\/div>\n\t\t\t<div class=\"wpb_wrapper\">\n\t\t\t\t<div id=\"fws_6a9d5bad0b9ab\" data-midnight=\"\" data-column-margin=\"default\" class=\"wpb_row vc_row-fluid vc_row inner_row\"  style=\"\"><div class=\"row-bg-wrap\"> <div class=\"row-bg\" ><\/div> <\/div><div class=\"row_col_wrap_12_inner col span_12  left\">\n\t<div  class=\"vc_col-sm-12 wpb_column column_container vc_column_container col child_column has-animation no-extra-padding inherit_tablet inherit_phone flex_gap_desktop_10px\"   data-padding-pos=\"all\" data-has-bg-color=\"false\" data-bg-color=\"\" data-bg-opacity=\"1\" data-animation=\"fade-in-from-bottom\" data-delay=\"0\" >\n\t\t<div class=\"vc_column-inner\" >\n\t\t<div class=\"wpb_wrapper\">\n\t\t\t<div class=\"nectar-gradient-text\" data-direction=\"diagonal\" data-color=\"extra-color-gradient-1\" style=\"\"><h2>Dit surfcamp i den sydlige del af Fuerteventura:<br \/>\nDet er op til dig<\/h2><\/div><div class=\"divider-wrap\" data-alignment=\"default\"><div style=\"height: 30px;\" class=\"divider\"><\/div><\/div>\n<div class=\"wpb_text_column wpb_content_element  vc_custom_1754041761341\" >\n\t<p>En perfekt surfferie ser forskellig ud for alle. Derfor tilbyder vi dig i vores surfcamp ikke blot \u00e9n, men to unikke muligheder for at leve din dr\u00f8m om at surfe i den sydlige del af Fuerteventura. Du bestemmer selv, hvilken stemning der passer bedst til dig.<\/p>\n<h4><strong>Mulighed 1: At bo lige i La Pared<\/strong><\/h4>\n<p>Vil du have den ultimative surferoplevelse? Vores lejligheder og hotelv\u00e6relser i La Pared ligger kun f\u00e5 skridt fra det bedste og mest p\u00e5lidelige surfsted i syd. Her v\u00e5gner du op til b\u00f8lgernes brusen, er langt v\u00e6k fra al travlheden og lever den autentiske surferlivsstil. Ideelt for alle, der vil koncentrere sig fuldt ud om b\u00f8lgerne og den betagende natur p\u00e5 vestkysten.<\/p>\n<h4><strong>Mulighed 2: Bolig i Costa Calma<\/strong><\/h4>\n<p>Vil du have det bedste fra to verdener? S\u00e5 er vores overnatningssteder i Costa Calma det perfekte valg. Nyd komforten med restauranter, barer og den kilometerlange sandstrand lige uden for d\u00f8ren. Og n\u00e5r det er tid til at surfe, henter vi dig med vores gratis shuttlebus og k\u00f8rer dig til de perfekte b\u00f8lger i La Pared. S\u00e5dan kombinerer du en afslappet strandferie med et f\u00f8rsteklasses surfkursus.<\/p>\n<p>Uanset hvilket sted du v\u00e6lger: Vi tilbyder dig p\u00e5 begge steder et udvalg af komfortable lejligheder med egen forplejning eller hotelv\u00e6relser med fleksible forplejningsmuligheder. Du bestemmer selv, hvad der passer til din stil og dit budget.<\/p>\n<\/div>\n\n\n\n<div class=\"divider-wrap\" data-alignment=\"default\"><div style=\"height: 30px;\" class=\"divider\"><\/div><\/div><a class=\"nectar-button large see-through-2\"  role=\"button\" style=\"margin-top: 30px; \"  href=\"https:\/\/nalusurf.de\/da\/surfcamp-pa-fuerteventura\/\" data-color-override=\"false\" data-hover-color-override=\"false\" data-hover-text-color-override=\"#ffffff\"><span>Surfcamp<\/span><\/a>\n\t\t<\/div> \n\t<\/div>\n\t<\/div> \n<\/div><\/div>\n\t\t\t<\/div> \n\t\t<\/div>\n\t<\/div> \n\n\t<div  class=\"vc_col-sm-6 wpb_column column_container vc_column_container col no-extra-padding inherit_tablet inherit_phone flex_gap_desktop_10px\"  data-padding-pos=\"all\" data-has-bg-color=\"false\" data-bg-color=\"\" data-bg-opacity=\"1\" data-animation=\"\" data-delay=\"0\" >\n\t\t<div class=\"vc_column-inner\" >\n\t\t\t<div class=\"wpb_wrapper\">\n\t\t\t\t<div class=\"img-with-aniamtion-wrap center nectar-object-position-center-center\" data-max-width=\"100%\" data-max-width-mobile=\"default\" data-shadow=\"none\" data-animation=\"none\" >\n      <div class=\"inner\">\n        <div class=\"hover-wrap\"> \n          <div class=\"hover-wrap-inner\">\n            <img loading=\"lazy\" decoding=\"async\" class=\"img-with-animation skip-lazy nectar-lazy nectar-object-cover\" data-delay=\"0\" height=\"1067\" width=\"1600\" data-animation=\"none\" data-nectar-img-src=\"https:\/\/nalusurf.de\/wp-content\/uploads\/2026\/08\/apartment-higos-beach.webp\" src=\"data:image\/svg+xml;charset=utf-8,%3Csvg%20xmlns%3D'http%3A%2F%2Fwww.w3.org%2F2000%2Fsvg'%20viewBox%3D'0%200%201600%201067'%2F%3E\" alt=\"\" data-nectar-img-srcset=\"https:\/\/nalusurf.de\/wp-content\/uploads\/2026\/08\/apartment-higos-beach.webp 1600w, https:\/\/nalusurf.de\/wp-content\/uploads\/2026\/08\/apartment-higos-beach-300x200.webp 300w, https:\/\/nalusurf.de\/wp-content\/uploads\/2026\/08\/apartment-higos-beach-1024x683.webp 1024w, https:\/\/nalusurf.de\/wp-content\/uploads\/2026\/08\/apartment-higos-beach-768x512.webp 768w, https:\/\/nalusurf.de\/wp-content\/uploads\/2026\/08\/apartment-higos-beach-1536x1024.webp 1536w, https:\/\/nalusurf.de\/wp-content\/uploads\/2026\/08\/apartment-higos-beach-18x12.webp 18w, https:\/\/nalusurf.de\/wp-content\/uploads\/2026\/08\/apartment-higos-beach-900x600.webp 900w\" sizes=\"auto, (max-width: 1600px) 100vw, 1600px\" \/>\n          <\/div>\n        <\/div>\n        \n      <\/div>\n    <\/div>\n\t\t\t<\/div> \n\t\t<\/div>\n\t<\/div> \n<\/div><\/div>\n\t\t<div id=\"fws_6a9d5bad0c65a\"  data-column-margin=\"default\" data-midnight=\"dark\"  class=\"wpb_row vc_row-fluid vc_row full-width-content vc_row-o-equal-height vc_row-flex vc_row-o-content-middle\"  style=\"padding-top: 0px; padding-bottom: 0px; \"><div class=\"row-bg-wrap\" data-bg-animation=\"none\" data-bg-animation-delay=\"\" data-bg-overlay=\"false\"><div class=\"inner-wrap row-bg-layer\" ><div class=\"row-bg viewport-desktop\"  style=\"\"><\/div><\/div><\/div><div class=\"row_col_wrap_12 col span_12 dark left\">\n\t<div  class=\"vc_col-sm-6 wpb_column column_container vc_column_container col no-extra-padding inherit_tablet inherit_phone flex_gap_desktop_10px\"  data-padding-pos=\"all\" data-has-bg-color=\"false\" data-bg-color=\"\" data-bg-opacity=\"1\" data-animation=\"\" data-delay=\"0\" >\n\t\t<div class=\"vc_column-inner\" >\n\t\t\t<div class=\"wpb_wrapper\">\n\t\t\t\t<div class=\"img-with-aniamtion-wrap center nectar-object-position-center-center\" data-max-width=\"100%\" data-max-width-mobile=\"default\" data-shadow=\"none\" data-animation=\"none\" >\n      <div class=\"inner\">\n        <div class=\"hover-wrap\"> \n          <div class=\"hover-wrap-inner\">\n            <img loading=\"lazy\" decoding=\"async\" class=\"img-with-animation skip-lazy nectar-lazy nectar-object-cover\" data-delay=\"0\" height=\"1536\" width=\"2048\" data-animation=\"none\" data-nectar-img-src=\"https:\/\/nalusurf.de\/wp-content\/uploads\/2022\/09\/Surfboards-Rental-Verleih-Fuerteventura.jpeg\" src=\"data:image\/svg+xml;charset=utf-8,%3Csvg%20xmlns%3D'http%3A%2F%2Fwww.w3.org%2F2000%2Fsvg'%20viewBox%3D'0%200%202048%201536'%2F%3E\" alt=\"Udlejning af surfbr\u00e6tter p\u00e5 Fuerteventura, La Pared\" data-nectar-img-srcset=\"https:\/\/nalusurf.de\/wp-content\/uploads\/2022\/09\/Surfboards-Rental-Verleih-Fuerteventura.jpeg 2048w, https:\/\/nalusurf.de\/wp-content\/uploads\/2022\/09\/Surfboards-Rental-Verleih-Fuerteventura-300x225.jpeg 300w, https:\/\/nalusurf.de\/wp-content\/uploads\/2022\/09\/Surfboards-Rental-Verleih-Fuerteventura-1024x768.jpeg 1024w, https:\/\/nalusurf.de\/wp-content\/uploads\/2022\/09\/Surfboards-Rental-Verleih-Fuerteventura-768x576.jpeg 768w, https:\/\/nalusurf.de\/wp-content\/uploads\/2022\/09\/Surfboards-Rental-Verleih-Fuerteventura-1536x1152.jpeg 1536w\" sizes=\"auto, (max-width: 2048px) 100vw, 2048px\" \/>\n          <\/div>\n        <\/div>\n        \n      <\/div>\n    <\/div>\n\t\t\t<\/div> \n\t\t<\/div>\n\t<\/div> \n\n\t<div style=\"\" class=\"vc_col-sm-6 wpb_column column_container vc_column_container col padding-5-percent inherit_tablet inherit_phone flex_gap_desktop_10px\" data-using-bg=\"true\" data-padding-pos=\"all\" data-has-bg-color=\"true\" data-bg-color=\"#ffffff\" data-bg-opacity=\"1\" data-animation=\"\" data-delay=\"0\" >\n\t\t<div class=\"vc_column-inner\" ><div class=\"column-bg-overlay-wrap column-bg-layer\" data-bg-animation=\"none\"><div class=\"column-bg-overlay\" style=\"opacity: 1; background-color: #ffffff;\"><\/div><\/div>\n\t\t\t<div class=\"wpb_wrapper\">\n\t\t\t\t<div id=\"fws_6a9d5bad0d030\" data-midnight=\"\" data-column-margin=\"default\" class=\"wpb_row vc_row-fluid vc_row inner_row\"  style=\"\"><div class=\"row-bg-wrap\"> <div class=\"row-bg\" ><\/div> <\/div><div class=\"row_col_wrap_12_inner col span_12  left\">\n\t<div  class=\"vc_col-sm-12 wpb_column column_container vc_column_container col child_column has-animation no-extra-padding inherit_tablet inherit_phone flex_gap_desktop_10px\"   data-padding-pos=\"all\" data-has-bg-color=\"false\" data-bg-color=\"\" data-bg-opacity=\"1\" data-animation=\"fade-in-from-bottom\" data-delay=\"0\" >\n\t\t<div class=\"vc_column-inner\" >\n\t\t<div class=\"wpb_wrapper\">\n\t\t\t<div class=\"nectar-gradient-text\" data-direction=\"diagonal\" data-color=\"extra-color-gradient-1\" style=\"\"><h2>Udlejning af surfbr\u00e6tter p\u00e5 Fuerteventura:<br \/>\nDet perfekte board til b\u00f8lgerne ved La Pared<\/h2><\/div><div class=\"divider-wrap\" data-alignment=\"default\"><div style=\"height: 30px;\" class=\"divider\"><\/div><\/div>\n<div class=\"wpb_text_column wpb_content_element  vc_custom_1754047381792\" >\n\t<p>Det rigtige surfbr\u00e6t er n\u00f8glen til en uforglemmelig session. Men hvilket br\u00e6t passer til dit niveau og dagens forhold i <strong>La Pared<\/strong> eller andre <strong>Surfsteder i den sydlige del af Fuerteventura<\/strong>? Det er netop her, vores <strong>Surfudlejning<\/strong> af andre.<\/p>\n<h3>Det bedste surfudstyr til din surfferie<\/h3>\n<p>Hos os f\u00e5r du ikke bare et br\u00e6t i h\u00e5nden. Vi lever vores <strong>Kvalitetsfilosofi<\/strong> Det g\u00e6lder ogs\u00e5 valg af udstyr: Vi tager os god tid og r\u00e5dgiver dig personligt. Baseret p\u00e5 vores mange \u00e5rs erfaring med surfstederne her i den sydlige del af Fuerteventura finder vi sammen det board, der garanterer dig maksimal forn\u00f8jelse og succes med at l\u00e6re at surfe.<\/p>\n<p>Uanset om du er i <strong>Costa Calma<\/strong>, <strong>Morro Jable<\/strong> eller <strong>Jandia<\/strong> bor \u2013 vi s\u00f8rger for, at du f\u00e5r f\u00f8rsteklasses udstyr fra f\u00f8rende m\u00e6rker som <strong>Lib Tech<\/strong>, <strong>Lost<\/strong>, <strong>Torq<\/strong> og <strong>Softech<\/strong> s\u00e5 du er perfekt rustet til din surftur. For dine fremskridt og din sikkerhed er vores h\u00f8jeste prioritet.<\/p>\n<\/div>\n\n\n\n<div class=\"divider-wrap\" data-alignment=\"default\"><div style=\"height: 30px;\" class=\"divider\"><\/div><\/div><a class=\"nectar-button large see-through-2\"  role=\"button\" style=\"margin-top: 30px; \"  href=\"https:\/\/nalusurf.de\/da\/udlejning-af-surfbraetter\/\" data-color-override=\"false\" data-hover-color-override=\"false\" data-hover-text-color-override=\"#ffffff\"><span>Udlejning<\/span><\/a>\n\t\t<\/div> \n\t<\/div>\n\t<\/div> \n<\/div><\/div>\n\t\t\t<\/div> \n\t\t<\/div>\n\t<\/div> \n<\/div><\/div>\n\t\t<div id=\"fws_6a9d5bad0d501\"  data-column-margin=\"default\" data-midnight=\"dark\" data-top-percent=\"5%\"  class=\"wpb_row vc_row-fluid vc_row full-width-content vc_row-o-equal-height vc_row-flex vc_row-o-content-top\"  style=\"padding-top: calc(100vw * 0.05); padding-bottom: 0px; \"><div class=\"row-bg-wrap\" data-bg-animation=\"none\" data-bg-animation-delay=\"\" data-bg-overlay=\"false\"><div class=\"inner-wrap row-bg-layer\" ><div class=\"row-bg viewport-desktop\"  style=\"\"><\/div><\/div><\/div><div class=\"row_col_wrap_12 col span_12 dark left\">\n\t<div  class=\"vc_col-sm-12 wpb_column column_container vc_column_container col no-extra-padding inherit_tablet inherit_phone flex_gap_desktop_10px\"  data-padding-pos=\"all\" data-has-bg-color=\"false\" data-bg-color=\"\" data-bg-opacity=\"1\" data-animation=\"\" data-delay=\"0\" >\n\t\t<div class=\"vc_column-inner\" >\n\t\t\t<div class=\"wpb_wrapper\">\n\t\t\t\t<div id=\"fws_6a9d5bad0d717\" data-midnight=\"\" data-column-margin=\"default\" class=\"wpb_row vc_row-fluid vc_row inner_row\"  style=\"\"><div class=\"row-bg-wrap\"> <div class=\"row-bg\" ><\/div> <\/div><div class=\"row_col_wrap_12_inner col span_12  left\">\n\t<div  class=\"vc_col-sm-4 wpb_column column_container vc_column_container col child_column no-extra-padding inherit_tablet inherit_phone flex_gap_desktop_10px\"   data-padding-pos=\"all\" data-has-bg-color=\"false\" data-bg-color=\"\" data-bg-opacity=\"1\" data-animation=\"\" data-delay=\"0\" >\n\t\t<div class=\"vc_column-inner\" >\n\t\t<div class=\"wpb_wrapper\">\n\t\t\t<div class=\"nectar-fancy-box style-5 using-img\" data-align=\"middle\" data-overlay-opacity=\"0.6\" data-overlay-opacity-hover=\"0.2\" data-style=\"parallax_hover\" data-border-radius=\"default\" data-animation=\"\" data-delay=\"\" data-color=\"accent-color\"><a  href=\"https:\/\/nalusurf.de\/da\/surfkursus-pa-fuerteventura\/\" class=\"box-link\"><span class=\"screen-reader-text\">Learn more<\/span><\/a><div class=\"parallaxImg\"><div class=\"parallaxImg-layer\" data-img=\"https:\/\/nalusurf.de\/wp-content\/uploads\/2022\/01\/IMG_0508.jpg\"><\/div><div class=\"parallaxImg-layer\"> <div class=\"meta-wrap\" style=\"min-height: 600px\"><div class=\"inner\"><i class=\"icon-default-style fa fa-users\" data-color=\"accent-color\" style=\"font-size: 50px!important; line-height: 50px!important;\"><\/i>\n<h2>Surfkursus<\/h2>\n<h5>L\u00e6r at surfe<\/h5>\n<\/div> <\/div><\/div><\/div><\/div>\n\t\t<\/div> \n\t<\/div>\n\t<\/div> \n\n\t<div  class=\"vc_col-sm-4 wpb_column column_container vc_column_container col child_column no-extra-padding inherit_tablet inherit_phone flex_gap_desktop_10px\"   data-padding-pos=\"all\" data-has-bg-color=\"false\" data-bg-color=\"\" data-bg-opacity=\"1\" data-animation=\"\" data-delay=\"0\" >\n\t\t<div class=\"vc_column-inner\" >\n\t\t<div class=\"wpb_wrapper\">\n\t\t\t<div class=\"nectar-fancy-box style-5 using-img\" data-align=\"middle\" data-overlay-opacity=\"0.6\" data-overlay-opacity-hover=\"0.2\" data-style=\"parallax_hover\" data-border-radius=\"default\" data-animation=\"\" data-delay=\"\" data-color=\"accent-color\"><a  href=\"https:\/\/nalusurf.de\/da\/surfcamp-pa-fuerteventura\/\" class=\"box-link\"><span class=\"screen-reader-text\">Learn more<\/span><\/a><div class=\"parallaxImg\"><div class=\"parallaxImg-layer\" data-img=\"https:\/\/nalusurf.de\/wp-content\/uploads\/2025\/07\/Surfcamp-Apartment-La-Pared-Fuerteventura-Poolhouse21.jpg\"><\/div><div class=\"parallaxImg-layer\"> <div class=\"meta-wrap\" style=\"min-height: 600px\"><div class=\"inner\"><i class=\"icon-default-style fa fa-home\" data-color=\"accent-color\" style=\"font-size: 50px!important; line-height: 50px!important;\"><\/i>\n<h2>Surfcamp<\/h2>\n<h5>Indkvartering &amp; surfkursus<\/h5>\n<\/div> <\/div><\/div><\/div><\/div>\n\t\t<\/div> \n\t<\/div>\n\t<\/div> \n\n\t<div  class=\"vc_col-sm-4 wpb_column column_container vc_column_container col child_column no-extra-padding inherit_tablet inherit_phone flex_gap_desktop_10px\"   data-padding-pos=\"all\" data-has-bg-color=\"false\" data-bg-color=\"\" data-bg-opacity=\"1\" data-animation=\"\" data-delay=\"0\" >\n\t\t<div class=\"vc_column-inner\" >\n\t\t<div class=\"wpb_wrapper\">\n\t\t\t<div class=\"nectar-fancy-box style-5 using-img\" data-align=\"middle\" data-overlay-opacity=\"0.6\" data-overlay-opacity-hover=\"0.2\" data-style=\"parallax_hover\" data-border-radius=\"default\" data-animation=\"\" data-delay=\"\" data-color=\"accent-color\"><a  href=\"https:\/\/nalusurf.de\/da\/udlejning-af-surfbraetter\/\" class=\"box-link\"><span class=\"screen-reader-text\">Learn more<\/span><\/a><div class=\"parallaxImg\"><div class=\"parallaxImg-layer\" data-img=\"https:\/\/nalusurf.de\/wp-content\/uploads\/2022\/09\/Surfboards-Rental-Verleih-Fuerteventura.jpeg\"><\/div><div class=\"parallaxImg-layer\"> <div class=\"meta-wrap\" style=\"min-height: 600px\"><div class=\"inner\"><span class=\"im-icon-wrap\" data-color=\"accent-color\"><span><svg role=\"presentation\" version=\"1.1\" xmlns=\"http:\/\/www.w3.org\/2000\/svg\" width=\"50\" height=\"50\" viewbox=\"0 0 32 32\">\n        <path d=\"M30.667 27.333h-6.723c-0.103 0-0.201-0.024-0.296-0.069-3.5-1.725-5.352-5.423-5.083-10.144 0.223-3.899 2.064-8.412 5.259-10.937-10.369 1.331-18.132 9.853-18.132 20.484 0 0.367-0.299 0.667-0.667 0.667h-3.692c-0.368 0-0.667-0.3-0.667-0.667s0.299-0.667 0.667-0.667h3.037c0.345-12.019 10.020-21.333 22.309-21.333 0.324 0 0.601 0.233 0.657 0.552 0.056 0.32-0.127 0.633-0.431 0.743-3.765 1.352-6.711 6.076-7.007 11.235-0.235 4.099 1.296 7.301 4.204 8.805h6.563c0.367 0 0.667 0.299 0.667 0.667s-0.3 0.665-0.667 0.665zM8.216 23.924c-0.048 0-0.097-0.005-0.147-0.019-0.36-0.084-0.585-0.437-0.504-0.8 0.971-4.325 3.213-8.199 6.484-11.213 0.272-0.249 0.692-0.229 0.943 0.037 0.249 0.271 0.232 0.695-0.039 0.943-3.071 2.825-5.175 6.465-6.087 10.525-0.071 0.317-0.347 0.527-0.651 0.527z\"><\/path>\n        <\/svg><\/span><\/span>\n<h2>Surfudlejning<\/h2>\n<h5>Lej dit board<\/h5>\n<\/div> <\/div><\/div><\/div><\/div>\n\t\t<\/div> \n\t<\/div>\n\t<\/div> \n<\/div><\/div><div id=\"fws_6a9d5bad0ed1d\" data-midnight=\"\" data-column-margin=\"default\" class=\"wpb_row vc_row-fluid vc_row inner_row\"  style=\"\"><div class=\"row-bg-wrap\"> <div class=\"row-bg\" ><\/div> <\/div><div class=\"row_col_wrap_12_inner col span_12  left\">\n\t<div  class=\"vc_col-sm-12 wpb_column column_container vc_column_container col child_column no-extra-padding inherit_tablet inherit_phone flex_gap_desktop_10px\"   data-padding-pos=\"all\" data-has-bg-color=\"false\" data-bg-color=\"\" data-bg-opacity=\"1\" data-animation=\"\" data-delay=\"0\" >\n\t\t<div class=\"vc_column-inner\" >\n\t\t<div class=\"wpb_wrapper\">\n\t\t\t<div class=\"divider-wrap\" data-alignment=\"default\"><div style=\"height: 100px;\" class=\"divider\"><\/div><\/div>\n\t\t<\/div> \n\t<\/div>\n\t<\/div> \n<\/div><\/div>\n\t\t\t<\/div> \n\t\t<\/div>\n\t<\/div> \n<\/div><\/div>\n\t\t<div id=\"fws_6a9d5bad0f06b\"  data-column-margin=\"default\" data-midnight=\"dark\"  class=\"wpb_row vc_row-fluid vc_row\"  style=\"padding-top: 0px; padding-bottom: 0px; \"><div class=\"row-bg-wrap\" data-bg-animation=\"none\" data-bg-animation-delay=\"\" data-bg-overlay=\"false\"><div class=\"inner-wrap row-bg-layer\" ><div class=\"row-bg viewport-desktop\"  style=\"\"><\/div><\/div><\/div><div class=\"row_col_wrap_12 col span_12 dark left\">\n\t<div  class=\"vc_col-sm-12 wpb_column column_container vc_column_container col no-extra-padding inherit_tablet inherit_phone flex_gap_desktop_10px\"  data-padding-pos=\"all\" data-has-bg-color=\"false\" data-bg-color=\"\" data-bg-opacity=\"1\" data-animation=\"\" data-delay=\"0\" >\n\t\t<div class=\"vc_column-inner\" >\n\t\t\t<div class=\"wpb_wrapper\">\n\t\t\t\t<div id=\"rps_6a9d5bad10474\" class=\"nectar-recent-posts-single_featured nectar-recent-posts-element multiple_featured parallax_section\" data-max-width=\"full_width\" data-button-color=\"accent-color\" data-nav-location=\"side\" data-bg-overlay=\"solid_color\" data-padding=\"20%\" data-autorotate=\"5000\" data-height=\"600\" data-animate-in-effect=\"none\" data-remove-post-date=\"1\" data-remove-post-author=\"1\" data-remove-post-comment-number=\"\" data-remove-post-nectar-love=\"\">\n      \n      <div class=\"nectar-recent-post-slide  active post-ref-0\">\n\n        <div class=\"row-bg using-image\" data-parallax-speed=\"fast\">\n          <div class=\"nectar-recent-post-bg\" data-nectar-img-src=\"https:\/\/nalusurf.de\/wp-content\/uploads\/2026\/08\/surfer-typ-welle-fuerteventura.jpg\" style=\" \"><\/div>\n        <\/div>\n\n        <div class=\"recent-post-container container\"><div class=\"inner-wrap\"><div class=\"grav-wrap\"><a href=\"https:\/\/nalusurf.de\/da\/author\/rene\/\"><\/a><div class=\"text\"><span>By <a href=\"https:\/\/nalusurf.de\/da\/author\/rene\/\" rel=\"author\">nalusurf<\/a><\/span><span> In<\/span> <a class=\"blog\" href=\"https:\/\/nalusurf.de\/da\/category\/blog\/\"><span class=\"blog\">Blog<\/span><\/a><\/div><\/div><h2 class=\"large-featured-post-title post-ref-1\">          <a href=\" https:\/\/nalusurf.de\/da\/welcher-surfer-typ-bist-du-test\/\" class=\"full-slide-link\"> Welcher Surfer-Typ bist du? Mach den Test! <\/a>\n          <\/h2>\n                    <a class=\"nectar-button large regular accent-color regular-button has-icon\" data-arrow-style=\"default\" href=\"https:\/\/nalusurf.de\/da\/welcher-surfer-typ-bist-du-test\/\" data-color-override=\"false\" data-hover-color-override=\"false\" data-hover-text-color-override=\"#fff\" >\n            <span>Read Article<\/span>\n            <i class=\"icon-button-arrow\"><\/i>          <\/a>\n\n\n\n          <\/div><!--\/inner-wrap-->\n\n        <\/div><!--\/recent-post-container-->\n\n      <\/div><!--\/nectar-recent-post-slide-->\n\n    \n  \n      \n      <div class=\"nectar-recent-post-slide   post-ref-2\">\n\n        <div class=\"row-bg using-image\" data-parallax-speed=\"fast\">\n          <div class=\"nectar-recent-post-bg\" data-nectar-img-src=\"https:\/\/nalusurf.de\/wp-content\/uploads\/2021\/10\/DSC09484.jpg\" style=\" \"><\/div>\n        <\/div>\n\n        <div class=\"recent-post-container container\"><div class=\"inner-wrap\"><div class=\"grav-wrap\"><a href=\"https:\/\/nalusurf.de\/da\/author\/rene\/\"><\/a><div class=\"text\"><span>By <a href=\"https:\/\/nalusurf.de\/da\/author\/rene\/\" rel=\"author\">nalusurf<\/a><\/span><span> In<\/span> <a class=\"blog\" href=\"https:\/\/nalusurf.de\/da\/category\/blog\/\"><span class=\"blog\">Blog<\/span><\/a><\/div><\/div><h2 class=\"large-featured-post-title post-ref-1\">          <a href=\" https:\/\/nalusurf.de\/da\/wie-lange-dauert-es-surfen-zu-lernen-eine-ehrliche-antwort\/\" class=\"full-slide-link\"> Wie lange dauert es, surfen zu lernen? Eine ehrliche Antwort <\/a>\n          <\/h2>\n                    <a class=\"nectar-button large regular accent-color regular-button has-icon\" data-arrow-style=\"default\" href=\"https:\/\/nalusurf.de\/da\/wie-lange-dauert-es-surfen-zu-lernen-eine-ehrliche-antwort\/\" data-color-override=\"false\" data-hover-color-override=\"false\" data-hover-text-color-override=\"#fff\" >\n            <span>Read Article<\/span>\n            <i class=\"icon-button-arrow\"><\/i>          <\/a>\n\n\n\n          <\/div><!--\/inner-wrap-->\n\n        <\/div><!--\/recent-post-container-->\n\n      <\/div><!--\/nectar-recent-post-slide-->\n\n    \n  \n      \n      <div class=\"nectar-recent-post-slide   post-ref-2\">\n\n        <div class=\"row-bg using-image\" data-parallax-speed=\"fast\">\n          <div class=\"nectar-recent-post-bg\" data-nectar-img-src=\"https:\/\/nalusurf.de\/wp-content\/uploads\/2026\/06\/Frids-Surf-Kopie-scaled.jpg\" style=\" \"><\/div>\n        <\/div>\n\n        <div class=\"recent-post-container container\"><div class=\"inner-wrap\"><div class=\"grav-wrap\"><a href=\"https:\/\/nalusurf.de\/da\/author\/rene\/\"><\/a><div class=\"text\"><span>By <a href=\"https:\/\/nalusurf.de\/da\/author\/rene\/\" rel=\"author\">nalusurf<\/a><\/span><span> In<\/span> <a class=\"blog\" href=\"https:\/\/nalusurf.de\/da\/category\/blog\/\"><span class=\"blog\">Blog<\/span><\/a><\/div><\/div><h2 class=\"large-featured-post-title post-ref-1\">          <a href=\" https:\/\/nalusurf.de\/da\/die-haeufigsten-fehler-beim-surfen-lernen-und-wie-du-sie-vermeidest\/\" class=\"full-slide-link\"> Die h\u00e4ufigsten Fehler beim Surfen lernen \u2013 und wie du sie vermeidest <\/a>\n          <\/h2>\n                    <a class=\"nectar-button large regular accent-color regular-button has-icon\" data-arrow-style=\"default\" href=\"https:\/\/nalusurf.de\/da\/die-haeufigsten-fehler-beim-surfen-lernen-und-wie-du-sie-vermeidest\/\" data-color-override=\"false\" data-hover-color-override=\"false\" data-hover-text-color-override=\"#fff\" >\n            <span>Read Article<\/span>\n            <i class=\"icon-button-arrow\"><\/i>          <\/a>\n\n\n\n          <\/div><!--\/inner-wrap-->\n\n        <\/div><!--\/recent-post-container-->\n\n      <\/div><!--\/nectar-recent-post-slide-->\n\n    \n  \n      \n      <div class=\"nectar-recent-post-slide   post-ref-2\">\n\n        <div class=\"row-bg using-image\" data-parallax-speed=\"fast\">\n          <div class=\"nectar-recent-post-bg\" data-nectar-img-src=\"https:\/\/nalusurf.de\/wp-content\/uploads\/2026\/08\/e-kajak-tour-transparent-tarajalejo-fuerteventura.jpg\" style=\" \"><\/div>\n        <\/div>\n\n        <div class=\"recent-post-container container\"><div class=\"inner-wrap\"><div class=\"grav-wrap\"><a href=\"https:\/\/nalusurf.de\/da\/author\/rene\/\"><\/a><div class=\"text\"><span>By <a href=\"https:\/\/nalusurf.de\/da\/author\/rene\/\" rel=\"author\">nalusurf<\/a><\/span><span> In<\/span> <a class=\"blog\" href=\"https:\/\/nalusurf.de\/da\/category\/blog\/\"><span class=\"blog\">Blog<\/span><\/a><\/div><\/div><h2 class=\"large-featured-post-title post-ref-1\">          <a href=\" https:\/\/nalusurf.de\/da\/die-schoensten-aktivitaeten-im-sueden-fuerteventuras-abseits-des-surfbretts\/\" class=\"full-slide-link\"> Die sch\u00f6nsten Aktivit\u00e4ten im S\u00fcden Fuerteventuras (abseits des Surfbretts) <\/a>\n          <\/h2>\n                    <a class=\"nectar-button large regular accent-color regular-button has-icon\" data-arrow-style=\"default\" href=\"https:\/\/nalusurf.de\/da\/die-schoensten-aktivitaeten-im-sueden-fuerteventuras-abseits-des-surfbretts\/\" data-color-override=\"false\" data-hover-color-override=\"false\" data-hover-text-color-override=\"#fff\" >\n            <span>Read Article<\/span>\n            <i class=\"icon-button-arrow\"><\/i>          <\/a>\n\n\n\n          <\/div><!--\/inner-wrap-->\n\n        <\/div><!--\/recent-post-container-->\n\n      <\/div><!--\/nectar-recent-post-slide-->\n\n    \n  <\/div>\n\t\t\t<\/div> \n\t\t<\/div>\n\t<\/div> \n<\/div><\/div>","protected":false},"excerpt":{"rendered":"Ein Surfurlaub bei uns in La Pared hat einen klaren Rhythmus: fr\u00fch aufstehen, rein in den Atlantik, die beste Welle des Tages erwischen. Doch manchmal legt sogar der Ozean eine...","protected":false},"author":2,"featured_media":11782,"parent":0,"menu_order":0,"comment_status":"closed","ping_status":"closed","template":"","meta":{"footnotes":""},"class_list":["post-1268","page","type-page","status-publish","has-post-thumbnail"],"yoast_head":"<!-- This site is optimized with the Yoast SEO Premium plugin v28.0 (Yoast SEO v28.4) - https:\/\/yoast.com\/product\/yoast-seo-premium-wordpress\/ -->\n<title>Nalusurf - Surfcamp &amp; Surfschule Fuerteventura<\/title>\n<meta name=\"description\" content=\"Surfen lernen f\u00fcr Anf\u00e4nger und Fortgeschrittene. Surfcamp Unterk\u00fcnfte und professionelle Surfkurse. Dein Surf Urlaub auf Fuerteventura\" \/>\n<meta name=\"robots\" content=\"index, follow, max-snippet:-1, max-image-preview:large, max-video-preview:-1\" \/>\n<link rel=\"canonical\" href=\"https:\/\/nalusurf.de\/da\/\" \/>\n<meta property=\"og:locale\" content=\"da_DK\" \/>\n<meta property=\"og:type\" content=\"article\" \/>\n<meta property=\"og:title\" content=\"Nalusurf: Surfschule &amp; Surfcamp Fuerteventura\" \/>\n<meta property=\"og:description\" content=\"Melde dich f\u00fcr unsere Surfkurse an und erlebe das Abenteuer!\" \/>\n<meta property=\"og:url\" content=\"https:\/\/nalusurf.de\/da\/\" \/>\n<meta property=\"og:site_name\" content=\"Nalusurf Surfschool &amp; Surfcamp Fuerteventura\" \/>\n<meta property=\"article:publisher\" content=\"https:\/\/www.facebook.com\/nalusurfsurfcamp\/\" \/>\n<meta property=\"article:modified_time\" content=\"2026-08-31T22:10:37+00:00\" \/>\n<meta property=\"og:image\" content=\"https:\/\/nalusurf.de\/wp-content\/uploads\/2022\/01\/IMG_0508.jpg\" \/>\n\t<meta property=\"og:image:width\" content=\"2048\" \/>\n\t<meta property=\"og:image:height\" content=\"1536\" \/>\n\t<meta property=\"og:image:type\" content=\"image\/jpeg\" \/>\n<meta name=\"twitter:card\" content=\"summary_large_image\" \/>\n<meta name=\"twitter:title\" content=\"Nalusurf: Surfschule &amp; Surfcamp Fuerteventura\" \/>\n<meta name=\"twitter:description\" content=\"Melde dich f\u00fcr unsere Surfkurse an und erlebe das Abenteuer!\" \/>\n<meta name=\"twitter:label1\" content=\"Estimeret l\u00e6setid\" \/>\n\t<meta name=\"twitter:data1\" content=\"5 minutter\" \/>\n<script type=\"application\/ld+json\" class=\"yoast-schema-graph\">{\"@context\":\"https:\\\/\\\/schema.org\",\"@graph\":[{\"@type\":\"WebPage\",\"@id\":\"https:\\\/\\\/nalusurf.de\\\/\",\"url\":\"https:\\\/\\\/nalusurf.de\\\/\",\"name\":\"Nalusurf - Surfcamp & Surfschule Fuerteventura\",\"isPartOf\":{\"@id\":\"https:\\\/\\\/nalusurf.de\\\/#website\"},\"primaryImageOfPage\":{\"@id\":\"https:\\\/\\\/nalusurf.de\\\/#primaryimage\"},\"image\":{\"@id\":\"https:\\\/\\\/nalusurf.de\\\/#primaryimage\"},\"thumbnailUrl\":\"https:\\\/\\\/nalusurf.de\\\/wp-content\\\/uploads\\\/2022\\\/01\\\/IMG_0508.jpg\",\"datePublished\":\"2017-08-11T09:33:00+00:00\",\"dateModified\":\"2026-08-31T22:10:37+00:00\",\"description\":\"Surfen lernen f\u00fcr Anf\u00e4nger und Fortgeschrittene. Surfcamp Unterk\u00fcnfte und professionelle Surfkurse. Dein Surf Urlaub auf Fuerteventura\",\"breadcrumb\":{\"@id\":\"https:\\\/\\\/nalusurf.de\\\/#breadcrumb\"},\"inLanguage\":\"da-DK\",\"potentialAction\":[{\"@type\":\"ReadAction\",\"target\":[\"https:\\\/\\\/nalusurf.de\\\/\"]}]},{\"@type\":\"ImageObject\",\"inLanguage\":\"da-DK\",\"@id\":\"https:\\\/\\\/nalusurf.de\\\/#primaryimage\",\"url\":\"https:\\\/\\\/nalusurf.de\\\/wp-content\\\/uploads\\\/2022\\\/01\\\/IMG_0508.jpg\",\"contentUrl\":\"https:\\\/\\\/nalusurf.de\\\/wp-content\\\/uploads\\\/2022\\\/01\\\/IMG_0508.jpg\",\"width\":2048,\"height\":1536,\"caption\":\"Zwei Surfer gehen am Strand von La Pared\"},{\"@type\":\"BreadcrumbList\",\"@id\":\"https:\\\/\\\/nalusurf.de\\\/#breadcrumb\",\"itemListElement\":[{\"@type\":\"ListItem\",\"position\":1,\"name\":\"Startseite\",\"item\":\"https:\\\/\\\/nalusurf.de\\\/\"},{\"@type\":\"ListItem\",\"position\":2,\"name\":\"Nalusurf Surfschool &#038; Surfcamp Fuerteventura\"}]},{\"@type\":\"WebSite\",\"@id\":\"https:\\\/\\\/nalusurf.de\\\/#website\",\"url\":\"https:\\\/\\\/nalusurf.de\\\/\",\"name\":\"Nalusurf Surfschool & Surfcamp Fuerteventura\",\"description\":\"Surfen auf Fuerteventura\",\"publisher\":{\"@id\":\"https:\\\/\\\/nalusurf.de\\\/#organization\"},\"potentialAction\":[{\"@type\":\"SearchAction\",\"target\":{\"@type\":\"EntryPoint\",\"urlTemplate\":\"https:\\\/\\\/nalusurf.de\\\/?s={search_term_string}\"},\"query-input\":{\"@type\":\"PropertyValueSpecification\",\"valueRequired\":true,\"valueName\":\"search_term_string\"}}],\"inLanguage\":\"da-DK\"},{\"@type\":[\"Organization\",\"Place\"],\"@id\":\"https:\\\/\\\/nalusurf.de\\\/#organization\",\"name\":\"Nalusurf Surfschool & Surfcamp Fuerteventura\",\"url\":\"https:\\\/\\\/nalusurf.de\\\/\",\"logo\":{\"@id\":\"https:\\\/\\\/nalusurf.de\\\/#local-main-organization-logo\"},\"image\":{\"@id\":\"https:\\\/\\\/nalusurf.de\\\/#local-main-organization-logo\"},\"sameAs\":[\"https:\\\/\\\/www.facebook.com\\\/nalusurfsurfcamp\\\/\",\"https:\\\/\\\/www.instagram.com\\\/nalusurf_fuerteventura\\\/\"],\"address\":{\"@id\":\"https:\\\/\\\/nalusurf.de\\\/#local-main-place-address\"},\"geo\":{\"@type\":\"GeoCoordinates\",\"latitude\":\"28.2127716\",\"longitude\":\"-14.2204954\"},\"telephone\":[\"+4915678730151\"],\"contactPoint\":{\"@type\":\"ContactPoint\",\"telephone\":\"+4915678730151\",\"email\":\"info@nalusurf.com\"},\"openingHoursSpecification\":[{\"@type\":\"OpeningHoursSpecification\",\"dayOfWeek\":[\"Monday\",\"Tuesday\",\"Wednesday\",\"Thursday\",\"Friday\",\"Saturday\"],\"opens\":\"09:00\",\"closes\":\"20:00\"},{\"@type\":\"OpeningHoursSpecification\",\"dayOfWeek\":[\"Sunday\"],\"opens\":\"00:00\",\"closes\":\"00:00\"}],\"email\":\"info@nalusurf.com\",\"areaServed\":\"Fuerteventura\",\"taxID\":\"X3729459G\"},{\"@type\":\"PostalAddress\",\"@id\":\"https:\\\/\\\/nalusurf.de\\\/#local-main-place-address\",\"streetAddress\":\"Avenida del Istmo 33\",\"addressLocality\":\"La Pared\",\"postalCode\":\"35627\",\"addressRegion\":\"Las Palmas\",\"addressCountry\":\"ES\"},{\"@type\":\"ImageObject\",\"inLanguage\":\"da-DK\",\"@id\":\"https:\\\/\\\/nalusurf.de\\\/#local-main-organization-logo\",\"url\":\"https:\\\/\\\/nalusurf.de\\\/wp-content\\\/uploads\\\/2017\\\/08\\\/logo_neu.png\",\"contentUrl\":\"https:\\\/\\\/nalusurf.de\\\/wp-content\\\/uploads\\\/2017\\\/08\\\/logo_neu.png\",\"width\":736,\"height\":266,\"caption\":\"Nalusurf Surfschool & Surfcamp Fuerteventura\"}]}<\/script>\n<meta name=\"geo.placename\" content=\"La Pared\" \/>\n<meta name=\"geo.position\" content=\"28.2127716;-14.2204954\" \/>\n<meta name=\"geo.region\" content=\"Spanien\" \/>\n<!-- \/ Yoast SEO Premium plugin. -->","yoast_head_json":{"title":"Nalusurf \u2013 Surfcamp &amp; surfskole p\u00e5 Fuerteventura","description":"L\u00e6r at surfe \u2013 for begyndere og \u00f8vede. Indkvartering p\u00e5 surfcamp og professionelle surfkurser. Din surfferie p\u00e5 Fuerteventura","robots":{"index":"index","follow":"follow","max-snippet":"max-snippet:-1","max-image-preview":"max-image-preview:large","max-video-preview":"max-video-preview:-1"},"canonical":"https:\/\/nalusurf.de\/da\/","og_locale":"da_DK","og_type":"article","og_title":"Nalusurf: Surfschule & Surfcamp Fuerteventura","og_description":"Melde dich f\u00fcr unsere Surfkurse an und erlebe das Abenteuer!","og_url":"https:\/\/nalusurf.de\/da\/","og_site_name":"Nalusurf Surfschool &amp; Surfcamp Fuerteventura","article_publisher":"https:\/\/www.facebook.com\/nalusurfsurfcamp\/","article_modified_time":"2026-08-31T22:10:37+00:00","og_image":[{"width":2048,"height":1536,"url":"https:\/\/nalusurf.de\/wp-content\/uploads\/2022\/01\/IMG_0508.jpg","type":"image\/jpeg"}],"twitter_card":"summary_large_image","twitter_title":"Nalusurf: Surfschule & Surfcamp Fuerteventura","twitter_description":"Melde dich f\u00fcr unsere Surfkurse an und erlebe das Abenteuer!","twitter_misc":{"Estimeret l\u00e6setid":"5 minutter"},"schema":{"@context":"https:\/\/schema.org","@graph":[{"@type":"WebPage","@id":"https:\/\/nalusurf.de\/","url":"https:\/\/nalusurf.de\/","name":"Nalusurf \u2013 Surfcamp &amp; surfskole p\u00e5 Fuerteventura","isPartOf":{"@id":"https:\/\/nalusurf.de\/#website"},"primaryImageOfPage":{"@id":"https:\/\/nalusurf.de\/#primaryimage"},"image":{"@id":"https:\/\/nalusurf.de\/#primaryimage"},"thumbnailUrl":"https:\/\/nalusurf.de\/wp-content\/uploads\/2022\/01\/IMG_0508.jpg","datePublished":"2017-08-11T09:33:00+00:00","dateModified":"2026-08-31T22:10:37+00:00","description":"L\u00e6r at surfe \u2013 for begyndere og \u00f8vede. Indkvartering p\u00e5 surfcamp og professionelle surfkurser. Din surfferie p\u00e5 Fuerteventura","breadcrumb":{"@id":"https:\/\/nalusurf.de\/#breadcrumb"},"inLanguage":"da-DK","potentialAction":[{"@type":"ReadAction","target":["https:\/\/nalusurf.de\/"]}]},{"@type":"ImageObject","inLanguage":"da-DK","@id":"https:\/\/nalusurf.de\/#primaryimage","url":"https:\/\/nalusurf.de\/wp-content\/uploads\/2022\/01\/IMG_0508.jpg","contentUrl":"https:\/\/nalusurf.de\/wp-content\/uploads\/2022\/01\/IMG_0508.jpg","width":2048,"height":1536,"caption":"Zwei Surfer gehen am Strand von La Pared"},{"@type":"BreadcrumbList","@id":"https:\/\/nalusurf.de\/#breadcrumb","itemListElement":[{"@type":"ListItem","position":1,"name":"Startseite","item":"https:\/\/nalusurf.de\/"},{"@type":"ListItem","position":2,"name":"Nalusurf Surfschool &#038; Surfcamp Fuerteventura"}]},{"@type":"WebSite","@id":"https:\/\/nalusurf.de\/#website","url":"https:\/\/nalusurf.de\/","name":"Nalusurf Surfskole &amp; Surfcamp p\u00e5 Fuerteventura","description":"Surfing p\u00e5 Fuerteventura","publisher":{"@id":"https:\/\/nalusurf.de\/#organization"},"potentialAction":[{"@type":"SearchAction","target":{"@type":"EntryPoint","urlTemplate":"https:\/\/nalusurf.de\/?s={search_term_string}"},"query-input":{"@type":"PropertyValueSpecification","valueRequired":true,"valueName":"search_term_string"}}],"inLanguage":"da-DK"},{"@type":["Organization","Place"],"@id":"https:\/\/nalusurf.de\/#organization","name":"Nalusurf Surfskole &amp; Surfcamp p\u00e5 Fuerteventura","url":"https:\/\/nalusurf.de\/","logo":{"@id":"https:\/\/nalusurf.de\/#local-main-organization-logo"},"image":{"@id":"https:\/\/nalusurf.de\/#local-main-organization-logo"},"sameAs":["https:\/\/www.facebook.com\/nalusurfsurfcamp\/","https:\/\/www.instagram.com\/nalusurf_fuerteventura\/"],"address":{"@id":"https:\/\/nalusurf.de\/#local-main-place-address"},"geo":{"@type":"GeoCoordinates","latitude":"28.2127716","longitude":"-14.2204954"},"telephone":["+4915678730151"],"contactPoint":{"@type":"ContactPoint","telephone":"+4915678730151","email":"info@nalusurf.com"},"openingHoursSpecification":[{"@type":"OpeningHoursSpecification","dayOfWeek":["Monday","Tuesday","Wednesday","Thursday","Friday","Saturday"],"opens":"09:00","closes":"20:00"},{"@type":"OpeningHoursSpecification","dayOfWeek":["Sunday"],"opens":"00:00","closes":"00:00"}],"email":"info@nalusurf.com","areaServed":"Fuerteventura","taxID":"X3729459G"},{"@type":"PostalAddress","@id":"https:\/\/nalusurf.de\/#local-main-place-address","streetAddress":"Avenida del Istmo 33","addressLocality":"La Pared","postalCode":"35627","addressRegion":"Las Palmas","addressCountry":"ES"},{"@type":"ImageObject","inLanguage":"da-DK","@id":"https:\/\/nalusurf.de\/#local-main-organization-logo","url":"https:\/\/nalusurf.de\/wp-content\/uploads\/2017\/08\/logo_neu.png","contentUrl":"https:\/\/nalusurf.de\/wp-content\/uploads\/2017\/08\/logo_neu.png","width":736,"height":266,"caption":"Nalusurf Surfschool & Surfcamp Fuerteventura"}]},"geo.placename":"La Pared","geo.position":{"lat":"28.2127716","long":"-14.2204954"},"geo.region":"Spanien"},"_links":{"self":[{"href":"https:\/\/nalusurf.de\/da\/wp-json\/wp\/v2\/pages\/1268","targetHints":{"allow":["GET"]}}],"collection":[{"href":"https:\/\/nalusurf.de\/da\/wp-json\/wp\/v2\/pages"}],"about":[{"href":"https:\/\/nalusurf.de\/da\/wp-json\/wp\/v2\/types\/page"}],"author":[{"embeddable":true,"href":"https:\/\/nalusurf.de\/da\/wp-json\/wp\/v2\/users\/2"}],"replies":[{"embeddable":true,"href":"https:\/\/nalusurf.de\/da\/wp-json\/wp\/v2\/comments?post=1268"}],"version-history":[{"count":99,"href":"https:\/\/nalusurf.de\/da\/wp-json\/wp\/v2\/pages\/1268\/revisions"}],"predecessor-version":[{"id":14128,"href":"https:\/\/nalusurf.de\/da\/wp-json\/wp\/v2\/pages\/1268\/revisions\/14128"}],"wp:featuredmedia":[{"embeddable":true,"href":"https:\/\/nalusurf.de\/da\/wp-json\/wp\/v2\/media\/11782"}],"wp:attachment":[{"href":"https:\/\/nalusurf.de\/da\/wp-json\/wp\/v2\/media?parent=1268"}],"curies":[{"name":"wp","href":"https:\/\/api.w.org\/{rel}","templated":true}]}}