{"id":11102,"date":"2021-05-06T13:01:08","date_gmt":"2021-05-06T12:01:08","guid":{"rendered":"https:\/\/nalusurf.de\/?page_id=11102"},"modified":"2024-05-22T14:04:40","modified_gmt":"2024-05-22T13:04:40","slug":"apartment-seaside-art","status":"publish","type":"page","link":"https:\/\/nalusurf.de\/en\/surfcamp-fuerteventura\/apartment-seaside-art\/","title":{"rendered":"Apartment Seaside"},"content":{"rendered":"<div id=\"fws_6a94f979d8a1f\"  data-column-margin=\"none\" data-midnight=\"custom\" data-top-percent=\"8%\" data-bottom-percent=\"8%\"  class=\"wpb_row vc_row-fluid vc_row full-width-section has-row-bg-color\"  style=\"padding-top: calc(100vw * 0.08); padding-bottom: calc(100vw * 0.08); --row-bg-color: #ffeddc;\"><div class=\"row-bg-wrap\" data-bg-animation=\"none\" data-bg-animation-delay=\"\" data-bg-overlay=\"false\"><div class=\"inner-wrap row-bg-layer\" ><div class=\"row-bg viewport-desktop using-bg-color\"  style=\"background-color: #ffeddc; \"><\/div><\/div><\/div><div class=\"nectar-shape-divider-wrap\" style=\" height:33%;\" data-using-percent-val=\"true\" data-height=\"33%\" data-front=\"\" data-style=\"straight_section\" data-position=\"bottom\" ><svg class=\"nectar-shape-divider\" aria-hidden=\"true\" fill=\"#ffffff\" xmlns=\"http:\/\/www.w3.org\/2000\/svg\" viewbox=\"0 0 100 10\" preserveaspectratio=\"none\"> <polygon points=\"104 10, 104 0, 0 0, 0 10\"><\/polygon> <\/svg><\/div><div class=\"row_col_wrap_12 col span_12 custom left\">\n\t<div  class=\"vc_col-sm-12 wpb_column column_container vc_column_container col no-extra-padding el_spacing_0px inherit_tablet inherit_phone\"  data-padding-pos=\"top-bottom\" data-has-bg-color=\"false\" data-bg-color=\"\" data-bg-opacity=\"1\" data-animation=\"\" data-delay=\"0\" >\n\t\t<div class=\"vc_column-inner\" >\n\t\t\t<div class=\"wpb_wrapper\">\n\t\t\t\t<div id=\"fws_6a94f979d9ad6\" data-midnight=\"\" data-column-margin=\"default\" class=\"wpb_row vc_row-fluid vc_row inner_row  right_padding_6pct left_padding_6pct\"  style=\"padding-bottom: 35px; \"><div class=\"row-bg-wrap\"> <div class=\"row-bg\" ><\/div> <\/div><div class=\"row_col_wrap_12_inner col span_12  left\">\n\t<div  class=\"vc_col-sm-12 wpb_column column_container vc_column_container col child_column centered-text no-extra-padding el_spacing_0px inherit_tablet inherit_phone\"   data-padding-pos=\"all\" data-has-bg-color=\"false\" data-bg-color=\"\" data-bg-opacity=\"1\" data-animation=\"\" data-delay=\"0\" >\n\t\t<div class=\"vc_column-inner\" >\n\t\t<div class=\"wpb_wrapper\">\n\t\t\t<div class=\"nectar-split-heading  font_size_10vh\" data-align=\"default\" data-m-align=\"inherit\" data-text-effect=\"default\" data-animation-type=\"line-reveal-by-space\" data-animation-delay=\"0\" data-animation-offset=\"\" data-m-rm-animation=\"\" data-stagger=\"true\" data-custom-font-size=\"true\" style=\"font-size: 10vh; line-height: 11vh;\"><h1 >Apartment Seaside Art<\/h1><\/div>\n\t\t<\/div> \n\t<\/div>\n\t<\/div> \n<\/div><\/div><div id=\"fws_6a94f979da9c2\" data-midnight=\"\" data-column-margin=\"default\" class=\"wpb_row vc_row-fluid vc_row inner_row\"  style=\"\"><div class=\"row-bg-wrap\"> <div class=\"row-bg\" ><\/div> <\/div><div class=\"row_col_wrap_12_inner col span_12  left\">\n\t<div style=\"\" class=\"vc_col-sm-12 wpb_column column_container vc_column_container col child_column has-animation padding-2-percent el_spacing_0px inherit_tablet inherit_phone\"  data-using-bg=\"true\" data-bg-cover=\"true\" data-padding-pos=\"all\" data-has-bg-color=\"false\" data-bg-color=\"\" data-bg-opacity=\"1\" data-animation=\"fade-in-from-bottom\" data-delay=\"0\" >\n\t\t<div class=\"vc_column-inner\" ><div class=\"column-image-bg-wrap column-bg-layer viewport-desktop\" data-n-parallax-bg=\"true\" data-parallax-speed=\"fast\" data-bg-pos=\"center center\" data-bg-animation=\"none\" data-bg-overlay=\"false\"><div class=\"inner-wrap\"><div class=\"column-image-bg parallax-layer\" style=\" background-image: url('https:\/\/nalusurf.de\/wp-content\/uploads\/2024\/05\/IMG_0053.png'); \"><\/div><\/div><\/div>\n\t\t<div class=\"wpb_wrapper\">\n\t\t\t<div class=\"divider-wrap height_tablet_50vh height_phone_40vh\" data-alignment=\"default\"><div style=\"height: 60vh;\" class=\"divider\"><\/div><\/div>\n\t\t<\/div> \n\t<\/div>\n\t<\/div> \n<\/div><\/div>\n\t\t\t<\/div> \n\t\t<\/div>\n\t<\/div> \n<\/div><\/div>\n\t\t<div id=\"fws_6a94f979db6cb\"  data-column-margin=\"90px\" data-midnight=\"dark\" data-top-percent=\"4%\" data-bottom-percent=\"4%\"  class=\"wpb_row vc_row-fluid vc_row full-width-section vc_row-o-equal-height vc_row-flex vc_row-o-content-middle\"  style=\"padding-top: calc(100vw * 0.04); padding-bottom: calc(100vw * 0.04); \"><div class=\"row-bg-wrap\" data-bg-animation=\"none\" data-bg-animation-delay=\"\" data-bg-overlay=\"true\"><div class=\"inner-wrap row-bg-layer\" ><div class=\"row-bg viewport-desktop\"  style=\"\"><\/div><\/div><div class=\"row-bg-overlay row-bg-layer\" style=\"background: #ffeddc; background: linear-gradient(90deg,#ffeddc 0%,#ffffff 100%);  opacity: 1; \"><\/div><\/div><div class=\"row_col_wrap_12 col span_12 dark left\">\n\t<div  class=\"vc_col-sm-6 wpb_column column_container vc_column_container col padding-4-percent inherit_tablet inherit_phone\"  data-padding-pos=\"top-bottom\" data-has-bg-color=\"false\" data-bg-color=\"\" data-bg-opacity=\"1\" data-animation=\"\" data-delay=\"0\" >\n\t\t<div class=\"vc_column-inner\" >\n\t\t\t<div class=\"wpb_wrapper\">\n\t\t\t\t<div id=\"fws_6a94f979db98e\" data-midnight=\"\" data-column-margin=\"30px\" class=\"wpb_row vc_row-fluid vc_row inner_row vc_row-o-equal-height vc_row-flex vc_row-o-content-middle\"  style=\"\"><div class=\"row-bg-wrap\"> <div class=\"row-bg\" ><\/div> <\/div><div class=\"row_col_wrap_12_inner col span_12  left\">\n\t<div  class=\"vc_col-sm-12 wpb_column column_container vc_column_container col child_column has-animation no-extra-padding inherit_tablet inherit_phone\"   data-padding-pos=\"all\" data-has-bg-color=\"false\" data-bg-color=\"\" data-bg-opacity=\"1\" data-animation=\"fade-in-from-bottom\" data-delay=\"0\" >\n\t\t<div class=\"vc_column-inner\" >\n\t\t<div class=\"wpb_wrapper\">\n\t\t\t<div class=\"nectar_icon_wrap\" data-style=\"shadow-bg\" data-padding=\"15px\" data-color=\"white\" style=\"\" >\n\t\t<div class=\"nectar_icon\" ><span class=\"im-icon-wrap\" data-color=\"white\" style=\"height: 36px; width: 36px;\"><span><svg role=\"presentation\" version=\"1.1\" xmlns=\"http:\/\/www.w3.org\/2000\/svg\" width=\"24\" height=\"24\" viewbox=\"0 0 32 32\">\n        <path d=\"M16 31.993c-5.533 0-16-0.852-16-4.071 0-2.792 7.828-3.659 11.195-3.905 0.361-0.032 0.687 0.251 0.713 0.617s-0.251 0.689-0.62 0.713c-6.948 0.508-9.955 1.951-9.955 2.575 0 0.929 5.177 2.74 14.667 2.74s14.667-1.807 14.667-2.74c0-0.641-3.111-2.115-10.305-2.596-0.365-0.025-0.644-0.341-0.62-0.707s0.352-0.648 0.707-0.624c2.713 0.181 11.552 0.997 11.552 3.927 0 3.221-10.467 4.071-16 4.071zM16 28.007c-0.104 0-0.205-0.027-0.303-0.073-0.467-0.237-11.364-5.907-11.364-16.149 0-6.604 5.125-11.777 11.667-11.777s11.667 5.173 11.667 11.777c0 10.247-10.9 15.916-11.364 16.149-0.097 0.049-0.199 0.073-0.303 0.073zM16 1.34c-5.795 0-10.333 4.588-10.333 10.444 0 8.528 8.596 13.813 10.333 14.797 1.736-0.983 10.333-6.284 10.333-14.797 0-5.856-4.539-10.444-10.333-10.444zM16 15.157c-2.795 0-5.067-2.273-5.067-5.067 0-2.795 2.272-5.067 5.067-5.067s5.067 2.273 5.067 5.067c0 2.793-2.272 5.067-5.067 5.067zM16 6.357c-2.059 0-3.733 1.675-3.733 3.733s1.675 3.733 3.733 3.733 3.733-1.675 3.733-3.733-1.675-3.733-3.733-3.733z\"><\/path>\n        <\/svg><\/span><\/span><\/div>\n\t<\/div>\n\t\t<\/div> \n\t<\/div>\n\t<\/div> \n<\/div><\/div><div id=\"fws_6a94f979dcc71\" data-midnight=\"\" data-column-margin=\"none\" class=\"wpb_row vc_row-fluid vc_row inner_row vc_row-o-content-middle\"  style=\"\"><div class=\"row-bg-wrap\"> <div class=\"row-bg\" ><\/div> <\/div><div class=\"row_col_wrap_12_inner col span_12  left\">\n\t<div  class=\"vc_col-sm-12 wpb_column column_container vc_column_container col child_column no-extra-padding inherit_tablet inherit_phone\"   data-padding-pos=\"all\" data-has-bg-color=\"false\" data-bg-color=\"\" data-bg-opacity=\"1\" data-animation=\"\" data-delay=\"0\" >\n\t\t<div class=\"vc_column-inner\" >\n\t\t<div class=\"wpb_wrapper\">\n\t\t\t<div class=\"nectar-split-heading\" data-align=\"default\" data-m-align=\"inherit\" data-text-effect=\"default\" data-animation-type=\"line-reveal-by-space\" data-animation-delay=\"0\" data-animation-offset=\"\" data-m-rm-animation=\"\" data-stagger=\"\" data-custom-font-size=\"false\" ><h2 style=\"max-width: 520px;\">Your private flat in La Pared<\/h2><\/div>\n\t\t<\/div> \n\t<\/div>\n\t<\/div> \n<\/div><\/div><div id=\"fws_6a94f979dced5\" data-midnight=\"\" data-column-margin=\"default\" class=\"wpb_row vc_row-fluid vc_row inner_row vc_row-o-content-middle\"  style=\"\"><div class=\"row-bg-wrap\"> <div class=\"row-bg\" ><\/div> <\/div><div class=\"row_col_wrap_12_inner col span_12  left\">\n\t<div  class=\"vc_col-sm-12 wpb_column column_container vc_column_container col child_column has-animation no-extra-padding inherit_tablet inherit_phone\"   data-padding-pos=\"all\" data-has-bg-color=\"false\" data-bg-color=\"\" data-bg-opacity=\"1\" data-animation=\"fade-in-from-bottom\" data-delay=\"0\" >\n\t\t<div class=\"vc_column-inner\" >\n\t\t<div class=\"wpb_wrapper\">\n\t\t\t\n<div class=\"wpb_text_column wpb_content_element  vc_custom_1716382973418\" style=\" max-width: 500px; display: inline-block;\">\n\t<div class=\"wpb_text_column wpb_content_element\">\n<div class=\"wpb_wrapper\">\n<p><strong>Apartment Seaside Art<\/strong>\u00a0&#8211; Das Apartment Seaside Art befindet sich sehr nahe an der K\u00fcste von La Pared. Es gibt ein Schlafzimmer mit Doppelbett. Der gem\u00fctliche Wohnraum ist mit einem Sofa ausgestattet, das sich mit einem Handgriff zum Bett umfunktionieren l\u00e4sst und bietet somit einer dritten Person eine Schlafgelegenheit. Ebenso ist der Wohnraum mit einem Fernseher ausgestattet. Auf der windgesch\u00fctzten Terrasse befindet sich einer gro\u00dfer Esstisch und Sonnenliegen<\/p>\n<\/div>\n<\/div>\n<div class=\"vc_empty_space\"><\/div>\n<\/div>\n\n\n\n\n\t\t<\/div> \n\t<\/div>\n\t<\/div> \n<\/div><\/div><div id=\"fws_6a94f979dd4e9\" data-midnight=\"\" data-column-margin=\"default\" class=\"wpb_row vc_row-fluid vc_row inner_row vc_row-o-content-middle\"  style=\"\"><div class=\"row-bg-wrap\"> <div class=\"row-bg\" ><\/div> <\/div><div class=\"row_col_wrap_12_inner col span_12  left\">\n\t<div  class=\"vc_col-sm-6 wpb_column column_container vc_column_container col child_column has-animation no-extra-padding inherit_tablet inherit_phone\"   data-padding-pos=\"all\" data-has-bg-color=\"false\" data-bg-color=\"\" data-bg-opacity=\"1\" data-animation=\"fade-in-from-bottom\" data-delay=\"0\" >\n\t\t<div class=\"vc_column-inner\" >\n\t\t<div class=\"wpb_wrapper\">\n\t\t\t<div class=\"nectar-fancy-ul\" data-list-icon=\"dot\" data-animation=\"false\" data-animation-delay=\"0\" data-spacing=\"20px\" data-alignment=\"left\"> \n<ul>\n<li>Wi-Fi<\/li>\n<li>Satellite television<\/li>\n<li>Bathroom with shower<\/li>\n<li>Fully equipped kitchen<\/li>\n<li>Fridge<\/li>\n<li>Furnished terrace<\/li>\n<\/ul>\n<div class=\"wpb_column vc_column_container vc_col-sm-6\">\n<div class=\"vc_column-inner\">\n<div class=\"wpb_wrapper\"><\/div>\n<\/div>\n<\/div>\n<div class=\"wpb_column vc_column_container vc_col-sm-6\">\n<div class=\"vc_column-inner\">\n<div class=\"wpb_wrapper\">\n<div class=\"q_list circle\"><\/div>\n<\/div>\n<\/div>\n<\/div>\n <\/div>\n\t\t<\/div> \n\t<\/div>\n\t<\/div> \n\n\t<div  class=\"vc_col-sm-6 wpb_column column_container vc_column_container col child_column has-animation no-extra-padding inherit_tablet inherit_phone\"   data-padding-pos=\"all\" data-has-bg-color=\"false\" data-bg-color=\"\" data-bg-opacity=\"1\" data-animation=\"fade-in-from-bottom\" data-delay=\"100\" >\n\t\t<div class=\"vc_column-inner\" >\n\t\t<div class=\"wpb_wrapper\">\n\t\t\t<div class=\"nectar-fancy-ul\" data-list-icon=\"dot\" data-animation=\"false\" data-animation-delay=\"0\" data-spacing=\"20px\" data-alignment=\"left\"> \n<ul>\n<li>Towels<\/li>\n<li>Bed linen<\/li>\n<li>Coffee machine<\/li>\n<li>Toaster<\/li>\n<li>Electric kettle<\/li>\n<\/ul>\n <\/div>\n\t\t<\/div> \n\t<\/div>\n\t<\/div> \n<\/div><\/div>\n\t\t\t<\/div> \n\t\t<\/div>\n\t<\/div> \n\n\t<div  class=\"vc_col-sm-6 wpb_column column_container vc_column_container col padding-5-percent inherit_tablet inherit_phone\"  data-padding-pos=\"top-bottom\" data-has-bg-color=\"false\" data-bg-color=\"\" data-bg-opacity=\"1\" data-animation=\"\" data-delay=\"0\" >\n\t\t<div class=\"vc_column-inner\" >\n\t\t\t<div class=\"wpb_wrapper\">\n\t\t\t\t<div class=\"nectar_cascading_images\" data-border-radius=\"5px\" data-parallax=\"yes\" data-parallax-intensity=\"medium\" data-layer-1-parallax=\"no\" data-animation-timing=\"175\"><div class=\"cascading-image\" data-has-img=\"true\" style=\" padding:0%;\" data-max-width=\"150%\" data-max-width-mobile=\"100%\" data-animation=\"none\" data-shadow=\"none\"><div class=\"inner-wrap\"><div class=\"bg-layer\" data-scale=\"1\" style=\"transform: scale(1)\"><div style=\" -webkit-transform:translateX(15%) translateY(-0%) ; transform:translateX(15%) translateY(-0%) ;\" class=\"img-wrap\"> <img loading=\"lazy\" decoding=\"async\" src=\"https:\/\/nalusurf.de\/wp-content\/uploads\/2024\/05\/IMG_0049.png\" srcset=\"https:\/\/nalusurf.de\/wp-content\/uploads\/2024\/05\/IMG_0049.png 2048w, https:\/\/nalusurf.de\/wp-content\/uploads\/2024\/05\/IMG_0049-300x225.png 300w, https:\/\/nalusurf.de\/wp-content\/uploads\/2024\/05\/IMG_0049-1024x768.png 1024w, https:\/\/nalusurf.de\/wp-content\/uploads\/2024\/05\/IMG_0049-768x576.png 768w, https:\/\/nalusurf.de\/wp-content\/uploads\/2024\/05\/IMG_0049-1536x1152.png 1536w\" sizes=\"auto, (min-width: 1000px) 45vw, 100vw\" height=\"1536\" width=\"2048\" class=\"skip-lazy\" alt=\"Ein Wohnzimmer mit einem Sofa und einem Couchtisch aus Holz sowie einem Kunstwerk an der Wand.\" \/> <\/div><\/div><\/div><\/div><div class=\"cascading-image\" data-has-img=\"true\" style=\" padding:22%;\" data-max-width=\"100%\" data-max-width-mobile=\"100%\" data-animation=\"none\" data-shadow=\"x_large_depth\"><div class=\"inner-wrap\"><div class=\"bg-layer\" data-scale=\"1\" style=\"transform: scale(1)\"><div style=\" -webkit-transform:translateX(-40%) translateY(0%) ; transform:translateX(-40%) translateY(0%) ;\" class=\"img-wrap\"> <img loading=\"lazy\" decoding=\"async\" src=\"https:\/\/nalusurf.de\/wp-content\/uploads\/2024\/05\/IMG_0050.png\" srcset=\"https:\/\/nalusurf.de\/wp-content\/uploads\/2024\/05\/IMG_0050.png 1844w, https:\/\/nalusurf.de\/wp-content\/uploads\/2024\/05\/IMG_0050-300x225.png 300w, https:\/\/nalusurf.de\/wp-content\/uploads\/2024\/05\/IMG_0050-1024x767.png 1024w, https:\/\/nalusurf.de\/wp-content\/uploads\/2024\/05\/IMG_0050-768x576.png 768w, https:\/\/nalusurf.de\/wp-content\/uploads\/2024\/05\/IMG_0050-1536x1151.png 1536w\" sizes=\"auto, (min-width: 1000px) 45vw, 100vw\" height=\"1382\" width=\"1844\" class=\"skip-lazy\" alt=\"Ein Garten mit verschiedenen Pflanzen, darunter Palmen und Kakteen, in einer hellen Umgebung.\" \/> <\/div><\/div><\/div><\/div><\/div>\n\t\t\t<\/div> \n\t\t<\/div>\n\t<\/div> \n<\/div><\/div>\n\t\t<div id=\"fws_6a94f979de85e\"  data-column-margin=\"default\" data-midnight=\"dark\"  class=\"wpb_row vc_row-fluid vc_row full-width-content vc_row-o-equal-height vc_row-flex vc_row-o-content-top\"  style=\"padding-top: 0px; padding-bottom: 0px; \"><div class=\"row-bg-wrap\" data-bg-animation=\"none\" data-bg-animation-delay=\"\" data-bg-overlay=\"false\"><div class=\"inner-wrap row-bg-layer\" ><div class=\"row-bg viewport-desktop\"  style=\"\"><\/div><\/div><\/div><div class=\"row_col_wrap_12 col span_12 dark left\">\n\t<div  class=\"vc_col-sm-12 wpb_column column_container vc_column_container col has-animation no-extra-padding el_spacing_0px inherit_tablet inherit_phone mobile-disable-entrance-animation\"  data-padding-pos=\"all\" data-has-bg-color=\"false\" data-bg-color=\"\" data-bg-opacity=\"1\" data-animation=\"fade-in\" data-delay=\"800\" >\n\t\t<div class=\"vc_column-inner\" >\n\t\t\t<div class=\"wpb_wrapper\">\n\t\t\t\t\n\t<div class=\"wpb_gallery wpb_content_element clearfix\">\n\t\t<div class=\"wpb_wrapper\"><div class=\"wpb_gallery_slidesflickity_static_height_style\" data-onclick=\"link_image\" data-interval=\"5\"><style>.wpb_gallery_slidesflickity_static_height_style .nectar-flickity.instace-6a94f979df2e4:not(.masonry) .flickity-slider .cell img {\n      height: 70vh;\n    }\n    @media only screen and (max-width: 1300px) {\n      .wpb_gallery_slidesflickity_static_height_style .nectar-flickity.instace-6a94f979df2e4:not(.masonry) .flickity-slider .cell img {\n        height: 70vh;\n      }\n    }\n    @media only screen and (max-width: 1000px) {\n      .wpb_gallery_slidesflickity_static_height_style .nectar-flickity.instace-6a94f979df2e4:not(.masonry) .flickity-slider .cell img {\n        height: 40vh;\n      }\n    }\n    @media only screen and (max-width: 690px) {\n      .wpb_gallery_slidesflickity_static_height_style .nectar-flickity.instace-6a94f979df2e4:not(.masonry) .flickity-slider .cell img {\n        height: 250px;\n      }\n    }<\/style><div class=\"nectar-flickity not-initialized instace-6a94f979df2e4\" role=\"region\" aria-roledescription=\"carousel\" aria-label=\"Image gallery\"  data-touch-icon-color=\"default\" data-drag-scale=\"\" data-overflow=\"hidden\" data-wrap=\"wrap\" data-spacing=\"10px\" data-shadow=\"none\" data-autoplay=\"true\" data-autoplay-dur=\"\" data-free-scroll=\"\" data-controls=\"next_prev_arrows_overlaid\"><div class=\"flickity-viewport\"> <div class=\"flickity-slider\"><div class=\"cell\" data-lazy=\"false\"><div class=\"nectar-el-parallax-scroll\" data-scroll-animation=\"true\" data-scroll-animation-mobile=\"true\" data-scroll-animation-intensity=\"-1.15\" data-scroll-animation-lerp=\"1\"><div class=\"vc_column-inner\"><div class=\"img-wrap\"><img loading=\"lazy\" decoding=\"async\" width=\"1024\" height=\"768\" src=\"https:\/\/nalusurf.de\/wp-content\/uploads\/2024\/05\/IMG_0049-1024x768.png\" class=\"skip-lazy nectar-lazy attachment-large\" alt=\"Ein Wohnzimmer mit einem Sofa und einem Couchtisch aus Holz sowie einem Kunstwerk an der Wand.\" title=\"Holzm\u00f6bel im Wohnraum mit Kunstwerk\" srcset=\"https:\/\/nalusurf.de\/wp-content\/uploads\/2024\/05\/IMG_0049-1024x768.png 1024w, https:\/\/nalusurf.de\/wp-content\/uploads\/2024\/05\/IMG_0049-300x225.png 300w, https:\/\/nalusurf.de\/wp-content\/uploads\/2024\/05\/IMG_0049-768x576.png 768w, https:\/\/nalusurf.de\/wp-content\/uploads\/2024\/05\/IMG_0049-1536x1152.png 1536w, https:\/\/nalusurf.de\/wp-content\/uploads\/2024\/05\/IMG_0049.png 2048w\" sizes=\"auto, (max-width: 1024px) 100vw, 1024px\" \/><\/div><\/div><\/div><a class=\"entire-slide-link\" aria-label=\"Ein Wohnzimmer mit einem Sofa und einem Couchtisch aus Holz sowie einem Kunstwerk an der Wand.\" title=\"Ein Wohnzimmer mit einem Sofa und einem Couchtisch aus Holz. An der Wand h\u00e4ngt ein Kunstwerk, das den Raum erg\u00e4nzt.\" href=\"https:\/\/nalusurf.de\/wp-content\/uploads\/2024\/05\/IMG_0049.png\"><\/a><\/div><div class=\"cell\" data-lazy=\"false\"><div class=\"nectar-el-parallax-scroll\" data-scroll-animation=\"true\" data-scroll-animation-mobile=\"true\" data-scroll-animation-intensity=\"-1.15\" data-scroll-animation-lerp=\"1\"><div class=\"vc_column-inner\"><div class=\"img-wrap\"><img loading=\"lazy\" decoding=\"async\" width=\"1024\" height=\"768\" src=\"https:\/\/nalusurf.de\/wp-content\/uploads\/2024\/05\/IMG_0059-1024x768.png\" class=\"skip-lazy nectar-lazy attachment-large\" alt=\"Ein Holztisch mit einem gro\u00dfen Spiegel und einem Stuhl in einem Raum mit neutralen W\u00e4nden.\" title=\"Holztisch mit Spiegel und Stuhl in einem Raum\" srcset=\"https:\/\/nalusurf.de\/wp-content\/uploads\/2024\/05\/IMG_0059-1024x768.png 1024w, https:\/\/nalusurf.de\/wp-content\/uploads\/2024\/05\/IMG_0059-300x225.png 300w, https:\/\/nalusurf.de\/wp-content\/uploads\/2024\/05\/IMG_0059-768x576.png 768w, https:\/\/nalusurf.de\/wp-content\/uploads\/2024\/05\/IMG_0059-1536x1152.png 1536w, https:\/\/nalusurf.de\/wp-content\/uploads\/2024\/05\/IMG_0059.png 2048w\" sizes=\"auto, (max-width: 1024px) 100vw, 1024px\" \/><\/div><\/div><\/div><a class=\"entire-slide-link\" aria-label=\"Ein Holztisch mit einem gro\u00dfen Spiegel und einem Stuhl in einem Raum mit neutralen W\u00e4nden.\" title=\"Ein Holztisch mit einem dekorativen Spiegel und einem Stuhl in einem Raum mit neutralen W\u00e4nden und einem minimalistischen Design.\" href=\"https:\/\/nalusurf.de\/wp-content\/uploads\/2024\/05\/IMG_0059.png\"><\/a><\/div><div class=\"cell\" data-lazy=\"false\"><div class=\"nectar-el-parallax-scroll\" data-scroll-animation=\"true\" data-scroll-animation-mobile=\"true\" data-scroll-animation-intensity=\"-1.15\" data-scroll-animation-lerp=\"1\"><div class=\"vc_column-inner\"><div class=\"img-wrap\"><img loading=\"lazy\" decoding=\"async\" width=\"1024\" height=\"575\" src=\"https:\/\/nalusurf.de\/wp-content\/uploads\/2024\/05\/IMG_0060-1024x575.png\" class=\"skip-lazy nectar-lazy attachment-large\" alt=\"Beige Sofa mit dekorativen Kissen und einem rustikalen Holztisch im Vordergrund.\" title=\"Beige Sofa mit Kissen und Holztisch\" srcset=\"https:\/\/nalusurf.de\/wp-content\/uploads\/2024\/05\/IMG_0060-1024x575.png 1024w, https:\/\/nalusurf.de\/wp-content\/uploads\/2024\/05\/IMG_0060-300x168.png 300w, https:\/\/nalusurf.de\/wp-content\/uploads\/2024\/05\/IMG_0060-768x431.png 768w, https:\/\/nalusurf.de\/wp-content\/uploads\/2024\/05\/IMG_0060-1536x862.png 1536w, https:\/\/nalusurf.de\/wp-content\/uploads\/2024\/05\/IMG_0060.png 2048w\" sizes=\"auto, (max-width: 1024px) 100vw, 1024px\" \/><\/div><\/div><\/div><a class=\"entire-slide-link\" aria-label=\"Beige Sofa mit dekorativen Kissen und einem rustikalen Holztisch im Vordergrund.\" title=\"Ein beige Sofa mit dekorativen Kissen und einem rustikalen Holztisch, der im Vordergrund steht. Das Sofa hat eine moderne Form.\" href=\"https:\/\/nalusurf.de\/wp-content\/uploads\/2024\/05\/IMG_0060.png\"><\/a><\/div><div class=\"cell\" data-lazy=\"false\"><div class=\"nectar-el-parallax-scroll\" data-scroll-animation=\"true\" data-scroll-animation-mobile=\"true\" data-scroll-animation-intensity=\"-1.15\" data-scroll-animation-lerp=\"1\"><div class=\"vc_column-inner\"><div class=\"img-wrap\"><img loading=\"lazy\" decoding=\"async\" width=\"1024\" height=\"768\" src=\"https:\/\/nalusurf.de\/wp-content\/uploads\/2024\/05\/IMG_0056-1024x768.png\" class=\"skip-lazy nectar-lazy attachment-large\" alt=\"K\u00fcche mit grauen Schr\u00e4nken, einem Esstisch aus Holz und einem Regal an der Wand.\" title=\"K\u00fcche mit Esstisch und Holzregal\" srcset=\"https:\/\/nalusurf.de\/wp-content\/uploads\/2024\/05\/IMG_0056-1024x768.png 1024w, https:\/\/nalusurf.de\/wp-content\/uploads\/2024\/05\/IMG_0056-300x225.png 300w, https:\/\/nalusurf.de\/wp-content\/uploads\/2024\/05\/IMG_0056-768x576.png 768w, https:\/\/nalusurf.de\/wp-content\/uploads\/2024\/05\/IMG_0056-1536x1152.png 1536w, https:\/\/nalusurf.de\/wp-content\/uploads\/2024\/05\/IMG_0056.png 2048w\" sizes=\"auto, (max-width: 1024px) 100vw, 1024px\" \/><\/div><\/div><\/div><a class=\"entire-slide-link\" aria-label=\"K\u00fcche mit grauen Schr\u00e4nken, einem Esstisch aus Holz und einem Regal an der Wand.\" title=\"Eine K\u00fcche mit grauen Schr\u00e4nken, einem Esstisch aus Holz und einem Wandregal. Die Einrichtung ist funktional und schlicht.\" href=\"https:\/\/nalusurf.de\/wp-content\/uploads\/2024\/05\/IMG_0056.png\"><\/a><\/div><div class=\"cell\" data-lazy=\"false\"><div class=\"nectar-el-parallax-scroll\" data-scroll-animation=\"true\" data-scroll-animation-mobile=\"true\" data-scroll-animation-intensity=\"-1.15\" data-scroll-animation-lerp=\"1\"><div class=\"vc_column-inner\"><div class=\"img-wrap\"><img loading=\"lazy\" decoding=\"async\" width=\"1024\" height=\"767\" src=\"https:\/\/nalusurf.de\/wp-content\/uploads\/2024\/05\/IMG_0057-1024x767.png\" class=\"skip-lazy nectar-lazy attachment-large\" alt=\"Gartenbereich mit Palmen, Liegen und einem \u00fcberdachten Sitzbereich.\" title=\"Gartenbereich mit Liegen und Pflanzen\" srcset=\"https:\/\/nalusurf.de\/wp-content\/uploads\/2024\/05\/IMG_0057-1024x767.png 1024w, https:\/\/nalusurf.de\/wp-content\/uploads\/2024\/05\/IMG_0057-300x225.png 300w, https:\/\/nalusurf.de\/wp-content\/uploads\/2024\/05\/IMG_0057-768x576.png 768w, https:\/\/nalusurf.de\/wp-content\/uploads\/2024\/05\/IMG_0057-1536x1151.png 1536w, https:\/\/nalusurf.de\/wp-content\/uploads\/2024\/05\/IMG_0057.png 1844w\" sizes=\"auto, (max-width: 1024px) 100vw, 1024px\" \/><\/div><\/div><\/div><a class=\"entire-slide-link\" aria-label=\"Gartenbereich mit Palmen, Liegen und einem \u00fcberdachten Sitzbereich.\" title=\"Ein Gartenbereich mit Palmen, Liegen und einem \u00fcberdachten Sitzbereich. Der Raum ist hell und einladend gestaltet.\" href=\"https:\/\/nalusurf.de\/wp-content\/uploads\/2024\/05\/IMG_0057.png\"><\/a><\/div><div class=\"cell\" data-lazy=\"false\"><div class=\"nectar-el-parallax-scroll\" data-scroll-animation=\"true\" data-scroll-animation-mobile=\"true\" data-scroll-animation-intensity=\"-1.15\" data-scroll-animation-lerp=\"1\"><div class=\"vc_column-inner\"><div class=\"img-wrap\"><img loading=\"lazy\" decoding=\"async\" width=\"576\" height=\"1024\" src=\"https:\/\/nalusurf.de\/wp-content\/uploads\/2024\/05\/IMG_0058-576x1024.png\" class=\"skip-lazy nectar-lazy attachment-large\" alt=\"Ein Bett mit blauen Kissen und einer Decke in einem Raum mit Wandbildern.\" title=\"Bett mit blauen Kissen und Decke\" srcset=\"https:\/\/nalusurf.de\/wp-content\/uploads\/2024\/05\/IMG_0058-576x1024.png 576w, https:\/\/nalusurf.de\/wp-content\/uploads\/2024\/05\/IMG_0058-169x300.png 169w, https:\/\/nalusurf.de\/wp-content\/uploads\/2024\/05\/IMG_0058-768x1365.png 768w, https:\/\/nalusurf.de\/wp-content\/uploads\/2024\/05\/IMG_0058-864x1536.png 864w, https:\/\/nalusurf.de\/wp-content\/uploads\/2024\/05\/IMG_0058.png 1152w\" sizes=\"auto, (max-width: 576px) 100vw, 576px\" \/><\/div><\/div><\/div><a class=\"entire-slide-link\" aria-label=\"Ein Bett mit blauen Kissen und einer Decke in einem Raum mit Wandbildern.\" title=\"Ein Bett mit blauen Kissen und einer Decke, erg\u00e4nzt durch Wandbilder in einem neutralen Raum.\" href=\"https:\/\/nalusurf.de\/wp-content\/uploads\/2024\/05\/IMG_0058.png\"><\/a><\/div><div class=\"cell\" data-lazy=\"false\"><div class=\"nectar-el-parallax-scroll\" data-scroll-animation=\"true\" data-scroll-animation-mobile=\"true\" data-scroll-animation-intensity=\"-1.15\" data-scroll-animation-lerp=\"1\"><div class=\"vc_column-inner\"><div class=\"img-wrap\"><img loading=\"lazy\" decoding=\"async\" width=\"1024\" height=\"767\" src=\"https:\/\/nalusurf.de\/wp-content\/uploads\/2024\/05\/IMG_0050-1024x767.png\" class=\"skip-lazy nectar-lazy attachment-large\" alt=\"Ein Garten mit verschiedenen Pflanzen, darunter Palmen und Kakteen, in einer hellen Umgebung.\" title=\"Garten mit Palmen und Pflanzen\" srcset=\"https:\/\/nalusurf.de\/wp-content\/uploads\/2024\/05\/IMG_0050-1024x767.png 1024w, https:\/\/nalusurf.de\/wp-content\/uploads\/2024\/05\/IMG_0050-300x225.png 300w, https:\/\/nalusurf.de\/wp-content\/uploads\/2024\/05\/IMG_0050-768x576.png 768w, https:\/\/nalusurf.de\/wp-content\/uploads\/2024\/05\/IMG_0050-1536x1151.png 1536w, https:\/\/nalusurf.de\/wp-content\/uploads\/2024\/05\/IMG_0050.png 1844w\" sizes=\"auto, (max-width: 1024px) 100vw, 1024px\" \/><\/div><\/div><\/div><a class=\"entire-slide-link\" aria-label=\"Ein Garten mit verschiedenen Pflanzen, darunter Palmen und Kakteen, in einer hellen Umgebung.\" title=\"Ein Garten mit mehreren Palmen und anderen Pflanzen, angeordnet in einem klaren und strukturierten Design.\" href=\"https:\/\/nalusurf.de\/wp-content\/uploads\/2024\/05\/IMG_0050.png\"><\/a><\/div><div class=\"cell\" data-lazy=\"false\"><div class=\"nectar-el-parallax-scroll\" data-scroll-animation=\"true\" data-scroll-animation-mobile=\"true\" data-scroll-animation-intensity=\"-1.15\" data-scroll-animation-lerp=\"1\"><div class=\"vc_column-inner\"><div class=\"img-wrap\"><img loading=\"lazy\" decoding=\"async\" width=\"1024\" height=\"769\" src=\"https:\/\/nalusurf.de\/wp-content\/uploads\/2024\/05\/IMG_0051-1024x769.png\" class=\"skip-lazy nectar-lazy attachment-large\" alt=\"Holztisch mit einer Schale voller Obst und St\u00fchlen in einem Au\u00dfenbereich.\" title=\"Holztisch mit Obstschale im Freien\" srcset=\"https:\/\/nalusurf.de\/wp-content\/uploads\/2024\/05\/IMG_0051-1024x769.png 1024w, https:\/\/nalusurf.de\/wp-content\/uploads\/2024\/05\/IMG_0051-300x225.png 300w, https:\/\/nalusurf.de\/wp-content\/uploads\/2024\/05\/IMG_0051-768x576.png 768w, https:\/\/nalusurf.de\/wp-content\/uploads\/2024\/05\/IMG_0051-1536x1153.png 1536w, https:\/\/nalusurf.de\/wp-content\/uploads\/2024\/05\/IMG_0051.png 1612w\" sizes=\"auto, (max-width: 1024px) 100vw, 1024px\" \/><\/div><\/div><\/div><a class=\"entire-slide-link\" aria-label=\"Holztisch mit einer Schale voller Obst und St\u00fchlen in einem Au\u00dfenbereich.\" title=\"Ein Holztisch mit einer Schale voller Obst steht in einem Au\u00dfenbereich, umgeben von St\u00fchlen und Pflanzen.\" href=\"https:\/\/nalusurf.de\/wp-content\/uploads\/2024\/05\/IMG_0051.png\"><\/a><\/div><div class=\"cell\" data-lazy=\"false\"><div class=\"nectar-el-parallax-scroll\" data-scroll-animation=\"true\" data-scroll-animation-mobile=\"true\" data-scroll-animation-intensity=\"-1.15\" data-scroll-animation-lerp=\"1\"><div class=\"vc_column-inner\"><div class=\"img-wrap\"><img loading=\"lazy\" decoding=\"async\" width=\"1024\" height=\"769\" src=\"https:\/\/nalusurf.de\/wp-content\/uploads\/2024\/05\/IMG_0052-1024x769.png\" class=\"skip-lazy nectar-lazy attachment-large\" alt=\"Ein Gartenbereich mit einem Holztisch, St\u00fchlen und verschiedenen Pflanzen in T\u00f6pfen.\" title=\"Gartenbereich mit Tisch und St\u00fchlen\" srcset=\"https:\/\/nalusurf.de\/wp-content\/uploads\/2024\/05\/IMG_0052-1024x769.png 1024w, https:\/\/nalusurf.de\/wp-content\/uploads\/2024\/05\/IMG_0052-300x225.png 300w, https:\/\/nalusurf.de\/wp-content\/uploads\/2024\/05\/IMG_0052-768x576.png 768w, https:\/\/nalusurf.de\/wp-content\/uploads\/2024\/05\/IMG_0052-1536x1153.png 1536w, https:\/\/nalusurf.de\/wp-content\/uploads\/2024\/05\/IMG_0052.png 1612w\" sizes=\"auto, (max-width: 1024px) 100vw, 1024px\" \/><\/div><\/div><\/div><a class=\"entire-slide-link\" aria-label=\"Ein Gartenbereich mit einem Holztisch, St\u00fchlen und verschiedenen Pflanzen in T\u00f6pfen.\" title=\"Ein Gartenbereich mit einem Holztisch, St\u00fchlen und verschiedenen Pflanzen in T\u00f6pfen, die in einem dekorativen Arrangement angeordnet sind.\" href=\"https:\/\/nalusurf.de\/wp-content\/uploads\/2024\/05\/IMG_0052.png\"><\/a><\/div><div class=\"cell\" data-lazy=\"false\"><div class=\"nectar-el-parallax-scroll\" data-scroll-animation=\"true\" data-scroll-animation-mobile=\"true\" data-scroll-animation-intensity=\"-1.15\" data-scroll-animation-lerp=\"1\"><div class=\"vc_column-inner\"><div class=\"img-wrap\"><img loading=\"lazy\" decoding=\"async\" width=\"1024\" height=\"769\" src=\"https:\/\/nalusurf.de\/wp-content\/uploads\/2024\/05\/IMG_0053-1024x769.png\" class=\"skip-lazy nectar-lazy attachment-large\" alt=\"Ein Esstisch im Freien mit Obst, Snacks und Getr\u00e4nken auf einem Tisch unter einem Vordach.\" title=\"Esstisch im Freien mit Obst und Snacks\" srcset=\"https:\/\/nalusurf.de\/wp-content\/uploads\/2024\/05\/IMG_0053-1024x769.png 1024w, https:\/\/nalusurf.de\/wp-content\/uploads\/2024\/05\/IMG_0053-300x225.png 300w, https:\/\/nalusurf.de\/wp-content\/uploads\/2024\/05\/IMG_0053-768x576.png 768w, https:\/\/nalusurf.de\/wp-content\/uploads\/2024\/05\/IMG_0053-1536x1153.png 1536w, https:\/\/nalusurf.de\/wp-content\/uploads\/2024\/05\/IMG_0053.png 1612w\" sizes=\"auto, (max-width: 1024px) 100vw, 1024px\" \/><\/div><\/div><\/div><a class=\"entire-slide-link\" aria-label=\"Ein Esstisch im Freien mit Obst, Snacks und Getr\u00e4nken auf einem Tisch unter einem Vordach.\" title=\"Ein Esstisch im Freien, gedeckt mit Obst, Snacks und Getr\u00e4nken, unter einem Vordach in einem Gartenbereich.\" href=\"https:\/\/nalusurf.de\/wp-content\/uploads\/2024\/05\/IMG_0053.png\"><\/a><\/div><div class=\"cell\" data-lazy=\"false\"><div class=\"nectar-el-parallax-scroll\" data-scroll-animation=\"true\" data-scroll-animation-mobile=\"true\" data-scroll-animation-intensity=\"-1.15\" data-scroll-animation-lerp=\"1\"><div class=\"vc_column-inner\"><div class=\"img-wrap\"><img loading=\"lazy\" decoding=\"async\" width=\"575\" height=\"1024\" src=\"https:\/\/nalusurf.de\/wp-content\/uploads\/2024\/05\/IMG_0054-575x1024.png\" class=\"skip-lazy nectar-lazy attachment-large\" alt=\"Wei\u00dfes Waschbecken mit grauem Handtuch, gr\u00fcnen Gl\u00e4sern und einem gr\u00fcnen Handtuch im Badezimmer.\" title=\"Waschbecken mit Handt\u00fcchern und Gl\u00e4sern\" srcset=\"https:\/\/nalusurf.de\/wp-content\/uploads\/2024\/05\/IMG_0054-575x1024.png 575w, https:\/\/nalusurf.de\/wp-content\/uploads\/2024\/05\/IMG_0054-168x300.png 168w, https:\/\/nalusurf.de\/wp-content\/uploads\/2024\/05\/IMG_0054-768x1369.png 768w, https:\/\/nalusurf.de\/wp-content\/uploads\/2024\/05\/IMG_0054-862x1536.png 862w, https:\/\/nalusurf.de\/wp-content\/uploads\/2024\/05\/IMG_0054.png 1149w\" sizes=\"auto, (max-width: 575px) 100vw, 575px\" \/><\/div><\/div><\/div><a class=\"entire-slide-link\" aria-label=\"Wei\u00dfes Waschbecken mit grauem Handtuch, gr\u00fcnen Gl\u00e4sern und einem gr\u00fcnen Handtuch im Badezimmer.\" title=\"Ein wei\u00dfes Waschbecken mit einem grauen Handtuch, zwei gr\u00fcnen Gl\u00e4sern und einem gr\u00fcnen Handtuch, das an der Seite h\u00e4ngt.\" href=\"https:\/\/nalusurf.de\/wp-content\/uploads\/2024\/05\/IMG_0054.png\"><\/a><\/div><div class=\"cell\" data-lazy=\"false\"><div class=\"nectar-el-parallax-scroll\" data-scroll-animation=\"true\" data-scroll-animation-mobile=\"true\" data-scroll-animation-intensity=\"-1.15\" data-scroll-animation-lerp=\"1\"><div class=\"vc_column-inner\"><div class=\"img-wrap\"><img loading=\"lazy\" decoding=\"async\" width=\"1024\" height=\"767\" src=\"https:\/\/nalusurf.de\/wp-content\/uploads\/2024\/05\/IMG_0055-1024x767.png\" class=\"skip-lazy nectar-lazy attachment-large\" alt=\"Ein Garten mit verschiedenen Pflanzen, darunter Palmen und Kakteen, sowie einem kleinen Wasserbecken.\" title=\"Garten mit Palmen und Pflanzen\" srcset=\"https:\/\/nalusurf.de\/wp-content\/uploads\/2024\/05\/IMG_0055-1024x767.png 1024w, https:\/\/nalusurf.de\/wp-content\/uploads\/2024\/05\/IMG_0055-300x225.png 300w, https:\/\/nalusurf.de\/wp-content\/uploads\/2024\/05\/IMG_0055-768x576.png 768w, https:\/\/nalusurf.de\/wp-content\/uploads\/2024\/05\/IMG_0055-1536x1151.png 1536w, https:\/\/nalusurf.de\/wp-content\/uploads\/2024\/05\/IMG_0055.png 1844w\" sizes=\"auto, (max-width: 1024px) 100vw, 1024px\" \/><\/div><\/div><\/div><a class=\"entire-slide-link\" aria-label=\"Ein Garten mit verschiedenen Pflanzen, darunter Palmen und Kakteen, sowie einem kleinen Wasserbecken.\" title=\"Ein Garten mit verschiedenen Pflanzenarten, einschlie\u00dflich Palmen und Kakteen, sowie einem kleinen Wasserbecken in der Mitte.\" href=\"https:\/\/nalusurf.de\/wp-content\/uploads\/2024\/05\/IMG_0055.png\"><\/a><\/div><\/div><\/div><\/div><\/div>\n\t\t<\/div> \n\t<\/div> \n\t\t\t<\/div> \n\t\t<\/div>\n\t<\/div> \n<\/div><\/div>\n\t\t<div id=\"fws_6a94f979e33da\"  data-column-margin=\"default\" data-midnight=\"dark\"  class=\"wpb_row vc_row-fluid vc_row full-width-content vc_row-o-equal-height vc_row-flex vc_row-o-content-top\"  style=\"padding-top: 0px; padding-bottom: 0px; \"><div class=\"row-bg-wrap\" data-bg-animation=\"none\" data-bg-animation-delay=\"\" data-bg-overlay=\"false\"><div class=\"inner-wrap row-bg-layer\" ><div class=\"row-bg viewport-desktop\"  style=\"\"><\/div><\/div><\/div><div class=\"row_col_wrap_12 col span_12 dark left\">\n\t<div  class=\"vc_col-sm-12 wpb_column column_container vc_column_container col no-extra-padding inherit_tablet inherit_phone\"  data-padding-pos=\"all\" data-has-bg-color=\"false\" data-bg-color=\"\" data-bg-opacity=\"1\" data-animation=\"\" data-delay=\"0\" >\n\t\t<div class=\"vc_column-inner\" >\n\t\t\t<div class=\"wpb_wrapper\">\n\t\t\t\t<div id=\"map_6a94f979e39de\" style=\"height: 700px;\" class=\"nectar-google-map\" data-infowindow-start-open=\"\" data-dark-color-scheme=\"\" data-marker-style=\"nectar\" data-nectar-marker-color=\"accent-color\" data-ultra-flat=\"\" data-greyscale=\"1\" data-extra-color=\"\" data-enable-animation=\"false\" data-enable-zoom=\"1\" data-zoom-level=\"15\" data-center-lat=\"28.213130\" data-center-lng=\"-14.218298\" data-marker-img=\"\"><\/div><div class=\"map_6a94f979e39de map-marker-list\"><div class=\"map-marker\" data-marker-image-width=\"50\" data-marker-image-height=\"50\" data-lat=\"28.2138023\" data-lng=\"-14.2199422\" data-mapinfo=\"Apartment Seaside Art\"><\/div><\/div>\n\t\t\t<\/div> \n\t\t<\/div>\n\t<\/div> \n<\/div><\/div>","protected":false},"excerpt":{"rendered":"Apartment Seaside Art Dein privates Apartment in La Pared Apartment Seaside Art\u00a0- Das Apartment Seaside Art befindet sich sehr nahe an der K\u00fcste von La Pared. Es gibt ein Schlafzimmer...","protected":false},"author":2,"featured_media":0,"parent":12410,"menu_order":0,"comment_status":"closed","ping_status":"closed","template":"","meta":{"footnotes":""},"class_list":["post-11102","page","type-page","status-publish"],"yoast_head":"<!-- This site is optimized with the Yoast SEO Premium plugin v28.0 (Yoast SEO v28.3) - https:\/\/yoast.com\/product\/yoast-seo-premium-wordpress\/ -->\n<title>Apartment Seaside - Nalusurf Surfschool &amp; Surfcamp Fuerteventura<\/title>\n<meta name=\"robots\" content=\"index, follow, max-snippet:-1, max-image-preview:large, max-video-preview:-1\" \/>\n<link rel=\"canonical\" href=\"https:\/\/nalusurf.de\/en\/surf-camp-fuerteventura\/apartment-seaside-art\/\" \/>\n<meta property=\"og:locale\" content=\"en_GB\" \/>\n<meta property=\"og:type\" content=\"article\" \/>\n<meta property=\"og:title\" content=\"Apartment Seaside\" \/>\n<meta property=\"og:url\" content=\"https:\/\/nalusurf.de\/en\/surf-camp-fuerteventura\/apartment-seaside-art\/\" \/>\n<meta property=\"og:site_name\" content=\"Nalusurf Surfschool &amp; Surfcamp Fuerteventura\" \/>\n<meta property=\"article:publisher\" content=\"https:\/\/www.facebook.com\/nalusurfsurfcamp\/\" \/>\n<meta property=\"article:modified_time\" content=\"2024-05-22T13:04:40+00:00\" \/>\n<meta property=\"og:image\" content=\"https:\/\/nalusurf.de\/wp-content\/uploads\/2025\/07\/IMG_0508-Kopie.jpg\" \/>\n\t<meta property=\"og:image:width\" content=\"1814\" \/>\n\t<meta property=\"og:image:height\" content=\"1361\" \/>\n\t<meta property=\"og:image:type\" content=\"image\/jpeg\" \/>\n<meta name=\"twitter:card\" content=\"summary_large_image\" \/>\n<meta name=\"twitter:label1\" content=\"Estimated reading time\" \/>\n\t<meta name=\"twitter:data1\" content=\"5 minutes\" \/>\n<script type=\"application\/ld+json\" class=\"yoast-schema-graph\">{\"@context\":\"https:\\\/\\\/schema.org\",\"@graph\":[{\"@type\":\"WebPage\",\"@id\":\"https:\\\/\\\/nalusurf.de\\\/surfcamp-fuerteventura\\\/apartment-seaside-art\\\/\",\"url\":\"https:\\\/\\\/nalusurf.de\\\/surfcamp-fuerteventura\\\/apartment-seaside-art\\\/\",\"name\":\"Apartment Seaside - Nalusurf Surfschool &amp; Surfcamp Fuerteventura\",\"isPartOf\":{\"@id\":\"https:\\\/\\\/nalusurf.de\\\/#website\"},\"datePublished\":\"2021-05-06T12:01:08+00:00\",\"dateModified\":\"2024-05-22T13:04:40+00:00\",\"breadcrumb\":{\"@id\":\"https:\\\/\\\/nalusurf.de\\\/surfcamp-fuerteventura\\\/apartment-seaside-art\\\/#breadcrumb\"},\"inLanguage\":\"en-GB\",\"potentialAction\":[{\"@type\":\"ReadAction\",\"target\":[\"https:\\\/\\\/nalusurf.de\\\/surfcamp-fuerteventura\\\/apartment-seaside-art\\\/\"]}]},{\"@type\":\"BreadcrumbList\",\"@id\":\"https:\\\/\\\/nalusurf.de\\\/surfcamp-fuerteventura\\\/apartment-seaside-art\\\/#breadcrumb\",\"itemListElement\":[{\"@type\":\"ListItem\",\"position\":1,\"name\":\"Startseite\",\"item\":\"https:\\\/\\\/nalusurf.de\\\/\"},{\"@type\":\"ListItem\",\"position\":2,\"name\":\"Surfcamp Fuerteventura\",\"item\":\"https:\\\/\\\/nalusurf.de\\\/surfcamp-fuerteventura\\\/\"},{\"@type\":\"ListItem\",\"position\":3,\"name\":\"Apartment Seaside\"}]},{\"@type\":\"WebSite\",\"@id\":\"https:\\\/\\\/nalusurf.de\\\/#website\",\"url\":\"https:\\\/\\\/nalusurf.de\\\/\",\"name\":\"Nalusurf Surfschool & Surfcamp Fuerteventura\",\"description\":\"Surfen auf Fuerteventura\",\"publisher\":{\"@id\":\"https:\\\/\\\/nalusurf.de\\\/#organization\"},\"potentialAction\":[{\"@type\":\"SearchAction\",\"target\":{\"@type\":\"EntryPoint\",\"urlTemplate\":\"https:\\\/\\\/nalusurf.de\\\/?s={search_term_string}\"},\"query-input\":{\"@type\":\"PropertyValueSpecification\",\"valueRequired\":true,\"valueName\":\"search_term_string\"}}],\"inLanguage\":\"en-GB\"},{\"@type\":[\"Organization\",\"Place\"],\"@id\":\"https:\\\/\\\/nalusurf.de\\\/#organization\",\"name\":\"Nalusurf Surfschool & Surfcamp Fuerteventura\",\"url\":\"https:\\\/\\\/nalusurf.de\\\/\",\"logo\":{\"@id\":\"https:\\\/\\\/nalusurf.de\\\/surfcamp-fuerteventura\\\/apartment-seaside-art\\\/#local-main-organization-logo\"},\"image\":{\"@id\":\"https:\\\/\\\/nalusurf.de\\\/surfcamp-fuerteventura\\\/apartment-seaside-art\\\/#local-main-organization-logo\"},\"sameAs\":[\"https:\\\/\\\/www.facebook.com\\\/nalusurfsurfcamp\\\/\",\"https:\\\/\\\/www.instagram.com\\\/nalusurf_fuerteventura\\\/\"],\"address\":{\"@id\":\"https:\\\/\\\/nalusurf.de\\\/surfcamp-fuerteventura\\\/apartment-seaside-art\\\/#local-main-place-address\"},\"geo\":{\"@type\":\"GeoCoordinates\",\"latitude\":\"28.2127716\",\"longitude\":\"-14.2204954\"},\"telephone\":[\"+4915678730151\"],\"contactPoint\":{\"@type\":\"ContactPoint\",\"telephone\":\"+4915678730151\",\"email\":\"info@nalusurf.com\"},\"openingHoursSpecification\":[{\"@type\":\"OpeningHoursSpecification\",\"dayOfWeek\":[\"Monday\",\"Tuesday\",\"Wednesday\",\"Thursday\",\"Friday\",\"Saturday\"],\"opens\":\"09:00\",\"closes\":\"20:00\"},{\"@type\":\"OpeningHoursSpecification\",\"dayOfWeek\":[\"Sunday\"],\"opens\":\"00:00\",\"closes\":\"00:00\"}],\"email\":\"info@nalusurf.com\",\"areaServed\":\"Fuerteventura\",\"taxID\":\"X3729459G\"},{\"@type\":\"PostalAddress\",\"@id\":\"https:\\\/\\\/nalusurf.de\\\/surfcamp-fuerteventura\\\/apartment-seaside-art\\\/#local-main-place-address\",\"streetAddress\":\"Avenida del Istmo 33\",\"addressLocality\":\"La Pared\",\"postalCode\":\"35627\",\"addressRegion\":\"Las Palmas\",\"addressCountry\":\"ES\"},{\"@type\":\"ImageObject\",\"inLanguage\":\"en-GB\",\"@id\":\"https:\\\/\\\/nalusurf.de\\\/surfcamp-fuerteventura\\\/apartment-seaside-art\\\/#local-main-organization-logo\",\"url\":\"https:\\\/\\\/nalusurf.de\\\/wp-content\\\/uploads\\\/2017\\\/08\\\/logo_neu.png\",\"contentUrl\":\"https:\\\/\\\/nalusurf.de\\\/wp-content\\\/uploads\\\/2017\\\/08\\\/logo_neu.png\",\"width\":736,\"height\":266,\"caption\":\"Nalusurf Surfschool & Surfcamp Fuerteventura\"}]}<\/script>\n<meta name=\"geo.placename\" content=\"La Pared\" \/>\n<meta name=\"geo.position\" content=\"28.2127716;-14.2204954\" \/>\n<meta name=\"geo.region\" content=\"Spain\" \/>\n<!-- \/ Yoast SEO Premium plugin. -->","yoast_head_json":{"title":"Apartment Seaside - Nalusurf Surfschool &amp; Surfcamp Fuerteventura","robots":{"index":"index","follow":"follow","max-snippet":"max-snippet:-1","max-image-preview":"max-image-preview:large","max-video-preview":"max-video-preview:-1"},"canonical":"https:\/\/nalusurf.de\/en\/surf-camp-fuerteventura\/apartment-seaside-art\/","og_locale":"en_GB","og_type":"article","og_title":"Apartment Seaside","og_url":"https:\/\/nalusurf.de\/en\/surf-camp-fuerteventura\/apartment-seaside-art\/","og_site_name":"Nalusurf Surfschool &amp; Surfcamp Fuerteventura","article_publisher":"https:\/\/www.facebook.com\/nalusurfsurfcamp\/","article_modified_time":"2024-05-22T13:04:40+00:00","og_image":[{"width":1814,"height":1361,"url":"https:\/\/nalusurf.de\/wp-content\/uploads\/2025\/07\/IMG_0508-Kopie.jpg","type":"image\/jpeg"}],"twitter_card":"summary_large_image","twitter_misc":{"Estimated reading time":"5 minutes"},"schema":{"@context":"https:\/\/schema.org","@graph":[{"@type":"WebPage","@id":"https:\/\/nalusurf.de\/surfcamp-fuerteventura\/apartment-seaside-art\/","url":"https:\/\/nalusurf.de\/surfcamp-fuerteventura\/apartment-seaside-art\/","name":"Apartment Seaside - Nalusurf Surfschool &amp; Surfcamp Fuerteventura","isPartOf":{"@id":"https:\/\/nalusurf.de\/#website"},"datePublished":"2021-05-06T12:01:08+00:00","dateModified":"2024-05-22T13:04:40+00:00","breadcrumb":{"@id":"https:\/\/nalusurf.de\/surfcamp-fuerteventura\/apartment-seaside-art\/#breadcrumb"},"inLanguage":"en-GB","potentialAction":[{"@type":"ReadAction","target":["https:\/\/nalusurf.de\/surfcamp-fuerteventura\/apartment-seaside-art\/"]}]},{"@type":"BreadcrumbList","@id":"https:\/\/nalusurf.de\/surfcamp-fuerteventura\/apartment-seaside-art\/#breadcrumb","itemListElement":[{"@type":"ListItem","position":1,"name":"Startseite","item":"https:\/\/nalusurf.de\/"},{"@type":"ListItem","position":2,"name":"Surfcamp Fuerteventura","item":"https:\/\/nalusurf.de\/surfcamp-fuerteventura\/"},{"@type":"ListItem","position":3,"name":"Apartment Seaside"}]},{"@type":"WebSite","@id":"https:\/\/nalusurf.de\/#website","url":"https:\/\/nalusurf.de\/","name":"Nalusurf Surf School &amp; Surf Camp, Fuerteventura","description":"Surfing on Fuerteventura","publisher":{"@id":"https:\/\/nalusurf.de\/#organization"},"potentialAction":[{"@type":"SearchAction","target":{"@type":"EntryPoint","urlTemplate":"https:\/\/nalusurf.de\/?s={search_term_string}"},"query-input":{"@type":"PropertyValueSpecification","valueRequired":true,"valueName":"search_term_string"}}],"inLanguage":"en-GB"},{"@type":["Organization","Place"],"@id":"https:\/\/nalusurf.de\/#organization","name":"Nalusurf Surf School &amp; Surf Camp, Fuerteventura","url":"https:\/\/nalusurf.de\/","logo":{"@id":"https:\/\/nalusurf.de\/surfcamp-fuerteventura\/apartment-seaside-art\/#local-main-organization-logo"},"image":{"@id":"https:\/\/nalusurf.de\/surfcamp-fuerteventura\/apartment-seaside-art\/#local-main-organization-logo"},"sameAs":["https:\/\/www.facebook.com\/nalusurfsurfcamp\/","https:\/\/www.instagram.com\/nalusurf_fuerteventura\/"],"address":{"@id":"https:\/\/nalusurf.de\/surfcamp-fuerteventura\/apartment-seaside-art\/#local-main-place-address"},"geo":{"@type":"GeoCoordinates","latitude":"28.2127716","longitude":"-14.2204954"},"telephone":["+4915678730151"],"contactPoint":{"@type":"ContactPoint","telephone":"+4915678730151","email":"info@nalusurf.com"},"openingHoursSpecification":[{"@type":"OpeningHoursSpecification","dayOfWeek":["Monday","Tuesday","Wednesday","Thursday","Friday","Saturday"],"opens":"09:00","closes":"20:00"},{"@type":"OpeningHoursSpecification","dayOfWeek":["Sunday"],"opens":"00:00","closes":"00:00"}],"email":"info@nalusurf.com","areaServed":"Fuerteventura","taxID":"X3729459G"},{"@type":"PostalAddress","@id":"https:\/\/nalusurf.de\/surfcamp-fuerteventura\/apartment-seaside-art\/#local-main-place-address","streetAddress":"Avenida del Istmo 33","addressLocality":"La Pared","postalCode":"35627","addressRegion":"Las Palmas","addressCountry":"ES"},{"@type":"ImageObject","inLanguage":"en-GB","@id":"https:\/\/nalusurf.de\/surfcamp-fuerteventura\/apartment-seaside-art\/#local-main-organization-logo","url":"https:\/\/nalusurf.de\/wp-content\/uploads\/2017\/08\/logo_neu.png","contentUrl":"https:\/\/nalusurf.de\/wp-content\/uploads\/2017\/08\/logo_neu.png","width":736,"height":266,"caption":"Nalusurf Surfschool & Surfcamp Fuerteventura"}]},"geo.placename":"La Pared","geo.position":{"lat":"28.2127716","long":"-14.2204954"},"geo.region":"Spain"},"_links":{"self":[{"href":"https:\/\/nalusurf.de\/en\/wp-json\/wp\/v2\/pages\/11102","targetHints":{"allow":["GET"]}}],"collection":[{"href":"https:\/\/nalusurf.de\/en\/wp-json\/wp\/v2\/pages"}],"about":[{"href":"https:\/\/nalusurf.de\/en\/wp-json\/wp\/v2\/types\/page"}],"author":[{"embeddable":true,"href":"https:\/\/nalusurf.de\/en\/wp-json\/wp\/v2\/users\/2"}],"replies":[{"embeddable":true,"href":"https:\/\/nalusurf.de\/en\/wp-json\/wp\/v2\/comments?post=11102"}],"version-history":[{"count":0,"href":"https:\/\/nalusurf.de\/en\/wp-json\/wp\/v2\/pages\/11102\/revisions"}],"up":[{"embeddable":true,"href":"https:\/\/nalusurf.de\/en\/wp-json\/wp\/v2\/pages\/12410"}],"wp:attachment":[{"href":"https:\/\/nalusurf.de\/en\/wp-json\/wp\/v2\/media?parent=11102"}],"curies":[{"name":"wp","href":"https:\/\/api.w.org\/{rel}","templated":true}]}}