{"id":1268,"date":"2017-08-11T10:33:00","date_gmt":"2017-08-11T09:33:00","guid":{"rendered":"http:\/\/nalusurf.de\/?page_id=1268"},"modified":"2026-08-31T23:10:37","modified_gmt":"2026-08-31T22:10:37","slug":"surfschool-surfcamp-fuerteventura","status":"publish","type":"page","link":"https:\/\/nalusurf.de\/en\/","title":{"rendered":"Nalusurf Surfschool &#038; Surfcamp Fuerteventura"},"content":{"rendered":"<div id=\"fws_6a9d067d8bd28\"  data-column-margin=\"default\" data-midnight=\"dark\"  class=\"wpb_row vc_row-fluid vc_row full-width-section vc_row-o-full-height vc_row-o-columns-middle vc_row-o-equal-height vc_row-flex  mobile-disable-bg-image-animation\"  style=\"padding-top: 0px; padding-bottom: 0px; \"><div class=\"row-bg-wrap\" data-bg-animation=\"zoom-out\" data-bg-animation-delay=\"\" data-bg-overlay=\"false\"><div class=\"inner-wrap row-bg-layer using-image\" ><div class=\"row-bg viewport-desktop using-image\"  style=\"background-position: center center; background-repeat: no-repeat; \" data-nectar-img-src=\"https:\/\/nalusurf.de\/wp-content\/uploads\/2026\/08\/strand-la-pared-fuerteventura.webp\"><\/div><\/div><\/div><div class=\"row_col_wrap_12 col span_12 dark left\">\n\t<div  class=\"vc_col-sm-12 wpb_column column_container vc_column_container col no-extra-padding inherit_tablet inherit_phone flex_gap_desktop_10px\"  data-padding-pos=\"all\" data-has-bg-color=\"false\" data-bg-color=\"\" data-bg-opacity=\"1\" data-animation=\"\" data-delay=\"0\" >\n\t\t<div class=\"vc_column-inner\" >\n\t\t\t<div class=\"wpb_wrapper\">\n\t\t\t\t<div class=\"divider-wrap\" data-alignment=\"default\"><div style=\"height: 90px;\" class=\"divider\"><\/div><\/div><h1 style=\"font-size: 50px;color: #ffffff;text-align: center\" class=\"vc_custom_heading vc_do_custom_heading wpb_animate_when_almost_visible wpb_fadeIn fadeIn\" >Surf school &amp; surf camp in Fuerteventura<\/h1><div class=\"divider-wrap\" data-alignment=\"default\"><div style=\"margin-top: 10px; height: 1px; margin-bottom: 10px;\" data-width=\"100%\" data-animate=\"\" data-animation-delay=\"\" data-color=\"default\" class=\"divider-border\"><\/div><\/div><h2 style=\"font-size: 50px;color: #ffffff;text-align: center\" class=\"vc_custom_heading vc_do_custom_heading wpb_animate_when_almost_visible wpb_fadeIn fadeIn\" >Welcome to Nalusurf!<\/h2><div class=\"divider-wrap\" data-alignment=\"default\"><div style=\"height: 90px;\" class=\"divider\"><\/div><\/div>\n\t\t\t<\/div> \n\t\t<\/div>\n\t<\/div> \n<\/div><\/div>\n\t\t<div id=\"fws_6a9d067d8d33a\"  data-column-margin=\"default\" data-midnight=\"dark\" data-top-percent=\"5%\" data-bottom-percent=\"5%\"  class=\"wpb_row vc_row-fluid vc_row full-width-section has-row-bg-color\"  style=\"padding-top: calc(100vw * 0.05); padding-bottom: calc(100vw * 0.05); --row-bg-color: #ffffff;\"><div class=\"row-bg-wrap\" data-bg-animation=\"none\" data-bg-animation-delay=\"\" data-bg-overlay=\"false\"><div class=\"inner-wrap row-bg-layer\" ><div class=\"row-bg viewport-desktop using-bg-color\"  style=\"background-color: #ffffff; \"><\/div><\/div><\/div><div class=\"row_col_wrap_12 col span_12 dark left\">\n\t<div  class=\"vc_col-sm-12 wpb_column column_container vc_column_container col no-extra-padding inherit_tablet inherit_phone flex_gap_desktop_10px\"  data-padding-pos=\"all\" data-has-bg-color=\"false\" data-bg-color=\"\" data-bg-opacity=\"1\" data-animation=\"\" data-delay=\"0\" >\n\t\t<div class=\"vc_column-inner\" >\n\t\t\t<div class=\"wpb_wrapper\">\n\t\t\t\t<div id=\"fws_6a9d067d8d999\" data-midnight=\"\" data-column-margin=\"default\" class=\"wpb_row vc_row-fluid vc_row inner_row\"  style=\"\"><div class=\"row-bg-wrap\"> <div class=\"row-bg\" ><\/div> <\/div><div class=\"row_col_wrap_12_inner col span_12  left\">\n\t<div  class=\"vc_col-sm-6 wpb_column column_container vc_column_container col child_column no-extra-padding inherit_tablet inherit_phone flex_gap_desktop_10px\"   data-padding-pos=\"all\" data-has-bg-color=\"false\" data-bg-color=\"\" data-bg-opacity=\"1\" data-animation=\"\" data-delay=\"0\" >\n\t\t<div class=\"vc_column-inner\" >\n\t\t<div class=\"wpb_wrapper\">\n\t\t\t<div class=\"nectar-gradient-text\" data-direction=\"diagonal\" data-color=\"extra-color-gradient-1\" style=\"\"><h2>The Pioneers of La Pared:<br \/>\nYour surf camp on Fuerteventura's west coast<\/h2><\/div>\n\t\t<\/div> \n\t<\/div>\n\t<\/div> \n\n\t<div  class=\"vc_col-sm-6 wpb_column column_container vc_column_container col child_column no-extra-padding inherit_tablet inherit_phone flex_gap_desktop_10px\"   data-padding-pos=\"all\" data-has-bg-color=\"false\" data-bg-color=\"\" data-bg-opacity=\"1\" data-animation=\"\" data-delay=\"0\" >\n\t\t<div class=\"vc_column-inner\" >\n\t\t<div class=\"wpb_wrapper\">\n\t\t\t\n\t\t<\/div> \n\t<\/div>\n\t<\/div> \n<\/div><\/div><div id=\"fws_6a9d067d8e53d\" data-midnight=\"\" data-column-margin=\"default\" class=\"wpb_row vc_row-fluid vc_row inner_row\"  style=\"\"><div class=\"row-bg-wrap\"> <div class=\"row-bg\" ><\/div> <\/div><div class=\"row_col_wrap_12_inner col span_12  left\">\n\t<div  class=\"vc_col-sm-6 wpb_column column_container vc_column_container col child_column padding-3-percent top_margin_phone_-25px inherit_tablet inherit_phone flex_gap_desktop_10px\"   data-padding-pos=\"top-bottom\" data-has-bg-color=\"false\" data-bg-color=\"\" data-bg-opacity=\"1\" data-animation=\"\" data-delay=\"0\" >\n\t\t<div class=\"vc_column-inner\" >\n\t\t<div class=\"wpb_wrapper\">\n\t\t\t\n<div class=\"wpb_text_column wpb_content_element  vc_custom_1754041026053\" >\n\t<p>Welcome to Nalusurf. Our story began long before most other surf schools on the west coast existed. <strong>Our founder, Ralf, was one of the first surf instructors on the beach of La Pared<\/strong>.<\/p>\n<p>Back then he was almost alone on the beach with his lessons \u2013 no other surf schools, no crowds, just the pure passion for the rough, authentic waves of this place.<\/p>\n<p>His vision from the outset: not to run surfing as a conveyor-belt operation, but to instil in every single student the technique and the understanding of the ocean that are required for true wave riding.<\/p>\n<\/div>\n\n\n\n\n\t\t<\/div> \n\t<\/div>\n\t<\/div> \n\n\t<div  class=\"vc_col-sm-6 wpb_column column_container vc_column_container col child_column padding-3-percent inherit_tablet inherit_phone flex_gap_desktop_10px\"   data-padding-pos=\"top-bottom\" data-has-bg-color=\"false\" data-bg-color=\"\" data-bg-opacity=\"1\" data-animation=\"\" data-delay=\"0\" >\n\t\t<div class=\"vc_column-inner\" >\n\t\t<div class=\"wpb_wrapper\">\n\t\t\t\n<div class=\"wpb_text_column wpb_content_element  vc_custom_1754678114571\" >\n\t<p>This founding DNA remains our core to this day. It is the reason why we consciously choose quality over quantity. With us, you don't just learn to stand on a board \u2013 you learn to become a surfer.<\/p>\n<h3>This is our <strong>Promise<\/strong><\/h3>\n<p>Our home is La Pared, the legendary spot on the west coast, where \u201eThe Search\u201c is not a slogan for us, but everyday life. With our shuttle, we pick you up comfortably from your accommodation in <strong>Costa Calma<\/strong> from now on. Also \u00a0<strong>Jandia<\/strong>, <strong>Morro Jable<\/strong> or <strong>Torn muscle<\/strong> aren't far away. We'll take you to where surfing is at its most authentic. Are you ready to learn properly?<\/p>\n<\/div>\n\n\n\n\n\t\t<\/div> \n\t<\/div>\n\t<\/div> \n<\/div><\/div>\n\t\t\t<\/div> \n\t\t<\/div>\n\t<\/div> \n<\/div><\/div>\n\t\t<div id=\"fws_6a9d067d8ec8f\"  data-column-margin=\"default\" data-midnight=\"dark\"  class=\"wpb_row vc_row-fluid vc_row full-width-content vc_row-o-equal-height vc_row-flex vc_row-o-content-middle\"  style=\"padding-top: 0px; padding-bottom: 0px; \"><div class=\"row-bg-wrap\" data-bg-animation=\"none\" data-bg-animation-delay=\"\" data-bg-overlay=\"false\"><div class=\"inner-wrap row-bg-layer\" ><div class=\"row-bg viewport-desktop\"  style=\"\"><\/div><\/div><\/div><div class=\"row_col_wrap_12 col span_12 dark left\">\n\t<div  class=\"vc_col-sm-6 wpb_column column_container vc_column_container col no-extra-padding inherit_tablet inherit_phone flex_gap_desktop_10px\"  data-padding-pos=\"all\" data-has-bg-color=\"false\" data-bg-color=\"\" data-bg-opacity=\"1\" data-animation=\"\" data-delay=\"0\" >\n\t\t<div class=\"vc_column-inner\" >\n\t\t\t<div class=\"wpb_wrapper\">\n\t\t\t\t<div class=\"img-with-aniamtion-wrap center nectar-object-position-center-center\" data-max-width=\"100%\" data-max-width-mobile=\"default\" data-shadow=\"none\" data-animation=\"none\" >\n      <div class=\"inner\">\n        <div class=\"hover-wrap\"> \n          <div class=\"hover-wrap-inner\">\n            <img loading=\"lazy\" decoding=\"async\" class=\"img-with-animation skip-lazy nectar-object-cover\" data-delay=\"0\" height=\"1361\" width=\"1814\" data-animation=\"none\" src=\"https:\/\/nalusurf.de\/wp-content\/uploads\/2025\/07\/IMG_0508-Kopie.jpg\" alt=\"Two surfers are carrying green and blue surfboards along the beach in sunny weather.\" srcset=\"https:\/\/nalusurf.de\/wp-content\/uploads\/2025\/07\/IMG_0508-Kopie.jpg 1814w, https:\/\/nalusurf.de\/wp-content\/uploads\/2025\/07\/IMG_0508-Kopie-300x225.jpg 300w, https:\/\/nalusurf.de\/wp-content\/uploads\/2025\/07\/IMG_0508-Kopie-1024x768.jpg 1024w, https:\/\/nalusurf.de\/wp-content\/uploads\/2025\/07\/IMG_0508-Kopie-768x576.jpg 768w, https:\/\/nalusurf.de\/wp-content\/uploads\/2025\/07\/IMG_0508-Kopie-1536x1152.jpg 1536w\" sizes=\"auto, (max-width: 1814px) 100vw, 1814px\" \/>\n          <\/div>\n        <\/div>\n        \n      <\/div>\n    <\/div>\n\t\t\t<\/div> \n\t\t<\/div>\n\t<\/div> \n\n\t<div style=\"\" class=\"vc_col-sm-6 wpb_column column_container vc_column_container col padding-5-percent inherit_tablet inherit_phone flex_gap_desktop_10px\" data-using-bg=\"true\" data-padding-pos=\"all\" data-has-bg-color=\"true\" data-bg-color=\"#ffffff\" data-bg-opacity=\"1\" data-animation=\"\" data-delay=\"0\" >\n\t\t<div class=\"vc_column-inner\" ><div class=\"column-bg-overlay-wrap column-bg-layer\" data-bg-animation=\"none\"><div class=\"column-bg-overlay\" style=\"opacity: 1; background-color: #ffffff;\"><\/div><\/div>\n\t\t\t<div class=\"wpb_wrapper\">\n\t\t\t\t<div id=\"fws_6a9d067d8f47e\" data-midnight=\"\" data-column-margin=\"default\" class=\"wpb_row vc_row-fluid vc_row inner_row\"  style=\"\"><div class=\"row-bg-wrap\"> <div class=\"row-bg\" ><\/div> <\/div><div class=\"row_col_wrap_12_inner col span_12  left\">\n\t<div  class=\"vc_col-sm-12 wpb_column column_container vc_column_container col child_column has-animation no-extra-padding inherit_tablet inherit_phone flex_gap_desktop_10px\"   data-padding-pos=\"all\" data-has-bg-color=\"false\" data-bg-color=\"\" data-bg-opacity=\"1\" data-animation=\"fade-in-from-bottom\" data-delay=\"0\" >\n\t\t<div class=\"vc_column-inner\" >\n\t\t<div class=\"wpb_wrapper\">\n\t\t\t<div class=\"nectar-gradient-text\" data-direction=\"diagonal\" data-color=\"extra-color-gradient-1\" style=\"\"><h2>Surfing course with the pioneers of La Pared<\/h2><\/div>\n<div class=\"wpb_text_column wpb_content_element  vc_custom_1754041612524\" >\n\t<p>Learn to surf where professional surf lessons began at this spot. We teach according to our founder's philosophy: with a focus on a <strong>sound technical knowledge<\/strong>,<strong> deep ocean knowledge<\/strong> and the <strong>Safety<\/strong>, that is needed in the demanding waves of the west coast.<\/p>\n<\/div>\n\n\n\n<div class=\"divider-wrap\" data-alignment=\"default\"><div style=\"height: 30px;\" class=\"divider\"><\/div><\/div><h3 style=\"color: #000000;text-align: left\" class=\"vc_custom_heading vc_do_custom_heading vc_custom_1753613267187\" >This is our promise to you:<\/h3><div class=\"nectar-fancy-ul\" data-list-icon=\"dot\" data-animation=\"true\" data-animation-delay=\"0\" data-spacing=\"default\" data-alignment=\"left\"> \n<ul>\n<li style=\"text-align: left;\"><strong>Quality over quantity:<\/strong> In small groups, we ensure you get the individual attention that mass surf schools cannot offer.<\/li>\n<li><strong>Real apprenticeship:<\/strong> We don't just teach you the take-off. We train you to become a surfer who can read waves and respect the rules in the water.<\/li>\n<li><strong>The best conditions:<\/strong> As pioneers, we know La Pared and the south of Fuerteventura inside out. Every day, we take you right to the peak that offers the best and safest conditions for your level.<\/li>\n<li style=\"text-align: left;\"><span style=\"font-family: -apple-system, BlinkMacSystemFont, 'Segoe UI', Roboto, Oxygen-Sans, Ubuntu, Cantarell, 'Helvetica Neue', sans-serif;\"><strong>Professional training:<\/strong> Our ISA-certified surf instructors are not only excellent surfers, but above all passionate coaches who will teach you how to surf with patience and joy.<\/span><\/li>\n<\/ul>\n <\/div><a class=\"nectar-button large see-through-2\"  role=\"button\" style=\"margin-top: 30px; \"  href=\"https:\/\/nalusurf.de\/en\/surfing-course-in-fuerteventura\/\" data-color-override=\"false\" data-hover-color-override=\"false\" data-hover-text-color-override=\"#ffffff\"><span>Surf lesson<\/span><\/a>\n\t\t<\/div> \n\t<\/div>\n\t<\/div> \n<\/div><\/div>\n\t\t\t<\/div> \n\t\t<\/div>\n\t<\/div> \n<\/div><\/div>\n\t\t<div id=\"fws_6a9d067d8fd67\"  data-column-margin=\"default\" data-midnight=\"dark\"  class=\"wpb_row vc_row-fluid vc_row full-width-content has-row-bg-color vc_row-o-equal-height vc_row-flex vc_row-o-content-middle\"  style=\"padding-top: 0px; padding-bottom: 0px; --row-bg-color: #ffffff;\"><div class=\"row-bg-wrap\" data-bg-animation=\"none\" data-bg-animation-delay=\"\" data-bg-overlay=\"false\"><div class=\"inner-wrap row-bg-layer\" ><div class=\"row-bg viewport-desktop using-bg-color\"  style=\"background-color: #ffffff; \"><\/div><\/div><\/div><div class=\"row_col_wrap_12 col span_12 dark left\">\n\t<div style=\"\" class=\"vc_col-sm-6 wpb_column column_container vc_column_container col padding-10-percent inherit_tablet inherit_phone flex_gap_desktop_10px\" data-using-bg=\"true\" data-padding-pos=\"all\" data-has-bg-color=\"true\" data-bg-color=\"#f4f4f4\" data-bg-opacity=\"1\" data-animation=\"\" data-delay=\"0\" >\n\t\t<div class=\"vc_column-inner\" ><div class=\"column-bg-overlay-wrap column-bg-layer\" data-bg-animation=\"none\"><div class=\"column-bg-overlay\" style=\"opacity: 1; background-color: #f4f4f4;\"><\/div><\/div>\n\t\t\t<div class=\"wpb_wrapper\">\n\t\t\t\t<div id=\"fws_6a9d067d8ffd9\" data-midnight=\"\" data-column-margin=\"default\" class=\"wpb_row vc_row-fluid vc_row inner_row\"  style=\"\"><div class=\"row-bg-wrap\"> <div class=\"row-bg\" ><\/div> <\/div><div class=\"row_col_wrap_12_inner col span_12  left\">\n\t<div  class=\"vc_col-sm-12 wpb_column column_container vc_column_container col child_column has-animation no-extra-padding inherit_tablet inherit_phone flex_gap_desktop_10px\"   data-padding-pos=\"all\" data-has-bg-color=\"false\" data-bg-color=\"\" data-bg-opacity=\"1\" data-animation=\"fade-in-from-bottom\" data-delay=\"0\" >\n\t\t<div class=\"vc_column-inner\" >\n\t\t<div class=\"wpb_wrapper\">\n\t\t\t<div class=\"nectar-gradient-text\" data-direction=\"diagonal\" data-color=\"extra-color-gradient-1\" style=\"\"><h2>Your surf camp in the south of Fuerteventura:<br \/>\nYou have the choice<\/h2><\/div><div class=\"divider-wrap\" data-alignment=\"default\"><div style=\"height: 30px;\" class=\"divider\"><\/div><\/div>\n<div class=\"wpb_text_column wpb_content_element  vc_custom_1754041761341\" >\n\t<p>A perfect surfing holiday looks different for everyone. That is why, at our surf camp, we offer not only one, but two unique options to live out your dream of wave surfing in the south of Fuerteventura. You decide which vibe suits you.<\/p>\n<h4><strong>Option 1: Living right in La Pared<\/strong><\/h4>\n<p>You want the ultimate surfing experience? Our apartments and hotel rooms in La Pared are just a few steps away from the best and most consistent surf spot in the south. Here you wake up to the sound of the waves, are away from the hustle and bustle, and live the authentic surfer lifestyle. Ideal for anyone who wants to focus entirely on the waves and the breathtaking nature of the west coast.<\/p>\n<h4><strong>Option 2: Living in Costa Calma<\/strong><\/h4>\n<p>You want the best of both worlds? Then our accommodation in Costa Calma is the perfect choice. Enjoy the convenience of having restaurants, bars and the miles-long sandy beach right on your doorstep. And when it's time to surf, we'll pick you up with our free shuttle and take you to the perfect waves in La Pared. This is how you combine a relaxing beach holiday with a first-class surf course.<\/p>\n<p>No matter which location you choose: in both places we offer a selection of comfortable self-catering apartments or hotel rooms with flexible catering options. You decide what suits your style and budget.<\/p>\n<\/div>\n\n\n\n<div class=\"divider-wrap\" data-alignment=\"default\"><div style=\"height: 30px;\" class=\"divider\"><\/div><\/div><a class=\"nectar-button large see-through-2\"  role=\"button\" style=\"margin-top: 30px; \"  href=\"https:\/\/nalusurf.de\/en\/surf-camp-fuerteventura\/\" data-color-override=\"false\" data-hover-color-override=\"false\" data-hover-text-color-override=\"#ffffff\"><span>Surf camp<\/span><\/a>\n\t\t<\/div> \n\t<\/div>\n\t<\/div> \n<\/div><\/div>\n\t\t\t<\/div> \n\t\t<\/div>\n\t<\/div> \n\n\t<div  class=\"vc_col-sm-6 wpb_column column_container vc_column_container col no-extra-padding inherit_tablet inherit_phone flex_gap_desktop_10px\"  data-padding-pos=\"all\" data-has-bg-color=\"false\" data-bg-color=\"\" data-bg-opacity=\"1\" data-animation=\"\" data-delay=\"0\" >\n\t\t<div class=\"vc_column-inner\" >\n\t\t\t<div class=\"wpb_wrapper\">\n\t\t\t\t<div class=\"img-with-aniamtion-wrap center nectar-object-position-center-center\" data-max-width=\"100%\" data-max-width-mobile=\"default\" data-shadow=\"none\" data-animation=\"none\" >\n      <div class=\"inner\">\n        <div class=\"hover-wrap\"> \n          <div class=\"hover-wrap-inner\">\n            <img loading=\"lazy\" decoding=\"async\" class=\"img-with-animation skip-lazy nectar-lazy nectar-object-cover\" data-delay=\"0\" height=\"1067\" width=\"1600\" data-animation=\"none\" data-nectar-img-src=\"https:\/\/nalusurf.de\/wp-content\/uploads\/2026\/08\/apartment-higos-beach.webp\" src=\"data:image\/svg+xml;charset=utf-8,%3Csvg%20xmlns%3D'http%3A%2F%2Fwww.w3.org%2F2000%2Fsvg'%20viewBox%3D'0%200%201600%201067'%2F%3E\" alt=\"\" data-nectar-img-srcset=\"https:\/\/nalusurf.de\/wp-content\/uploads\/2026\/08\/apartment-higos-beach.webp 1600w, https:\/\/nalusurf.de\/wp-content\/uploads\/2026\/08\/apartment-higos-beach-300x200.webp 300w, https:\/\/nalusurf.de\/wp-content\/uploads\/2026\/08\/apartment-higos-beach-1024x683.webp 1024w, https:\/\/nalusurf.de\/wp-content\/uploads\/2026\/08\/apartment-higos-beach-768x512.webp 768w, https:\/\/nalusurf.de\/wp-content\/uploads\/2026\/08\/apartment-higos-beach-1536x1024.webp 1536w, https:\/\/nalusurf.de\/wp-content\/uploads\/2026\/08\/apartment-higos-beach-18x12.webp 18w, https:\/\/nalusurf.de\/wp-content\/uploads\/2026\/08\/apartment-higos-beach-900x600.webp 900w\" sizes=\"auto, (max-width: 1600px) 100vw, 1600px\" \/>\n          <\/div>\n        <\/div>\n        \n      <\/div>\n    <\/div>\n\t\t\t<\/div> \n\t\t<\/div>\n\t<\/div> \n<\/div><\/div>\n\t\t<div id=\"fws_6a9d067d90d66\"  data-column-margin=\"default\" data-midnight=\"dark\"  class=\"wpb_row vc_row-fluid vc_row full-width-content vc_row-o-equal-height vc_row-flex vc_row-o-content-middle\"  style=\"padding-top: 0px; padding-bottom: 0px; \"><div class=\"row-bg-wrap\" data-bg-animation=\"none\" data-bg-animation-delay=\"\" data-bg-overlay=\"false\"><div class=\"inner-wrap row-bg-layer\" ><div class=\"row-bg viewport-desktop\"  style=\"\"><\/div><\/div><\/div><div class=\"row_col_wrap_12 col span_12 dark left\">\n\t<div  class=\"vc_col-sm-6 wpb_column column_container vc_column_container col no-extra-padding inherit_tablet inherit_phone flex_gap_desktop_10px\"  data-padding-pos=\"all\" data-has-bg-color=\"false\" data-bg-color=\"\" data-bg-opacity=\"1\" data-animation=\"\" data-delay=\"0\" >\n\t\t<div class=\"vc_column-inner\" >\n\t\t\t<div class=\"wpb_wrapper\">\n\t\t\t\t<div class=\"img-with-aniamtion-wrap center nectar-object-position-center-center\" data-max-width=\"100%\" data-max-width-mobile=\"default\" data-shadow=\"none\" data-animation=\"none\" >\n      <div class=\"inner\">\n        <div class=\"hover-wrap\"> \n          <div class=\"hover-wrap-inner\">\n            <img loading=\"lazy\" decoding=\"async\" class=\"img-with-animation skip-lazy nectar-lazy nectar-object-cover\" data-delay=\"0\" height=\"1536\" width=\"2048\" data-animation=\"none\" data-nectar-img-src=\"https:\/\/nalusurf.de\/wp-content\/uploads\/2022\/09\/Surfboards-Rental-Verleih-Fuerteventura.jpeg\" src=\"data:image\/svg+xml;charset=utf-8,%3Csvg%20xmlns%3D'http%3A%2F%2Fwww.w3.org%2F2000%2Fsvg'%20viewBox%3D'0%200%202048%201536'%2F%3E\" alt=\"Surfboard rental in Fuerteventura, La Pared\" data-nectar-img-srcset=\"https:\/\/nalusurf.de\/wp-content\/uploads\/2022\/09\/Surfboards-Rental-Verleih-Fuerteventura.jpeg 2048w, https:\/\/nalusurf.de\/wp-content\/uploads\/2022\/09\/Surfboards-Rental-Verleih-Fuerteventura-300x225.jpeg 300w, https:\/\/nalusurf.de\/wp-content\/uploads\/2022\/09\/Surfboards-Rental-Verleih-Fuerteventura-1024x768.jpeg 1024w, https:\/\/nalusurf.de\/wp-content\/uploads\/2022\/09\/Surfboards-Rental-Verleih-Fuerteventura-768x576.jpeg 768w, https:\/\/nalusurf.de\/wp-content\/uploads\/2022\/09\/Surfboards-Rental-Verleih-Fuerteventura-1536x1152.jpeg 1536w\" sizes=\"auto, (max-width: 2048px) 100vw, 2048px\" \/>\n          <\/div>\n        <\/div>\n        \n      <\/div>\n    <\/div>\n\t\t\t<\/div> \n\t\t<\/div>\n\t<\/div> \n\n\t<div style=\"\" class=\"vc_col-sm-6 wpb_column column_container vc_column_container col padding-5-percent inherit_tablet inherit_phone flex_gap_desktop_10px\" data-using-bg=\"true\" data-padding-pos=\"all\" data-has-bg-color=\"true\" data-bg-color=\"#ffffff\" data-bg-opacity=\"1\" data-animation=\"\" data-delay=\"0\" >\n\t\t<div class=\"vc_column-inner\" ><div class=\"column-bg-overlay-wrap column-bg-layer\" data-bg-animation=\"none\"><div class=\"column-bg-overlay\" style=\"opacity: 1; background-color: #ffffff;\"><\/div><\/div>\n\t\t\t<div class=\"wpb_wrapper\">\n\t\t\t\t<div id=\"fws_6a9d067d919d4\" data-midnight=\"\" data-column-margin=\"default\" class=\"wpb_row vc_row-fluid vc_row inner_row\"  style=\"\"><div class=\"row-bg-wrap\"> <div class=\"row-bg\" ><\/div> <\/div><div class=\"row_col_wrap_12_inner col span_12  left\">\n\t<div  class=\"vc_col-sm-12 wpb_column column_container vc_column_container col child_column has-animation no-extra-padding inherit_tablet inherit_phone flex_gap_desktop_10px\"   data-padding-pos=\"all\" data-has-bg-color=\"false\" data-bg-color=\"\" data-bg-opacity=\"1\" data-animation=\"fade-in-from-bottom\" data-delay=\"0\" >\n\t\t<div class=\"vc_column-inner\" >\n\t\t<div class=\"wpb_wrapper\">\n\t\t\t<div class=\"nectar-gradient-text\" data-direction=\"diagonal\" data-color=\"extra-color-gradient-1\" style=\"\"><h2>Surfboard rental Fuerteventura:<br \/>\nThe perfect board for the waves of La Pared<\/h2><\/div><div class=\"divider-wrap\" data-alignment=\"default\"><div style=\"height: 30px;\" class=\"divider\"><\/div><\/div>\n<div class=\"wpb_text_column wpb_content_element  vc_custom_1754047381792\" >\n\t<p>The right surfboard is the key to an unforgettable session. But which board suits your ability and today's conditions in <strong>La Pared<\/strong> or others <strong>Surf spots in the south of Fuerteventura<\/strong>? This is precisely where ours differs <strong>Surf rental<\/strong> from others.<\/p>\n<h3>Best surf equipment for your surfing holiday<\/h3>\n<p>With us, you don't just get handed a board. We live our <strong>Quality philosophy<\/strong> also when it comes to choosing the material: We take our time and advise you personally. Based on our years of experience with the spots here in the south of Fuerteventura, we will find the board together that guarantees you maximum fun and learning success in the water.<\/p>\n<p>Regardless of whether you are in <strong>Costa Calma<\/strong>, <strong>Morro Jable<\/strong> or <strong>Jandia<\/strong> live \u2013 we ensure that you with first-class equipment from top brands like <strong>Lib Tech<\/strong>, <strong>Lost<\/strong>, <strong>Torq<\/strong> and <strong>Softech<\/strong> you are perfectly equipped for your surfing day. Because your progress and safety are our highest priority.<\/p>\n<\/div>\n\n\n\n<div class=\"divider-wrap\" data-alignment=\"default\"><div style=\"height: 30px;\" class=\"divider\"><\/div><\/div><a class=\"nectar-button large see-through-2\"  role=\"button\" style=\"margin-top: 30px; \"  href=\"https:\/\/nalusurf.de\/en\/surfboard-hire\/\" data-color-override=\"false\" data-hover-color-override=\"false\" data-hover-text-color-override=\"#ffffff\"><span>Rental<\/span><\/a>\n\t\t<\/div> \n\t<\/div>\n\t<\/div> \n<\/div><\/div>\n\t\t\t<\/div> \n\t\t<\/div>\n\t<\/div> \n<\/div><\/div>\n\t\t<div id=\"fws_6a9d067d91e71\"  data-column-margin=\"default\" data-midnight=\"dark\" data-top-percent=\"5%\"  class=\"wpb_row vc_row-fluid vc_row full-width-content vc_row-o-equal-height vc_row-flex vc_row-o-content-top\"  style=\"padding-top: calc(100vw * 0.05); padding-bottom: 0px; \"><div class=\"row-bg-wrap\" data-bg-animation=\"none\" data-bg-animation-delay=\"\" data-bg-overlay=\"false\"><div class=\"inner-wrap row-bg-layer\" ><div class=\"row-bg viewport-desktop\"  style=\"\"><\/div><\/div><\/div><div class=\"row_col_wrap_12 col span_12 dark left\">\n\t<div  class=\"vc_col-sm-12 wpb_column column_container vc_column_container col no-extra-padding inherit_tablet inherit_phone flex_gap_desktop_10px\"  data-padding-pos=\"all\" data-has-bg-color=\"false\" data-bg-color=\"\" data-bg-opacity=\"1\" data-animation=\"\" data-delay=\"0\" >\n\t\t<div class=\"vc_column-inner\" >\n\t\t\t<div class=\"wpb_wrapper\">\n\t\t\t\t<div id=\"fws_6a9d067d92088\" data-midnight=\"\" data-column-margin=\"default\" class=\"wpb_row vc_row-fluid vc_row inner_row\"  style=\"\"><div class=\"row-bg-wrap\"> <div class=\"row-bg\" ><\/div> <\/div><div class=\"row_col_wrap_12_inner col span_12  left\">\n\t<div  class=\"vc_col-sm-4 wpb_column column_container vc_column_container col child_column no-extra-padding inherit_tablet inherit_phone flex_gap_desktop_10px\"   data-padding-pos=\"all\" data-has-bg-color=\"false\" data-bg-color=\"\" data-bg-opacity=\"1\" data-animation=\"\" data-delay=\"0\" >\n\t\t<div class=\"vc_column-inner\" >\n\t\t<div class=\"wpb_wrapper\">\n\t\t\t<div class=\"nectar-fancy-box style-5 using-img\" data-align=\"middle\" data-overlay-opacity=\"0.6\" data-overlay-opacity-hover=\"0.2\" data-style=\"parallax_hover\" data-border-radius=\"default\" data-animation=\"\" data-delay=\"\" data-color=\"accent-color\"><a  href=\"https:\/\/nalusurf.de\/en\/surfing-course-in-fuerteventura\/\" class=\"box-link\"><span class=\"screen-reader-text\">Learn more<\/span><\/a><div class=\"parallaxImg\"><div class=\"parallaxImg-layer\" data-img=\"https:\/\/nalusurf.de\/wp-content\/uploads\/2022\/01\/IMG_0508.jpg\"><\/div><div class=\"parallaxImg-layer\"> <div class=\"meta-wrap\" style=\"min-height: 600px\"><div class=\"inner\"><i class=\"icon-default-style fa fa-users\" data-color=\"accent-color\" style=\"font-size: 50px!important; line-height: 50px!important;\"><\/i>\n<h2>Surf lesson<\/h2>\n<h5>Learn to surf<\/h5>\n<\/div> <\/div><\/div><\/div><\/div>\n\t\t<\/div> \n\t<\/div>\n\t<\/div> \n\n\t<div  class=\"vc_col-sm-4 wpb_column column_container vc_column_container col child_column no-extra-padding inherit_tablet inherit_phone flex_gap_desktop_10px\"   data-padding-pos=\"all\" data-has-bg-color=\"false\" data-bg-color=\"\" data-bg-opacity=\"1\" data-animation=\"\" data-delay=\"0\" >\n\t\t<div class=\"vc_column-inner\" >\n\t\t<div class=\"wpb_wrapper\">\n\t\t\t<div class=\"nectar-fancy-box style-5 using-img\" data-align=\"middle\" data-overlay-opacity=\"0.6\" data-overlay-opacity-hover=\"0.2\" data-style=\"parallax_hover\" data-border-radius=\"default\" data-animation=\"\" data-delay=\"\" data-color=\"accent-color\"><a  href=\"https:\/\/nalusurf.de\/en\/surf-camp-fuerteventura\/\" class=\"box-link\"><span class=\"screen-reader-text\">Learn more<\/span><\/a><div class=\"parallaxImg\"><div class=\"parallaxImg-layer\" data-img=\"https:\/\/nalusurf.de\/wp-content\/uploads\/2025\/07\/Surfcamp-Apartment-La-Pared-Fuerteventura-Poolhouse21.jpg\"><\/div><div class=\"parallaxImg-layer\"> <div class=\"meta-wrap\" style=\"min-height: 600px\"><div class=\"inner\"><i class=\"icon-default-style fa fa-home\" data-color=\"accent-color\" style=\"font-size: 50px!important; line-height: 50px!important;\"><\/i>\n<h2>Surf camp<\/h2>\n<h5>Accommodation &amp; surf course<\/h5>\n<\/div> <\/div><\/div><\/div><\/div>\n\t\t<\/div> \n\t<\/div>\n\t<\/div> \n\n\t<div  class=\"vc_col-sm-4 wpb_column column_container vc_column_container col child_column no-extra-padding inherit_tablet inherit_phone flex_gap_desktop_10px\"   data-padding-pos=\"all\" data-has-bg-color=\"false\" data-bg-color=\"\" data-bg-opacity=\"1\" data-animation=\"\" data-delay=\"0\" >\n\t\t<div class=\"vc_column-inner\" >\n\t\t<div class=\"wpb_wrapper\">\n\t\t\t<div class=\"nectar-fancy-box style-5 using-img\" data-align=\"middle\" data-overlay-opacity=\"0.6\" data-overlay-opacity-hover=\"0.2\" data-style=\"parallax_hover\" data-border-radius=\"default\" data-animation=\"\" data-delay=\"\" data-color=\"accent-color\"><a  href=\"https:\/\/nalusurf.de\/en\/surfboard-hire\/\" class=\"box-link\"><span class=\"screen-reader-text\">Learn more<\/span><\/a><div class=\"parallaxImg\"><div class=\"parallaxImg-layer\" data-img=\"https:\/\/nalusurf.de\/wp-content\/uploads\/2022\/09\/Surfboards-Rental-Verleih-Fuerteventura.jpeg\"><\/div><div class=\"parallaxImg-layer\"> <div class=\"meta-wrap\" style=\"min-height: 600px\"><div class=\"inner\"><span class=\"im-icon-wrap\" data-color=\"accent-color\"><span><svg role=\"presentation\" version=\"1.1\" xmlns=\"http:\/\/www.w3.org\/2000\/svg\" width=\"50\" height=\"50\" viewbox=\"0 0 32 32\">\n        <path d=\"M30.667 27.333h-6.723c-0.103 0-0.201-0.024-0.296-0.069-3.5-1.725-5.352-5.423-5.083-10.144 0.223-3.899 2.064-8.412 5.259-10.937-10.369 1.331-18.132 9.853-18.132 20.484 0 0.367-0.299 0.667-0.667 0.667h-3.692c-0.368 0-0.667-0.3-0.667-0.667s0.299-0.667 0.667-0.667h3.037c0.345-12.019 10.020-21.333 22.309-21.333 0.324 0 0.601 0.233 0.657 0.552 0.056 0.32-0.127 0.633-0.431 0.743-3.765 1.352-6.711 6.076-7.007 11.235-0.235 4.099 1.296 7.301 4.204 8.805h6.563c0.367 0 0.667 0.299 0.667 0.667s-0.3 0.665-0.667 0.665zM8.216 23.924c-0.048 0-0.097-0.005-0.147-0.019-0.36-0.084-0.585-0.437-0.504-0.8 0.971-4.325 3.213-8.199 6.484-11.213 0.272-0.249 0.692-0.229 0.943 0.037 0.249 0.271 0.232 0.695-0.039 0.943-3.071 2.825-5.175 6.465-6.087 10.525-0.071 0.317-0.347 0.527-0.651 0.527z\"><\/path>\n        <\/svg><\/span><\/span>\n<h2>Surf rental<\/h2>\n<h5>Borrow your board<\/h5>\n<\/div> <\/div><\/div><\/div><\/div>\n\t\t<\/div> \n\t<\/div>\n\t<\/div> \n<\/div><\/div><div id=\"fws_6a9d067d93baa\" data-midnight=\"\" data-column-margin=\"default\" class=\"wpb_row vc_row-fluid vc_row inner_row\"  style=\"\"><div class=\"row-bg-wrap\"> <div class=\"row-bg\" ><\/div> <\/div><div class=\"row_col_wrap_12_inner col span_12  left\">\n\t<div  class=\"vc_col-sm-12 wpb_column column_container vc_column_container col child_column no-extra-padding inherit_tablet inherit_phone flex_gap_desktop_10px\"   data-padding-pos=\"all\" data-has-bg-color=\"false\" data-bg-color=\"\" data-bg-opacity=\"1\" data-animation=\"\" data-delay=\"0\" >\n\t\t<div class=\"vc_column-inner\" >\n\t\t<div class=\"wpb_wrapper\">\n\t\t\t<div class=\"divider-wrap\" data-alignment=\"default\"><div style=\"height: 100px;\" class=\"divider\"><\/div><\/div>\n\t\t<\/div> \n\t<\/div>\n\t<\/div> \n<\/div><\/div>\n\t\t\t<\/div> \n\t\t<\/div>\n\t<\/div> \n<\/div><\/div>\n\t\t<div id=\"fws_6a9d067d93f77\"  data-column-margin=\"default\" data-midnight=\"dark\"  class=\"wpb_row vc_row-fluid vc_row\"  style=\"padding-top: 0px; padding-bottom: 0px; \"><div class=\"row-bg-wrap\" data-bg-animation=\"none\" data-bg-animation-delay=\"\" data-bg-overlay=\"false\"><div class=\"inner-wrap row-bg-layer\" ><div class=\"row-bg viewport-desktop\"  style=\"\"><\/div><\/div><\/div><div class=\"row_col_wrap_12 col span_12 dark left\">\n\t<div  class=\"vc_col-sm-12 wpb_column column_container vc_column_container col no-extra-padding inherit_tablet inherit_phone flex_gap_desktop_10px\"  data-padding-pos=\"all\" data-has-bg-color=\"false\" data-bg-color=\"\" data-bg-opacity=\"1\" data-animation=\"\" data-delay=\"0\" >\n\t\t<div class=\"vc_column-inner\" >\n\t\t\t<div class=\"wpb_wrapper\">\n\t\t\t\t<div id=\"rps_6a9d067d95387\" class=\"nectar-recent-posts-single_featured nectar-recent-posts-element multiple_featured parallax_section\" data-max-width=\"full_width\" data-button-color=\"accent-color\" data-nav-location=\"side\" data-bg-overlay=\"solid_color\" data-padding=\"20%\" data-autorotate=\"5000\" data-height=\"600\" data-animate-in-effect=\"none\" data-remove-post-date=\"1\" data-remove-post-author=\"1\" data-remove-post-comment-number=\"\" data-remove-post-nectar-love=\"\">\n      \n      <div class=\"nectar-recent-post-slide  active post-ref-0\">\n\n        <div class=\"row-bg using-image\" data-parallax-speed=\"fast\">\n          <div class=\"nectar-recent-post-bg\" data-nectar-img-src=\"https:\/\/nalusurf.de\/wp-content\/uploads\/2026\/08\/surfer-typ-welle-fuerteventura.jpg\" style=\" \"><\/div>\n        <\/div>\n\n        <div class=\"recent-post-container container\"><div class=\"inner-wrap\"><div class=\"grav-wrap\"><a href=\"https:\/\/nalusurf.de\/en\/author\/rene\/\"><\/a><div class=\"text\"><span>By <a href=\"https:\/\/nalusurf.de\/en\/author\/rene\/\" rel=\"author\">nalusurf<\/a><\/span><span> In<\/span> <a class=\"blog\" href=\"https:\/\/nalusurf.de\/en\/category\/blog\/\"><span class=\"blog\">Blog<\/span><\/a><\/div><\/div><h2 class=\"large-featured-post-title post-ref-1\">          <a href=\" https:\/\/nalusurf.de\/en\/welcher-surfer-typ-bist-du-test\/\" class=\"full-slide-link\"> Welcher Surfer-Typ bist du? Mach den Test! <\/a>\n          <\/h2>\n                    <a class=\"nectar-button large regular accent-color regular-button has-icon\" data-arrow-style=\"default\" href=\"https:\/\/nalusurf.de\/en\/welcher-surfer-typ-bist-du-test\/\" data-color-override=\"false\" data-hover-color-override=\"false\" data-hover-text-color-override=\"#fff\" >\n            <span>Read Article<\/span>\n            <i class=\"icon-button-arrow\"><\/i>          <\/a>\n\n\n\n          <\/div><!--\/inner-wrap-->\n\n        <\/div><!--\/recent-post-container-->\n\n      <\/div><!--\/nectar-recent-post-slide-->\n\n    \n  \n      \n      <div class=\"nectar-recent-post-slide   post-ref-2\">\n\n        <div class=\"row-bg using-image\" data-parallax-speed=\"fast\">\n          <div class=\"nectar-recent-post-bg\" data-nectar-img-src=\"https:\/\/nalusurf.de\/wp-content\/uploads\/2021\/10\/DSC09484.jpg\" style=\" \"><\/div>\n        <\/div>\n\n        <div class=\"recent-post-container container\"><div class=\"inner-wrap\"><div class=\"grav-wrap\"><a href=\"https:\/\/nalusurf.de\/en\/author\/rene\/\"><\/a><div class=\"text\"><span>By <a href=\"https:\/\/nalusurf.de\/en\/author\/rene\/\" rel=\"author\">nalusurf<\/a><\/span><span> In<\/span> <a class=\"blog\" href=\"https:\/\/nalusurf.de\/en\/category\/blog\/\"><span class=\"blog\">Blog<\/span><\/a><\/div><\/div><h2 class=\"large-featured-post-title post-ref-1\">          <a href=\" https:\/\/nalusurf.de\/en\/wie-lange-dauert-es-surfen-zu-lernen-eine-ehrliche-antwort\/\" class=\"full-slide-link\"> Wie lange dauert es, surfen zu lernen? Eine ehrliche Antwort <\/a>\n          <\/h2>\n                    <a class=\"nectar-button large regular accent-color regular-button has-icon\" data-arrow-style=\"default\" href=\"https:\/\/nalusurf.de\/en\/wie-lange-dauert-es-surfen-zu-lernen-eine-ehrliche-antwort\/\" data-color-override=\"false\" data-hover-color-override=\"false\" data-hover-text-color-override=\"#fff\" >\n            <span>Read Article<\/span>\n            <i class=\"icon-button-arrow\"><\/i>          <\/a>\n\n\n\n          <\/div><!--\/inner-wrap-->\n\n        <\/div><!--\/recent-post-container-->\n\n      <\/div><!--\/nectar-recent-post-slide-->\n\n    \n  \n      \n      <div class=\"nectar-recent-post-slide   post-ref-2\">\n\n        <div class=\"row-bg using-image\" data-parallax-speed=\"fast\">\n          <div class=\"nectar-recent-post-bg\" data-nectar-img-src=\"https:\/\/nalusurf.de\/wp-content\/uploads\/2026\/06\/Frids-Surf-Kopie-scaled.jpg\" style=\" \"><\/div>\n        <\/div>\n\n        <div class=\"recent-post-container container\"><div class=\"inner-wrap\"><div class=\"grav-wrap\"><a href=\"https:\/\/nalusurf.de\/en\/author\/rene\/\"><\/a><div class=\"text\"><span>By <a href=\"https:\/\/nalusurf.de\/en\/author\/rene\/\" rel=\"author\">nalusurf<\/a><\/span><span> In<\/span> <a class=\"blog\" href=\"https:\/\/nalusurf.de\/en\/category\/blog\/\"><span class=\"blog\">Blog<\/span><\/a><\/div><\/div><h2 class=\"large-featured-post-title post-ref-1\">          <a href=\" https:\/\/nalusurf.de\/en\/die-haeufigsten-fehler-beim-surfen-lernen-und-wie-du-sie-vermeidest\/\" class=\"full-slide-link\"> Die h\u00e4ufigsten Fehler beim Surfen lernen \u2013 und wie du sie vermeidest <\/a>\n          <\/h2>\n                    <a class=\"nectar-button large regular accent-color regular-button has-icon\" data-arrow-style=\"default\" href=\"https:\/\/nalusurf.de\/en\/die-haeufigsten-fehler-beim-surfen-lernen-und-wie-du-sie-vermeidest\/\" data-color-override=\"false\" data-hover-color-override=\"false\" data-hover-text-color-override=\"#fff\" >\n            <span>Read Article<\/span>\n            <i class=\"icon-button-arrow\"><\/i>          <\/a>\n\n\n\n          <\/div><!--\/inner-wrap-->\n\n        <\/div><!--\/recent-post-container-->\n\n      <\/div><!--\/nectar-recent-post-slide-->\n\n    \n  \n      \n      <div class=\"nectar-recent-post-slide   post-ref-2\">\n\n        <div class=\"row-bg using-image\" data-parallax-speed=\"fast\">\n          <div class=\"nectar-recent-post-bg\" data-nectar-img-src=\"https:\/\/nalusurf.de\/wp-content\/uploads\/2026\/08\/e-kajak-tour-transparent-tarajalejo-fuerteventura.jpg\" style=\" \"><\/div>\n        <\/div>\n\n        <div class=\"recent-post-container container\"><div class=\"inner-wrap\"><div class=\"grav-wrap\"><a href=\"https:\/\/nalusurf.de\/en\/author\/rene\/\"><\/a><div class=\"text\"><span>By <a href=\"https:\/\/nalusurf.de\/en\/author\/rene\/\" rel=\"author\">nalusurf<\/a><\/span><span> In<\/span> <a class=\"blog\" href=\"https:\/\/nalusurf.de\/en\/category\/blog\/\"><span class=\"blog\">Blog<\/span><\/a><\/div><\/div><h2 class=\"large-featured-post-title post-ref-1\">          <a href=\" https:\/\/nalusurf.de\/en\/die-schoensten-aktivitaeten-im-sueden-fuerteventuras-abseits-des-surfbretts\/\" class=\"full-slide-link\"> Die sch\u00f6nsten Aktivit\u00e4ten im S\u00fcden Fuerteventuras (abseits des Surfbretts) <\/a>\n          <\/h2>\n                    <a class=\"nectar-button large regular accent-color regular-button has-icon\" data-arrow-style=\"default\" href=\"https:\/\/nalusurf.de\/en\/die-schoensten-aktivitaeten-im-sueden-fuerteventuras-abseits-des-surfbretts\/\" data-color-override=\"false\" data-hover-color-override=\"false\" data-hover-text-color-override=\"#fff\" >\n            <span>Read Article<\/span>\n            <i class=\"icon-button-arrow\"><\/i>          <\/a>\n\n\n\n          <\/div><!--\/inner-wrap-->\n\n        <\/div><!--\/recent-post-container-->\n\n      <\/div><!--\/nectar-recent-post-slide-->\n\n    \n  <\/div>\n\t\t\t<\/div> \n\t\t<\/div>\n\t<\/div> \n<\/div><\/div>","protected":false},"excerpt":{"rendered":"Ein Surfurlaub bei uns in La Pared hat einen klaren Rhythmus: fr\u00fch aufstehen, rein in den Atlantik, die beste Welle des Tages erwischen. Doch manchmal legt sogar der Ozean eine...","protected":false},"author":2,"featured_media":11782,"parent":0,"menu_order":0,"comment_status":"closed","ping_status":"closed","template":"","meta":{"footnotes":""},"class_list":["post-1268","page","type-page","status-publish","has-post-thumbnail"],"yoast_head":"<!-- This site is optimized with the Yoast SEO Premium plugin v28.0 (Yoast SEO v28.4) - https:\/\/yoast.com\/product\/yoast-seo-premium-wordpress\/ -->\n<title>Nalusurf - Surfcamp &amp; Surfschule Fuerteventura<\/title>\n<meta name=\"description\" content=\"Surfen lernen f\u00fcr Anf\u00e4nger und Fortgeschrittene. Surfcamp Unterk\u00fcnfte und professionelle Surfkurse. Dein Surf Urlaub auf Fuerteventura\" \/>\n<meta name=\"robots\" content=\"index, follow, max-snippet:-1, max-image-preview:large, max-video-preview:-1\" \/>\n<link rel=\"canonical\" href=\"https:\/\/nalusurf.de\/en\/\" \/>\n<meta property=\"og:locale\" content=\"en_GB\" \/>\n<meta property=\"og:type\" content=\"article\" \/>\n<meta property=\"og:title\" content=\"Nalusurf: Surfschule &amp; Surfcamp Fuerteventura\" \/>\n<meta property=\"og:description\" content=\"Melde dich f\u00fcr unsere Surfkurse an und erlebe das Abenteuer!\" \/>\n<meta property=\"og:url\" content=\"https:\/\/nalusurf.de\/en\/\" \/>\n<meta property=\"og:site_name\" content=\"Nalusurf Surfschool &amp; Surfcamp Fuerteventura\" \/>\n<meta property=\"article:publisher\" content=\"https:\/\/www.facebook.com\/nalusurfsurfcamp\/\" \/>\n<meta property=\"article:modified_time\" content=\"2026-08-31T22:10:37+00:00\" \/>\n<meta property=\"og:image\" content=\"https:\/\/nalusurf.de\/wp-content\/uploads\/2022\/01\/IMG_0508.jpg\" \/>\n\t<meta property=\"og:image:width\" content=\"2048\" \/>\n\t<meta property=\"og:image:height\" content=\"1536\" \/>\n\t<meta property=\"og:image:type\" content=\"image\/jpeg\" \/>\n<meta name=\"twitter:card\" content=\"summary_large_image\" \/>\n<meta name=\"twitter:title\" content=\"Nalusurf: Surfschule &amp; Surfcamp Fuerteventura\" \/>\n<meta name=\"twitter:description\" content=\"Melde dich f\u00fcr unsere Surfkurse an und erlebe das Abenteuer!\" \/>\n<meta name=\"twitter:label1\" content=\"Estimated reading time\" \/>\n\t<meta name=\"twitter:data1\" content=\"5 minutes\" \/>\n<script type=\"application\/ld+json\" class=\"yoast-schema-graph\">{\"@context\":\"https:\\\/\\\/schema.org\",\"@graph\":[{\"@type\":\"WebPage\",\"@id\":\"https:\\\/\\\/nalusurf.de\\\/\",\"url\":\"https:\\\/\\\/nalusurf.de\\\/\",\"name\":\"Nalusurf - Surfcamp & Surfschule Fuerteventura\",\"isPartOf\":{\"@id\":\"https:\\\/\\\/nalusurf.de\\\/#website\"},\"primaryImageOfPage\":{\"@id\":\"https:\\\/\\\/nalusurf.de\\\/#primaryimage\"},\"image\":{\"@id\":\"https:\\\/\\\/nalusurf.de\\\/#primaryimage\"},\"thumbnailUrl\":\"https:\\\/\\\/nalusurf.de\\\/wp-content\\\/uploads\\\/2022\\\/01\\\/IMG_0508.jpg\",\"datePublished\":\"2017-08-11T09:33:00+00:00\",\"dateModified\":\"2026-08-31T22:10:37+00:00\",\"description\":\"Surfen lernen f\u00fcr Anf\u00e4nger und Fortgeschrittene. Surfcamp Unterk\u00fcnfte und professionelle Surfkurse. Dein Surf Urlaub auf Fuerteventura\",\"breadcrumb\":{\"@id\":\"https:\\\/\\\/nalusurf.de\\\/#breadcrumb\"},\"inLanguage\":\"en-GB\",\"potentialAction\":[{\"@type\":\"ReadAction\",\"target\":[\"https:\\\/\\\/nalusurf.de\\\/\"]}]},{\"@type\":\"ImageObject\",\"inLanguage\":\"en-GB\",\"@id\":\"https:\\\/\\\/nalusurf.de\\\/#primaryimage\",\"url\":\"https:\\\/\\\/nalusurf.de\\\/wp-content\\\/uploads\\\/2022\\\/01\\\/IMG_0508.jpg\",\"contentUrl\":\"https:\\\/\\\/nalusurf.de\\\/wp-content\\\/uploads\\\/2022\\\/01\\\/IMG_0508.jpg\",\"width\":2048,\"height\":1536,\"caption\":\"Zwei Surfer gehen am Strand von La Pared\"},{\"@type\":\"BreadcrumbList\",\"@id\":\"https:\\\/\\\/nalusurf.de\\\/#breadcrumb\",\"itemListElement\":[{\"@type\":\"ListItem\",\"position\":1,\"name\":\"Startseite\",\"item\":\"https:\\\/\\\/nalusurf.de\\\/\"},{\"@type\":\"ListItem\",\"position\":2,\"name\":\"Nalusurf Surfschool &#038; Surfcamp Fuerteventura\"}]},{\"@type\":\"WebSite\",\"@id\":\"https:\\\/\\\/nalusurf.de\\\/#website\",\"url\":\"https:\\\/\\\/nalusurf.de\\\/\",\"name\":\"Nalusurf Surfschool & Surfcamp Fuerteventura\",\"description\":\"Surfen auf Fuerteventura\",\"publisher\":{\"@id\":\"https:\\\/\\\/nalusurf.de\\\/#organization\"},\"potentialAction\":[{\"@type\":\"SearchAction\",\"target\":{\"@type\":\"EntryPoint\",\"urlTemplate\":\"https:\\\/\\\/nalusurf.de\\\/?s={search_term_string}\"},\"query-input\":{\"@type\":\"PropertyValueSpecification\",\"valueRequired\":true,\"valueName\":\"search_term_string\"}}],\"inLanguage\":\"en-GB\"},{\"@type\":[\"Organization\",\"Place\"],\"@id\":\"https:\\\/\\\/nalusurf.de\\\/#organization\",\"name\":\"Nalusurf Surfschool & Surfcamp Fuerteventura\",\"url\":\"https:\\\/\\\/nalusurf.de\\\/\",\"logo\":{\"@id\":\"https:\\\/\\\/nalusurf.de\\\/#local-main-organization-logo\"},\"image\":{\"@id\":\"https:\\\/\\\/nalusurf.de\\\/#local-main-organization-logo\"},\"sameAs\":[\"https:\\\/\\\/www.facebook.com\\\/nalusurfsurfcamp\\\/\",\"https:\\\/\\\/www.instagram.com\\\/nalusurf_fuerteventura\\\/\"],\"address\":{\"@id\":\"https:\\\/\\\/nalusurf.de\\\/#local-main-place-address\"},\"geo\":{\"@type\":\"GeoCoordinates\",\"latitude\":\"28.2127716\",\"longitude\":\"-14.2204954\"},\"telephone\":[\"+4915678730151\"],\"contactPoint\":{\"@type\":\"ContactPoint\",\"telephone\":\"+4915678730151\",\"email\":\"info@nalusurf.com\"},\"openingHoursSpecification\":[{\"@type\":\"OpeningHoursSpecification\",\"dayOfWeek\":[\"Monday\",\"Tuesday\",\"Wednesday\",\"Thursday\",\"Friday\",\"Saturday\"],\"opens\":\"09:00\",\"closes\":\"20:00\"},{\"@type\":\"OpeningHoursSpecification\",\"dayOfWeek\":[\"Sunday\"],\"opens\":\"00:00\",\"closes\":\"00:00\"}],\"email\":\"info@nalusurf.com\",\"areaServed\":\"Fuerteventura\",\"taxID\":\"X3729459G\"},{\"@type\":\"PostalAddress\",\"@id\":\"https:\\\/\\\/nalusurf.de\\\/#local-main-place-address\",\"streetAddress\":\"Avenida del Istmo 33\",\"addressLocality\":\"La Pared\",\"postalCode\":\"35627\",\"addressRegion\":\"Las Palmas\",\"addressCountry\":\"ES\"},{\"@type\":\"ImageObject\",\"inLanguage\":\"en-GB\",\"@id\":\"https:\\\/\\\/nalusurf.de\\\/#local-main-organization-logo\",\"url\":\"https:\\\/\\\/nalusurf.de\\\/wp-content\\\/uploads\\\/2017\\\/08\\\/logo_neu.png\",\"contentUrl\":\"https:\\\/\\\/nalusurf.de\\\/wp-content\\\/uploads\\\/2017\\\/08\\\/logo_neu.png\",\"width\":736,\"height\":266,\"caption\":\"Nalusurf Surfschool & Surfcamp Fuerteventura\"}]}<\/script>\n<meta name=\"geo.placename\" content=\"La Pared\" \/>\n<meta name=\"geo.position\" content=\"28.2127716;-14.2204954\" \/>\n<meta name=\"geo.region\" content=\"Spain\" \/>\n<!-- \/ Yoast SEO Premium plugin. -->","yoast_head_json":{"title":"Nalusurf  Surf Camp &amp; Surf School Fuerteventura","description":"Learn to surf for beginners and advanced surfers. Surf camp accommodation and professional surf lessons. Your surfing holiday in Fuerteventura","robots":{"index":"index","follow":"follow","max-snippet":"max-snippet:-1","max-image-preview":"max-image-preview:large","max-video-preview":"max-video-preview:-1"},"canonical":"https:\/\/nalusurf.de\/en\/","og_locale":"en_GB","og_type":"article","og_title":"Nalusurf: Surfschule & Surfcamp Fuerteventura","og_description":"Melde dich f\u00fcr unsere Surfkurse an und erlebe das Abenteuer!","og_url":"https:\/\/nalusurf.de\/en\/","og_site_name":"Nalusurf Surfschool &amp; Surfcamp Fuerteventura","article_publisher":"https:\/\/www.facebook.com\/nalusurfsurfcamp\/","article_modified_time":"2026-08-31T22:10:37+00:00","og_image":[{"width":2048,"height":1536,"url":"https:\/\/nalusurf.de\/wp-content\/uploads\/2022\/01\/IMG_0508.jpg","type":"image\/jpeg"}],"twitter_card":"summary_large_image","twitter_title":"Nalusurf: Surfschule & Surfcamp Fuerteventura","twitter_description":"Melde dich f\u00fcr unsere Surfkurse an und erlebe das Abenteuer!","twitter_misc":{"Estimated reading time":"5 minutes"},"schema":{"@context":"https:\/\/schema.org","@graph":[{"@type":"WebPage","@id":"https:\/\/nalusurf.de\/","url":"https:\/\/nalusurf.de\/","name":"Nalusurf  Surf Camp &amp; Surf School Fuerteventura","isPartOf":{"@id":"https:\/\/nalusurf.de\/#website"},"primaryImageOfPage":{"@id":"https:\/\/nalusurf.de\/#primaryimage"},"image":{"@id":"https:\/\/nalusurf.de\/#primaryimage"},"thumbnailUrl":"https:\/\/nalusurf.de\/wp-content\/uploads\/2022\/01\/IMG_0508.jpg","datePublished":"2017-08-11T09:33:00+00:00","dateModified":"2026-08-31T22:10:37+00:00","description":"Learn to surf for beginners and advanced surfers. Surf camp accommodation and professional surf lessons. Your surfing holiday in Fuerteventura","breadcrumb":{"@id":"https:\/\/nalusurf.de\/#breadcrumb"},"inLanguage":"en-GB","potentialAction":[{"@type":"ReadAction","target":["https:\/\/nalusurf.de\/"]}]},{"@type":"ImageObject","inLanguage":"en-GB","@id":"https:\/\/nalusurf.de\/#primaryimage","url":"https:\/\/nalusurf.de\/wp-content\/uploads\/2022\/01\/IMG_0508.jpg","contentUrl":"https:\/\/nalusurf.de\/wp-content\/uploads\/2022\/01\/IMG_0508.jpg","width":2048,"height":1536,"caption":"Zwei Surfer gehen am Strand von La Pared"},{"@type":"BreadcrumbList","@id":"https:\/\/nalusurf.de\/#breadcrumb","itemListElement":[{"@type":"ListItem","position":1,"name":"Startseite","item":"https:\/\/nalusurf.de\/"},{"@type":"ListItem","position":2,"name":"Nalusurf Surfschool &#038; Surfcamp Fuerteventura"}]},{"@type":"WebSite","@id":"https:\/\/nalusurf.de\/#website","url":"https:\/\/nalusurf.de\/","name":"Nalusurf Surf School &amp; Surf Camp, Fuerteventura","description":"Surfing on Fuerteventura","publisher":{"@id":"https:\/\/nalusurf.de\/#organization"},"potentialAction":[{"@type":"SearchAction","target":{"@type":"EntryPoint","urlTemplate":"https:\/\/nalusurf.de\/?s={search_term_string}"},"query-input":{"@type":"PropertyValueSpecification","valueRequired":true,"valueName":"search_term_string"}}],"inLanguage":"en-GB"},{"@type":["Organization","Place"],"@id":"https:\/\/nalusurf.de\/#organization","name":"Nalusurf Surf School &amp; Surf Camp, Fuerteventura","url":"https:\/\/nalusurf.de\/","logo":{"@id":"https:\/\/nalusurf.de\/#local-main-organization-logo"},"image":{"@id":"https:\/\/nalusurf.de\/#local-main-organization-logo"},"sameAs":["https:\/\/www.facebook.com\/nalusurfsurfcamp\/","https:\/\/www.instagram.com\/nalusurf_fuerteventura\/"],"address":{"@id":"https:\/\/nalusurf.de\/#local-main-place-address"},"geo":{"@type":"GeoCoordinates","latitude":"28.2127716","longitude":"-14.2204954"},"telephone":["+4915678730151"],"contactPoint":{"@type":"ContactPoint","telephone":"+4915678730151","email":"info@nalusurf.com"},"openingHoursSpecification":[{"@type":"OpeningHoursSpecification","dayOfWeek":["Monday","Tuesday","Wednesday","Thursday","Friday","Saturday"],"opens":"09:00","closes":"20:00"},{"@type":"OpeningHoursSpecification","dayOfWeek":["Sunday"],"opens":"00:00","closes":"00:00"}],"email":"info@nalusurf.com","areaServed":"Fuerteventura","taxID":"X3729459G"},{"@type":"PostalAddress","@id":"https:\/\/nalusurf.de\/#local-main-place-address","streetAddress":"Avenida del Istmo 33","addressLocality":"La Pared","postalCode":"35627","addressRegion":"Las Palmas","addressCountry":"ES"},{"@type":"ImageObject","inLanguage":"en-GB","@id":"https:\/\/nalusurf.de\/#local-main-organization-logo","url":"https:\/\/nalusurf.de\/wp-content\/uploads\/2017\/08\/logo_neu.png","contentUrl":"https:\/\/nalusurf.de\/wp-content\/uploads\/2017\/08\/logo_neu.png","width":736,"height":266,"caption":"Nalusurf Surfschool & Surfcamp Fuerteventura"}]},"geo.placename":"La Pared","geo.position":{"lat":"28.2127716","long":"-14.2204954"},"geo.region":"Spain"},"_links":{"self":[{"href":"https:\/\/nalusurf.de\/en\/wp-json\/wp\/v2\/pages\/1268","targetHints":{"allow":["GET"]}}],"collection":[{"href":"https:\/\/nalusurf.de\/en\/wp-json\/wp\/v2\/pages"}],"about":[{"href":"https:\/\/nalusurf.de\/en\/wp-json\/wp\/v2\/types\/page"}],"author":[{"embeddable":true,"href":"https:\/\/nalusurf.de\/en\/wp-json\/wp\/v2\/users\/2"}],"replies":[{"embeddable":true,"href":"https:\/\/nalusurf.de\/en\/wp-json\/wp\/v2\/comments?post=1268"}],"version-history":[{"count":99,"href":"https:\/\/nalusurf.de\/en\/wp-json\/wp\/v2\/pages\/1268\/revisions"}],"predecessor-version":[{"id":14128,"href":"https:\/\/nalusurf.de\/en\/wp-json\/wp\/v2\/pages\/1268\/revisions\/14128"}],"wp:featuredmedia":[{"embeddable":true,"href":"https:\/\/nalusurf.de\/en\/wp-json\/wp\/v2\/media\/11782"}],"wp:attachment":[{"href":"https:\/\/nalusurf.de\/en\/wp-json\/wp\/v2\/media?parent=1268"}],"curies":[{"name":"wp","href":"https:\/\/api.w.org\/{rel}","templated":true}]}}