{"id":1268,"date":"2017-08-11T10:33:00","date_gmt":"2017-08-11T09:33:00","guid":{"rendered":"http:\/\/nalusurf.de\/?page_id=1268"},"modified":"2026-08-31T23:10:37","modified_gmt":"2026-08-31T22:10:37","slug":"surfschool-surfcamp-fuerteventura","status":"publish","type":"page","link":"https:\/\/nalusurf.de\/it\/","title":{"rendered":"Nalusurf Surfschool &#038; Surfcamp Fuerteventura"},"content":{"rendered":"<div id=\"fws_6a9671542fa36\"  data-column-margin=\"default\" data-midnight=\"dark\"  class=\"wpb_row vc_row-fluid vc_row full-width-section vc_row-o-full-height vc_row-o-columns-middle vc_row-o-equal-height vc_row-flex  mobile-disable-bg-image-animation\"  style=\"padding-top: 0px; padding-bottom: 0px; \"><div class=\"row-bg-wrap\" data-bg-animation=\"zoom-out\" data-bg-animation-delay=\"\" data-bg-overlay=\"false\"><div class=\"inner-wrap row-bg-layer using-image\" ><div class=\"row-bg viewport-desktop using-image\"  style=\"background-position: center center; background-repeat: no-repeat; \" data-nectar-img-src=\"https:\/\/nalusurf.de\/wp-content\/uploads\/2026\/08\/strand-la-pared-fuerteventura.webp\"><\/div><\/div><\/div><div class=\"row_col_wrap_12 col span_12 dark left\">\n\t<div  class=\"vc_col-sm-12 wpb_column column_container vc_column_container col no-extra-padding inherit_tablet inherit_phone flex_gap_desktop_10px\"  data-padding-pos=\"all\" data-has-bg-color=\"false\" data-bg-color=\"\" data-bg-opacity=\"1\" data-animation=\"\" data-delay=\"0\" >\n\t\t<div class=\"vc_column-inner\" >\n\t\t\t<div class=\"wpb_wrapper\">\n\t\t\t\t<div class=\"divider-wrap\" data-alignment=\"default\"><div style=\"height: 90px;\" class=\"divider\"><\/div><\/div><h1 style=\"font-size: 50px;color: #ffffff;text-align: center\" class=\"vc_custom_heading vc_do_custom_heading wpb_animate_when_almost_visible wpb_fadeIn fadeIn\" >Scuola di surf e surf camp a Fuerteventura<\/h1><div class=\"divider-wrap\" data-alignment=\"default\"><div style=\"margin-top: 10px; height: 1px; margin-bottom: 10px;\" data-width=\"100%\" data-animate=\"\" data-animation-delay=\"\" data-color=\"default\" class=\"divider-border\"><\/div><\/div><h2 style=\"font-size: 50px;color: #ffffff;text-align: center\" class=\"vc_custom_heading vc_do_custom_heading wpb_animate_when_almost_visible wpb_fadeIn fadeIn\" >Benvenuti su Nalusurf!<\/h2><div class=\"divider-wrap\" data-alignment=\"default\"><div style=\"height: 90px;\" class=\"divider\"><\/div><\/div>\n\t\t\t<\/div> \n\t\t<\/div>\n\t<\/div> \n<\/div><\/div>\n\t\t<div id=\"fws_6a967154312f5\"  data-column-margin=\"default\" data-midnight=\"dark\" data-top-percent=\"5%\" data-bottom-percent=\"5%\"  class=\"wpb_row vc_row-fluid vc_row full-width-section has-row-bg-color\"  style=\"padding-top: calc(100vw * 0.05); padding-bottom: calc(100vw * 0.05); --row-bg-color: #ffffff;\"><div class=\"row-bg-wrap\" data-bg-animation=\"none\" data-bg-animation-delay=\"\" data-bg-overlay=\"false\"><div class=\"inner-wrap row-bg-layer\" ><div class=\"row-bg viewport-desktop using-bg-color\"  style=\"background-color: #ffffff; \"><\/div><\/div><\/div><div class=\"row_col_wrap_12 col span_12 dark left\">\n\t<div  class=\"vc_col-sm-12 wpb_column column_container vc_column_container col no-extra-padding inherit_tablet inherit_phone flex_gap_desktop_10px\"  data-padding-pos=\"all\" data-has-bg-color=\"false\" data-bg-color=\"\" data-bg-opacity=\"1\" data-animation=\"\" data-delay=\"0\" >\n\t\t<div class=\"vc_column-inner\" >\n\t\t\t<div class=\"wpb_wrapper\">\n\t\t\t\t<div id=\"fws_6a9671543188c\" data-midnight=\"\" data-column-margin=\"default\" class=\"wpb_row vc_row-fluid vc_row inner_row\"  style=\"\"><div class=\"row-bg-wrap\"> <div class=\"row-bg\" ><\/div> <\/div><div class=\"row_col_wrap_12_inner col span_12  left\">\n\t<div  class=\"vc_col-sm-6 wpb_column column_container vc_column_container col child_column no-extra-padding inherit_tablet inherit_phone flex_gap_desktop_10px\"   data-padding-pos=\"all\" data-has-bg-color=\"false\" data-bg-color=\"\" data-bg-opacity=\"1\" data-animation=\"\" data-delay=\"0\" >\n\t\t<div class=\"vc_column-inner\" >\n\t\t<div class=\"wpb_wrapper\">\n\t\t\t<div class=\"nectar-gradient-text\" data-direction=\"diagonal\" data-color=\"extra-color-gradient-1\" style=\"\"><h2>I pionieri di La Pared:<br \/>\nIl vostro surf camp sulla costa occidentale di Fuerteventura<\/h2><\/div>\n\t\t<\/div> \n\t<\/div>\n\t<\/div> \n\n\t<div  class=\"vc_col-sm-6 wpb_column column_container vc_column_container col child_column no-extra-padding inherit_tablet inherit_phone flex_gap_desktop_10px\"   data-padding-pos=\"all\" data-has-bg-color=\"false\" data-bg-color=\"\" data-bg-opacity=\"1\" data-animation=\"\" data-delay=\"0\" >\n\t\t<div class=\"vc_column-inner\" >\n\t\t<div class=\"wpb_wrapper\">\n\t\t\t\n\t\t<\/div> \n\t<\/div>\n\t<\/div> \n<\/div><\/div><div id=\"fws_6a96715431f01\" data-midnight=\"\" data-column-margin=\"default\" class=\"wpb_row vc_row-fluid vc_row inner_row\"  style=\"\"><div class=\"row-bg-wrap\"> <div class=\"row-bg\" ><\/div> <\/div><div class=\"row_col_wrap_12_inner col span_12  left\">\n\t<div  class=\"vc_col-sm-6 wpb_column column_container vc_column_container col child_column padding-3-percent top_margin_phone_-25px inherit_tablet inherit_phone flex_gap_desktop_10px\"   data-padding-pos=\"top-bottom\" data-has-bg-color=\"false\" data-bg-color=\"\" data-bg-opacity=\"1\" data-animation=\"\" data-delay=\"0\" >\n\t\t<div class=\"vc_column-inner\" >\n\t\t<div class=\"wpb_wrapper\">\n\t\t\t\n<div class=\"wpb_text_column wpb_content_element  vc_custom_1754041026053\" >\n\t<p>Benvenuti da Nalusurf. La nostra storia \u00e8 iniziata molto prima che nascessero la maggior parte delle altre scuole di surf della costa occidentale. <strong>Il nostro fondatore, Ralf, \u00e8 stato uno dei primi istruttori di surf sulla spiaggia di La Pared<\/strong>.<\/p>\n<p>All'epoca era praticamente l'unico a tenere corsi sulla spiaggia: nessuna altra scuola di surf, nessuna folla, solo la pura passione per le onde selvagge e autentiche di quel luogo.<\/p>\n<p>La sua visione, fin dall\u2019inizio: non trasformare il surf in un\u2019attivit\u00e0 di massa, ma trasmettere a ogni singolo allievo la tecnica e la comprensione dell\u2019oceano necessarie per praticare il vero surf.<\/p>\n<\/div>\n\n\n\n\n\t\t<\/div> \n\t<\/div>\n\t<\/div> \n\n\t<div  class=\"vc_col-sm-6 wpb_column column_container vc_column_container col child_column padding-3-percent inherit_tablet inherit_phone flex_gap_desktop_10px\"   data-padding-pos=\"top-bottom\" data-has-bg-color=\"false\" data-bg-color=\"\" data-bg-opacity=\"1\" data-animation=\"\" data-delay=\"0\" >\n\t\t<div class=\"vc_column-inner\" >\n\t\t<div class=\"wpb_wrapper\">\n\t\t\t\n<div class=\"wpb_text_column wpb_content_element  vc_custom_1754678114571\" >\n\t<p>Questo DNA fondante \u00e8 ancora oggi il nostro fulcro. \u00c8 il motivo per cui scegliamo consapevolmente la qualit\u00e0 piuttosto che la quantit\u00e0. Da noi non imparerai solo a stare in piedi su una tavola: imparerai a diventare un surfista.<\/p>\n<h3>Questo \u00e8 il nostro <strong>Promessa<\/strong><\/h3>\n<p>La nostra casa \u00e8 La Pared, il leggendario spot sulla costa occidentale, dove \u201eThe Search\u201c per noi non \u00e8 solo uno slogan, ma la realt\u00e0 quotidiana. Con la nostra navetta verremo a prenderti comodamente dal tuo alloggio a <strong>Costa Calma<\/strong> da. Anche \u00a0<strong>Jandia<\/strong>, <strong>Morro Jable<\/strong> oppure <strong>Esquinzo<\/strong> Non sono lontani. Ti porteremo dove il surf \u00e8 ancora allo stato puro. Sei pronto a imparare come si fa davvero?<\/p>\n<\/div>\n\n\n\n\n\t\t<\/div> \n\t<\/div>\n\t<\/div> \n<\/div><\/div>\n\t\t\t<\/div> \n\t\t<\/div>\n\t<\/div> \n<\/div><\/div>\n\t\t<div id=\"fws_6a96715432945\"  data-column-margin=\"default\" data-midnight=\"dark\"  class=\"wpb_row vc_row-fluid vc_row full-width-content vc_row-o-equal-height vc_row-flex vc_row-o-content-middle\"  style=\"padding-top: 0px; padding-bottom: 0px; \"><div class=\"row-bg-wrap\" data-bg-animation=\"none\" data-bg-animation-delay=\"\" data-bg-overlay=\"false\"><div class=\"inner-wrap row-bg-layer\" ><div class=\"row-bg viewport-desktop\"  style=\"\"><\/div><\/div><\/div><div class=\"row_col_wrap_12 col span_12 dark left\">\n\t<div  class=\"vc_col-sm-6 wpb_column column_container vc_column_container col no-extra-padding inherit_tablet inherit_phone flex_gap_desktop_10px\"  data-padding-pos=\"all\" data-has-bg-color=\"false\" data-bg-color=\"\" data-bg-opacity=\"1\" data-animation=\"\" data-delay=\"0\" >\n\t\t<div class=\"vc_column-inner\" >\n\t\t\t<div class=\"wpb_wrapper\">\n\t\t\t\t<div class=\"img-with-aniamtion-wrap center nectar-object-position-center-center\" data-max-width=\"100%\" data-max-width-mobile=\"default\" data-shadow=\"none\" data-animation=\"none\" >\n      <div class=\"inner\">\n        <div class=\"hover-wrap\"> \n          <div class=\"hover-wrap-inner\">\n            <img loading=\"lazy\" decoding=\"async\" class=\"img-with-animation skip-lazy nectar-object-cover\" data-delay=\"0\" height=\"1361\" width=\"1814\" data-animation=\"none\" src=\"https:\/\/nalusurf.de\/wp-content\/uploads\/2025\/07\/IMG_0508-Kopie.jpg\" alt=\"Due surfisti trasportano tavole da surf verdi e blu lungo la spiaggia in una giornata soleggiata.\" srcset=\"https:\/\/nalusurf.de\/wp-content\/uploads\/2025\/07\/IMG_0508-Kopie.jpg 1814w, https:\/\/nalusurf.de\/wp-content\/uploads\/2025\/07\/IMG_0508-Kopie-300x225.jpg 300w, https:\/\/nalusurf.de\/wp-content\/uploads\/2025\/07\/IMG_0508-Kopie-1024x768.jpg 1024w, https:\/\/nalusurf.de\/wp-content\/uploads\/2025\/07\/IMG_0508-Kopie-768x576.jpg 768w, https:\/\/nalusurf.de\/wp-content\/uploads\/2025\/07\/IMG_0508-Kopie-1536x1152.jpg 1536w\" sizes=\"auto, (max-width: 1814px) 100vw, 1814px\" \/>\n          <\/div>\n        <\/div>\n        \n      <\/div>\n    <\/div>\n\t\t\t<\/div> \n\t\t<\/div>\n\t<\/div> \n\n\t<div style=\"\" class=\"vc_col-sm-6 wpb_column column_container vc_column_container col padding-5-percent inherit_tablet inherit_phone flex_gap_desktop_10px\" data-using-bg=\"true\" data-padding-pos=\"all\" data-has-bg-color=\"true\" data-bg-color=\"#ffffff\" data-bg-opacity=\"1\" data-animation=\"\" data-delay=\"0\" >\n\t\t<div class=\"vc_column-inner\" ><div class=\"column-bg-overlay-wrap column-bg-layer\" data-bg-animation=\"none\"><div class=\"column-bg-overlay\" style=\"opacity: 1; background-color: #ffffff;\"><\/div><\/div>\n\t\t\t<div class=\"wpb_wrapper\">\n\t\t\t\t<div id=\"fws_6a96715433ca3\" data-midnight=\"\" data-column-margin=\"default\" class=\"wpb_row vc_row-fluid vc_row inner_row\"  style=\"\"><div class=\"row-bg-wrap\"> <div class=\"row-bg\" ><\/div> <\/div><div class=\"row_col_wrap_12_inner col span_12  left\">\n\t<div  class=\"vc_col-sm-12 wpb_column column_container vc_column_container col child_column has-animation no-extra-padding inherit_tablet inherit_phone flex_gap_desktop_10px\"   data-padding-pos=\"all\" data-has-bg-color=\"false\" data-bg-color=\"\" data-bg-opacity=\"1\" data-animation=\"fade-in-from-bottom\" data-delay=\"0\" >\n\t\t<div class=\"vc_column-inner\" >\n\t\t<div class=\"wpb_wrapper\">\n\t\t\t<div class=\"nectar-gradient-text\" data-direction=\"diagonal\" data-color=\"extra-color-gradient-1\" style=\"\"><h2>Corso di surf con i pionieri di La Pared<\/h2><\/div>\n<div class=\"wpb_text_column wpb_content_element  vc_custom_1754041612524\" >\n\t<p>Impara a fare surf proprio nel luogo in cui sono nate le lezioni di surf professionali in questa localit\u00e0. Insegniamo seguendo la filosofia del nostro fondatore: concentrandoci su un <strong>tecnologia all\u2019avanguardia<\/strong>,<strong> profonda conoscenza dell'oceano<\/strong> e la <strong>Sicurezza<\/strong>, indispensabili per affrontare le onde impegnative della costa occidentale.<\/p>\n<\/div>\n\n\n\n<div class=\"divider-wrap\" data-alignment=\"default\"><div style=\"height: 30px;\" class=\"divider\"><\/div><\/div><h3 style=\"color: #000000;text-align: left\" class=\"vc_custom_heading vc_do_custom_heading vc_custom_1753613267187\" >Questa \u00e8 la nostra promessa per te:<\/h3><div class=\"nectar-fancy-ul\" data-list-icon=\"dot\" data-animation=\"true\" data-animation-delay=\"0\" data-spacing=\"default\" data-alignment=\"left\"> \n<ul>\n<li style=\"text-align: left;\"><strong>Qualit\u00e0 anzich\u00e9 quantit\u00e0:<\/strong> Lavorando in piccoli gruppi, ti garantiamo quell\u2019attenzione personalizzata che le scuole di surf di massa non sono in grado di offrire.<\/li>\n<li><strong>Una vera formazione:<\/strong> Non ti insegniamo solo a partire. Ti formiamo per diventare un surfista in grado di interpretare le onde e di rispettare le regole in acqua.<\/li>\n<li><strong>Le condizioni migliori:<\/strong> In qualit\u00e0 di pionieri, conosciamo perfettamente La Pared e la parte meridionale di Fuerteventura. Ogni giorno ti portiamo proprio sul picco che offre le condizioni migliori e pi\u00f9 sicure per il tuo livello.<\/li>\n<li style=\"text-align: left;\"><span style=\"font-family: -apple-system, BlinkMacSystemFont, 'Segoe UI', Roboto, Oxygen-Sans, Ubuntu, Cantarell, 'Helvetica Neue', sans-serif;\"><strong>Formazione professionale:<\/strong> I nostri istruttori di surf certificati ISA non sono solo surfisti eccellenti, ma soprattutto allenatori appassionati, che ti insegneranno a surfare con pazienza e entusiasmo.<\/span><\/li>\n<\/ul>\n <\/div><a class=\"nectar-button large see-through-2\"  role=\"button\" style=\"margin-top: 30px; \"  href=\"https:\/\/nalusurf.de\/it\/corso-di-surf-a-fuerteventura\/\" data-color-override=\"false\" data-hover-color-override=\"false\" data-hover-text-color-override=\"#ffffff\"><span>Corso di surf<\/span><\/a>\n\t\t<\/div> \n\t<\/div>\n\t<\/div> \n<\/div><\/div>\n\t\t\t<\/div> \n\t\t<\/div>\n\t<\/div> \n<\/div><\/div>\n\t\t<div id=\"fws_6a96715434ce4\"  data-column-margin=\"default\" data-midnight=\"dark\"  class=\"wpb_row vc_row-fluid vc_row full-width-content has-row-bg-color vc_row-o-equal-height vc_row-flex vc_row-o-content-middle\"  style=\"padding-top: 0px; padding-bottom: 0px; --row-bg-color: #ffffff;\"><div class=\"row-bg-wrap\" data-bg-animation=\"none\" data-bg-animation-delay=\"\" data-bg-overlay=\"false\"><div class=\"inner-wrap row-bg-layer\" ><div class=\"row-bg viewport-desktop using-bg-color\"  style=\"background-color: #ffffff; \"><\/div><\/div><\/div><div class=\"row_col_wrap_12 col span_12 dark left\">\n\t<div style=\"\" class=\"vc_col-sm-6 wpb_column column_container vc_column_container col padding-10-percent inherit_tablet inherit_phone flex_gap_desktop_10px\" data-using-bg=\"true\" data-padding-pos=\"all\" data-has-bg-color=\"true\" data-bg-color=\"#f4f4f4\" data-bg-opacity=\"1\" data-animation=\"\" data-delay=\"0\" >\n\t\t<div class=\"vc_column-inner\" ><div class=\"column-bg-overlay-wrap column-bg-layer\" data-bg-animation=\"none\"><div class=\"column-bg-overlay\" style=\"opacity: 1; background-color: #f4f4f4;\"><\/div><\/div>\n\t\t\t<div class=\"wpb_wrapper\">\n\t\t\t\t<div id=\"fws_6a9671543513e\" data-midnight=\"\" data-column-margin=\"default\" class=\"wpb_row vc_row-fluid vc_row inner_row\"  style=\"\"><div class=\"row-bg-wrap\"> <div class=\"row-bg\" ><\/div> <\/div><div class=\"row_col_wrap_12_inner col span_12  left\">\n\t<div  class=\"vc_col-sm-12 wpb_column column_container vc_column_container col child_column has-animation no-extra-padding inherit_tablet inherit_phone flex_gap_desktop_10px\"   data-padding-pos=\"all\" data-has-bg-color=\"false\" data-bg-color=\"\" data-bg-opacity=\"1\" data-animation=\"fade-in-from-bottom\" data-delay=\"0\" >\n\t\t<div class=\"vc_column-inner\" >\n\t\t<div class=\"wpb_wrapper\">\n\t\t\t<div class=\"nectar-gradient-text\" data-direction=\"diagonal\" data-color=\"extra-color-gradient-1\" style=\"\"><h2>Il tuo surf camp nel sud di Fuerteventura:<br \/>\nA te la scelta<\/h2><\/div><div class=\"divider-wrap\" data-alignment=\"default\"><div style=\"height: 30px;\" class=\"divider\"><\/div><\/div>\n<div class=\"wpb_text_column wpb_content_element  vc_custom_1754041761341\" >\n\t<p>Una vacanza perfetta all\u2019insegna del surf \u00e8 diversa per ognuno. Per questo, nel nostro surf camp ti offriamo non una, ma ben due opzioni uniche per realizzare il tuo sogno di cavalcare le onde nel sud di Fuerteventura. Sta a te decidere quale atmosfera fa al caso tuo.<\/p>\n<h4><strong>Opzione 1: Alloggiare direttamente a La Pared<\/strong><\/h4>\n<p>Vuoi vivere al massimo l\u2019esperienza del surf? I nostri appartamenti e le nostre camere d\u2019albergo a La Pared si trovano a pochi passi dal miglior spot di surf del sud, quello con le onde pi\u00f9 costanti. Qui ti sveglierai con il rumore delle onde, lontano dal trambusto, e vivrai l\u2019autentico stile di vita da surfista. Ideale per tutti coloro che vogliono concentrarsi completamente sulle onde e sulla natura mozzafiato della costa occidentale.<\/p>\n<h4><strong>Opzione 2: Alloggiare a Costa Calma<\/strong><\/h4>\n<p>Vuoi il meglio di due mondi? Allora i nostri alloggi a Costa Calma sono la scelta perfetta. Goditi il comfort offerto da ristoranti, bar e la spiaggia sabbiosa lunga diversi chilometri proprio a due passi. E quando \u00e8 il momento di fare surf, verremo a prenderti con la nostra navetta gratuita e ti porteremo alle onde perfette di La Pared. Cos\u00ec potrai combinare una rilassante vacanza al mare con un corso di surf di prima classe.<\/p>\n<p>Qualunque sia la localit\u00e0 che sceglierai, in entrambe le strutture ti offriamo una selezione di confortevoli appartamenti con uso cucina o camere d\u2019albergo con opzioni di ristorazione flessibili. Sei tu a decidere cosa si adatta meglio al tuo stile e al tuo budget.<\/p>\n<\/div>\n\n\n\n<div class=\"divider-wrap\" data-alignment=\"default\"><div style=\"height: 30px;\" class=\"divider\"><\/div><\/div><a class=\"nectar-button large see-through-2\"  role=\"button\" style=\"margin-top: 30px; \"  href=\"https:\/\/nalusurf.de\/it\/surfcamp-a-fuerteventura\/\" data-color-override=\"false\" data-hover-color-override=\"false\" data-hover-text-color-override=\"#ffffff\"><span>Campo di surf<\/span><\/a>\n\t\t<\/div> \n\t<\/div>\n\t<\/div> \n<\/div><\/div>\n\t\t\t<\/div> \n\t\t<\/div>\n\t<\/div> \n\n\t<div  class=\"vc_col-sm-6 wpb_column column_container vc_column_container col no-extra-padding inherit_tablet inherit_phone flex_gap_desktop_10px\"  data-padding-pos=\"all\" data-has-bg-color=\"false\" data-bg-color=\"\" data-bg-opacity=\"1\" data-animation=\"\" data-delay=\"0\" >\n\t\t<div class=\"vc_column-inner\" >\n\t\t\t<div class=\"wpb_wrapper\">\n\t\t\t\t<div class=\"img-with-aniamtion-wrap center nectar-object-position-center-center\" data-max-width=\"100%\" data-max-width-mobile=\"default\" data-shadow=\"none\" data-animation=\"none\" >\n      <div class=\"inner\">\n        <div class=\"hover-wrap\"> \n          <div class=\"hover-wrap-inner\">\n            <img loading=\"lazy\" decoding=\"async\" class=\"img-with-animation skip-lazy nectar-lazy nectar-object-cover\" data-delay=\"0\" height=\"1067\" width=\"1600\" data-animation=\"none\" data-nectar-img-src=\"https:\/\/nalusurf.de\/wp-content\/uploads\/2026\/08\/apartment-higos-beach.webp\" src=\"data:image\/svg+xml;charset=utf-8,%3Csvg%20xmlns%3D'http%3A%2F%2Fwww.w3.org%2F2000%2Fsvg'%20viewBox%3D'0%200%201600%201067'%2F%3E\" alt=\"\" data-nectar-img-srcset=\"https:\/\/nalusurf.de\/wp-content\/uploads\/2026\/08\/apartment-higos-beach.webp 1600w, https:\/\/nalusurf.de\/wp-content\/uploads\/2026\/08\/apartment-higos-beach-300x200.webp 300w, https:\/\/nalusurf.de\/wp-content\/uploads\/2026\/08\/apartment-higos-beach-1024x683.webp 1024w, https:\/\/nalusurf.de\/wp-content\/uploads\/2026\/08\/apartment-higos-beach-768x512.webp 768w, https:\/\/nalusurf.de\/wp-content\/uploads\/2026\/08\/apartment-higos-beach-1536x1024.webp 1536w, https:\/\/nalusurf.de\/wp-content\/uploads\/2026\/08\/apartment-higos-beach-18x12.webp 18w, https:\/\/nalusurf.de\/wp-content\/uploads\/2026\/08\/apartment-higos-beach-900x600.webp 900w\" sizes=\"auto, (max-width: 1600px) 100vw, 1600px\" \/>\n          <\/div>\n        <\/div>\n        \n      <\/div>\n    <\/div>\n\t\t\t<\/div> \n\t\t<\/div>\n\t<\/div> \n<\/div><\/div>\n\t\t<div id=\"fws_6a9671543657e\"  data-column-margin=\"default\" data-midnight=\"dark\"  class=\"wpb_row vc_row-fluid vc_row full-width-content vc_row-o-equal-height vc_row-flex vc_row-o-content-middle\"  style=\"padding-top: 0px; padding-bottom: 0px; \"><div class=\"row-bg-wrap\" data-bg-animation=\"none\" data-bg-animation-delay=\"\" data-bg-overlay=\"false\"><div class=\"inner-wrap row-bg-layer\" ><div class=\"row-bg viewport-desktop\"  style=\"\"><\/div><\/div><\/div><div class=\"row_col_wrap_12 col span_12 dark left\">\n\t<div  class=\"vc_col-sm-6 wpb_column column_container vc_column_container col no-extra-padding inherit_tablet inherit_phone flex_gap_desktop_10px\"  data-padding-pos=\"all\" data-has-bg-color=\"false\" data-bg-color=\"\" data-bg-opacity=\"1\" data-animation=\"\" data-delay=\"0\" >\n\t\t<div class=\"vc_column-inner\" >\n\t\t\t<div class=\"wpb_wrapper\">\n\t\t\t\t<div class=\"img-with-aniamtion-wrap center nectar-object-position-center-center\" data-max-width=\"100%\" data-max-width-mobile=\"default\" data-shadow=\"none\" data-animation=\"none\" >\n      <div class=\"inner\">\n        <div class=\"hover-wrap\"> \n          <div class=\"hover-wrap-inner\">\n            <img loading=\"lazy\" decoding=\"async\" class=\"img-with-animation skip-lazy nectar-lazy nectar-object-cover\" data-delay=\"0\" height=\"1536\" width=\"2048\" data-animation=\"none\" data-nectar-img-src=\"https:\/\/nalusurf.de\/wp-content\/uploads\/2022\/09\/Surfboards-Rental-Verleih-Fuerteventura.jpeg\" src=\"data:image\/svg+xml;charset=utf-8,%3Csvg%20xmlns%3D'http%3A%2F%2Fwww.w3.org%2F2000%2Fsvg'%20viewBox%3D'0%200%202048%201536'%2F%3E\" alt=\"Noleggio tavole da surf a Fuerteventura, La Pared\" data-nectar-img-srcset=\"https:\/\/nalusurf.de\/wp-content\/uploads\/2022\/09\/Surfboards-Rental-Verleih-Fuerteventura.jpeg 2048w, https:\/\/nalusurf.de\/wp-content\/uploads\/2022\/09\/Surfboards-Rental-Verleih-Fuerteventura-300x225.jpeg 300w, https:\/\/nalusurf.de\/wp-content\/uploads\/2022\/09\/Surfboards-Rental-Verleih-Fuerteventura-1024x768.jpeg 1024w, https:\/\/nalusurf.de\/wp-content\/uploads\/2022\/09\/Surfboards-Rental-Verleih-Fuerteventura-768x576.jpeg 768w, https:\/\/nalusurf.de\/wp-content\/uploads\/2022\/09\/Surfboards-Rental-Verleih-Fuerteventura-1536x1152.jpeg 1536w\" sizes=\"auto, (max-width: 2048px) 100vw, 2048px\" \/>\n          <\/div>\n        <\/div>\n        \n      <\/div>\n    <\/div>\n\t\t\t<\/div> \n\t\t<\/div>\n\t<\/div> \n\n\t<div style=\"\" class=\"vc_col-sm-6 wpb_column column_container vc_column_container col padding-5-percent inherit_tablet inherit_phone flex_gap_desktop_10px\" data-using-bg=\"true\" data-padding-pos=\"all\" data-has-bg-color=\"true\" data-bg-color=\"#ffffff\" data-bg-opacity=\"1\" data-animation=\"\" data-delay=\"0\" >\n\t\t<div class=\"vc_column-inner\" ><div class=\"column-bg-overlay-wrap column-bg-layer\" data-bg-animation=\"none\"><div class=\"column-bg-overlay\" style=\"opacity: 1; background-color: #ffffff;\"><\/div><\/div>\n\t\t\t<div class=\"wpb_wrapper\">\n\t\t\t\t<div id=\"fws_6a96715437128\" data-midnight=\"\" data-column-margin=\"default\" class=\"wpb_row vc_row-fluid vc_row inner_row\"  style=\"\"><div class=\"row-bg-wrap\"> <div class=\"row-bg\" ><\/div> <\/div><div class=\"row_col_wrap_12_inner col span_12  left\">\n\t<div  class=\"vc_col-sm-12 wpb_column column_container vc_column_container col child_column has-animation no-extra-padding inherit_tablet inherit_phone flex_gap_desktop_10px\"   data-padding-pos=\"all\" data-has-bg-color=\"false\" data-bg-color=\"\" data-bg-opacity=\"1\" data-animation=\"fade-in-from-bottom\" data-delay=\"0\" >\n\t\t<div class=\"vc_column-inner\" >\n\t\t<div class=\"wpb_wrapper\">\n\t\t\t<div class=\"nectar-gradient-text\" data-direction=\"diagonal\" data-color=\"extra-color-gradient-1\" style=\"\"><h2>Noleggio tavole da surf a Fuerteventura:<br \/>\nLa tavola perfetta per le onde di La Pared<\/h2><\/div><div class=\"divider-wrap\" data-alignment=\"default\"><div style=\"height: 30px;\" class=\"divider\"><\/div><\/div>\n<div class=\"wpb_text_column wpb_content_element  vc_custom_1754047381792\" >\n\t<p>La tavola da surf giusta \u00e8 la chiave per una sessione indimenticabile. Ma quale tavola si adatta al tuo livello e alle condizioni odierne a <strong>La Pared<\/strong> o altri <strong>Punti di surf nel sud di Fuerteventura<\/strong>? \u00c8 proprio qui che il nostro <strong>Noleggio attrezzatura da surf<\/strong> da parte di altri.<\/p>\n<h3>La migliore attrezzatura da surf per la tua vacanza dedicata al surf<\/h3>\n<p>Da noi non ti limitiamo a consegnarti semplicemente una tavola. Noi viviamo la nostra <strong>Filosofia della qualit\u00e0<\/strong> anche nella scelta dell\u2019attrezzatura: ci prendiamo tutto il tempo necessario e ti forniamo una consulenza personalizzata. Grazie alla nostra pluriennale esperienza con gli spot qui nel sud di Fuerteventura, troveremo insieme la tavola che ti garantir\u00e0 il massimo divertimento e i migliori risultati nell\u2019apprendimento in acqua.<\/p>\n<p>Che tu sia a <strong>Costa Calma<\/strong>, <strong>Morro Jable<\/strong> oppure <strong>Jandia<\/strong> vivi \u2013 ci assicuriamo che tu disponga di materiale di prima qualit\u00e0 delle migliori marche come <strong>Lib Tech<\/strong>, <strong>Lost<\/strong>, <strong>Torq<\/strong> e <strong>Softech<\/strong> sarai perfettamente preparato per la tua giornata di surf. Perch\u00e9 i tuoi progressi e la tua sicurezza sono la nostra priorit\u00e0 assoluta.<\/p>\n<\/div>\n\n\n\n<div class=\"divider-wrap\" data-alignment=\"default\"><div style=\"height: 30px;\" class=\"divider\"><\/div><\/div><a class=\"nectar-button large see-through-2\"  role=\"button\" style=\"margin-top: 30px; \"  href=\"https:\/\/nalusurf.de\/it\/noleggio-tavole-da-surf\/\" data-color-override=\"false\" data-hover-color-override=\"false\" data-hover-text-color-override=\"#ffffff\"><span>Noleggio<\/span><\/a>\n\t\t<\/div> \n\t<\/div>\n\t<\/div> \n<\/div><\/div>\n\t\t\t<\/div> \n\t\t<\/div>\n\t<\/div> \n<\/div><\/div>\n\t\t<div id=\"fws_6a96715437980\"  data-column-margin=\"default\" data-midnight=\"dark\" data-top-percent=\"5%\"  class=\"wpb_row vc_row-fluid vc_row full-width-content vc_row-o-equal-height vc_row-flex vc_row-o-content-top\"  style=\"padding-top: calc(100vw * 0.05); padding-bottom: 0px; \"><div class=\"row-bg-wrap\" data-bg-animation=\"none\" data-bg-animation-delay=\"\" data-bg-overlay=\"false\"><div class=\"inner-wrap row-bg-layer\" ><div class=\"row-bg viewport-desktop\"  style=\"\"><\/div><\/div><\/div><div class=\"row_col_wrap_12 col span_12 dark left\">\n\t<div  class=\"vc_col-sm-12 wpb_column column_container vc_column_container col no-extra-padding inherit_tablet inherit_phone flex_gap_desktop_10px\"  data-padding-pos=\"all\" data-has-bg-color=\"false\" data-bg-color=\"\" data-bg-opacity=\"1\" data-animation=\"\" data-delay=\"0\" >\n\t\t<div class=\"vc_column-inner\" >\n\t\t\t<div class=\"wpb_wrapper\">\n\t\t\t\t<div id=\"fws_6a96715437d6d\" data-midnight=\"\" data-column-margin=\"default\" class=\"wpb_row vc_row-fluid vc_row inner_row\"  style=\"\"><div class=\"row-bg-wrap\"> <div class=\"row-bg\" ><\/div> <\/div><div class=\"row_col_wrap_12_inner col span_12  left\">\n\t<div  class=\"vc_col-sm-4 wpb_column column_container vc_column_container col child_column no-extra-padding inherit_tablet inherit_phone flex_gap_desktop_10px\"   data-padding-pos=\"all\" data-has-bg-color=\"false\" data-bg-color=\"\" data-bg-opacity=\"1\" data-animation=\"\" data-delay=\"0\" >\n\t\t<div class=\"vc_column-inner\" >\n\t\t<div class=\"wpb_wrapper\">\n\t\t\t<div class=\"nectar-fancy-box style-5 using-img\" data-align=\"middle\" data-overlay-opacity=\"0.6\" data-overlay-opacity-hover=\"0.2\" data-style=\"parallax_hover\" data-border-radius=\"default\" data-animation=\"\" data-delay=\"\" data-color=\"accent-color\"><a  href=\"https:\/\/nalusurf.de\/it\/corso-di-surf-a-fuerteventura\/\" class=\"box-link\"><span class=\"screen-reader-text\">Learn more<\/span><\/a><div class=\"parallaxImg\"><div class=\"parallaxImg-layer\" data-img=\"https:\/\/nalusurf.de\/wp-content\/uploads\/2022\/01\/IMG_0508.jpg\"><\/div><div class=\"parallaxImg-layer\"> <div class=\"meta-wrap\" style=\"min-height: 600px\"><div class=\"inner\"><i class=\"icon-default-style fa fa-users\" data-color=\"accent-color\" style=\"font-size: 50px!important; line-height: 50px!important;\"><\/i>\n<h2>Corso di surf<\/h2>\n<h5>Impara a fare surf<\/h5>\n<\/div> <\/div><\/div><\/div><\/div>\n\t\t<\/div> \n\t<\/div>\n\t<\/div> \n\n\t<div  class=\"vc_col-sm-4 wpb_column column_container vc_column_container col child_column no-extra-padding inherit_tablet inherit_phone flex_gap_desktop_10px\"   data-padding-pos=\"all\" data-has-bg-color=\"false\" data-bg-color=\"\" data-bg-opacity=\"1\" data-animation=\"\" data-delay=\"0\" >\n\t\t<div class=\"vc_column-inner\" >\n\t\t<div class=\"wpb_wrapper\">\n\t\t\t<div class=\"nectar-fancy-box style-5 using-img\" data-align=\"middle\" data-overlay-opacity=\"0.6\" data-overlay-opacity-hover=\"0.2\" data-style=\"parallax_hover\" data-border-radius=\"default\" data-animation=\"\" data-delay=\"\" data-color=\"accent-color\"><a  href=\"https:\/\/nalusurf.de\/it\/surfcamp-a-fuerteventura\/\" class=\"box-link\"><span class=\"screen-reader-text\">Learn more<\/span><\/a><div class=\"parallaxImg\"><div class=\"parallaxImg-layer\" data-img=\"https:\/\/nalusurf.de\/wp-content\/uploads\/2025\/07\/Surfcamp-Apartment-La-Pared-Fuerteventura-Poolhouse21.jpg\"><\/div><div class=\"parallaxImg-layer\"> <div class=\"meta-wrap\" style=\"min-height: 600px\"><div class=\"inner\"><i class=\"icon-default-style fa fa-home\" data-color=\"accent-color\" style=\"font-size: 50px!important; line-height: 50px!important;\"><\/i>\n<h2>Campo di surf<\/h2>\n<h5>Alloggio e corso di surf<\/h5>\n<\/div> <\/div><\/div><\/div><\/div>\n\t\t<\/div> \n\t<\/div>\n\t<\/div> \n\n\t<div  class=\"vc_col-sm-4 wpb_column column_container vc_column_container col child_column no-extra-padding inherit_tablet inherit_phone flex_gap_desktop_10px\"   data-padding-pos=\"all\" data-has-bg-color=\"false\" data-bg-color=\"\" data-bg-opacity=\"1\" data-animation=\"\" data-delay=\"0\" >\n\t\t<div class=\"vc_column-inner\" >\n\t\t<div class=\"wpb_wrapper\">\n\t\t\t<div class=\"nectar-fancy-box style-5 using-img\" data-align=\"middle\" data-overlay-opacity=\"0.6\" data-overlay-opacity-hover=\"0.2\" data-style=\"parallax_hover\" data-border-radius=\"default\" data-animation=\"\" data-delay=\"\" data-color=\"accent-color\"><a  href=\"https:\/\/nalusurf.de\/it\/noleggio-tavole-da-surf\/\" class=\"box-link\"><span class=\"screen-reader-text\">Learn more<\/span><\/a><div class=\"parallaxImg\"><div class=\"parallaxImg-layer\" data-img=\"https:\/\/nalusurf.de\/wp-content\/uploads\/2022\/09\/Surfboards-Rental-Verleih-Fuerteventura.jpeg\"><\/div><div class=\"parallaxImg-layer\"> <div class=\"meta-wrap\" style=\"min-height: 600px\"><div class=\"inner\"><span class=\"im-icon-wrap\" data-color=\"accent-color\"><span><svg role=\"presentation\" version=\"1.1\" xmlns=\"http:\/\/www.w3.org\/2000\/svg\" width=\"50\" height=\"50\" viewbox=\"0 0 32 32\">\n        <path d=\"M30.667 27.333h-6.723c-0.103 0-0.201-0.024-0.296-0.069-3.5-1.725-5.352-5.423-5.083-10.144 0.223-3.899 2.064-8.412 5.259-10.937-10.369 1.331-18.132 9.853-18.132 20.484 0 0.367-0.299 0.667-0.667 0.667h-3.692c-0.368 0-0.667-0.3-0.667-0.667s0.299-0.667 0.667-0.667h3.037c0.345-12.019 10.020-21.333 22.309-21.333 0.324 0 0.601 0.233 0.657 0.552 0.056 0.32-0.127 0.633-0.431 0.743-3.765 1.352-6.711 6.076-7.007 11.235-0.235 4.099 1.296 7.301 4.204 8.805h6.563c0.367 0 0.667 0.299 0.667 0.667s-0.3 0.665-0.667 0.665zM8.216 23.924c-0.048 0-0.097-0.005-0.147-0.019-0.36-0.084-0.585-0.437-0.504-0.8 0.971-4.325 3.213-8.199 6.484-11.213 0.272-0.249 0.692-0.229 0.943 0.037 0.249 0.271 0.232 0.695-0.039 0.943-3.071 2.825-5.175 6.465-6.087 10.525-0.071 0.317-0.347 0.527-0.651 0.527z\"><\/path>\n        <\/svg><\/span><\/span>\n<h2>Noleggio attrezzatura da surf<\/h2>\n<h5>Noleggia la tua tavola<\/h5>\n<\/div> <\/div><\/div><\/div><\/div>\n\t\t<\/div> \n\t<\/div>\n\t<\/div> \n<\/div><\/div><div id=\"fws_6a9671543a08e\" data-midnight=\"\" data-column-margin=\"default\" class=\"wpb_row vc_row-fluid vc_row inner_row\"  style=\"\"><div class=\"row-bg-wrap\"> <div class=\"row-bg\" ><\/div> <\/div><div class=\"row_col_wrap_12_inner col span_12  left\">\n\t<div  class=\"vc_col-sm-12 wpb_column column_container vc_column_container col child_column no-extra-padding inherit_tablet inherit_phone flex_gap_desktop_10px\"   data-padding-pos=\"all\" data-has-bg-color=\"false\" data-bg-color=\"\" data-bg-opacity=\"1\" data-animation=\"\" data-delay=\"0\" >\n\t\t<div class=\"vc_column-inner\" >\n\t\t<div class=\"wpb_wrapper\">\n\t\t\t<div class=\"divider-wrap\" data-alignment=\"default\"><div style=\"height: 100px;\" class=\"divider\"><\/div><\/div>\n\t\t<\/div> \n\t<\/div>\n\t<\/div> \n<\/div><\/div>\n\t\t\t<\/div> \n\t\t<\/div>\n\t<\/div> \n<\/div><\/div>\n\t\t<div id=\"fws_6a9671543a6ad\"  data-column-margin=\"default\" data-midnight=\"dark\"  class=\"wpb_row vc_row-fluid vc_row\"  style=\"padding-top: 0px; padding-bottom: 0px; \"><div class=\"row-bg-wrap\" data-bg-animation=\"none\" data-bg-animation-delay=\"\" data-bg-overlay=\"false\"><div class=\"inner-wrap row-bg-layer\" ><div class=\"row-bg viewport-desktop\"  style=\"\"><\/div><\/div><\/div><div class=\"row_col_wrap_12 col span_12 dark left\">\n\t<div  class=\"vc_col-sm-12 wpb_column column_container vc_column_container col no-extra-padding inherit_tablet inherit_phone flex_gap_desktop_10px\"  data-padding-pos=\"all\" data-has-bg-color=\"false\" data-bg-color=\"\" data-bg-opacity=\"1\" data-animation=\"\" data-delay=\"0\" >\n\t\t<div class=\"vc_column-inner\" >\n\t\t\t<div class=\"wpb_wrapper\">\n\t\t\t\t<div id=\"rps_6a9671543c1c3\" class=\"nectar-recent-posts-single_featured nectar-recent-posts-element multiple_featured parallax_section\" data-max-width=\"full_width\" data-button-color=\"accent-color\" data-nav-location=\"side\" data-bg-overlay=\"solid_color\" data-padding=\"20%\" data-autorotate=\"5000\" data-height=\"600\" data-animate-in-effect=\"none\" data-remove-post-date=\"1\" data-remove-post-author=\"1\" data-remove-post-comment-number=\"\" data-remove-post-nectar-love=\"\">\n      \n      <div class=\"nectar-recent-post-slide  active post-ref-0\">\n\n        <div class=\"row-bg using-image\" data-parallax-speed=\"fast\">\n          <div class=\"nectar-recent-post-bg\" data-nectar-img-src=\"https:\/\/nalusurf.de\/wp-content\/uploads\/2026\/08\/surfer-typ-welle-fuerteventura.jpg\" style=\" \"><\/div>\n        <\/div>\n\n        <div class=\"recent-post-container container\"><div class=\"inner-wrap\"><div class=\"grav-wrap\"><a href=\"https:\/\/nalusurf.de\/it\/author\/rene\/\"><\/a><div class=\"text\"><span>By <a href=\"https:\/\/nalusurf.de\/it\/author\/rene\/\" rel=\"author\">nalusurf<\/a><\/span><span> In<\/span> <a class=\"blog\" href=\"https:\/\/nalusurf.de\/it\/category\/blog\/\"><span class=\"blog\">Blog<\/span><\/a><\/div><\/div><h2 class=\"large-featured-post-title post-ref-1\">          <a href=\" https:\/\/nalusurf.de\/it\/welcher-surfer-typ-bist-du-test\/\" class=\"full-slide-link\"> Welcher Surfer-Typ bist du? Mach den Test! <\/a>\n          <\/h2>\n                    <a class=\"nectar-button large regular accent-color regular-button has-icon\" data-arrow-style=\"default\" href=\"https:\/\/nalusurf.de\/it\/welcher-surfer-typ-bist-du-test\/\" data-color-override=\"false\" data-hover-color-override=\"false\" data-hover-text-color-override=\"#fff\" >\n            <span>Read Article<\/span>\n            <i class=\"icon-button-arrow\"><\/i>          <\/a>\n\n\n\n          <\/div><!--\/inner-wrap-->\n\n        <\/div><!--\/recent-post-container-->\n\n      <\/div><!--\/nectar-recent-post-slide-->\n\n    \n  \n      \n      <div class=\"nectar-recent-post-slide   post-ref-2\">\n\n        <div class=\"row-bg using-image\" data-parallax-speed=\"fast\">\n          <div class=\"nectar-recent-post-bg\" data-nectar-img-src=\"https:\/\/nalusurf.de\/wp-content\/uploads\/2021\/10\/DSC09484.jpg\" style=\" \"><\/div>\n        <\/div>\n\n        <div class=\"recent-post-container container\"><div class=\"inner-wrap\"><div class=\"grav-wrap\"><a href=\"https:\/\/nalusurf.de\/it\/author\/rene\/\"><\/a><div class=\"text\"><span>By <a href=\"https:\/\/nalusurf.de\/it\/author\/rene\/\" rel=\"author\">nalusurf<\/a><\/span><span> In<\/span> <a class=\"blog\" href=\"https:\/\/nalusurf.de\/it\/category\/blog\/\"><span class=\"blog\">Blog<\/span><\/a><\/div><\/div><h2 class=\"large-featured-post-title post-ref-1\">          <a href=\" https:\/\/nalusurf.de\/it\/wie-lange-dauert-es-surfen-zu-lernen-eine-ehrliche-antwort\/\" class=\"full-slide-link\"> Wie lange dauert es, surfen zu lernen? Eine ehrliche Antwort <\/a>\n          <\/h2>\n                    <a class=\"nectar-button large regular accent-color regular-button has-icon\" data-arrow-style=\"default\" href=\"https:\/\/nalusurf.de\/it\/wie-lange-dauert-es-surfen-zu-lernen-eine-ehrliche-antwort\/\" data-color-override=\"false\" data-hover-color-override=\"false\" data-hover-text-color-override=\"#fff\" >\n            <span>Read Article<\/span>\n            <i class=\"icon-button-arrow\"><\/i>          <\/a>\n\n\n\n          <\/div><!--\/inner-wrap-->\n\n        <\/div><!--\/recent-post-container-->\n\n      <\/div><!--\/nectar-recent-post-slide-->\n\n    \n  \n      \n      <div class=\"nectar-recent-post-slide   post-ref-2\">\n\n        <div class=\"row-bg using-image\" data-parallax-speed=\"fast\">\n          <div class=\"nectar-recent-post-bg\" data-nectar-img-src=\"https:\/\/nalusurf.de\/wp-content\/uploads\/2026\/06\/Frids-Surf-Kopie-scaled.jpg\" style=\" \"><\/div>\n        <\/div>\n\n        <div class=\"recent-post-container container\"><div class=\"inner-wrap\"><div class=\"grav-wrap\"><a href=\"https:\/\/nalusurf.de\/it\/author\/rene\/\"><\/a><div class=\"text\"><span>By <a href=\"https:\/\/nalusurf.de\/it\/author\/rene\/\" rel=\"author\">nalusurf<\/a><\/span><span> In<\/span> <a class=\"blog\" href=\"https:\/\/nalusurf.de\/it\/category\/blog\/\"><span class=\"blog\">Blog<\/span><\/a><\/div><\/div><h2 class=\"large-featured-post-title post-ref-1\">          <a href=\" https:\/\/nalusurf.de\/it\/die-haeufigsten-fehler-beim-surfen-lernen-und-wie-du-sie-vermeidest\/\" class=\"full-slide-link\"> Die h\u00e4ufigsten Fehler beim Surfen lernen \u2013 und wie du sie vermeidest <\/a>\n          <\/h2>\n                    <a class=\"nectar-button large regular accent-color regular-button has-icon\" data-arrow-style=\"default\" href=\"https:\/\/nalusurf.de\/it\/die-haeufigsten-fehler-beim-surfen-lernen-und-wie-du-sie-vermeidest\/\" data-color-override=\"false\" data-hover-color-override=\"false\" data-hover-text-color-override=\"#fff\" >\n            <span>Read Article<\/span>\n            <i class=\"icon-button-arrow\"><\/i>          <\/a>\n\n\n\n          <\/div><!--\/inner-wrap-->\n\n        <\/div><!--\/recent-post-container-->\n\n      <\/div><!--\/nectar-recent-post-slide-->\n\n    \n  \n      \n      <div class=\"nectar-recent-post-slide   post-ref-2\">\n\n        <div class=\"row-bg using-image\" data-parallax-speed=\"fast\">\n          <div class=\"nectar-recent-post-bg\" data-nectar-img-src=\"https:\/\/nalusurf.de\/wp-content\/uploads\/2026\/08\/e-kajak-tour-transparent-tarajalejo-fuerteventura.jpg\" style=\" \"><\/div>\n        <\/div>\n\n        <div class=\"recent-post-container container\"><div class=\"inner-wrap\"><div class=\"grav-wrap\"><a href=\"https:\/\/nalusurf.de\/it\/author\/rene\/\"><\/a><div class=\"text\"><span>By <a href=\"https:\/\/nalusurf.de\/it\/author\/rene\/\" rel=\"author\">nalusurf<\/a><\/span><span> In<\/span> <a class=\"blog\" href=\"https:\/\/nalusurf.de\/it\/category\/blog\/\"><span class=\"blog\">Blog<\/span><\/a><\/div><\/div><h2 class=\"large-featured-post-title post-ref-1\">          <a href=\" https:\/\/nalusurf.de\/it\/die-schoensten-aktivitaeten-im-sueden-fuerteventuras-abseits-des-surfbretts\/\" class=\"full-slide-link\"> Die sch\u00f6nsten Aktivit\u00e4ten im S\u00fcden Fuerteventuras (abseits des Surfbretts) <\/a>\n          <\/h2>\n                    <a class=\"nectar-button large regular accent-color regular-button has-icon\" data-arrow-style=\"default\" href=\"https:\/\/nalusurf.de\/it\/die-schoensten-aktivitaeten-im-sueden-fuerteventuras-abseits-des-surfbretts\/\" data-color-override=\"false\" data-hover-color-override=\"false\" data-hover-text-color-override=\"#fff\" >\n            <span>Read Article<\/span>\n            <i class=\"icon-button-arrow\"><\/i>          <\/a>\n\n\n\n          <\/div><!--\/inner-wrap-->\n\n        <\/div><!--\/recent-post-container-->\n\n      <\/div><!--\/nectar-recent-post-slide-->\n\n    \n  <\/div>\n\t\t\t<\/div> \n\t\t<\/div>\n\t<\/div> \n<\/div><\/div>","protected":false},"excerpt":{"rendered":"Ein Surfurlaub bei uns in La Pared hat einen klaren Rhythmus: fr\u00fch aufstehen, rein in den Atlantik, die beste Welle des Tages erwischen. Doch manchmal legt sogar der Ozean eine...","protected":false},"author":2,"featured_media":11782,"parent":0,"menu_order":0,"comment_status":"closed","ping_status":"closed","template":"","meta":{"footnotes":""},"class_list":["post-1268","page","type-page","status-publish","has-post-thumbnail"],"yoast_head":"<!-- This site is optimized with the Yoast SEO Premium plugin v28.0 (Yoast SEO v28.3) - https:\/\/yoast.com\/product\/yoast-seo-premium-wordpress\/ -->\n<title>Nalusurf - Surfcamp &amp; Surfschule Fuerteventura<\/title>\n<meta name=\"description\" content=\"Surfen lernen f\u00fcr Anf\u00e4nger und Fortgeschrittene. Surfcamp Unterk\u00fcnfte und professionelle Surfkurse. Dein Surf Urlaub auf Fuerteventura\" \/>\n<meta name=\"robots\" content=\"index, follow, max-snippet:-1, max-image-preview:large, max-video-preview:-1\" \/>\n<link rel=\"canonical\" href=\"https:\/\/nalusurf.de\/it\/\" \/>\n<meta property=\"og:locale\" content=\"it_IT\" \/>\n<meta property=\"og:type\" content=\"article\" \/>\n<meta property=\"og:title\" content=\"Nalusurf: Surfschule &amp; Surfcamp Fuerteventura\" \/>\n<meta property=\"og:description\" content=\"Melde dich f\u00fcr unsere Surfkurse an und erlebe das Abenteuer!\" \/>\n<meta property=\"og:url\" content=\"https:\/\/nalusurf.de\/it\/\" \/>\n<meta property=\"og:site_name\" content=\"Nalusurf Surfschool &amp; Surfcamp Fuerteventura\" \/>\n<meta property=\"article:publisher\" content=\"https:\/\/www.facebook.com\/nalusurfsurfcamp\/\" \/>\n<meta property=\"article:modified_time\" content=\"2026-08-31T22:10:37+00:00\" \/>\n<meta property=\"og:image\" content=\"https:\/\/nalusurf.de\/wp-content\/uploads\/2022\/01\/IMG_0508.jpg\" \/>\n\t<meta property=\"og:image:width\" content=\"2048\" \/>\n\t<meta property=\"og:image:height\" content=\"1536\" \/>\n\t<meta property=\"og:image:type\" content=\"image\/jpeg\" \/>\n<meta name=\"twitter:card\" content=\"summary_large_image\" \/>\n<meta name=\"twitter:title\" content=\"Nalusurf: Surfschule &amp; Surfcamp Fuerteventura\" \/>\n<meta name=\"twitter:description\" content=\"Melde dich f\u00fcr unsere Surfkurse an und erlebe das Abenteuer!\" \/>\n<meta name=\"twitter:label1\" content=\"Tempo di lettura stimato\" \/>\n\t<meta name=\"twitter:data1\" content=\"5 minuti\" \/>\n<script type=\"application\/ld+json\" class=\"yoast-schema-graph\">{\"@context\":\"https:\\\/\\\/schema.org\",\"@graph\":[{\"@type\":\"WebPage\",\"@id\":\"https:\\\/\\\/nalusurf.de\\\/\",\"url\":\"https:\\\/\\\/nalusurf.de\\\/\",\"name\":\"Nalusurf - Surfcamp & Surfschule Fuerteventura\",\"isPartOf\":{\"@id\":\"https:\\\/\\\/nalusurf.de\\\/#website\"},\"primaryImageOfPage\":{\"@id\":\"https:\\\/\\\/nalusurf.de\\\/#primaryimage\"},\"image\":{\"@id\":\"https:\\\/\\\/nalusurf.de\\\/#primaryimage\"},\"thumbnailUrl\":\"https:\\\/\\\/nalusurf.de\\\/wp-content\\\/uploads\\\/2022\\\/01\\\/IMG_0508.jpg\",\"datePublished\":\"2017-08-11T09:33:00+00:00\",\"dateModified\":\"2026-08-31T22:10:37+00:00\",\"description\":\"Surfen lernen f\u00fcr Anf\u00e4nger und Fortgeschrittene. Surfcamp Unterk\u00fcnfte und professionelle Surfkurse. Dein Surf Urlaub auf Fuerteventura\",\"breadcrumb\":{\"@id\":\"https:\\\/\\\/nalusurf.de\\\/#breadcrumb\"},\"inLanguage\":\"it-IT\",\"potentialAction\":[{\"@type\":\"ReadAction\",\"target\":[\"https:\\\/\\\/nalusurf.de\\\/\"]}]},{\"@type\":\"ImageObject\",\"inLanguage\":\"it-IT\",\"@id\":\"https:\\\/\\\/nalusurf.de\\\/#primaryimage\",\"url\":\"https:\\\/\\\/nalusurf.de\\\/wp-content\\\/uploads\\\/2022\\\/01\\\/IMG_0508.jpg\",\"contentUrl\":\"https:\\\/\\\/nalusurf.de\\\/wp-content\\\/uploads\\\/2022\\\/01\\\/IMG_0508.jpg\",\"width\":2048,\"height\":1536,\"caption\":\"Zwei Surfer gehen am Strand von La Pared\"},{\"@type\":\"BreadcrumbList\",\"@id\":\"https:\\\/\\\/nalusurf.de\\\/#breadcrumb\",\"itemListElement\":[{\"@type\":\"ListItem\",\"position\":1,\"name\":\"Startseite\",\"item\":\"https:\\\/\\\/nalusurf.de\\\/\"},{\"@type\":\"ListItem\",\"position\":2,\"name\":\"Nalusurf Surfschool &#038; Surfcamp Fuerteventura\"}]},{\"@type\":\"WebSite\",\"@id\":\"https:\\\/\\\/nalusurf.de\\\/#website\",\"url\":\"https:\\\/\\\/nalusurf.de\\\/\",\"name\":\"Nalusurf Surfschool & Surfcamp Fuerteventura\",\"description\":\"Surfen auf Fuerteventura\",\"publisher\":{\"@id\":\"https:\\\/\\\/nalusurf.de\\\/#organization\"},\"potentialAction\":[{\"@type\":\"SearchAction\",\"target\":{\"@type\":\"EntryPoint\",\"urlTemplate\":\"https:\\\/\\\/nalusurf.de\\\/?s={search_term_string}\"},\"query-input\":{\"@type\":\"PropertyValueSpecification\",\"valueRequired\":true,\"valueName\":\"search_term_string\"}}],\"inLanguage\":\"it-IT\"},{\"@type\":[\"Organization\",\"Place\"],\"@id\":\"https:\\\/\\\/nalusurf.de\\\/#organization\",\"name\":\"Nalusurf Surfschool & Surfcamp Fuerteventura\",\"url\":\"https:\\\/\\\/nalusurf.de\\\/\",\"logo\":{\"@id\":\"https:\\\/\\\/nalusurf.de\\\/#local-main-organization-logo\"},\"image\":{\"@id\":\"https:\\\/\\\/nalusurf.de\\\/#local-main-organization-logo\"},\"sameAs\":[\"https:\\\/\\\/www.facebook.com\\\/nalusurfsurfcamp\\\/\",\"https:\\\/\\\/www.instagram.com\\\/nalusurf_fuerteventura\\\/\"],\"address\":{\"@id\":\"https:\\\/\\\/nalusurf.de\\\/#local-main-place-address\"},\"geo\":{\"@type\":\"GeoCoordinates\",\"latitude\":\"28.2127716\",\"longitude\":\"-14.2204954\"},\"telephone\":[\"+4915678730151\"],\"contactPoint\":{\"@type\":\"ContactPoint\",\"telephone\":\"+4915678730151\",\"email\":\"info@nalusurf.com\"},\"openingHoursSpecification\":[{\"@type\":\"OpeningHoursSpecification\",\"dayOfWeek\":[\"Monday\",\"Tuesday\",\"Wednesday\",\"Thursday\",\"Friday\",\"Saturday\"],\"opens\":\"09:00\",\"closes\":\"20:00\"},{\"@type\":\"OpeningHoursSpecification\",\"dayOfWeek\":[\"Sunday\"],\"opens\":\"00:00\",\"closes\":\"00:00\"}],\"email\":\"info@nalusurf.com\",\"areaServed\":\"Fuerteventura\",\"taxID\":\"X3729459G\"},{\"@type\":\"PostalAddress\",\"@id\":\"https:\\\/\\\/nalusurf.de\\\/#local-main-place-address\",\"streetAddress\":\"Avenida del Istmo 33\",\"addressLocality\":\"La Pared\",\"postalCode\":\"35627\",\"addressRegion\":\"Las Palmas\",\"addressCountry\":\"ES\"},{\"@type\":\"ImageObject\",\"inLanguage\":\"it-IT\",\"@id\":\"https:\\\/\\\/nalusurf.de\\\/#local-main-organization-logo\",\"url\":\"https:\\\/\\\/nalusurf.de\\\/wp-content\\\/uploads\\\/2017\\\/08\\\/logo_neu.png\",\"contentUrl\":\"https:\\\/\\\/nalusurf.de\\\/wp-content\\\/uploads\\\/2017\\\/08\\\/logo_neu.png\",\"width\":736,\"height\":266,\"caption\":\"Nalusurf Surfschool & Surfcamp Fuerteventura\"}]}<\/script>\n<meta name=\"geo.placename\" content=\"La Pared\" \/>\n<meta name=\"geo.position\" content=\"28.2127716;-14.2204954\" \/>\n<meta name=\"geo.region\" content=\"Spagna\" \/>\n<!-- \/ Yoast SEO Premium plugin. -->","yoast_head_json":{"title":"Nalusurf - Surf camp e scuola di surf a Fuerteventura","description":"Impara a fare surf: corsi per principianti e avanzati. Alloggi nei surf camp e corsi di surf tenuti da professionisti. La tua vacanza all\u2019insegna del surf a Fuerteventura","robots":{"index":"index","follow":"follow","max-snippet":"max-snippet:-1","max-image-preview":"max-image-preview:large","max-video-preview":"max-video-preview:-1"},"canonical":"https:\/\/nalusurf.de\/it\/","og_locale":"it_IT","og_type":"article","og_title":"Nalusurf: Surfschule & Surfcamp Fuerteventura","og_description":"Melde dich f\u00fcr unsere Surfkurse an und erlebe das Abenteuer!","og_url":"https:\/\/nalusurf.de\/it\/","og_site_name":"Nalusurf Surfschool &amp; Surfcamp Fuerteventura","article_publisher":"https:\/\/www.facebook.com\/nalusurfsurfcamp\/","article_modified_time":"2026-08-31T22:10:37+00:00","og_image":[{"width":2048,"height":1536,"url":"https:\/\/nalusurf.de\/wp-content\/uploads\/2022\/01\/IMG_0508.jpg","type":"image\/jpeg"}],"twitter_card":"summary_large_image","twitter_title":"Nalusurf: Surfschule & Surfcamp Fuerteventura","twitter_description":"Melde dich f\u00fcr unsere Surfkurse an und erlebe das Abenteuer!","twitter_misc":{"Tempo di lettura stimato":"5 minuti"},"schema":{"@context":"https:\/\/schema.org","@graph":[{"@type":"WebPage","@id":"https:\/\/nalusurf.de\/","url":"https:\/\/nalusurf.de\/","name":"Nalusurf - Surf camp e scuola di surf a Fuerteventura","isPartOf":{"@id":"https:\/\/nalusurf.de\/#website"},"primaryImageOfPage":{"@id":"https:\/\/nalusurf.de\/#primaryimage"},"image":{"@id":"https:\/\/nalusurf.de\/#primaryimage"},"thumbnailUrl":"https:\/\/nalusurf.de\/wp-content\/uploads\/2022\/01\/IMG_0508.jpg","datePublished":"2017-08-11T09:33:00+00:00","dateModified":"2026-08-31T22:10:37+00:00","description":"Impara a fare surf: corsi per principianti e avanzati. Alloggi nei surf camp e corsi di surf tenuti da professionisti. La tua vacanza all\u2019insegna del surf a Fuerteventura","breadcrumb":{"@id":"https:\/\/nalusurf.de\/#breadcrumb"},"inLanguage":"it-IT","potentialAction":[{"@type":"ReadAction","target":["https:\/\/nalusurf.de\/"]}]},{"@type":"ImageObject","inLanguage":"it-IT","@id":"https:\/\/nalusurf.de\/#primaryimage","url":"https:\/\/nalusurf.de\/wp-content\/uploads\/2022\/01\/IMG_0508.jpg","contentUrl":"https:\/\/nalusurf.de\/wp-content\/uploads\/2022\/01\/IMG_0508.jpg","width":2048,"height":1536,"caption":"Zwei Surfer gehen am Strand von La Pared"},{"@type":"BreadcrumbList","@id":"https:\/\/nalusurf.de\/#breadcrumb","itemListElement":[{"@type":"ListItem","position":1,"name":"Startseite","item":"https:\/\/nalusurf.de\/"},{"@type":"ListItem","position":2,"name":"Nalusurf Surfschool &#038; Surfcamp Fuerteventura"}]},{"@type":"WebSite","@id":"https:\/\/nalusurf.de\/#website","url":"https:\/\/nalusurf.de\/","name":"Nalusurf Scuola di surf e surf camp a Fuerteventura","description":"Surf a Fuerteventura","publisher":{"@id":"https:\/\/nalusurf.de\/#organization"},"potentialAction":[{"@type":"SearchAction","target":{"@type":"EntryPoint","urlTemplate":"https:\/\/nalusurf.de\/?s={search_term_string}"},"query-input":{"@type":"PropertyValueSpecification","valueRequired":true,"valueName":"search_term_string"}}],"inLanguage":"it-IT"},{"@type":["Organization","Place"],"@id":"https:\/\/nalusurf.de\/#organization","name":"Nalusurf Scuola di surf e surf camp a Fuerteventura","url":"https:\/\/nalusurf.de\/","logo":{"@id":"https:\/\/nalusurf.de\/#local-main-organization-logo"},"image":{"@id":"https:\/\/nalusurf.de\/#local-main-organization-logo"},"sameAs":["https:\/\/www.facebook.com\/nalusurfsurfcamp\/","https:\/\/www.instagram.com\/nalusurf_fuerteventura\/"],"address":{"@id":"https:\/\/nalusurf.de\/#local-main-place-address"},"geo":{"@type":"GeoCoordinates","latitude":"28.2127716","longitude":"-14.2204954"},"telephone":["+4915678730151"],"contactPoint":{"@type":"ContactPoint","telephone":"+4915678730151","email":"info@nalusurf.com"},"openingHoursSpecification":[{"@type":"OpeningHoursSpecification","dayOfWeek":["Monday","Tuesday","Wednesday","Thursday","Friday","Saturday"],"opens":"09:00","closes":"20:00"},{"@type":"OpeningHoursSpecification","dayOfWeek":["Sunday"],"opens":"00:00","closes":"00:00"}],"email":"info@nalusurf.com","areaServed":"Fuerteventura","taxID":"X3729459G"},{"@type":"PostalAddress","@id":"https:\/\/nalusurf.de\/#local-main-place-address","streetAddress":"Avenida del Istmo 33","addressLocality":"La Pared","postalCode":"35627","addressRegion":"Las Palmas","addressCountry":"ES"},{"@type":"ImageObject","inLanguage":"it-IT","@id":"https:\/\/nalusurf.de\/#local-main-organization-logo","url":"https:\/\/nalusurf.de\/wp-content\/uploads\/2017\/08\/logo_neu.png","contentUrl":"https:\/\/nalusurf.de\/wp-content\/uploads\/2017\/08\/logo_neu.png","width":736,"height":266,"caption":"Nalusurf Surfschool & Surfcamp Fuerteventura"}]},"geo.placename":"La Pared","geo.position":{"lat":"28.2127716","long":"-14.2204954"},"geo.region":"Spagna"},"_links":{"self":[{"href":"https:\/\/nalusurf.de\/it\/wp-json\/wp\/v2\/pages\/1268","targetHints":{"allow":["GET"]}}],"collection":[{"href":"https:\/\/nalusurf.de\/it\/wp-json\/wp\/v2\/pages"}],"about":[{"href":"https:\/\/nalusurf.de\/it\/wp-json\/wp\/v2\/types\/page"}],"author":[{"embeddable":true,"href":"https:\/\/nalusurf.de\/it\/wp-json\/wp\/v2\/users\/2"}],"replies":[{"embeddable":true,"href":"https:\/\/nalusurf.de\/it\/wp-json\/wp\/v2\/comments?post=1268"}],"version-history":[{"count":99,"href":"https:\/\/nalusurf.de\/it\/wp-json\/wp\/v2\/pages\/1268\/revisions"}],"predecessor-version":[{"id":14128,"href":"https:\/\/nalusurf.de\/it\/wp-json\/wp\/v2\/pages\/1268\/revisions\/14128"}],"wp:featuredmedia":[{"embeddable":true,"href":"https:\/\/nalusurf.de\/it\/wp-json\/wp\/v2\/media\/11782"}],"wp:attachment":[{"href":"https:\/\/nalusurf.de\/it\/wp-json\/wp\/v2\/media?parent=1268"}],"curies":[{"name":"wp","href":"https:\/\/api.w.org\/{rel}","templated":true}]}}