{"id":1268,"date":"2017-08-11T10:33:00","date_gmt":"2017-08-11T09:33:00","guid":{"rendered":"http:\/\/nalusurf.de\/?page_id=1268"},"modified":"2026-08-26T18:47:09","modified_gmt":"2026-08-26T17:47:09","slug":"surfschool-surfcamp-fuerteventura","status":"publish","type":"page","link":"https:\/\/nalusurf.de\/sk\/","title":{"rendered":"Nalusurf Surfschool &#038; Surfcamp Fuerteventura"},"content":{"rendered":"<div id=\"fws_6a9511a559283\"  data-column-margin=\"default\" data-midnight=\"dark\"  class=\"wpb_row vc_row-fluid vc_row full-width-section vc_row-o-full-height vc_row-o-columns-middle vc_row-o-equal-height vc_row-flex  mobile-disable-bg-image-animation\"  style=\"padding-top: 0px; padding-bottom: 0px; \"><div class=\"row-bg-wrap\" data-bg-animation=\"zoom-out\" data-bg-animation-delay=\"\" data-bg-overlay=\"false\"><div class=\"inner-wrap row-bg-layer using-image\" ><div class=\"row-bg viewport-desktop using-image\"  style=\"background-position: center center; background-repeat: no-repeat; \" data-nectar-img-src=\"https:\/\/nalusurf.de\/wp-content\/uploads\/2026\/08\/Beach-Playa-de-La-Pared-Fuerteventura.jpg\"><\/div><\/div><\/div><div class=\"row_col_wrap_12 col span_12 dark left\">\n\t<div  class=\"vc_col-sm-12 wpb_column column_container vc_column_container col no-extra-padding inherit_tablet inherit_phone flex_gap_desktop_10px\"  data-padding-pos=\"all\" data-has-bg-color=\"false\" data-bg-color=\"\" data-bg-opacity=\"1\" data-animation=\"\" data-delay=\"0\" >\n\t\t<div class=\"vc_column-inner\" >\n\t\t\t<div class=\"wpb_wrapper\">\n\t\t\t\t<div class=\"divider-wrap\" data-alignment=\"default\"><div style=\"height: 90px;\" class=\"divider\"><\/div><\/div><h1 style=\"font-size: 50px;color: #ffffff;text-align: center\" class=\"vc_custom_heading vc_do_custom_heading wpb_animate_when_almost_visible wpb_fadeIn fadeIn\" >\u0160kola surfovania a surfov\u00fd t\u00e1bor na Fuerteventure<\/h1><div class=\"divider-wrap\" data-alignment=\"default\"><div style=\"margin-top: 10px; height: 1px; margin-bottom: 10px;\" data-width=\"100%\" data-animate=\"\" data-animation-delay=\"\" data-color=\"default\" class=\"divider-border\"><\/div><\/div><h2 style=\"font-size: 50px;color: #ffffff;text-align: center\" class=\"vc_custom_heading vc_do_custom_heading wpb_animate_when_almost_visible wpb_fadeIn fadeIn\" >Vitajte v Nalusurf!<\/h2><div class=\"divider-wrap\" data-alignment=\"default\"><div style=\"height: 90px;\" class=\"divider\"><\/div><\/div>\n\t\t\t<\/div> \n\t\t<\/div>\n\t<\/div> \n<\/div><\/div>\n\t\t<div id=\"fws_6a9511a559987\"  data-column-margin=\"default\" data-midnight=\"dark\" data-top-percent=\"5%\" data-bottom-percent=\"5%\"  class=\"wpb_row vc_row-fluid vc_row full-width-section has-row-bg-color\"  style=\"padding-top: calc(100vw * 0.05); padding-bottom: calc(100vw * 0.05); --row-bg-color: #ffffff;\"><div class=\"row-bg-wrap\" data-bg-animation=\"none\" data-bg-animation-delay=\"\" data-bg-overlay=\"false\"><div class=\"inner-wrap row-bg-layer\" ><div class=\"row-bg viewport-desktop using-bg-color\"  style=\"background-color: #ffffff; \"><\/div><\/div><\/div><div class=\"row_col_wrap_12 col span_12 dark left\">\n\t<div  class=\"vc_col-sm-12 wpb_column column_container vc_column_container col no-extra-padding inherit_tablet inherit_phone flex_gap_desktop_10px\"  data-padding-pos=\"all\" data-has-bg-color=\"false\" data-bg-color=\"\" data-bg-opacity=\"1\" data-animation=\"\" data-delay=\"0\" >\n\t\t<div class=\"vc_column-inner\" >\n\t\t\t<div class=\"wpb_wrapper\">\n\t\t\t\t<div id=\"fws_6a9511a559c2f\" data-midnight=\"\" data-column-margin=\"default\" class=\"wpb_row vc_row-fluid vc_row inner_row\"  style=\"\"><div class=\"row-bg-wrap\"> <div class=\"row-bg\" ><\/div> <\/div><div class=\"row_col_wrap_12_inner col span_12  left\">\n\t<div  class=\"vc_col-sm-6 wpb_column column_container vc_column_container col child_column no-extra-padding inherit_tablet inherit_phone flex_gap_desktop_10px\"   data-padding-pos=\"all\" data-has-bg-color=\"false\" data-bg-color=\"\" data-bg-opacity=\"1\" data-animation=\"\" data-delay=\"0\" >\n\t\t<div class=\"vc_column-inner\" >\n\t\t<div class=\"wpb_wrapper\">\n\t\t\t<div class=\"nectar-gradient-text\" data-direction=\"diagonal\" data-color=\"extra-color-gradient-1\" style=\"\"><h2>Priekopn\u00edci z La Pared:<br \/>\nV\u00e1\u0161 surfov\u00fd t\u00e1bor na z\u00e1padnom pobre\u017e\u00ed ostrova Fuerteventura<\/h2><\/div>\n\t\t<\/div> \n\t<\/div>\n\t<\/div> \n\n\t<div  class=\"vc_col-sm-6 wpb_column column_container vc_column_container col child_column no-extra-padding inherit_tablet inherit_phone flex_gap_desktop_10px\"   data-padding-pos=\"all\" data-has-bg-color=\"false\" data-bg-color=\"\" data-bg-opacity=\"1\" data-animation=\"\" data-delay=\"0\" >\n\t\t<div class=\"vc_column-inner\" >\n\t\t<div class=\"wpb_wrapper\">\n\t\t\t\n\t\t<\/div> \n\t<\/div>\n\t<\/div> \n<\/div><\/div><div id=\"fws_6a9511a55a03e\" data-midnight=\"\" data-column-margin=\"default\" class=\"wpb_row vc_row-fluid vc_row inner_row\"  style=\"\"><div class=\"row-bg-wrap\"> <div class=\"row-bg\" ><\/div> <\/div><div class=\"row_col_wrap_12_inner col span_12  left\">\n\t<div  class=\"vc_col-sm-6 wpb_column column_container vc_column_container col child_column padding-3-percent top_margin_phone_-25px inherit_tablet inherit_phone flex_gap_desktop_10px\"   data-padding-pos=\"top-bottom\" data-has-bg-color=\"false\" data-bg-color=\"\" data-bg-opacity=\"1\" data-animation=\"\" data-delay=\"0\" >\n\t\t<div class=\"vc_column-inner\" >\n\t\t<div class=\"wpb_wrapper\">\n\t\t\t\n<div class=\"wpb_text_column wpb_content_element  vc_custom_1754041026053\" >\n\t<p>Vitajte v Nalusurf. Na\u0161a hist\u00f3ria sa za\u010dala u\u017e d\u00e1vno predt\u00fdm, ako vznikli v\u00e4\u010d\u0161ina ostatn\u00fdch surfov\u00fdch \u0161k\u00f4l na z\u00e1padnom pobre\u017e\u00ed. <strong>N\u00e1\u0161 zakladate\u013e, Ralf, bol jedn\u00fdm z prv\u00fdch in\u0161truktorov surfovania na pl\u00e1\u017ei La Pared<\/strong>.<\/p>\n<p>Vtedy bol so svojimi kurzami na pl\u00e1\u017ei takmer s\u00e1m \u2013 \u017eiadne in\u00e9 surfov\u00e9 \u0161koly, \u017eiadne davy, len \u010dist\u00e1 v\u00e1\u0161e\u0148 pre drsn\u00e9, autentick\u00e9 vlny tohto miesta.<\/p>\n<p>Jeho v\u00edzia bola od za\u010diatku tak\u00e1, \u017ee surfovanie nebude len masovou z\u00e1le\u017eitos\u0165ou, ale \u017ee ka\u017ed\u00e9mu jednotliv\u00e9mu \u017eiakovi odovzd\u00e1 techniku a pochopenie oce\u00e1nu, ktor\u00e9 s\u00fa potrebn\u00e9 na skuto\u010dn\u00e9 surfovanie.<\/p>\n<\/div>\n\n\n\n\n\t\t<\/div> \n\t<\/div>\n\t<\/div> \n\n\t<div  class=\"vc_col-sm-6 wpb_column column_container vc_column_container col child_column padding-3-percent inherit_tablet inherit_phone flex_gap_desktop_10px\"   data-padding-pos=\"top-bottom\" data-has-bg-color=\"false\" data-bg-color=\"\" data-bg-opacity=\"1\" data-animation=\"\" data-delay=\"0\" >\n\t\t<div class=\"vc_column-inner\" >\n\t\t<div class=\"wpb_wrapper\">\n\t\t\t\n<div class=\"wpb_text_column wpb_content_element  vc_custom_1754678114571\" >\n\t<p>T\u00e1to zakladaj\u00faca DNA je dodnes na\u0161ou podstatou. Je to d\u00f4vod, pre\u010do sa vedome rozhodujeme pre kvalitu namiesto kvantity. U n\u00e1s sa nenau\u010d\u00ed\u0161 len st\u00e1\u0165 na doske \u2013 nau\u010d\u00ed\u0161 sa sta\u0165 sa surferom.<\/p>\n<h3>To je n\u00e1\u0161 <strong>S\u013eub<\/strong><\/h3>\n<p>Na\u0161\u00edm domovom je La Pared, legend\u00e1rne miesto na z\u00e1padnom pobre\u017e\u00ed, kde \u201eThe Search\u201c nie je pre n\u00e1s len sloganom, ale ka\u017edodennou realitou. Na\u0161ou kyvadlovou dopravou \u0165a pohodlne vyzdvihneme z tvojho ubytovania v <strong>Costa Calma<\/strong> od. Aj \u00a0<strong>Jandia<\/strong>, <strong>Morro Jable<\/strong> alebo <strong>Esquinzo<\/strong> nie s\u00fa \u010faleko. Zavezieme \u0165a tam, kde je surfovanie v najprirodzenej\u0161ej podobe. Si pripraven\u00fd nau\u010di\u0165 sa to poriadne?<\/p>\n<\/div>\n\n\n\n\n\t\t<\/div> \n\t<\/div>\n\t<\/div> \n<\/div><\/div>\n\t\t\t<\/div> \n\t\t<\/div>\n\t<\/div> \n<\/div><\/div>\n\t\t<div id=\"fws_6a9511a55a4f2\"  data-column-margin=\"default\" data-midnight=\"dark\"  class=\"wpb_row vc_row-fluid vc_row full-width-content vc_row-o-equal-height vc_row-flex vc_row-o-content-middle\"  style=\"padding-top: 0px; padding-bottom: 0px; \"><div class=\"row-bg-wrap\" data-bg-animation=\"none\" data-bg-animation-delay=\"\" data-bg-overlay=\"false\"><div class=\"inner-wrap row-bg-layer\" ><div class=\"row-bg viewport-desktop\"  style=\"\"><\/div><\/div><\/div><div class=\"row_col_wrap_12 col span_12 dark left\">\n\t<div  class=\"vc_col-sm-6 wpb_column column_container vc_column_container col no-extra-padding inherit_tablet inherit_phone flex_gap_desktop_10px\"  data-padding-pos=\"all\" data-has-bg-color=\"false\" data-bg-color=\"\" data-bg-opacity=\"1\" data-animation=\"\" data-delay=\"0\" >\n\t\t<div class=\"vc_column-inner\" >\n\t\t\t<div class=\"wpb_wrapper\">\n\t\t\t\t<div class=\"img-with-aniamtion-wrap center nectar-object-position-center-center\" data-max-width=\"100%\" data-max-width-mobile=\"default\" data-shadow=\"none\" data-animation=\"none\" >\n      <div class=\"inner\">\n        <div class=\"hover-wrap\"> \n          <div class=\"hover-wrap-inner\">\n            <img loading=\"lazy\" decoding=\"async\" class=\"img-with-animation skip-lazy nectar-object-cover\" data-delay=\"0\" height=\"1361\" width=\"1814\" data-animation=\"none\" src=\"https:\/\/nalusurf.de\/wp-content\/uploads\/2025\/07\/IMG_0508-Kopie.jpg\" alt=\"Dvaja surferi nes\u00fa zelen\u00e9 a modr\u00e9 surfov\u00e9 dosky po pl\u00e1\u017ei za slne\u010dn\u00e9ho po\u010dasia.\" srcset=\"https:\/\/nalusurf.de\/wp-content\/uploads\/2025\/07\/IMG_0508-Kopie.jpg 1814w, https:\/\/nalusurf.de\/wp-content\/uploads\/2025\/07\/IMG_0508-Kopie-300x225.jpg 300w, https:\/\/nalusurf.de\/wp-content\/uploads\/2025\/07\/IMG_0508-Kopie-1024x768.jpg 1024w, https:\/\/nalusurf.de\/wp-content\/uploads\/2025\/07\/IMG_0508-Kopie-768x576.jpg 768w, https:\/\/nalusurf.de\/wp-content\/uploads\/2025\/07\/IMG_0508-Kopie-1536x1152.jpg 1536w\" sizes=\"auto, (max-width: 1814px) 100vw, 1814px\" \/>\n          <\/div>\n        <\/div>\n        \n      <\/div>\n    <\/div>\n\t\t\t<\/div> \n\t\t<\/div>\n\t<\/div> \n\n\t<div style=\"\" class=\"vc_col-sm-6 wpb_column column_container vc_column_container col padding-5-percent inherit_tablet inherit_phone flex_gap_desktop_10px\" data-using-bg=\"true\" data-padding-pos=\"all\" data-has-bg-color=\"true\" data-bg-color=\"#ffffff\" data-bg-opacity=\"1\" data-animation=\"\" data-delay=\"0\" >\n\t\t<div class=\"vc_column-inner\" ><div class=\"column-bg-overlay-wrap column-bg-layer\" data-bg-animation=\"none\"><div class=\"column-bg-overlay\" style=\"opacity: 1; background-color: #ffffff;\"><\/div><\/div>\n\t\t\t<div class=\"wpb_wrapper\">\n\t\t\t\t<div id=\"fws_6a9511a55aae5\" data-midnight=\"\" data-column-margin=\"default\" class=\"wpb_row vc_row-fluid vc_row inner_row\"  style=\"\"><div class=\"row-bg-wrap\"> <div class=\"row-bg\" ><\/div> <\/div><div class=\"row_col_wrap_12_inner col span_12  left\">\n\t<div  class=\"vc_col-sm-12 wpb_column column_container vc_column_container col child_column has-animation no-extra-padding inherit_tablet inherit_phone flex_gap_desktop_10px\"   data-padding-pos=\"all\" data-has-bg-color=\"false\" data-bg-color=\"\" data-bg-opacity=\"1\" data-animation=\"fade-in-from-bottom\" data-delay=\"0\" >\n\t\t<div class=\"vc_column-inner\" >\n\t\t<div class=\"wpb_wrapper\">\n\t\t\t<div class=\"nectar-gradient-text\" data-direction=\"diagonal\" data-color=\"extra-color-gradient-1\" style=\"\"><h2>Kurz surfovania s priekopn\u00edkmi z La Pared<\/h2><\/div>\n<div class=\"wpb_text_column wpb_content_element  vc_custom_1754041612524\" >\n\t<p>Nau\u010dte sa surfova\u0165 tam, kde sa na tomto mieste za\u010dali profesion\u00e1lne kurzy surfovania. Vyu\u010dujeme pod\u013ea filozofie n\u00e1\u0161ho zakladate\u013ea: so zameran\u00edm na <strong>osved\u010den\u00e1 technol\u00f3gia<\/strong>,<strong> hlbok\u00e9 znalosti o oce\u00e1ne<\/strong> a t\u00e1 <strong>Bezpe\u010dnos\u0165<\/strong>, ktor\u00e9 s\u00fa potrebn\u00e9 v n\u00e1ro\u010dn\u00fdch vln\u00e1ch z\u00e1padn\u00e9ho pobre\u017eia.<\/p>\n<\/div>\n\n\n\n<div class=\"divider-wrap\" data-alignment=\"default\"><div style=\"height: 30px;\" class=\"divider\"><\/div><\/div><h3 style=\"color: #000000;text-align: left\" class=\"vc_custom_heading vc_do_custom_heading vc_custom_1753613267187\" >Toto je n\u00e1\u0161 s\u013eub pre teba:<\/h3><div class=\"nectar-fancy-ul\" data-list-icon=\"dot\" data-animation=\"true\" data-animation-delay=\"0\" data-spacing=\"default\" data-alignment=\"left\"> \n<ul>\n<li style=\"text-align: left;\"><strong>Kvalita namiesto kvantity:<\/strong> V mal\u00fdch skupin\u00e1ch sa postar\u00e1me o to, aby si dostal individu\u00e1lnu starostlivos\u0165, ktor\u00fa masov\u00e9 \u0161koly surfovania nedok\u00e1\u017eu pon\u00faknu\u0165.<\/li>\n<li><strong>Skuto\u010dn\u00e9 vzdel\u00e1vanie:<\/strong> Nenau\u010d\u00edme \u0165a len \u0161tartova\u0165. Vychov\u00e1me z teba surfera, ktor\u00fd vie \u010d\u00edta\u0165 vlny a re\u0161pektova\u0165 pravidl\u00e1 vo vode.<\/li>\n<li><strong>Najlep\u0161ie podmienky:<\/strong> Ako priekopn\u00edci pozn\u00e1me La Pared a juh ostrova Fuerteventura ako svoje vlastn\u00e9 vreck\u00e1. Ka\u017ed\u00fd de\u0148 \u0165a zavedieme presne na to miesto, ktor\u00e9 pre tvoju \u00farove\u0148 pon\u00faka najlep\u0161ie a najbezpe\u010dnej\u0161ie podmienky.<\/li>\n<li style=\"text-align: left;\"><span style=\"font-family: -apple-system, BlinkMacSystemFont, 'Segoe UI', Roboto, Oxygen-Sans, Ubuntu, Cantarell, 'Helvetica Neue', sans-serif;\"><strong>Odborn\u00e1 pr\u00edprava:<\/strong> Na\u0161i in\u0161truktori surfovania s certifik\u00e1tom ISA s\u00fa nielen vynikaj\u00faci surferi, ale predov\u0161etk\u00fdm nad\u0161en\u00ed tr\u00e9neri, ktor\u00ed \u0165a s trpezlivos\u0165ou a rados\u0165ou nau\u010dia surfova\u0165.<\/span><\/li>\n<\/ul>\n <\/div><a class=\"nectar-button large see-through-2\"  role=\"button\" style=\"margin-top: 30px; \"  href=\"https:\/\/nalusurf.de\/sk\/kurz-surfovania-na-fuerteventure\/\" data-color-override=\"false\" data-hover-color-override=\"false\" data-hover-text-color-override=\"#ffffff\"><span>Kurz surfovania<\/span><\/a>\n\t\t<\/div> \n\t<\/div>\n\t<\/div> \n<\/div><\/div>\n\t\t\t<\/div> \n\t\t<\/div>\n\t<\/div> \n<\/div><\/div>\n\t\t<div id=\"fws_6a9511a55b090\"  data-column-margin=\"default\" data-midnight=\"dark\"  class=\"wpb_row vc_row-fluid vc_row full-width-content has-row-bg-color vc_row-o-equal-height vc_row-flex vc_row-o-content-middle\"  style=\"padding-top: 0px; padding-bottom: 0px; --row-bg-color: #ffffff;\"><div class=\"row-bg-wrap\" data-bg-animation=\"none\" data-bg-animation-delay=\"\" data-bg-overlay=\"false\"><div class=\"inner-wrap row-bg-layer\" ><div class=\"row-bg viewport-desktop using-bg-color\"  style=\"background-color: #ffffff; \"><\/div><\/div><\/div><div class=\"row_col_wrap_12 col span_12 dark left\">\n\t<div style=\"\" class=\"vc_col-sm-6 wpb_column column_container vc_column_container col padding-10-percent inherit_tablet inherit_phone flex_gap_desktop_10px\" data-using-bg=\"true\" data-padding-pos=\"all\" data-has-bg-color=\"true\" data-bg-color=\"#f4f4f4\" data-bg-opacity=\"1\" data-animation=\"\" data-delay=\"0\" >\n\t\t<div class=\"vc_column-inner\" ><div class=\"column-bg-overlay-wrap column-bg-layer\" data-bg-animation=\"none\"><div class=\"column-bg-overlay\" style=\"opacity: 1; background-color: #f4f4f4;\"><\/div><\/div>\n\t\t\t<div class=\"wpb_wrapper\">\n\t\t\t\t<div id=\"fws_6a9511a55b2bb\" data-midnight=\"\" data-column-margin=\"default\" class=\"wpb_row vc_row-fluid vc_row inner_row\"  style=\"\"><div class=\"row-bg-wrap\"> <div class=\"row-bg\" ><\/div> <\/div><div class=\"row_col_wrap_12_inner col span_12  left\">\n\t<div  class=\"vc_col-sm-12 wpb_column column_container vc_column_container col child_column has-animation no-extra-padding inherit_tablet inherit_phone flex_gap_desktop_10px\"   data-padding-pos=\"all\" data-has-bg-color=\"false\" data-bg-color=\"\" data-bg-opacity=\"1\" data-animation=\"fade-in-from-bottom\" data-delay=\"0\" >\n\t\t<div class=\"vc_column-inner\" >\n\t\t<div class=\"wpb_wrapper\">\n\t\t\t<div class=\"nectar-gradient-text\" data-direction=\"diagonal\" data-color=\"extra-color-gradient-1\" style=\"\"><h2>Tvoj surfov\u00fd t\u00e1bor na juhu ostrova Fuerteventura:<br \/>\nM\u00e1\u0161 na v\u00fdber<\/h2><\/div><div class=\"divider-wrap\" data-alignment=\"default\"><div style=\"height: 30px;\" class=\"divider\"><\/div><\/div>\n<div class=\"wpb_text_column wpb_content_element  vc_custom_1754041761341\" >\n\t<p>Perfektn\u00e1 surfov\u00e1 dovolenka vyzer\u00e1 pre ka\u017ed\u00e9ho inak. Preto ti v na\u0161om surfovom t\u00e1bore pon\u00fakame nielen jednu, ale hne\u010f dve jedine\u010dn\u00e9 mo\u017enosti, ako si splni\u0165 sen o surfovan\u00ed na juhu ostrova Fuerteventura. Ty sa rozhodne\u0161, ktor\u00e1 atmosf\u00e9ra ti viac vyhovuje.<\/p>\n<h4><strong>Mo\u017enos\u0165 1: B\u00fdvanie priamo v La Pared<\/strong><\/h4>\n<p>Chce\u0161 za\u017ei\u0165 surfovanie na maximum? Na\u0161e apartm\u00e1ny a hotelov\u00e9 izby v La Pared sa nach\u00e1dzaj\u00fa len p\u00e1r krokov od najlep\u0161ieho a najstabilnej\u0161ieho surfovacieho miesta na juhu. Tu sa prebud\u00ed\u0161 pri \u0161umen\u00ed v\u013an, bude\u0161 \u010faleko od zhonu a bude\u0161 \u017ei\u0165 autentick\u00fdm surfersk\u00fdm \u017eivotn\u00fdm \u0161t\u00fdlom. Ide\u00e1lne pre v\u0161etk\u00fdch, ktor\u00ed sa chc\u00fa naplno s\u00fastredi\u0165 na vlny a \u00fachvatn\u00fa pr\u00edrodu z\u00e1padn\u00e9ho pobre\u017eia.<\/p>\n<h4><strong>Mo\u017enos\u0165 2: B\u00fdvanie v Costa Calma<\/strong><\/h4>\n<p>Chce\u0161 to najlep\u0161ie z dvoch svetov? V tom pr\u00edpade s\u00fa na\u0161e ubytovania v Costa Calma tou spr\u00e1vnou vo\u013ebou. Vychutnaj si komfort v podobe re\u0161taur\u00e1ci\u00ed, barov a kilometrov dlhej pieso\u010dnatej pl\u00e1\u017ee priamo pred dverami. A ke\u010f pr\u00edde \u010das na surfovanie, vyzdvihneme \u0165a na\u0161ou bezplatnou kyvadlovou dopravou a odvezieme \u0165a k perfektn\u00fdm vln\u00e1m v La Pared. Takto si spoj\u00ed\u0161 relaxa\u010dn\u00fa dovolenku na pl\u00e1\u017ei s prvotriednym kurzom surfovania.<\/p>\n<p>Nez\u00e1le\u017e\u00ed na tom, pre ktor\u00fa lokalitu sa rozhodne\u0161: v oboch lokalit\u00e1ch ti pon\u00fakame v\u00fdber komfortn\u00fdch apartm\u00e1nov s vlastn\u00fdm stravovan\u00edm alebo hotelov\u00fdch izieb s flexibiln\u00fdmi mo\u017enos\u0165ami stravovania. Ty sa rozhodne\u0161, \u010do vyhovuje tvojmu \u0161t\u00fdlu a rozpo\u010dtu.<\/p>\n<\/div>\n\n\n\n<div class=\"divider-wrap\" data-alignment=\"default\"><div style=\"height: 30px;\" class=\"divider\"><\/div><\/div><a class=\"nectar-button large see-through-2\"  role=\"button\" style=\"margin-top: 30px; \"  href=\"https:\/\/nalusurf.de\/sk\/surfovy-tabor-na-fuerteventure\/\" data-color-override=\"false\" data-hover-color-override=\"false\" data-hover-text-color-override=\"#ffffff\"><span>Surfov\u00fd t\u00e1bor<\/span><\/a>\n\t\t<\/div> \n\t<\/div>\n\t<\/div> \n<\/div><\/div>\n\t\t\t<\/div> \n\t\t<\/div>\n\t<\/div> \n\n\t<div  class=\"vc_col-sm-6 wpb_column column_container vc_column_container col no-extra-padding inherit_tablet inherit_phone flex_gap_desktop_10px\"  data-padding-pos=\"all\" data-has-bg-color=\"false\" data-bg-color=\"\" data-bg-opacity=\"1\" data-animation=\"\" data-delay=\"0\" >\n\t\t<div class=\"vc_column-inner\" >\n\t\t\t<div class=\"wpb_wrapper\">\n\t\t\t\t<div class=\"img-with-aniamtion-wrap center nectar-object-position-center-center\" data-max-width=\"100%\" data-max-width-mobile=\"default\" data-shadow=\"none\" data-animation=\"none\" >\n      <div class=\"inner\">\n        <div class=\"hover-wrap\"> \n          <div class=\"hover-wrap-inner\">\n            <img loading=\"lazy\" decoding=\"async\" class=\"img-with-animation skip-lazy nectar-lazy nectar-object-cover\" data-delay=\"0\" height=\"1334\" width=\"2000\" data-animation=\"none\" data-nectar-img-src=\"https:\/\/nalusurf.de\/wp-content\/uploads\/2024\/05\/Swin-up-13.png\" src=\"data:image\/svg+xml;charset=utf-8,%3Csvg%20xmlns%3D'http%3A%2F%2Fwww.w3.org%2F2000%2Fsvg'%20viewBox%3D'0%200%202000%201334'%2F%3E\" alt=\"Apartm\u00e1n v surfovom t\u00e1bore Nalusurf na Fuerteventure\" data-nectar-img-srcset=\"https:\/\/nalusurf.de\/wp-content\/uploads\/2024\/05\/Swin-up-13.png 2000w, https:\/\/nalusurf.de\/wp-content\/uploads\/2024\/05\/Swin-up-13-300x200.png 300w, https:\/\/nalusurf.de\/wp-content\/uploads\/2024\/05\/Swin-up-13-1024x683.png 1024w, https:\/\/nalusurf.de\/wp-content\/uploads\/2024\/05\/Swin-up-13-768x512.png 768w, https:\/\/nalusurf.de\/wp-content\/uploads\/2024\/05\/Swin-up-13-1536x1025.png 1536w, https:\/\/nalusurf.de\/wp-content\/uploads\/2024\/05\/Swin-up-13-900x600.png 900w\" sizes=\"auto, (max-width: 2000px) 100vw, 2000px\" \/>\n          <\/div>\n        <\/div>\n        \n      <\/div>\n    <\/div>\n\t\t\t<\/div> \n\t\t<\/div>\n\t<\/div> \n<\/div><\/div>\n\t\t<div id=\"fws_6a9511a55bb4f\"  data-column-margin=\"default\" data-midnight=\"dark\"  class=\"wpb_row vc_row-fluid vc_row full-width-content vc_row-o-equal-height vc_row-flex vc_row-o-content-middle\"  style=\"padding-top: 0px; padding-bottom: 0px; \"><div class=\"row-bg-wrap\" data-bg-animation=\"none\" data-bg-animation-delay=\"\" data-bg-overlay=\"false\"><div class=\"inner-wrap row-bg-layer\" ><div class=\"row-bg viewport-desktop\"  style=\"\"><\/div><\/div><\/div><div class=\"row_col_wrap_12 col span_12 dark left\">\n\t<div  class=\"vc_col-sm-6 wpb_column column_container vc_column_container col no-extra-padding inherit_tablet inherit_phone flex_gap_desktop_10px\"  data-padding-pos=\"all\" data-has-bg-color=\"false\" data-bg-color=\"\" data-bg-opacity=\"1\" data-animation=\"\" data-delay=\"0\" >\n\t\t<div class=\"vc_column-inner\" >\n\t\t\t<div class=\"wpb_wrapper\">\n\t\t\t\t<div class=\"img-with-aniamtion-wrap center nectar-object-position-center-center\" data-max-width=\"100%\" data-max-width-mobile=\"default\" data-shadow=\"none\" data-animation=\"none\" >\n      <div class=\"inner\">\n        <div class=\"hover-wrap\"> \n          <div class=\"hover-wrap-inner\">\n            <img loading=\"lazy\" decoding=\"async\" class=\"img-with-animation skip-lazy nectar-lazy nectar-object-cover\" data-delay=\"0\" height=\"1536\" width=\"2048\" data-animation=\"none\" data-nectar-img-src=\"https:\/\/nalusurf.de\/wp-content\/uploads\/2022\/09\/Surfboards-Rental-Verleih-Fuerteventura.jpeg\" src=\"data:image\/svg+xml;charset=utf-8,%3Csvg%20xmlns%3D'http%3A%2F%2Fwww.w3.org%2F2000%2Fsvg'%20viewBox%3D'0%200%202048%201536'%2F%3E\" alt=\"Pren\u00e1jom surfov na Fuerteventure v La Pared\" data-nectar-img-srcset=\"https:\/\/nalusurf.de\/wp-content\/uploads\/2022\/09\/Surfboards-Rental-Verleih-Fuerteventura.jpeg 2048w, https:\/\/nalusurf.de\/wp-content\/uploads\/2022\/09\/Surfboards-Rental-Verleih-Fuerteventura-300x225.jpeg 300w, https:\/\/nalusurf.de\/wp-content\/uploads\/2022\/09\/Surfboards-Rental-Verleih-Fuerteventura-1024x768.jpeg 1024w, https:\/\/nalusurf.de\/wp-content\/uploads\/2022\/09\/Surfboards-Rental-Verleih-Fuerteventura-768x576.jpeg 768w, https:\/\/nalusurf.de\/wp-content\/uploads\/2022\/09\/Surfboards-Rental-Verleih-Fuerteventura-1536x1152.jpeg 1536w\" sizes=\"auto, (max-width: 2048px) 100vw, 2048px\" \/>\n          <\/div>\n        <\/div>\n        \n      <\/div>\n    <\/div>\n\t\t\t<\/div> \n\t\t<\/div>\n\t<\/div> \n\n\t<div style=\"\" class=\"vc_col-sm-6 wpb_column column_container vc_column_container col padding-5-percent inherit_tablet inherit_phone flex_gap_desktop_10px\" data-using-bg=\"true\" data-padding-pos=\"all\" data-has-bg-color=\"true\" data-bg-color=\"#ffffff\" data-bg-opacity=\"1\" data-animation=\"\" data-delay=\"0\" >\n\t\t<div class=\"vc_column-inner\" ><div class=\"column-bg-overlay-wrap column-bg-layer\" data-bg-animation=\"none\"><div class=\"column-bg-overlay\" style=\"opacity: 1; background-color: #ffffff;\"><\/div><\/div>\n\t\t\t<div class=\"wpb_wrapper\">\n\t\t\t\t<div id=\"fws_6a9511a55c007\" data-midnight=\"\" data-column-margin=\"default\" class=\"wpb_row vc_row-fluid vc_row inner_row\"  style=\"\"><div class=\"row-bg-wrap\"> <div class=\"row-bg\" ><\/div> <\/div><div class=\"row_col_wrap_12_inner col span_12  left\">\n\t<div  class=\"vc_col-sm-12 wpb_column column_container vc_column_container col child_column has-animation no-extra-padding inherit_tablet inherit_phone flex_gap_desktop_10px\"   data-padding-pos=\"all\" data-has-bg-color=\"false\" data-bg-color=\"\" data-bg-opacity=\"1\" data-animation=\"fade-in-from-bottom\" data-delay=\"0\" >\n\t\t<div class=\"vc_column-inner\" >\n\t\t<div class=\"wpb_wrapper\">\n\t\t\t<div class=\"nectar-gradient-text\" data-direction=\"diagonal\" data-color=\"extra-color-gradient-1\" style=\"\"><h2>Pren\u00e1jom surfov na Fuerteventure:<br \/>\nPerfektn\u00e1 doska na vlny v La Pared<\/h2><\/div><div class=\"divider-wrap\" data-alignment=\"default\"><div style=\"height: 30px;\" class=\"divider\"><\/div><\/div>\n<div class=\"wpb_text_column wpb_content_element  vc_custom_1754047381792\" >\n\t<p>Spr\u00e1vna surfov\u00e1 doska je k\u013e\u00fa\u010dom k nezabudnute\u013enej jazde. Ale ktor\u00e1 doska sa hod\u00ed k tvojim schopnostiam a dne\u0161n\u00fdm podmienkam v <strong>La Pared<\/strong> alebo in\u00e9 <strong>Miesta na surfovanie na juhu ostrova Fuerteventura<\/strong>? Pr\u00e1ve v tomto sa n\u00e1\u0161 produkt odli\u0161uje <strong>P\u00f4\u017ei\u010dov\u0148a surfov<\/strong> od in\u00fdch.<\/p>\n<h3>Najlep\u0161ia surfov\u00e1 v\u00fdbava pre tvoju surfov\u00fa dovolenku<\/h3>\n<p>U n\u00e1s ti ned\u00e1me len tak nejak\u00fa dosku do ruky. \u017dijeme pod\u013ea n\u00e1\u0161ho <strong>Filozofia kvality<\/strong> aj pri v\u00fdbere vybavenia: venujeme ti \u010das a osobne ti porad\u00edme. Na z\u00e1klade na\u0161ich dlhoro\u010dn\u00fdch sk\u00fasenost\u00ed s miestami na juhu ostrova Fuerteventura spolo\u010dne n\u00e1jdeme dosku, ktor\u00e1 ti zaru\u010d\u00ed maxim\u00e1lnu z\u00e1bavu a \u00faspech pri u\u010den\u00ed sa vo vode.<\/p>\n<p>Nez\u00e1le\u017e\u00ed na tom, \u010di si v <strong>Costa Calma<\/strong>, <strong>Morro Jable<\/strong> alebo <strong>Jandia<\/strong> b\u00fdva\u0161 \u2013 postar\u00e1me sa o to, aby si mal k dispoz\u00edcii prvotriedny materi\u00e1l od \u0161pi\u010dkov\u00fdch zna\u010diek, ako s\u00fa <strong>Lib Tech<\/strong>, <strong>Straten\u00fd<\/strong>, <strong>Torq<\/strong> a <strong>Softech<\/strong> bude\u0161 perfektne pripraven\u00fd na de\u0148 str\u00e1ven\u00fd surfovan\u00edm. Tvoj pokrok a tvoja bezpe\u010dnos\u0165 s\u00fa toti\u017e na\u0161ou najvy\u0161\u0161ou prioritou.<\/p>\n<\/div>\n\n\n\n<div class=\"divider-wrap\" data-alignment=\"default\"><div style=\"height: 30px;\" class=\"divider\"><\/div><\/div><a class=\"nectar-button large see-through-2\"  role=\"button\" style=\"margin-top: 30px; \"  href=\"https:\/\/nalusurf.de\/sk\/pozicovna-surfov\/\" data-color-override=\"false\" data-hover-color-override=\"false\" data-hover-text-color-override=\"#ffffff\"><span>Po\u017ei\u010dov\u0148a<\/span><\/a>\n\t\t<\/div> \n\t<\/div>\n\t<\/div> \n<\/div><\/div>\n\t\t\t<\/div> \n\t\t<\/div>\n\t<\/div> \n<\/div><\/div>\n\t\t<div id=\"fws_6a9511a55c48b\"  data-column-margin=\"default\" data-midnight=\"dark\" data-top-percent=\"5%\"  class=\"wpb_row vc_row-fluid vc_row full-width-content vc_row-o-equal-height vc_row-flex vc_row-o-content-top\"  style=\"padding-top: calc(100vw * 0.05); padding-bottom: 0px; \"><div class=\"row-bg-wrap\" data-bg-animation=\"none\" data-bg-animation-delay=\"\" data-bg-overlay=\"false\"><div class=\"inner-wrap row-bg-layer\" ><div class=\"row-bg viewport-desktop\"  style=\"\"><\/div><\/div><\/div><div class=\"row_col_wrap_12 col span_12 dark left\">\n\t<div  class=\"vc_col-sm-12 wpb_column column_container vc_column_container col no-extra-padding inherit_tablet inherit_phone flex_gap_desktop_10px\"  data-padding-pos=\"all\" data-has-bg-color=\"false\" data-bg-color=\"\" data-bg-opacity=\"1\" data-animation=\"\" data-delay=\"0\" >\n\t\t<div class=\"vc_column-inner\" >\n\t\t\t<div class=\"wpb_wrapper\">\n\t\t\t\t<div id=\"fws_6a9511a55c6de\" data-midnight=\"\" data-column-margin=\"default\" class=\"wpb_row vc_row-fluid vc_row inner_row\"  style=\"\"><div class=\"row-bg-wrap\"> <div class=\"row-bg\" ><\/div> <\/div><div class=\"row_col_wrap_12_inner col span_12  left\">\n\t<div  class=\"vc_col-sm-4 wpb_column column_container vc_column_container col child_column no-extra-padding inherit_tablet inherit_phone flex_gap_desktop_10px\"   data-padding-pos=\"all\" data-has-bg-color=\"false\" data-bg-color=\"\" data-bg-opacity=\"1\" data-animation=\"\" data-delay=\"0\" >\n\t\t<div class=\"vc_column-inner\" >\n\t\t<div class=\"wpb_wrapper\">\n\t\t\t<div class=\"nectar-fancy-box style-5 using-img\" data-align=\"middle\" data-overlay-opacity=\"0.6\" data-overlay-opacity-hover=\"0.2\" data-style=\"parallax_hover\" data-border-radius=\"default\" data-animation=\"\" data-delay=\"\" data-color=\"accent-color\"><a  href=\"https:\/\/nalusurf.de\/sk\/kurz-surfovania-na-fuerteventure\/\" class=\"box-link\"><span class=\"screen-reader-text\">Learn more<\/span><\/a><div class=\"parallaxImg\"><div class=\"parallaxImg-layer\" data-img=\"https:\/\/nalusurf.de\/wp-content\/uploads\/2022\/01\/IMG_0508.jpg\"><\/div><div class=\"parallaxImg-layer\"> <div class=\"meta-wrap\" style=\"min-height: 600px\"><div class=\"inner\"><i class=\"icon-default-style fa fa-users\" data-color=\"accent-color\" style=\"font-size: 50px!important; line-height: 50px!important;\"><\/i>\n<h2>Kurz surfovania<\/h2>\n<h5>Nau\u010d sa surfova\u0165<\/h5>\n<\/div> <\/div><\/div><\/div><\/div>\n\t\t<\/div> \n\t<\/div>\n\t<\/div> \n\n\t<div  class=\"vc_col-sm-4 wpb_column column_container vc_column_container col child_column no-extra-padding inherit_tablet inherit_phone flex_gap_desktop_10px\"   data-padding-pos=\"all\" data-has-bg-color=\"false\" data-bg-color=\"\" data-bg-opacity=\"1\" data-animation=\"\" data-delay=\"0\" >\n\t\t<div class=\"vc_column-inner\" >\n\t\t<div class=\"wpb_wrapper\">\n\t\t\t<div class=\"nectar-fancy-box style-5 using-img\" data-align=\"middle\" data-overlay-opacity=\"0.6\" data-overlay-opacity-hover=\"0.2\" data-style=\"parallax_hover\" data-border-radius=\"default\" data-animation=\"\" data-delay=\"\" data-color=\"accent-color\"><a  href=\"https:\/\/nalusurf.de\/sk\/surfovy-tabor-na-fuerteventure\/\" class=\"box-link\"><span class=\"screen-reader-text\">Learn more<\/span><\/a><div class=\"parallaxImg\"><div class=\"parallaxImg-layer\" data-img=\"https:\/\/nalusurf.de\/wp-content\/uploads\/2025\/07\/Surfcamp-Apartment-La-Pared-Fuerteventura-Poolhouse21.jpg\"><\/div><div class=\"parallaxImg-layer\"> <div class=\"meta-wrap\" style=\"min-height: 600px\"><div class=\"inner\"><i class=\"icon-default-style fa fa-home\" data-color=\"accent-color\" style=\"font-size: 50px!important; line-height: 50px!important;\"><\/i>\n<h2>Surfov\u00fd t\u00e1bor<\/h2>\n<h5>Ubytovanie a kurz surfovania<\/h5>\n<\/div> <\/div><\/div><\/div><\/div>\n\t\t<\/div> \n\t<\/div>\n\t<\/div> \n\n\t<div  class=\"vc_col-sm-4 wpb_column column_container vc_column_container col child_column no-extra-padding inherit_tablet inherit_phone flex_gap_desktop_10px\"   data-padding-pos=\"all\" data-has-bg-color=\"false\" data-bg-color=\"\" data-bg-opacity=\"1\" data-animation=\"\" data-delay=\"0\" >\n\t\t<div class=\"vc_column-inner\" >\n\t\t<div class=\"wpb_wrapper\">\n\t\t\t<div class=\"nectar-fancy-box style-5 using-img\" data-align=\"middle\" data-overlay-opacity=\"0.6\" data-overlay-opacity-hover=\"0.2\" data-style=\"parallax_hover\" data-border-radius=\"default\" data-animation=\"\" data-delay=\"\" data-color=\"accent-color\"><a  href=\"https:\/\/nalusurf.de\/sk\/pozicovna-surfov\/\" class=\"box-link\"><span class=\"screen-reader-text\">Learn more<\/span><\/a><div class=\"parallaxImg\"><div class=\"parallaxImg-layer\" data-img=\"https:\/\/nalusurf.de\/wp-content\/uploads\/2022\/09\/Surfboards-Rental-Verleih-Fuerteventura.jpeg\"><\/div><div class=\"parallaxImg-layer\"> <div class=\"meta-wrap\" style=\"min-height: 600px\"><div class=\"inner\"><span class=\"im-icon-wrap\" data-color=\"accent-color\"><span><svg role=\"presentation\" version=\"1.1\" xmlns=\"http:\/\/www.w3.org\/2000\/svg\" width=\"50\" height=\"50\" viewbox=\"0 0 32 32\">\n        <path d=\"M30.667 27.333h-6.723c-0.103 0-0.201-0.024-0.296-0.069-3.5-1.725-5.352-5.423-5.083-10.144 0.223-3.899 2.064-8.412 5.259-10.937-10.369 1.331-18.132 9.853-18.132 20.484 0 0.367-0.299 0.667-0.667 0.667h-3.692c-0.368 0-0.667-0.3-0.667-0.667s0.299-0.667 0.667-0.667h3.037c0.345-12.019 10.020-21.333 22.309-21.333 0.324 0 0.601 0.233 0.657 0.552 0.056 0.32-0.127 0.633-0.431 0.743-3.765 1.352-6.711 6.076-7.007 11.235-0.235 4.099 1.296 7.301 4.204 8.805h6.563c0.367 0 0.667 0.299 0.667 0.667s-0.3 0.665-0.667 0.665zM8.216 23.924c-0.048 0-0.097-0.005-0.147-0.019-0.36-0.084-0.585-0.437-0.504-0.8 0.971-4.325 3.213-8.199 6.484-11.213 0.272-0.249 0.692-0.229 0.943 0.037 0.249 0.271 0.232 0.695-0.039 0.943-3.071 2.825-5.175 6.465-6.087 10.525-0.071 0.317-0.347 0.527-0.651 0.527z\"><\/path>\n        <\/svg><\/span><\/span>\n<h2>Pren\u00e1jom surfov<\/h2>\n<h5>Po\u017ei\u010daj si dosku<\/h5>\n<\/div> <\/div><\/div><\/div><\/div>\n\t\t<\/div> \n\t<\/div>\n\t<\/div> \n<\/div><\/div><div id=\"fws_6a9511a55d17f\" data-midnight=\"\" data-column-margin=\"default\" class=\"wpb_row vc_row-fluid vc_row inner_row\"  style=\"\"><div class=\"row-bg-wrap\"> <div class=\"row-bg\" ><\/div> <\/div><div class=\"row_col_wrap_12_inner col span_12  left\">\n\t<div  class=\"vc_col-sm-12 wpb_column column_container vc_column_container col child_column no-extra-padding inherit_tablet inherit_phone flex_gap_desktop_10px\"   data-padding-pos=\"all\" data-has-bg-color=\"false\" data-bg-color=\"\" data-bg-opacity=\"1\" data-animation=\"\" data-delay=\"0\" >\n\t\t<div class=\"vc_column-inner\" >\n\t\t<div class=\"wpb_wrapper\">\n\t\t\t<div class=\"divider-wrap\" data-alignment=\"default\"><div style=\"height: 100px;\" class=\"divider\"><\/div><\/div>\n\t\t<\/div> \n\t<\/div>\n\t<\/div> \n<\/div><\/div>\n\t\t\t<\/div> \n\t\t<\/div>\n\t<\/div> \n<\/div><\/div>\n\t\t<div id=\"fws_6a9511a55d4f6\"  data-column-margin=\"default\" data-midnight=\"dark\"  class=\"wpb_row vc_row-fluid vc_row\"  style=\"padding-top: 0px; padding-bottom: 0px; \"><div class=\"row-bg-wrap\" data-bg-animation=\"none\" data-bg-animation-delay=\"\" data-bg-overlay=\"false\"><div class=\"inner-wrap row-bg-layer\" ><div class=\"row-bg viewport-desktop\"  style=\"\"><\/div><\/div><\/div><div class=\"row_col_wrap_12 col span_12 dark left\">\n\t<div  class=\"vc_col-sm-12 wpb_column column_container vc_column_container col no-extra-padding inherit_tablet inherit_phone flex_gap_desktop_10px\"  data-padding-pos=\"all\" data-has-bg-color=\"false\" data-bg-color=\"\" data-bg-opacity=\"1\" data-animation=\"\" data-delay=\"0\" >\n\t\t<div class=\"vc_column-inner\" >\n\t\t\t<div class=\"wpb_wrapper\">\n\t\t\t\t<div id=\"rps_6a9511a55dc67\" class=\"nectar-recent-posts-single_featured nectar-recent-posts-element multiple_featured parallax_section\" data-max-width=\"full_width\" data-button-color=\"accent-color\" data-nav-location=\"side\" data-bg-overlay=\"solid_color\" data-padding=\"20%\" data-autorotate=\"5000\" data-height=\"600\" data-animate-in-effect=\"none\" data-remove-post-date=\"1\" data-remove-post-author=\"1\" data-remove-post-comment-number=\"\" data-remove-post-nectar-love=\"\">\n      \n      <div class=\"nectar-recent-post-slide  active post-ref-0\">\n\n        <div class=\"row-bg using-image\" data-parallax-speed=\"fast\">\n          <div class=\"nectar-recent-post-bg\" data-nectar-img-src=\"https:\/\/nalusurf.de\/wp-content\/uploads\/2026\/08\/surfer-typ-welle-fuerteventura.jpg\" style=\" \"><\/div>\n        <\/div>\n\n        <div class=\"recent-post-container container\"><div class=\"inner-wrap\"><div class=\"grav-wrap\"><a href=\"https:\/\/nalusurf.de\/sk\/author\/rene\/\"><\/a><div class=\"text\"><span>By <a href=\"https:\/\/nalusurf.de\/sk\/author\/rene\/\" rel=\"author\">nalusurf<\/a><\/span><span> In<\/span> <a class=\"blog\" href=\"https:\/\/nalusurf.de\/sk\/category\/blog\/\"><span class=\"blog\">Blog<\/span><\/a><\/div><\/div><h2 class=\"large-featured-post-title post-ref-1\">          <a href=\" https:\/\/nalusurf.de\/sk\/welcher-surfer-typ-bist-du-test\/\" class=\"full-slide-link\"> Welcher Surfer-Typ bist du? Mach den Test! <\/a>\n          <\/h2>\n                    <a class=\"nectar-button large regular accent-color regular-button has-icon\" data-arrow-style=\"default\" href=\"https:\/\/nalusurf.de\/sk\/welcher-surfer-typ-bist-du-test\/\" data-color-override=\"false\" data-hover-color-override=\"false\" data-hover-text-color-override=\"#fff\" >\n            <span>Read Article<\/span>\n            <i class=\"icon-button-arrow\"><\/i>          <\/a>\n\n\n\n          <\/div><!--\/inner-wrap-->\n\n        <\/div><!--\/recent-post-container-->\n\n      <\/div><!--\/nectar-recent-post-slide-->\n\n    \n  \n      \n      <div class=\"nectar-recent-post-slide   post-ref-2\">\n\n        <div class=\"row-bg using-image\" data-parallax-speed=\"fast\">\n          <div class=\"nectar-recent-post-bg\" data-nectar-img-src=\"https:\/\/nalusurf.de\/wp-content\/uploads\/2021\/10\/DSC09484.jpg\" style=\" \"><\/div>\n        <\/div>\n\n        <div class=\"recent-post-container container\"><div class=\"inner-wrap\"><div class=\"grav-wrap\"><a href=\"https:\/\/nalusurf.de\/sk\/author\/rene\/\"><\/a><div class=\"text\"><span>By <a href=\"https:\/\/nalusurf.de\/sk\/author\/rene\/\" rel=\"author\">nalusurf<\/a><\/span><span> In<\/span> <a class=\"blog\" href=\"https:\/\/nalusurf.de\/sk\/category\/blog\/\"><span class=\"blog\">Blog<\/span><\/a><\/div><\/div><h2 class=\"large-featured-post-title post-ref-1\">          <a href=\" https:\/\/nalusurf.de\/sk\/wie-lange-dauert-es-surfen-zu-lernen-eine-ehrliche-antwort\/\" class=\"full-slide-link\"> Wie lange dauert es, surfen zu lernen? Eine ehrliche Antwort <\/a>\n          <\/h2>\n                    <a class=\"nectar-button large regular accent-color regular-button has-icon\" data-arrow-style=\"default\" href=\"https:\/\/nalusurf.de\/sk\/wie-lange-dauert-es-surfen-zu-lernen-eine-ehrliche-antwort\/\" data-color-override=\"false\" data-hover-color-override=\"false\" data-hover-text-color-override=\"#fff\" >\n            <span>Read Article<\/span>\n            <i class=\"icon-button-arrow\"><\/i>          <\/a>\n\n\n\n          <\/div><!--\/inner-wrap-->\n\n        <\/div><!--\/recent-post-container-->\n\n      <\/div><!--\/nectar-recent-post-slide-->\n\n    \n  \n      \n      <div class=\"nectar-recent-post-slide   post-ref-2\">\n\n        <div class=\"row-bg using-image\" data-parallax-speed=\"fast\">\n          <div class=\"nectar-recent-post-bg\" data-nectar-img-src=\"https:\/\/nalusurf.de\/wp-content\/uploads\/2026\/06\/Frids-Surf-Kopie-scaled.jpg\" style=\" \"><\/div>\n        <\/div>\n\n        <div class=\"recent-post-container container\"><div class=\"inner-wrap\"><div class=\"grav-wrap\"><a href=\"https:\/\/nalusurf.de\/sk\/author\/rene\/\"><\/a><div class=\"text\"><span>By <a href=\"https:\/\/nalusurf.de\/sk\/author\/rene\/\" rel=\"author\">nalusurf<\/a><\/span><span> In<\/span> <a class=\"blog\" href=\"https:\/\/nalusurf.de\/sk\/category\/blog\/\"><span class=\"blog\">Blog<\/span><\/a><\/div><\/div><h2 class=\"large-featured-post-title post-ref-1\">          <a href=\" https:\/\/nalusurf.de\/sk\/die-haeufigsten-fehler-beim-surfen-lernen-und-wie-du-sie-vermeidest\/\" class=\"full-slide-link\"> Die h\u00e4ufigsten Fehler beim Surfen lernen \u2013 und wie du sie vermeidest <\/a>\n          <\/h2>\n                    <a class=\"nectar-button large regular accent-color regular-button has-icon\" data-arrow-style=\"default\" href=\"https:\/\/nalusurf.de\/sk\/die-haeufigsten-fehler-beim-surfen-lernen-und-wie-du-sie-vermeidest\/\" data-color-override=\"false\" data-hover-color-override=\"false\" data-hover-text-color-override=\"#fff\" >\n            <span>Read Article<\/span>\n            <i class=\"icon-button-arrow\"><\/i>          <\/a>\n\n\n\n          <\/div><!--\/inner-wrap-->\n\n        <\/div><!--\/recent-post-container-->\n\n      <\/div><!--\/nectar-recent-post-slide-->\n\n    \n  \n      \n      <div class=\"nectar-recent-post-slide   post-ref-2\">\n\n        <div class=\"row-bg using-image\" data-parallax-speed=\"fast\">\n          <div class=\"nectar-recent-post-bg\" data-nectar-img-src=\"https:\/\/nalusurf.de\/wp-content\/uploads\/2026\/08\/e-kajak-tour-transparent-tarajalejo-fuerteventura.jpg\" style=\" \"><\/div>\n        <\/div>\n\n        <div class=\"recent-post-container container\"><div class=\"inner-wrap\"><div class=\"grav-wrap\"><a href=\"https:\/\/nalusurf.de\/sk\/author\/rene\/\"><\/a><div class=\"text\"><span>By <a href=\"https:\/\/nalusurf.de\/sk\/author\/rene\/\" rel=\"author\">nalusurf<\/a><\/span><span> In<\/span> <a class=\"blog\" href=\"https:\/\/nalusurf.de\/sk\/category\/blog\/\"><span class=\"blog\">Blog<\/span><\/a><\/div><\/div><h2 class=\"large-featured-post-title post-ref-1\">          <a href=\" https:\/\/nalusurf.de\/sk\/die-schoensten-aktivitaeten-im-sueden-fuerteventuras-abseits-des-surfbretts\/\" class=\"full-slide-link\"> Die sch\u00f6nsten Aktivit\u00e4ten im S\u00fcden Fuerteventuras (abseits des Surfbretts) <\/a>\n          <\/h2>\n                    <a class=\"nectar-button large regular accent-color regular-button has-icon\" data-arrow-style=\"default\" href=\"https:\/\/nalusurf.de\/sk\/die-schoensten-aktivitaeten-im-sueden-fuerteventuras-abseits-des-surfbretts\/\" data-color-override=\"false\" data-hover-color-override=\"false\" data-hover-text-color-override=\"#fff\" >\n            <span>Read Article<\/span>\n            <i class=\"icon-button-arrow\"><\/i>          <\/a>\n\n\n\n          <\/div><!--\/inner-wrap-->\n\n        <\/div><!--\/recent-post-container-->\n\n      <\/div><!--\/nectar-recent-post-slide-->\n\n    \n  <\/div>\n\t\t\t<\/div> \n\t\t<\/div>\n\t<\/div> \n<\/div><\/div>","protected":false},"excerpt":{"rendered":"Ein Surfurlaub bei uns in La Pared hat einen klaren Rhythmus: fr\u00fch aufstehen, rein in den Atlantik, die beste Welle des Tages erwischen. Doch manchmal legt sogar der Ozean eine...","protected":false},"author":2,"featured_media":11782,"parent":0,"menu_order":0,"comment_status":"closed","ping_status":"closed","template":"","meta":{"footnotes":""},"class_list":["post-1268","page","type-page","status-publish","has-post-thumbnail"],"yoast_head":"<!-- This site is optimized with the Yoast SEO Premium plugin v28.0 (Yoast SEO v28.3) - https:\/\/yoast.com\/product\/yoast-seo-premium-wordpress\/ -->\n<title>Nalusurf - Surfcamp &amp; Surfschule Fuerteventura<\/title>\n<meta name=\"description\" content=\"Surfen lernen f\u00fcr Anf\u00e4nger und Fortgeschrittene. Surfcamp Unterk\u00fcnfte und professionelle Surfkurse. Dein Surf Urlaub auf Fuerteventura\" \/>\n<meta name=\"robots\" content=\"index, follow, max-snippet:-1, max-image-preview:large, max-video-preview:-1\" \/>\n<link rel=\"canonical\" href=\"https:\/\/nalusurf.de\/sk\/\" \/>\n<meta property=\"og:locale\" content=\"sk_SK\" \/>\n<meta property=\"og:type\" content=\"article\" \/>\n<meta property=\"og:title\" content=\"Nalusurf: Surfschule &amp; Surfcamp Fuerteventura\" \/>\n<meta property=\"og:description\" content=\"Melde dich f\u00fcr unsere Surfkurse an und erlebe das Abenteuer!\" \/>\n<meta property=\"og:url\" content=\"https:\/\/nalusurf.de\/sk\/\" \/>\n<meta property=\"og:site_name\" content=\"Nalusurf Surfschool &amp; Surfcamp Fuerteventura\" \/>\n<meta property=\"article:publisher\" content=\"https:\/\/www.facebook.com\/nalusurfsurfcamp\/\" \/>\n<meta property=\"article:modified_time\" content=\"2026-08-26T17:47:09+00:00\" \/>\n<meta property=\"og:image\" content=\"https:\/\/nalusurf.de\/wp-content\/uploads\/2022\/01\/IMG_0508.jpg\" \/>\n\t<meta property=\"og:image:width\" content=\"2048\" \/>\n\t<meta property=\"og:image:height\" content=\"1536\" \/>\n\t<meta property=\"og:image:type\" content=\"image\/jpeg\" \/>\n<meta name=\"twitter:card\" content=\"summary_large_image\" \/>\n<meta name=\"twitter:title\" content=\"Nalusurf: Surfschule &amp; Surfcamp Fuerteventura\" \/>\n<meta name=\"twitter:description\" content=\"Melde dich f\u00fcr unsere Surfkurse an und erlebe das Abenteuer!\" \/>\n<meta name=\"twitter:label1\" content=\"Predpokladan\u00fd \u010das \u010d\u00edtania\" \/>\n\t<meta name=\"twitter:data1\" content=\"7 min\u00fat\" \/>\n<script type=\"application\/ld+json\" class=\"yoast-schema-graph\">{\"@context\":\"https:\\\/\\\/schema.org\",\"@graph\":[{\"@type\":\"WebPage\",\"@id\":\"https:\\\/\\\/nalusurf.de\\\/\",\"url\":\"https:\\\/\\\/nalusurf.de\\\/\",\"name\":\"Nalusurf - Surfcamp & Surfschule Fuerteventura\",\"isPartOf\":{\"@id\":\"https:\\\/\\\/nalusurf.de\\\/#website\"},\"primaryImageOfPage\":{\"@id\":\"https:\\\/\\\/nalusurf.de\\\/#primaryimage\"},\"image\":{\"@id\":\"https:\\\/\\\/nalusurf.de\\\/#primaryimage\"},\"thumbnailUrl\":\"https:\\\/\\\/nalusurf.de\\\/wp-content\\\/uploads\\\/2022\\\/01\\\/IMG_0508.jpg\",\"datePublished\":\"2017-08-11T09:33:00+00:00\",\"dateModified\":\"2026-08-26T17:47:09+00:00\",\"description\":\"Surfen lernen f\u00fcr Anf\u00e4nger und Fortgeschrittene. Surfcamp Unterk\u00fcnfte und professionelle Surfkurse. Dein Surf Urlaub auf Fuerteventura\",\"breadcrumb\":{\"@id\":\"https:\\\/\\\/nalusurf.de\\\/#breadcrumb\"},\"inLanguage\":\"sk-SK\",\"potentialAction\":[{\"@type\":\"ReadAction\",\"target\":[\"https:\\\/\\\/nalusurf.de\\\/\"]}]},{\"@type\":\"ImageObject\",\"inLanguage\":\"sk-SK\",\"@id\":\"https:\\\/\\\/nalusurf.de\\\/#primaryimage\",\"url\":\"https:\\\/\\\/nalusurf.de\\\/wp-content\\\/uploads\\\/2022\\\/01\\\/IMG_0508.jpg\",\"contentUrl\":\"https:\\\/\\\/nalusurf.de\\\/wp-content\\\/uploads\\\/2022\\\/01\\\/IMG_0508.jpg\",\"width\":2048,\"height\":1536,\"caption\":\"Zwei Surfer gehen am Strand von La Pared\"},{\"@type\":\"BreadcrumbList\",\"@id\":\"https:\\\/\\\/nalusurf.de\\\/#breadcrumb\",\"itemListElement\":[{\"@type\":\"ListItem\",\"position\":1,\"name\":\"Startseite\",\"item\":\"https:\\\/\\\/nalusurf.de\\\/\"},{\"@type\":\"ListItem\",\"position\":2,\"name\":\"Nalusurf Surfschool &#038; Surfcamp Fuerteventura\"}]},{\"@type\":\"WebSite\",\"@id\":\"https:\\\/\\\/nalusurf.de\\\/#website\",\"url\":\"https:\\\/\\\/nalusurf.de\\\/\",\"name\":\"Nalusurf Surfschool & Surfcamp Fuerteventura\",\"description\":\"Surfen auf Fuerteventura\",\"publisher\":{\"@id\":\"https:\\\/\\\/nalusurf.de\\\/#organization\"},\"potentialAction\":[{\"@type\":\"SearchAction\",\"target\":{\"@type\":\"EntryPoint\",\"urlTemplate\":\"https:\\\/\\\/nalusurf.de\\\/?s={search_term_string}\"},\"query-input\":{\"@type\":\"PropertyValueSpecification\",\"valueRequired\":true,\"valueName\":\"search_term_string\"}}],\"inLanguage\":\"sk-SK\"},{\"@type\":[\"Organization\",\"Place\"],\"@id\":\"https:\\\/\\\/nalusurf.de\\\/#organization\",\"name\":\"Nalusurf Surfschool & Surfcamp Fuerteventura\",\"url\":\"https:\\\/\\\/nalusurf.de\\\/\",\"logo\":{\"@id\":\"https:\\\/\\\/nalusurf.de\\\/#local-main-organization-logo\"},\"image\":{\"@id\":\"https:\\\/\\\/nalusurf.de\\\/#local-main-organization-logo\"},\"sameAs\":[\"https:\\\/\\\/www.facebook.com\\\/nalusurfsurfcamp\\\/\",\"https:\\\/\\\/www.instagram.com\\\/nalusurf_fuerteventura\\\/\"],\"address\":{\"@id\":\"https:\\\/\\\/nalusurf.de\\\/#local-main-place-address\"},\"geo\":{\"@type\":\"GeoCoordinates\",\"latitude\":\"28.2127716\",\"longitude\":\"-14.2204954\"},\"telephone\":[\"+4915678730151\"],\"contactPoint\":{\"@type\":\"ContactPoint\",\"telephone\":\"+4915678730151\",\"email\":\"info@nalusurf.com\"},\"openingHoursSpecification\":[{\"@type\":\"OpeningHoursSpecification\",\"dayOfWeek\":[\"Monday\",\"Tuesday\",\"Wednesday\",\"Thursday\",\"Friday\",\"Saturday\"],\"opens\":\"09:00\",\"closes\":\"20:00\"},{\"@type\":\"OpeningHoursSpecification\",\"dayOfWeek\":[\"Sunday\"],\"opens\":\"00:00\",\"closes\":\"00:00\"}],\"email\":\"info@nalusurf.com\",\"areaServed\":\"Fuerteventura\",\"taxID\":\"X3729459G\"},{\"@type\":\"PostalAddress\",\"@id\":\"https:\\\/\\\/nalusurf.de\\\/#local-main-place-address\",\"streetAddress\":\"Avenida del Istmo 33\",\"addressLocality\":\"La Pared\",\"postalCode\":\"35627\",\"addressRegion\":\"Las Palmas\",\"addressCountry\":\"ES\"},{\"@type\":\"ImageObject\",\"inLanguage\":\"sk-SK\",\"@id\":\"https:\\\/\\\/nalusurf.de\\\/#local-main-organization-logo\",\"url\":\"https:\\\/\\\/nalusurf.de\\\/wp-content\\\/uploads\\\/2017\\\/08\\\/logo_neu.png\",\"contentUrl\":\"https:\\\/\\\/nalusurf.de\\\/wp-content\\\/uploads\\\/2017\\\/08\\\/logo_neu.png\",\"width\":736,\"height\":266,\"caption\":\"Nalusurf Surfschool & Surfcamp Fuerteventura\"}]}<\/script>\n<meta name=\"geo.placename\" content=\"La Pared\" \/>\n<meta name=\"geo.position\" content=\"28.2127716;-14.2204954\" \/>\n<meta name=\"geo.region\" content=\"\u0160panielsko\" \/>\n<!-- \/ Yoast SEO Premium plugin. -->","yoast_head_json":{"title":"Nalusurf \u2013 surfov\u00fd t\u00e1bor a surfov\u00e1 \u0161kola na Fuerteventure","description":"Nau\u010d sa surfova\u0165 \u2013 pre za\u010diato\u010dn\u00edkov aj pokro\u010dil\u00fdch. Ubytovanie v surfovom t\u00e1bore a profesion\u00e1lne kurzy surfovania. Tvoja surfov\u00e1 dovolenka na Fuerteventure","robots":{"index":"index","follow":"follow","max-snippet":"max-snippet:-1","max-image-preview":"max-image-preview:large","max-video-preview":"max-video-preview:-1"},"canonical":"https:\/\/nalusurf.de\/sk\/","og_locale":"sk_SK","og_type":"article","og_title":"Nalusurf: Surfschule & Surfcamp Fuerteventura","og_description":"Melde dich f\u00fcr unsere Surfkurse an und erlebe das Abenteuer!","og_url":"https:\/\/nalusurf.de\/sk\/","og_site_name":"Nalusurf Surfschool &amp; Surfcamp Fuerteventura","article_publisher":"https:\/\/www.facebook.com\/nalusurfsurfcamp\/","article_modified_time":"2026-08-26T17:47:09+00:00","og_image":[{"width":2048,"height":1536,"url":"https:\/\/nalusurf.de\/wp-content\/uploads\/2022\/01\/IMG_0508.jpg","type":"image\/jpeg"}],"twitter_card":"summary_large_image","twitter_title":"Nalusurf: Surfschule & Surfcamp Fuerteventura","twitter_description":"Melde dich f\u00fcr unsere Surfkurse an und erlebe das Abenteuer!","twitter_misc":{"Predpokladan\u00fd \u010das \u010d\u00edtania":"7 min\u00fat"},"schema":{"@context":"https:\/\/schema.org","@graph":[{"@type":"WebPage","@id":"https:\/\/nalusurf.de\/","url":"https:\/\/nalusurf.de\/","name":"Nalusurf \u2013 surfov\u00fd t\u00e1bor a surfov\u00e1 \u0161kola na Fuerteventure","isPartOf":{"@id":"https:\/\/nalusurf.de\/#website"},"primaryImageOfPage":{"@id":"https:\/\/nalusurf.de\/#primaryimage"},"image":{"@id":"https:\/\/nalusurf.de\/#primaryimage"},"thumbnailUrl":"https:\/\/nalusurf.de\/wp-content\/uploads\/2022\/01\/IMG_0508.jpg","datePublished":"2017-08-11T09:33:00+00:00","dateModified":"2026-08-26T17:47:09+00:00","description":"Nau\u010d sa surfova\u0165 \u2013 pre za\u010diato\u010dn\u00edkov aj pokro\u010dil\u00fdch. Ubytovanie v surfovom t\u00e1bore a profesion\u00e1lne kurzy surfovania. Tvoja surfov\u00e1 dovolenka na Fuerteventure","breadcrumb":{"@id":"https:\/\/nalusurf.de\/#breadcrumb"},"inLanguage":"sk-SK","potentialAction":[{"@type":"ReadAction","target":["https:\/\/nalusurf.de\/"]}]},{"@type":"ImageObject","inLanguage":"sk-SK","@id":"https:\/\/nalusurf.de\/#primaryimage","url":"https:\/\/nalusurf.de\/wp-content\/uploads\/2022\/01\/IMG_0508.jpg","contentUrl":"https:\/\/nalusurf.de\/wp-content\/uploads\/2022\/01\/IMG_0508.jpg","width":2048,"height":1536,"caption":"Zwei Surfer gehen am Strand von La Pared"},{"@type":"BreadcrumbList","@id":"https:\/\/nalusurf.de\/#breadcrumb","itemListElement":[{"@type":"ListItem","position":1,"name":"Startseite","item":"https:\/\/nalusurf.de\/"},{"@type":"ListItem","position":2,"name":"Nalusurf Surfschool &#038; Surfcamp Fuerteventura"}]},{"@type":"WebSite","@id":"https:\/\/nalusurf.de\/#website","url":"https:\/\/nalusurf.de\/","name":"Nalusurf \u2013 \u0161kola surfovania a surfov\u00fd t\u00e1bor na Fuerteventure","description":"Surfovanie na Fuerteventure","publisher":{"@id":"https:\/\/nalusurf.de\/#organization"},"potentialAction":[{"@type":"SearchAction","target":{"@type":"EntryPoint","urlTemplate":"https:\/\/nalusurf.de\/?s={search_term_string}"},"query-input":{"@type":"PropertyValueSpecification","valueRequired":true,"valueName":"search_term_string"}}],"inLanguage":"sk-SK"},{"@type":["Organization","Place"],"@id":"https:\/\/nalusurf.de\/#organization","name":"Nalusurf \u2013 \u0161kola surfovania a surfov\u00fd t\u00e1bor na Fuerteventure","url":"https:\/\/nalusurf.de\/","logo":{"@id":"https:\/\/nalusurf.de\/#local-main-organization-logo"},"image":{"@id":"https:\/\/nalusurf.de\/#local-main-organization-logo"},"sameAs":["https:\/\/www.facebook.com\/nalusurfsurfcamp\/","https:\/\/www.instagram.com\/nalusurf_fuerteventura\/"],"address":{"@id":"https:\/\/nalusurf.de\/#local-main-place-address"},"geo":{"@type":"GeoCoordinates","latitude":"28.2127716","longitude":"-14.2204954"},"telephone":["+4915678730151"],"contactPoint":{"@type":"ContactPoint","telephone":"+4915678730151","email":"info@nalusurf.com"},"openingHoursSpecification":[{"@type":"OpeningHoursSpecification","dayOfWeek":["Monday","Tuesday","Wednesday","Thursday","Friday","Saturday"],"opens":"09:00","closes":"20:00"},{"@type":"OpeningHoursSpecification","dayOfWeek":["Sunday"],"opens":"00:00","closes":"00:00"}],"email":"info@nalusurf.com","areaServed":"Fuerteventura","taxID":"X3729459G"},{"@type":"PostalAddress","@id":"https:\/\/nalusurf.de\/#local-main-place-address","streetAddress":"Avenida del Istmo 33","addressLocality":"La Pared","postalCode":"35627","addressRegion":"Las Palmas","addressCountry":"ES"},{"@type":"ImageObject","inLanguage":"sk-SK","@id":"https:\/\/nalusurf.de\/#local-main-organization-logo","url":"https:\/\/nalusurf.de\/wp-content\/uploads\/2017\/08\/logo_neu.png","contentUrl":"https:\/\/nalusurf.de\/wp-content\/uploads\/2017\/08\/logo_neu.png","width":736,"height":266,"caption":"Nalusurf Surfschool & Surfcamp Fuerteventura"}]},"geo.placename":"La Pared","geo.position":{"lat":"28.2127716","long":"-14.2204954"},"geo.region":"\u0160panielsko"},"_links":{"self":[{"href":"https:\/\/nalusurf.de\/sk\/wp-json\/wp\/v2\/pages\/1268","targetHints":{"allow":["GET"]}}],"collection":[{"href":"https:\/\/nalusurf.de\/sk\/wp-json\/wp\/v2\/pages"}],"about":[{"href":"https:\/\/nalusurf.de\/sk\/wp-json\/wp\/v2\/types\/page"}],"author":[{"embeddable":true,"href":"https:\/\/nalusurf.de\/sk\/wp-json\/wp\/v2\/users\/2"}],"replies":[{"embeddable":true,"href":"https:\/\/nalusurf.de\/sk\/wp-json\/wp\/v2\/comments?post=1268"}],"version-history":[{"count":97,"href":"https:\/\/nalusurf.de\/sk\/wp-json\/wp\/v2\/pages\/1268\/revisions"}],"predecessor-version":[{"id":13406,"href":"https:\/\/nalusurf.de\/sk\/wp-json\/wp\/v2\/pages\/1268\/revisions\/13406"}],"wp:featuredmedia":[{"embeddable":true,"href":"https:\/\/nalusurf.de\/sk\/wp-json\/wp\/v2\/media\/11782"}],"wp:attachment":[{"href":"https:\/\/nalusurf.de\/sk\/wp-json\/wp\/v2\/media?parent=1268"}],"curies":[{"name":"wp","href":"https:\/\/api.w.org\/{rel}","templated":true}]}}