{"id":1268,"date":"2017-08-11T10:33:00","date_gmt":"2017-08-11T09:33:00","guid":{"rendered":"http:\/\/nalusurf.de\/?page_id=1268"},"modified":"2026-08-31T23:10:37","modified_gmt":"2026-08-31T22:10:37","slug":"surfschool-surfcamp-fuerteventura","status":"publish","type":"page","link":"https:\/\/nalusurf.de\/sv\/","title":{"rendered":"Nalusurf Surfschool &#038; Surfcamp Fuerteventura"},"content":{"rendered":"<div id=\"fws_6a96718837481\"  data-column-margin=\"default\" data-midnight=\"dark\"  class=\"wpb_row vc_row-fluid vc_row full-width-section vc_row-o-full-height vc_row-o-columns-middle vc_row-o-equal-height vc_row-flex  mobile-disable-bg-image-animation\"  style=\"padding-top: 0px; padding-bottom: 0px; \"><div class=\"row-bg-wrap\" data-bg-animation=\"zoom-out\" data-bg-animation-delay=\"\" data-bg-overlay=\"false\"><div class=\"inner-wrap row-bg-layer using-image\" ><div class=\"row-bg viewport-desktop using-image\"  style=\"background-position: center center; background-repeat: no-repeat; \" data-nectar-img-src=\"https:\/\/nalusurf.de\/wp-content\/uploads\/2026\/08\/strand-la-pared-fuerteventura.webp\"><\/div><\/div><\/div><div class=\"row_col_wrap_12 col span_12 dark left\">\n\t<div  class=\"vc_col-sm-12 wpb_column column_container vc_column_container col no-extra-padding inherit_tablet inherit_phone flex_gap_desktop_10px\"  data-padding-pos=\"all\" data-has-bg-color=\"false\" data-bg-color=\"\" data-bg-opacity=\"1\" data-animation=\"\" data-delay=\"0\" >\n\t\t<div class=\"vc_column-inner\" >\n\t\t\t<div class=\"wpb_wrapper\">\n\t\t\t\t<div class=\"divider-wrap\" data-alignment=\"default\"><div style=\"height: 90px;\" class=\"divider\"><\/div><\/div><h1 style=\"font-size: 50px;color: #ffffff;text-align: center\" class=\"vc_custom_heading vc_do_custom_heading wpb_animate_when_almost_visible wpb_fadeIn fadeIn\" >Surfskola &amp; surfcamp p\u00e5 Fuerteventura<\/h1><div class=\"divider-wrap\" data-alignment=\"default\"><div style=\"margin-top: 10px; height: 1px; margin-bottom: 10px;\" data-width=\"100%\" data-animate=\"\" data-animation-delay=\"\" data-color=\"default\" class=\"divider-border\"><\/div><\/div><h2 style=\"font-size: 50px;color: #ffffff;text-align: center\" class=\"vc_custom_heading vc_do_custom_heading wpb_animate_when_almost_visible wpb_fadeIn fadeIn\" >V\u00e4lkommen till Nalusurf!<\/h2><div class=\"divider-wrap\" data-alignment=\"default\"><div style=\"height: 90px;\" class=\"divider\"><\/div><\/div>\n\t\t\t<\/div> \n\t\t<\/div>\n\t<\/div> \n<\/div><\/div>\n\t\t<div id=\"fws_6a96718837cd4\"  data-column-margin=\"default\" data-midnight=\"dark\" data-top-percent=\"5%\" data-bottom-percent=\"5%\"  class=\"wpb_row vc_row-fluid vc_row full-width-section has-row-bg-color\"  style=\"padding-top: calc(100vw * 0.05); padding-bottom: calc(100vw * 0.05); --row-bg-color: #ffffff;\"><div class=\"row-bg-wrap\" data-bg-animation=\"none\" data-bg-animation-delay=\"\" data-bg-overlay=\"false\"><div class=\"inner-wrap row-bg-layer\" ><div class=\"row-bg viewport-desktop using-bg-color\"  style=\"background-color: #ffffff; \"><\/div><\/div><\/div><div class=\"row_col_wrap_12 col span_12 dark left\">\n\t<div  class=\"vc_col-sm-12 wpb_column column_container vc_column_container col no-extra-padding inherit_tablet inherit_phone flex_gap_desktop_10px\"  data-padding-pos=\"all\" data-has-bg-color=\"false\" data-bg-color=\"\" data-bg-opacity=\"1\" data-animation=\"\" data-delay=\"0\" >\n\t\t<div class=\"vc_column-inner\" >\n\t\t\t<div class=\"wpb_wrapper\">\n\t\t\t\t<div id=\"fws_6a96718837fe5\" data-midnight=\"\" data-column-margin=\"default\" class=\"wpb_row vc_row-fluid vc_row inner_row\"  style=\"\"><div class=\"row-bg-wrap\"> <div class=\"row-bg\" ><\/div> <\/div><div class=\"row_col_wrap_12_inner col span_12  left\">\n\t<div  class=\"vc_col-sm-6 wpb_column column_container vc_column_container col child_column no-extra-padding inherit_tablet inherit_phone flex_gap_desktop_10px\"   data-padding-pos=\"all\" data-has-bg-color=\"false\" data-bg-color=\"\" data-bg-opacity=\"1\" data-animation=\"\" data-delay=\"0\" >\n\t\t<div class=\"vc_column-inner\" >\n\t\t<div class=\"wpb_wrapper\">\n\t\t\t<div class=\"nectar-gradient-text\" data-direction=\"diagonal\" data-color=\"extra-color-gradient-1\" style=\"\"><h2>Pionj\u00e4rerna i La Pared:<br \/>\nErt surfcamp p\u00e5 Fuerteventuras v\u00e4stkust<\/h2><\/div>\n\t\t<\/div> \n\t<\/div>\n\t<\/div> \n\n\t<div  class=\"vc_col-sm-6 wpb_column column_container vc_column_container col child_column no-extra-padding inherit_tablet inherit_phone flex_gap_desktop_10px\"   data-padding-pos=\"all\" data-has-bg-color=\"false\" data-bg-color=\"\" data-bg-opacity=\"1\" data-animation=\"\" data-delay=\"0\" >\n\t\t<div class=\"vc_column-inner\" >\n\t\t<div class=\"wpb_wrapper\">\n\t\t\t\n\t\t<\/div> \n\t<\/div>\n\t<\/div> \n<\/div><\/div><div id=\"fws_6a96718838467\" data-midnight=\"\" data-column-margin=\"default\" class=\"wpb_row vc_row-fluid vc_row inner_row\"  style=\"\"><div class=\"row-bg-wrap\"> <div class=\"row-bg\" ><\/div> <\/div><div class=\"row_col_wrap_12_inner col span_12  left\">\n\t<div  class=\"vc_col-sm-6 wpb_column column_container vc_column_container col child_column padding-3-percent top_margin_phone_-25px inherit_tablet inherit_phone flex_gap_desktop_10px\"   data-padding-pos=\"top-bottom\" data-has-bg-color=\"false\" data-bg-color=\"\" data-bg-opacity=\"1\" data-animation=\"\" data-delay=\"0\" >\n\t\t<div class=\"vc_column-inner\" >\n\t\t<div class=\"wpb_wrapper\">\n\t\t\t\n<div class=\"wpb_text_column wpb_content_element  vc_custom_1754041026053\" >\n\t<p>V\u00e4lkommen till Nalusurf. V\u00e5r historia b\u00f6rjade l\u00e5ngt innan de flesta andra surfskolor p\u00e5 v\u00e4stkusten ens fanns. <strong>V\u00e5r grundare, Ralf, var en av de f\u00f6rsta surfinstrukt\u00f6rerna p\u00e5 stranden vid La Pared<\/strong>.<\/p>\n<p>P\u00e5 den tiden var han n\u00e4stan ensam p\u00e5 stranden med sina kurser \u2013 inga andra surfskolor, inga folkmassor, bara den rena passionen f\u00f6r platsens vilda, \u00e4kta v\u00e5gor.<\/p>\n<p>Hans vision fr\u00e5n f\u00f6rsta b\u00f6rjan: att inte bedriva surfing som en massverksamhet, utan att f\u00f6rmedla den teknik och den f\u00f6rst\u00e5else f\u00f6r havet som kr\u00e4vs f\u00f6r \u00e4kta surfing till varje enskild elev.<\/p>\n<\/div>\n\n\n\n\n\t\t<\/div> \n\t<\/div>\n\t<\/div> \n\n\t<div  class=\"vc_col-sm-6 wpb_column column_container vc_column_container col child_column padding-3-percent inherit_tablet inherit_phone flex_gap_desktop_10px\"   data-padding-pos=\"top-bottom\" data-has-bg-color=\"false\" data-bg-color=\"\" data-bg-opacity=\"1\" data-animation=\"\" data-delay=\"0\" >\n\t\t<div class=\"vc_column-inner\" >\n\t\t<div class=\"wpb_wrapper\">\n\t\t\t\n<div class=\"wpb_text_column wpb_content_element  vc_custom_1754678114571\" >\n\t<p>Denna grundl\u00e4ggande filosofi \u00e4r fortfarande v\u00e5r k\u00e4rna. Den \u00e4r anledningen till att vi medvetet v\u00e4ljer kvalitet framf\u00f6r kvantitet. Hos oss l\u00e4r du dig inte bara att st\u00e5 p\u00e5 en br\u00e4da \u2013 du l\u00e4r dig att bli en surfare.<\/p>\n<h3>Det h\u00e4r \u00e4r v\u00e5r <strong>L\u00f6fte<\/strong><\/h3>\n<p>V\u00e5rt hem \u00e4r La Pared, den legendariska platsen p\u00e5 v\u00e4stkusten, d\u00e4r \u201eThe Search\u201c f\u00f6r oss inte \u00e4r en slogan utan vardagsliv. Med v\u00e5r shuttle h\u00e4mtar vi dig bekv\u00e4mt fr\u00e5n ditt boende i <strong>Costa Calma<\/strong> fr\u00e5n. \u00c4ven \u00a0<strong>Jandia<\/strong>, <strong>Morro Jable<\/strong> eller <strong>Esquinzo<\/strong> ligger inte l\u00e5ngt bort. Vi tar dig dit d\u00e4r surfandet \u00e4r som mest autentiskt. \u00c4r du redo att l\u00e4ra dig p\u00e5 riktigt?<\/p>\n<\/div>\n\n\n\n\n\t\t<\/div> \n\t<\/div>\n\t<\/div> \n<\/div><\/div>\n\t\t\t<\/div> \n\t\t<\/div>\n\t<\/div> \n<\/div><\/div>\n\t\t<div id=\"fws_6a96718838998\"  data-column-margin=\"default\" data-midnight=\"dark\"  class=\"wpb_row vc_row-fluid vc_row full-width-content vc_row-o-equal-height vc_row-flex vc_row-o-content-middle\"  style=\"padding-top: 0px; padding-bottom: 0px; \"><div class=\"row-bg-wrap\" data-bg-animation=\"none\" data-bg-animation-delay=\"\" data-bg-overlay=\"false\"><div class=\"inner-wrap row-bg-layer\" ><div class=\"row-bg viewport-desktop\"  style=\"\"><\/div><\/div><\/div><div class=\"row_col_wrap_12 col span_12 dark left\">\n\t<div  class=\"vc_col-sm-6 wpb_column column_container vc_column_container col no-extra-padding inherit_tablet inherit_phone flex_gap_desktop_10px\"  data-padding-pos=\"all\" data-has-bg-color=\"false\" data-bg-color=\"\" data-bg-opacity=\"1\" data-animation=\"\" data-delay=\"0\" >\n\t\t<div class=\"vc_column-inner\" >\n\t\t\t<div class=\"wpb_wrapper\">\n\t\t\t\t<div class=\"img-with-aniamtion-wrap center nectar-object-position-center-center\" data-max-width=\"100%\" data-max-width-mobile=\"default\" data-shadow=\"none\" data-animation=\"none\" >\n      <div class=\"inner\">\n        <div class=\"hover-wrap\"> \n          <div class=\"hover-wrap-inner\">\n            <img loading=\"lazy\" decoding=\"async\" class=\"img-with-animation skip-lazy nectar-object-cover\" data-delay=\"0\" height=\"1361\" width=\"1814\" data-animation=\"none\" src=\"https:\/\/nalusurf.de\/wp-content\/uploads\/2025\/07\/IMG_0508-Kopie.jpg\" alt=\"Tv\u00e5 surfare b\u00e4r gr\u00f6na och bl\u00e5 surfbr\u00e4dor l\u00e4ngs stranden i soligt v\u00e4der.\" srcset=\"https:\/\/nalusurf.de\/wp-content\/uploads\/2025\/07\/IMG_0508-Kopie.jpg 1814w, https:\/\/nalusurf.de\/wp-content\/uploads\/2025\/07\/IMG_0508-Kopie-300x225.jpg 300w, https:\/\/nalusurf.de\/wp-content\/uploads\/2025\/07\/IMG_0508-Kopie-1024x768.jpg 1024w, https:\/\/nalusurf.de\/wp-content\/uploads\/2025\/07\/IMG_0508-Kopie-768x576.jpg 768w, https:\/\/nalusurf.de\/wp-content\/uploads\/2025\/07\/IMG_0508-Kopie-1536x1152.jpg 1536w\" sizes=\"auto, (max-width: 1814px) 100vw, 1814px\" \/>\n          <\/div>\n        <\/div>\n        \n      <\/div>\n    <\/div>\n\t\t\t<\/div> \n\t\t<\/div>\n\t<\/div> \n\n\t<div style=\"\" class=\"vc_col-sm-6 wpb_column column_container vc_column_container col padding-5-percent inherit_tablet inherit_phone flex_gap_desktop_10px\" data-using-bg=\"true\" data-padding-pos=\"all\" data-has-bg-color=\"true\" data-bg-color=\"#ffffff\" data-bg-opacity=\"1\" data-animation=\"\" data-delay=\"0\" >\n\t\t<div class=\"vc_column-inner\" ><div class=\"column-bg-overlay-wrap column-bg-layer\" data-bg-animation=\"none\"><div class=\"column-bg-overlay\" style=\"opacity: 1; background-color: #ffffff;\"><\/div><\/div>\n\t\t\t<div class=\"wpb_wrapper\">\n\t\t\t\t<div id=\"fws_6a96718839261\" data-midnight=\"\" data-column-margin=\"default\" class=\"wpb_row vc_row-fluid vc_row inner_row\"  style=\"\"><div class=\"row-bg-wrap\"> <div class=\"row-bg\" ><\/div> <\/div><div class=\"row_col_wrap_12_inner col span_12  left\">\n\t<div  class=\"vc_col-sm-12 wpb_column column_container vc_column_container col child_column has-animation no-extra-padding inherit_tablet inherit_phone flex_gap_desktop_10px\"   data-padding-pos=\"all\" data-has-bg-color=\"false\" data-bg-color=\"\" data-bg-opacity=\"1\" data-animation=\"fade-in-from-bottom\" data-delay=\"0\" >\n\t\t<div class=\"vc_column-inner\" >\n\t\t<div class=\"wpb_wrapper\">\n\t\t\t<div class=\"nectar-gradient-text\" data-direction=\"diagonal\" data-color=\"extra-color-gradient-1\" style=\"\"><h2>Surfkurs med pionj\u00e4rerna fr\u00e5n La Pared<\/h2><\/div>\n<div class=\"wpb_text_column wpb_content_element  vc_custom_1754041612524\" >\n\t<p>L\u00e4r dig surfa d\u00e4r den professionella surfundervisningen p\u00e5 denna plats tog sin b\u00f6rjan. Vi undervisar enligt v\u00e5r grundares filosofi: med fokus p\u00e5 en <strong>genomt\u00e4nkt teknik<\/strong>,<strong> djup kunskap om havet<\/strong> och den <strong>S\u00e4kerhet<\/strong>, som kr\u00e4vs i de utmanande v\u00e5gorna l\u00e4ngs v\u00e4stkusten.<\/p>\n<\/div>\n\n\n\n<div class=\"divider-wrap\" data-alignment=\"default\"><div style=\"height: 30px;\" class=\"divider\"><\/div><\/div><h3 style=\"color: #000000;text-align: left\" class=\"vc_custom_heading vc_do_custom_heading vc_custom_1753613267187\" >Det h\u00e4r \u00e4r v\u00e5rt l\u00f6fte till dig:<\/h3><div class=\"nectar-fancy-ul\" data-list-icon=\"dot\" data-animation=\"true\" data-animation-delay=\"0\" data-spacing=\"default\" data-alignment=\"left\"> \n<ul>\n<li style=\"text-align: left;\"><strong>Kvalitet framf\u00f6r kvantitet:<\/strong> I sm\u00e5 grupper ser vi till att du f\u00e5r den individuella handledning som stora surfskolor inte kan erbjuda.<\/li>\n<li><strong>Riktig utbildning:<\/strong> Vi l\u00e4r dig inte bara hur man tar fart. Vi utbildar dig till en surfare som kan l\u00e4sa v\u00e5gorna och respektera reglerna i vattnet.<\/li>\n<li><strong>De b\u00e4sta f\u00f6ruts\u00e4ttningarna:<\/strong> Som pionj\u00e4rer k\u00e4nner vi La Pared och s\u00f6dra Fuerteventura utan och innan. Varje dag tar vi dig precis till den plats som erbjuder de b\u00e4sta och s\u00e4kraste f\u00f6rh\u00e5llandena f\u00f6r just din niv\u00e5.<\/li>\n<li style=\"text-align: left;\"><span style=\"font-family: -apple-system, BlinkMacSystemFont, 'Segoe UI', Roboto, Oxygen-Sans, Ubuntu, Cantarell, 'Helvetica Neue', sans-serif;\"><strong>Yrkesutbildning:<\/strong> V\u00e5ra ISA-certifierade surfinstrukt\u00f6rer \u00e4r inte bara utm\u00e4rkta surfare, utan framf\u00f6r allt engagerade tr\u00e4nare som med t\u00e5lamod och gl\u00e4dje l\u00e4r dig att surfa.<\/span><\/li>\n<\/ul>\n <\/div><a class=\"nectar-button large see-through-2\"  role=\"button\" style=\"margin-top: 30px; \"  href=\"https:\/\/nalusurf.de\/sv\/surfkurs-pa-fuerteventura\/\" data-color-override=\"false\" data-hover-color-override=\"false\" data-hover-text-color-override=\"#ffffff\"><span>Surfkurs<\/span><\/a>\n\t\t<\/div> \n\t<\/div>\n\t<\/div> \n<\/div><\/div>\n\t\t\t<\/div> \n\t\t<\/div>\n\t<\/div> \n<\/div><\/div>\n\t\t<div id=\"fws_6a96718839865\"  data-column-margin=\"default\" data-midnight=\"dark\"  class=\"wpb_row vc_row-fluid vc_row full-width-content has-row-bg-color vc_row-o-equal-height vc_row-flex vc_row-o-content-middle\"  style=\"padding-top: 0px; padding-bottom: 0px; --row-bg-color: #ffffff;\"><div class=\"row-bg-wrap\" data-bg-animation=\"none\" data-bg-animation-delay=\"\" data-bg-overlay=\"false\"><div class=\"inner-wrap row-bg-layer\" ><div class=\"row-bg viewport-desktop using-bg-color\"  style=\"background-color: #ffffff; \"><\/div><\/div><\/div><div class=\"row_col_wrap_12 col span_12 dark left\">\n\t<div style=\"\" class=\"vc_col-sm-6 wpb_column column_container vc_column_container col padding-10-percent inherit_tablet inherit_phone flex_gap_desktop_10px\" data-using-bg=\"true\" data-padding-pos=\"all\" data-has-bg-color=\"true\" data-bg-color=\"#f4f4f4\" data-bg-opacity=\"1\" data-animation=\"\" data-delay=\"0\" >\n\t\t<div class=\"vc_column-inner\" ><div class=\"column-bg-overlay-wrap column-bg-layer\" data-bg-animation=\"none\"><div class=\"column-bg-overlay\" style=\"opacity: 1; background-color: #f4f4f4;\"><\/div><\/div>\n\t\t\t<div class=\"wpb_wrapper\">\n\t\t\t\t<div id=\"fws_6a96718839ad0\" data-midnight=\"\" data-column-margin=\"default\" class=\"wpb_row vc_row-fluid vc_row inner_row\"  style=\"\"><div class=\"row-bg-wrap\"> <div class=\"row-bg\" ><\/div> <\/div><div class=\"row_col_wrap_12_inner col span_12  left\">\n\t<div  class=\"vc_col-sm-12 wpb_column column_container vc_column_container col child_column has-animation no-extra-padding inherit_tablet inherit_phone flex_gap_desktop_10px\"   data-padding-pos=\"all\" data-has-bg-color=\"false\" data-bg-color=\"\" data-bg-opacity=\"1\" data-animation=\"fade-in-from-bottom\" data-delay=\"0\" >\n\t\t<div class=\"vc_column-inner\" >\n\t\t<div class=\"wpb_wrapper\">\n\t\t\t<div class=\"nectar-gradient-text\" data-direction=\"diagonal\" data-color=\"extra-color-gradient-1\" style=\"\"><h2>Ditt surfcamp p\u00e5 s\u00f6dra Fuerteventura:<br \/>\nValet \u00e4r ditt<\/h2><\/div><div class=\"divider-wrap\" data-alignment=\"default\"><div style=\"height: 30px;\" class=\"divider\"><\/div><\/div>\n<div class=\"wpb_text_column wpb_content_element  vc_custom_1754041761341\" >\n\t<p>En perfekt surfsemester ser olika ut f\u00f6r alla. D\u00e4rf\u00f6r erbjuder vi dig i v\u00e5rt surfcamp inte bara ett, utan tv\u00e5 unika alternativ f\u00f6r att f\u00f6rverkliga din dr\u00f6m om att surfa i s\u00f6dra Fuerteventura. Du best\u00e4mmer sj\u00e4lv vilken st\u00e4mning som passar dig b\u00e4st.<\/p>\n<h4><strong>Alternativ 1: Bo direkt i La Pared<\/strong><\/h4>\n<p>Vill du ha den ultimata surfupplevelsen? V\u00e5ra l\u00e4genheter och hotellrum i La Pared ligger bara n\u00e5gra steg fr\u00e5n s\u00f6derns b\u00e4sta och mest p\u00e5litliga surfspot. H\u00e4r vaknar du till v\u00e5gornas brus, \u00e4r l\u00e5ngt bort fr\u00e5n stressen och lever det \u00e4kta surflivet. Perfekt f\u00f6r alla som vill fokusera helt och h\u00e5llet p\u00e5 v\u00e5gorna och den hisnande naturen p\u00e5 v\u00e4stkusten.<\/p>\n<h4><strong>Alternativ 2: Bo i Costa Calma<\/strong><\/h4>\n<p>Vill du ha det b\u00e4sta av tv\u00e5 v\u00e4rldar? D\u00e5 \u00e4r v\u00e5ra boenden i Costa Calma det perfekta valet. Njut av bekv\u00e4mligheterna med restauranger, barer och den kilometerl\u00e5nga sandstranden precis utanf\u00f6r d\u00f6rren. Och n\u00e4r det \u00e4r dags att surfa h\u00e4mtar vi dig med v\u00e5r kostnadsfria shuttle och k\u00f6r dig till de perfekta v\u00e5gorna i La Pared. P\u00e5 s\u00e5 s\u00e4tt kan du kombinera en avkopplande strandsemester med en f\u00f6rstklassig surfkurs.<\/p>\n<p>Oavsett vilken ort du v\u00e4ljer: P\u00e5 b\u00e5da platserna erbjuder vi ett urval av bekv\u00e4ma l\u00e4genheter med sj\u00e4lvhush\u00e5ll eller hotellrum med flexibla m\u00e5ltidsalternativ. Du best\u00e4mmer sj\u00e4lv vad som passar din stil och din budget.<\/p>\n<\/div>\n\n\n\n<div class=\"divider-wrap\" data-alignment=\"default\"><div style=\"height: 30px;\" class=\"divider\"><\/div><\/div><a class=\"nectar-button large see-through-2\"  role=\"button\" style=\"margin-top: 30px; \"  href=\"https:\/\/nalusurf.de\/sv\/surfcamp-pa-fuerteventura\/\" data-color-override=\"false\" data-hover-color-override=\"false\" data-hover-text-color-override=\"#ffffff\"><span>Surfcamp<\/span><\/a>\n\t\t<\/div> \n\t<\/div>\n\t<\/div> \n<\/div><\/div>\n\t\t\t<\/div> \n\t\t<\/div>\n\t<\/div> \n\n\t<div  class=\"vc_col-sm-6 wpb_column column_container vc_column_container col no-extra-padding inherit_tablet inherit_phone flex_gap_desktop_10px\"  data-padding-pos=\"all\" data-has-bg-color=\"false\" data-bg-color=\"\" data-bg-opacity=\"1\" data-animation=\"\" data-delay=\"0\" >\n\t\t<div class=\"vc_column-inner\" >\n\t\t\t<div class=\"wpb_wrapper\">\n\t\t\t\t<div class=\"img-with-aniamtion-wrap center nectar-object-position-center-center\" data-max-width=\"100%\" data-max-width-mobile=\"default\" data-shadow=\"none\" data-animation=\"none\" >\n      <div class=\"inner\">\n        <div class=\"hover-wrap\"> \n          <div class=\"hover-wrap-inner\">\n            <img loading=\"lazy\" decoding=\"async\" class=\"img-with-animation skip-lazy nectar-lazy nectar-object-cover\" data-delay=\"0\" height=\"1067\" width=\"1600\" data-animation=\"none\" data-nectar-img-src=\"https:\/\/nalusurf.de\/wp-content\/uploads\/2026\/08\/apartment-higos-beach.webp\" src=\"data:image\/svg+xml;charset=utf-8,%3Csvg%20xmlns%3D'http%3A%2F%2Fwww.w3.org%2F2000%2Fsvg'%20viewBox%3D'0%200%201600%201067'%2F%3E\" alt=\"\" data-nectar-img-srcset=\"https:\/\/nalusurf.de\/wp-content\/uploads\/2026\/08\/apartment-higos-beach.webp 1600w, https:\/\/nalusurf.de\/wp-content\/uploads\/2026\/08\/apartment-higos-beach-300x200.webp 300w, https:\/\/nalusurf.de\/wp-content\/uploads\/2026\/08\/apartment-higos-beach-1024x683.webp 1024w, https:\/\/nalusurf.de\/wp-content\/uploads\/2026\/08\/apartment-higos-beach-768x512.webp 768w, https:\/\/nalusurf.de\/wp-content\/uploads\/2026\/08\/apartment-higos-beach-1536x1024.webp 1536w, https:\/\/nalusurf.de\/wp-content\/uploads\/2026\/08\/apartment-higos-beach-18x12.webp 18w, https:\/\/nalusurf.de\/wp-content\/uploads\/2026\/08\/apartment-higos-beach-900x600.webp 900w\" sizes=\"auto, (max-width: 1600px) 100vw, 1600px\" \/>\n          <\/div>\n        <\/div>\n        \n      <\/div>\n    <\/div>\n\t\t\t<\/div> \n\t\t<\/div>\n\t<\/div> \n<\/div><\/div>\n\t\t<div id=\"fws_6a9671883a5e4\"  data-column-margin=\"default\" data-midnight=\"dark\"  class=\"wpb_row vc_row-fluid vc_row full-width-content vc_row-o-equal-height vc_row-flex vc_row-o-content-middle\"  style=\"padding-top: 0px; padding-bottom: 0px; \"><div class=\"row-bg-wrap\" data-bg-animation=\"none\" data-bg-animation-delay=\"\" data-bg-overlay=\"false\"><div class=\"inner-wrap row-bg-layer\" ><div class=\"row-bg viewport-desktop\"  style=\"\"><\/div><\/div><\/div><div class=\"row_col_wrap_12 col span_12 dark left\">\n\t<div  class=\"vc_col-sm-6 wpb_column column_container vc_column_container col no-extra-padding inherit_tablet inherit_phone flex_gap_desktop_10px\"  data-padding-pos=\"all\" data-has-bg-color=\"false\" data-bg-color=\"\" data-bg-opacity=\"1\" data-animation=\"\" data-delay=\"0\" >\n\t\t<div class=\"vc_column-inner\" >\n\t\t\t<div class=\"wpb_wrapper\">\n\t\t\t\t<div class=\"img-with-aniamtion-wrap center nectar-object-position-center-center\" data-max-width=\"100%\" data-max-width-mobile=\"default\" data-shadow=\"none\" data-animation=\"none\" >\n      <div class=\"inner\">\n        <div class=\"hover-wrap\"> \n          <div class=\"hover-wrap-inner\">\n            <img loading=\"lazy\" decoding=\"async\" class=\"img-with-animation skip-lazy nectar-lazy nectar-object-cover\" data-delay=\"0\" height=\"1536\" width=\"2048\" data-animation=\"none\" data-nectar-img-src=\"https:\/\/nalusurf.de\/wp-content\/uploads\/2022\/09\/Surfboards-Rental-Verleih-Fuerteventura.jpeg\" src=\"data:image\/svg+xml;charset=utf-8,%3Csvg%20xmlns%3D'http%3A%2F%2Fwww.w3.org%2F2000%2Fsvg'%20viewBox%3D'0%200%202048%201536'%2F%3E\" alt=\"Surfbr\u00e4deuthyrning p\u00e5 Fuerteventura, La Pared\" data-nectar-img-srcset=\"https:\/\/nalusurf.de\/wp-content\/uploads\/2022\/09\/Surfboards-Rental-Verleih-Fuerteventura.jpeg 2048w, https:\/\/nalusurf.de\/wp-content\/uploads\/2022\/09\/Surfboards-Rental-Verleih-Fuerteventura-300x225.jpeg 300w, https:\/\/nalusurf.de\/wp-content\/uploads\/2022\/09\/Surfboards-Rental-Verleih-Fuerteventura-1024x768.jpeg 1024w, https:\/\/nalusurf.de\/wp-content\/uploads\/2022\/09\/Surfboards-Rental-Verleih-Fuerteventura-768x576.jpeg 768w, https:\/\/nalusurf.de\/wp-content\/uploads\/2022\/09\/Surfboards-Rental-Verleih-Fuerteventura-1536x1152.jpeg 1536w\" sizes=\"auto, (max-width: 2048px) 100vw, 2048px\" \/>\n          <\/div>\n        <\/div>\n        \n      <\/div>\n    <\/div>\n\t\t\t<\/div> \n\t\t<\/div>\n\t<\/div> \n\n\t<div style=\"\" class=\"vc_col-sm-6 wpb_column column_container vc_column_container col padding-5-percent inherit_tablet inherit_phone flex_gap_desktop_10px\" data-using-bg=\"true\" data-padding-pos=\"all\" data-has-bg-color=\"true\" data-bg-color=\"#ffffff\" data-bg-opacity=\"1\" data-animation=\"\" data-delay=\"0\" >\n\t\t<div class=\"vc_column-inner\" ><div class=\"column-bg-overlay-wrap column-bg-layer\" data-bg-animation=\"none\"><div class=\"column-bg-overlay\" style=\"opacity: 1; background-color: #ffffff;\"><\/div><\/div>\n\t\t\t<div class=\"wpb_wrapper\">\n\t\t\t\t<div id=\"fws_6a9671883ac7a\" data-midnight=\"\" data-column-margin=\"default\" class=\"wpb_row vc_row-fluid vc_row inner_row\"  style=\"\"><div class=\"row-bg-wrap\"> <div class=\"row-bg\" ><\/div> <\/div><div class=\"row_col_wrap_12_inner col span_12  left\">\n\t<div  class=\"vc_col-sm-12 wpb_column column_container vc_column_container col child_column has-animation no-extra-padding inherit_tablet inherit_phone flex_gap_desktop_10px\"   data-padding-pos=\"all\" data-has-bg-color=\"false\" data-bg-color=\"\" data-bg-opacity=\"1\" data-animation=\"fade-in-from-bottom\" data-delay=\"0\" >\n\t\t<div class=\"vc_column-inner\" >\n\t\t<div class=\"wpb_wrapper\">\n\t\t\t<div class=\"nectar-gradient-text\" data-direction=\"diagonal\" data-color=\"extra-color-gradient-1\" style=\"\"><h2>Surfbr\u00e4deuthyrning p\u00e5 Fuerteventura:<br \/>\nDet perfekta br\u00e4det f\u00f6r v\u00e5gorna vid La Pared<\/h2><\/div><div class=\"divider-wrap\" data-alignment=\"default\"><div style=\"height: 30px;\" class=\"divider\"><\/div><\/div>\n<div class=\"wpb_text_column wpb_content_element  vc_custom_1754047381792\" >\n\t<p>R\u00e4tt surfbr\u00e4da \u00e4r nyckeln till en of\u00f6rgl\u00f6mlig session. Men vilken br\u00e4da passar din niv\u00e5 och dagens f\u00f6rh\u00e5llanden i <strong>La Pared<\/strong> eller andra <strong>Surfplatser i s\u00f6dra delen av Fuerteventura<\/strong>? Det \u00e4r just h\u00e4r som v\u00e5r <strong>Surfbr\u00e4deuthyrning<\/strong> av andra.<\/p>\n<h3>Den b\u00e4sta surfutrustningen f\u00f6r din surfsemester<\/h3>\n<p>Hos oss f\u00e5r du inte bara en br\u00e4da i handen. Vi lever efter v\u00e5r <strong>Kvalitetsfilosofi<\/strong> \u00c4ven n\u00e4r det g\u00e4ller materialvalet: Vi tar oss tid och ger dig personlig r\u00e5dgivning. Utifr\u00e5n v\u00e5r m\u00e5ng\u00e5riga erfarenhet av surfplatserna h\u00e4r p\u00e5 s\u00f6dra Fuerteventura hittar vi tillsammans den br\u00e4da som garanterar dig maximal gl\u00e4dje och framg\u00e5ng i vattnet.<\/p>\n<p>Oavsett om du \u00e4r i <strong>Costa Calma<\/strong>, <strong>Morro Jable<\/strong> eller <strong>Jandia<\/strong> bor \u2013 vi ser till att du f\u00e5r f\u00f6rstklassigt material fr\u00e5n ledande varum\u00e4rken som <strong>Lib Tech<\/strong>, <strong>F\u00f6rlorad<\/strong>, <strong>Torq<\/strong> och <strong>Softech<\/strong> \u00e4r perfekt utrustad f\u00f6r din surfdag. Dina framsteg och din s\u00e4kerhet \u00e4r n\u00e4mligen v\u00e5r h\u00f6gsta prioritet.<\/p>\n<\/div>\n\n\n\n<div class=\"divider-wrap\" data-alignment=\"default\"><div style=\"height: 30px;\" class=\"divider\"><\/div><\/div><a class=\"nectar-button large see-through-2\"  role=\"button\" style=\"margin-top: 30px; \"  href=\"https:\/\/nalusurf.de\/sv\/uthyrning-av-surfbraedor\/\" data-color-override=\"false\" data-hover-color-override=\"false\" data-hover-text-color-override=\"#ffffff\"><span>Uthyrning<\/span><\/a>\n\t\t<\/div> \n\t<\/div>\n\t<\/div> \n<\/div><\/div>\n\t\t\t<\/div> \n\t\t<\/div>\n\t<\/div> \n<\/div><\/div>\n\t\t<div id=\"fws_6a9671883b188\"  data-column-margin=\"default\" data-midnight=\"dark\" data-top-percent=\"5%\"  class=\"wpb_row vc_row-fluid vc_row full-width-content vc_row-o-equal-height vc_row-flex vc_row-o-content-top\"  style=\"padding-top: calc(100vw * 0.05); padding-bottom: 0px; \"><div class=\"row-bg-wrap\" data-bg-animation=\"none\" data-bg-animation-delay=\"\" data-bg-overlay=\"false\"><div class=\"inner-wrap row-bg-layer\" ><div class=\"row-bg viewport-desktop\"  style=\"\"><\/div><\/div><\/div><div class=\"row_col_wrap_12 col span_12 dark left\">\n\t<div  class=\"vc_col-sm-12 wpb_column column_container vc_column_container col no-extra-padding inherit_tablet inherit_phone flex_gap_desktop_10px\"  data-padding-pos=\"all\" data-has-bg-color=\"false\" data-bg-color=\"\" data-bg-opacity=\"1\" data-animation=\"\" data-delay=\"0\" >\n\t\t<div class=\"vc_column-inner\" >\n\t\t\t<div class=\"wpb_wrapper\">\n\t\t\t\t<div id=\"fws_6a9671883b43e\" data-midnight=\"\" data-column-margin=\"default\" class=\"wpb_row vc_row-fluid vc_row inner_row\"  style=\"\"><div class=\"row-bg-wrap\"> <div class=\"row-bg\" ><\/div> <\/div><div class=\"row_col_wrap_12_inner col span_12  left\">\n\t<div  class=\"vc_col-sm-4 wpb_column column_container vc_column_container col child_column no-extra-padding inherit_tablet inherit_phone flex_gap_desktop_10px\"   data-padding-pos=\"all\" data-has-bg-color=\"false\" data-bg-color=\"\" data-bg-opacity=\"1\" data-animation=\"\" data-delay=\"0\" >\n\t\t<div class=\"vc_column-inner\" >\n\t\t<div class=\"wpb_wrapper\">\n\t\t\t<div class=\"nectar-fancy-box style-5 using-img\" data-align=\"middle\" data-overlay-opacity=\"0.6\" data-overlay-opacity-hover=\"0.2\" data-style=\"parallax_hover\" data-border-radius=\"default\" data-animation=\"\" data-delay=\"\" data-color=\"accent-color\"><a  href=\"https:\/\/nalusurf.de\/sv\/surfkurs-pa-fuerteventura\/\" class=\"box-link\"><span class=\"screen-reader-text\">Learn more<\/span><\/a><div class=\"parallaxImg\"><div class=\"parallaxImg-layer\" data-img=\"https:\/\/nalusurf.de\/wp-content\/uploads\/2022\/01\/IMG_0508.jpg\"><\/div><div class=\"parallaxImg-layer\"> <div class=\"meta-wrap\" style=\"min-height: 600px\"><div class=\"inner\"><i class=\"icon-default-style fa fa-users\" data-color=\"accent-color\" style=\"font-size: 50px!important; line-height: 50px!important;\"><\/i>\n<h2>Surfkurs<\/h2>\n<h5>L\u00e4r dig surfa<\/h5>\n<\/div> <\/div><\/div><\/div><\/div>\n\t\t<\/div> \n\t<\/div>\n\t<\/div> \n\n\t<div  class=\"vc_col-sm-4 wpb_column column_container vc_column_container col child_column no-extra-padding inherit_tablet inherit_phone flex_gap_desktop_10px\"   data-padding-pos=\"all\" data-has-bg-color=\"false\" data-bg-color=\"\" data-bg-opacity=\"1\" data-animation=\"\" data-delay=\"0\" >\n\t\t<div class=\"vc_column-inner\" >\n\t\t<div class=\"wpb_wrapper\">\n\t\t\t<div class=\"nectar-fancy-box style-5 using-img\" data-align=\"middle\" data-overlay-opacity=\"0.6\" data-overlay-opacity-hover=\"0.2\" data-style=\"parallax_hover\" data-border-radius=\"default\" data-animation=\"\" data-delay=\"\" data-color=\"accent-color\"><a  href=\"https:\/\/nalusurf.de\/sv\/surfcamp-pa-fuerteventura\/\" class=\"box-link\"><span class=\"screen-reader-text\">Learn more<\/span><\/a><div class=\"parallaxImg\"><div class=\"parallaxImg-layer\" data-img=\"https:\/\/nalusurf.de\/wp-content\/uploads\/2025\/07\/Surfcamp-Apartment-La-Pared-Fuerteventura-Poolhouse21.jpg\"><\/div><div class=\"parallaxImg-layer\"> <div class=\"meta-wrap\" style=\"min-height: 600px\"><div class=\"inner\"><i class=\"icon-default-style fa fa-home\" data-color=\"accent-color\" style=\"font-size: 50px!important; line-height: 50px!important;\"><\/i>\n<h2>Surfcamp<\/h2>\n<h5>Boende &amp; surfkurs<\/h5>\n<\/div> <\/div><\/div><\/div><\/div>\n\t\t<\/div> \n\t<\/div>\n\t<\/div> \n\n\t<div  class=\"vc_col-sm-4 wpb_column column_container vc_column_container col child_column no-extra-padding inherit_tablet inherit_phone flex_gap_desktop_10px\"   data-padding-pos=\"all\" data-has-bg-color=\"false\" data-bg-color=\"\" data-bg-opacity=\"1\" data-animation=\"\" data-delay=\"0\" >\n\t\t<div class=\"vc_column-inner\" >\n\t\t<div class=\"wpb_wrapper\">\n\t\t\t<div class=\"nectar-fancy-box style-5 using-img\" data-align=\"middle\" data-overlay-opacity=\"0.6\" data-overlay-opacity-hover=\"0.2\" data-style=\"parallax_hover\" data-border-radius=\"default\" data-animation=\"\" data-delay=\"\" data-color=\"accent-color\"><a  href=\"https:\/\/nalusurf.de\/sv\/uthyrning-av-surfbraedor\/\" class=\"box-link\"><span class=\"screen-reader-text\">Learn more<\/span><\/a><div class=\"parallaxImg\"><div class=\"parallaxImg-layer\" data-img=\"https:\/\/nalusurf.de\/wp-content\/uploads\/2022\/09\/Surfboards-Rental-Verleih-Fuerteventura.jpeg\"><\/div><div class=\"parallaxImg-layer\"> <div class=\"meta-wrap\" style=\"min-height: 600px\"><div class=\"inner\"><span class=\"im-icon-wrap\" data-color=\"accent-color\"><span><svg role=\"presentation\" version=\"1.1\" xmlns=\"http:\/\/www.w3.org\/2000\/svg\" width=\"50\" height=\"50\" viewbox=\"0 0 32 32\">\n        <path d=\"M30.667 27.333h-6.723c-0.103 0-0.201-0.024-0.296-0.069-3.5-1.725-5.352-5.423-5.083-10.144 0.223-3.899 2.064-8.412 5.259-10.937-10.369 1.331-18.132 9.853-18.132 20.484 0 0.367-0.299 0.667-0.667 0.667h-3.692c-0.368 0-0.667-0.3-0.667-0.667s0.299-0.667 0.667-0.667h3.037c0.345-12.019 10.020-21.333 22.309-21.333 0.324 0 0.601 0.233 0.657 0.552 0.056 0.32-0.127 0.633-0.431 0.743-3.765 1.352-6.711 6.076-7.007 11.235-0.235 4.099 1.296 7.301 4.204 8.805h6.563c0.367 0 0.667 0.299 0.667 0.667s-0.3 0.665-0.667 0.665zM8.216 23.924c-0.048 0-0.097-0.005-0.147-0.019-0.36-0.084-0.585-0.437-0.504-0.8 0.971-4.325 3.213-8.199 6.484-11.213 0.272-0.249 0.692-0.229 0.943 0.037 0.249 0.271 0.232 0.695-0.039 0.943-3.071 2.825-5.175 6.465-6.087 10.525-0.071 0.317-0.347 0.527-0.651 0.527z\"><\/path>\n        <\/svg><\/span><\/span>\n<h2>Surfuthyrning<\/h2>\n<h5>L\u00e5na ut din br\u00e4da<\/h5>\n<\/div> <\/div><\/div><\/div><\/div>\n\t\t<\/div> \n\t<\/div>\n\t<\/div> \n<\/div><\/div><div id=\"fws_6a9671883c20b\" data-midnight=\"\" data-column-margin=\"default\" class=\"wpb_row vc_row-fluid vc_row inner_row\"  style=\"\"><div class=\"row-bg-wrap\"> <div class=\"row-bg\" ><\/div> <\/div><div class=\"row_col_wrap_12_inner col span_12  left\">\n\t<div  class=\"vc_col-sm-12 wpb_column column_container vc_column_container col child_column no-extra-padding inherit_tablet inherit_phone flex_gap_desktop_10px\"   data-padding-pos=\"all\" data-has-bg-color=\"false\" data-bg-color=\"\" data-bg-opacity=\"1\" data-animation=\"\" data-delay=\"0\" >\n\t\t<div class=\"vc_column-inner\" >\n\t\t<div class=\"wpb_wrapper\">\n\t\t\t<div class=\"divider-wrap\" data-alignment=\"default\"><div style=\"height: 100px;\" class=\"divider\"><\/div><\/div>\n\t\t<\/div> \n\t<\/div>\n\t<\/div> \n<\/div><\/div>\n\t\t\t<\/div> \n\t\t<\/div>\n\t<\/div> \n<\/div><\/div>\n\t\t<div id=\"fws_6a9671883c5f8\"  data-column-margin=\"default\" data-midnight=\"dark\"  class=\"wpb_row vc_row-fluid vc_row\"  style=\"padding-top: 0px; padding-bottom: 0px; \"><div class=\"row-bg-wrap\" data-bg-animation=\"none\" data-bg-animation-delay=\"\" data-bg-overlay=\"false\"><div class=\"inner-wrap row-bg-layer\" ><div class=\"row-bg viewport-desktop\"  style=\"\"><\/div><\/div><\/div><div class=\"row_col_wrap_12 col span_12 dark left\">\n\t<div  class=\"vc_col-sm-12 wpb_column column_container vc_column_container col no-extra-padding inherit_tablet inherit_phone flex_gap_desktop_10px\"  data-padding-pos=\"all\" data-has-bg-color=\"false\" data-bg-color=\"\" data-bg-opacity=\"1\" data-animation=\"\" data-delay=\"0\" >\n\t\t<div class=\"vc_column-inner\" >\n\t\t\t<div class=\"wpb_wrapper\">\n\t\t\t\t<div id=\"rps_6a9671883d409\" class=\"nectar-recent-posts-single_featured nectar-recent-posts-element multiple_featured parallax_section\" data-max-width=\"full_width\" data-button-color=\"accent-color\" data-nav-location=\"side\" data-bg-overlay=\"solid_color\" data-padding=\"20%\" data-autorotate=\"5000\" data-height=\"600\" data-animate-in-effect=\"none\" data-remove-post-date=\"1\" data-remove-post-author=\"1\" data-remove-post-comment-number=\"\" data-remove-post-nectar-love=\"\">\n      \n      <div class=\"nectar-recent-post-slide  active post-ref-0\">\n\n        <div class=\"row-bg using-image\" data-parallax-speed=\"fast\">\n          <div class=\"nectar-recent-post-bg\" data-nectar-img-src=\"https:\/\/nalusurf.de\/wp-content\/uploads\/2026\/08\/surfer-typ-welle-fuerteventura.jpg\" style=\" \"><\/div>\n        <\/div>\n\n        <div class=\"recent-post-container container\"><div class=\"inner-wrap\"><div class=\"grav-wrap\"><a href=\"https:\/\/nalusurf.de\/sv\/author\/rene\/\"><\/a><div class=\"text\"><span>By <a href=\"https:\/\/nalusurf.de\/sv\/author\/rene\/\" rel=\"author\">nalusurf<\/a><\/span><span> In<\/span> <a class=\"blog\" href=\"https:\/\/nalusurf.de\/sv\/category\/blog\/\"><span class=\"blog\">Blogg<\/span><\/a><\/div><\/div><h2 class=\"large-featured-post-title post-ref-1\">          <a href=\" https:\/\/nalusurf.de\/sv\/welcher-surfer-typ-bist-du-test\/\" class=\"full-slide-link\"> Welcher Surfer-Typ bist du? Mach den Test! <\/a>\n          <\/h2>\n                    <a class=\"nectar-button large regular accent-color regular-button has-icon\" data-arrow-style=\"default\" href=\"https:\/\/nalusurf.de\/sv\/welcher-surfer-typ-bist-du-test\/\" data-color-override=\"false\" data-hover-color-override=\"false\" data-hover-text-color-override=\"#fff\" >\n            <span>Read Article<\/span>\n            <i class=\"icon-button-arrow\"><\/i>          <\/a>\n\n\n\n          <\/div><!--\/inner-wrap-->\n\n        <\/div><!--\/recent-post-container-->\n\n      <\/div><!--\/nectar-recent-post-slide-->\n\n    \n  \n      \n      <div class=\"nectar-recent-post-slide   post-ref-2\">\n\n        <div class=\"row-bg using-image\" data-parallax-speed=\"fast\">\n          <div class=\"nectar-recent-post-bg\" data-nectar-img-src=\"https:\/\/nalusurf.de\/wp-content\/uploads\/2021\/10\/DSC09484.jpg\" style=\" \"><\/div>\n        <\/div>\n\n        <div class=\"recent-post-container container\"><div class=\"inner-wrap\"><div class=\"grav-wrap\"><a href=\"https:\/\/nalusurf.de\/sv\/author\/rene\/\"><\/a><div class=\"text\"><span>By <a href=\"https:\/\/nalusurf.de\/sv\/author\/rene\/\" rel=\"author\">nalusurf<\/a><\/span><span> In<\/span> <a class=\"blog\" href=\"https:\/\/nalusurf.de\/sv\/category\/blog\/\"><span class=\"blog\">Blogg<\/span><\/a><\/div><\/div><h2 class=\"large-featured-post-title post-ref-1\">          <a href=\" https:\/\/nalusurf.de\/sv\/wie-lange-dauert-es-surfen-zu-lernen-eine-ehrliche-antwort\/\" class=\"full-slide-link\"> Wie lange dauert es, surfen zu lernen? Eine ehrliche Antwort <\/a>\n          <\/h2>\n                    <a class=\"nectar-button large regular accent-color regular-button has-icon\" data-arrow-style=\"default\" href=\"https:\/\/nalusurf.de\/sv\/wie-lange-dauert-es-surfen-zu-lernen-eine-ehrliche-antwort\/\" data-color-override=\"false\" data-hover-color-override=\"false\" data-hover-text-color-override=\"#fff\" >\n            <span>Read Article<\/span>\n            <i class=\"icon-button-arrow\"><\/i>          <\/a>\n\n\n\n          <\/div><!--\/inner-wrap-->\n\n        <\/div><!--\/recent-post-container-->\n\n      <\/div><!--\/nectar-recent-post-slide-->\n\n    \n  \n      \n      <div class=\"nectar-recent-post-slide   post-ref-2\">\n\n        <div class=\"row-bg using-image\" data-parallax-speed=\"fast\">\n          <div class=\"nectar-recent-post-bg\" data-nectar-img-src=\"https:\/\/nalusurf.de\/wp-content\/uploads\/2026\/06\/Frids-Surf-Kopie-scaled.jpg\" style=\" \"><\/div>\n        <\/div>\n\n        <div class=\"recent-post-container container\"><div class=\"inner-wrap\"><div class=\"grav-wrap\"><a href=\"https:\/\/nalusurf.de\/sv\/author\/rene\/\"><\/a><div class=\"text\"><span>By <a href=\"https:\/\/nalusurf.de\/sv\/author\/rene\/\" rel=\"author\">nalusurf<\/a><\/span><span> In<\/span> <a class=\"blog\" href=\"https:\/\/nalusurf.de\/sv\/category\/blog\/\"><span class=\"blog\">Blogg<\/span><\/a><\/div><\/div><h2 class=\"large-featured-post-title post-ref-1\">          <a href=\" https:\/\/nalusurf.de\/sv\/die-haeufigsten-fehler-beim-surfen-lernen-und-wie-du-sie-vermeidest\/\" class=\"full-slide-link\"> Die h\u00e4ufigsten Fehler beim Surfen lernen \u2013 und wie du sie vermeidest <\/a>\n          <\/h2>\n                    <a class=\"nectar-button large regular accent-color regular-button has-icon\" data-arrow-style=\"default\" href=\"https:\/\/nalusurf.de\/sv\/die-haeufigsten-fehler-beim-surfen-lernen-und-wie-du-sie-vermeidest\/\" data-color-override=\"false\" data-hover-color-override=\"false\" data-hover-text-color-override=\"#fff\" >\n            <span>Read Article<\/span>\n            <i class=\"icon-button-arrow\"><\/i>          <\/a>\n\n\n\n          <\/div><!--\/inner-wrap-->\n\n        <\/div><!--\/recent-post-container-->\n\n      <\/div><!--\/nectar-recent-post-slide-->\n\n    \n  \n      \n      <div class=\"nectar-recent-post-slide   post-ref-2\">\n\n        <div class=\"row-bg using-image\" data-parallax-speed=\"fast\">\n          <div class=\"nectar-recent-post-bg\" data-nectar-img-src=\"https:\/\/nalusurf.de\/wp-content\/uploads\/2026\/08\/e-kajak-tour-transparent-tarajalejo-fuerteventura.jpg\" style=\" \"><\/div>\n        <\/div>\n\n        <div class=\"recent-post-container container\"><div class=\"inner-wrap\"><div class=\"grav-wrap\"><a href=\"https:\/\/nalusurf.de\/sv\/author\/rene\/\"><\/a><div class=\"text\"><span>By <a href=\"https:\/\/nalusurf.de\/sv\/author\/rene\/\" rel=\"author\">nalusurf<\/a><\/span><span> In<\/span> <a class=\"blog\" href=\"https:\/\/nalusurf.de\/sv\/category\/blog\/\"><span class=\"blog\">Blogg<\/span><\/a><\/div><\/div><h2 class=\"large-featured-post-title post-ref-1\">          <a href=\" https:\/\/nalusurf.de\/sv\/die-schoensten-aktivitaeten-im-sueden-fuerteventuras-abseits-des-surfbretts\/\" class=\"full-slide-link\"> Die sch\u00f6nsten Aktivit\u00e4ten im S\u00fcden Fuerteventuras (abseits des Surfbretts) <\/a>\n          <\/h2>\n                    <a class=\"nectar-button large regular accent-color regular-button has-icon\" data-arrow-style=\"default\" href=\"https:\/\/nalusurf.de\/sv\/die-schoensten-aktivitaeten-im-sueden-fuerteventuras-abseits-des-surfbretts\/\" data-color-override=\"false\" data-hover-color-override=\"false\" data-hover-text-color-override=\"#fff\" >\n            <span>Read Article<\/span>\n            <i class=\"icon-button-arrow\"><\/i>          <\/a>\n\n\n\n          <\/div><!--\/inner-wrap-->\n\n        <\/div><!--\/recent-post-container-->\n\n      <\/div><!--\/nectar-recent-post-slide-->\n\n    \n  <\/div>\n\t\t\t<\/div> \n\t\t<\/div>\n\t<\/div> \n<\/div><\/div>","protected":false},"excerpt":{"rendered":"Ein Surfurlaub bei uns in La Pared hat einen klaren Rhythmus: fr\u00fch aufstehen, rein in den Atlantik, die beste Welle des Tages erwischen. Doch manchmal legt sogar der Ozean eine...","protected":false},"author":2,"featured_media":11782,"parent":0,"menu_order":0,"comment_status":"closed","ping_status":"closed","template":"","meta":{"footnotes":""},"class_list":["post-1268","page","type-page","status-publish","has-post-thumbnail"],"yoast_head":"<!-- This site is optimized with the Yoast SEO Premium plugin v28.0 (Yoast SEO v28.3) - https:\/\/yoast.com\/product\/yoast-seo-premium-wordpress\/ -->\n<title>Nalusurf - Surfcamp &amp; Surfschule Fuerteventura<\/title>\n<meta name=\"description\" content=\"Surfen lernen f\u00fcr Anf\u00e4nger und Fortgeschrittene. Surfcamp Unterk\u00fcnfte und professionelle Surfkurse. Dein Surf Urlaub auf Fuerteventura\" \/>\n<meta name=\"robots\" content=\"index, follow, max-snippet:-1, max-image-preview:large, max-video-preview:-1\" \/>\n<link rel=\"canonical\" href=\"https:\/\/nalusurf.de\/sv\/\" \/>\n<meta property=\"og:locale\" content=\"sv_SE\" \/>\n<meta property=\"og:type\" content=\"article\" \/>\n<meta property=\"og:title\" content=\"Nalusurf: Surfschule &amp; Surfcamp Fuerteventura\" \/>\n<meta property=\"og:description\" content=\"Melde dich f\u00fcr unsere Surfkurse an und erlebe das Abenteuer!\" \/>\n<meta property=\"og:url\" content=\"https:\/\/nalusurf.de\/sv\/\" \/>\n<meta property=\"og:site_name\" content=\"Nalusurf Surfschool &amp; Surfcamp Fuerteventura\" \/>\n<meta property=\"article:publisher\" content=\"https:\/\/www.facebook.com\/nalusurfsurfcamp\/\" \/>\n<meta property=\"article:modified_time\" content=\"2026-08-31T22:10:37+00:00\" \/>\n<meta property=\"og:image\" content=\"https:\/\/nalusurf.de\/wp-content\/uploads\/2022\/01\/IMG_0508.jpg\" \/>\n\t<meta property=\"og:image:width\" content=\"2048\" \/>\n\t<meta property=\"og:image:height\" content=\"1536\" \/>\n\t<meta property=\"og:image:type\" content=\"image\/jpeg\" \/>\n<meta name=\"twitter:card\" content=\"summary_large_image\" \/>\n<meta name=\"twitter:title\" content=\"Nalusurf: Surfschule &amp; Surfcamp Fuerteventura\" \/>\n<meta name=\"twitter:description\" content=\"Melde dich f\u00fcr unsere Surfkurse an und erlebe das Abenteuer!\" \/>\n<meta name=\"twitter:label1\" content=\"Ber\u00e4knad l\u00e4stid\" \/>\n\t<meta name=\"twitter:data1\" content=\"5 minuter\" \/>\n<script type=\"application\/ld+json\" class=\"yoast-schema-graph\">{\"@context\":\"https:\\\/\\\/schema.org\",\"@graph\":[{\"@type\":\"WebPage\",\"@id\":\"https:\\\/\\\/nalusurf.de\\\/\",\"url\":\"https:\\\/\\\/nalusurf.de\\\/\",\"name\":\"Nalusurf - Surfcamp & Surfschule Fuerteventura\",\"isPartOf\":{\"@id\":\"https:\\\/\\\/nalusurf.de\\\/#website\"},\"primaryImageOfPage\":{\"@id\":\"https:\\\/\\\/nalusurf.de\\\/#primaryimage\"},\"image\":{\"@id\":\"https:\\\/\\\/nalusurf.de\\\/#primaryimage\"},\"thumbnailUrl\":\"https:\\\/\\\/nalusurf.de\\\/wp-content\\\/uploads\\\/2022\\\/01\\\/IMG_0508.jpg\",\"datePublished\":\"2017-08-11T09:33:00+00:00\",\"dateModified\":\"2026-08-31T22:10:37+00:00\",\"description\":\"Surfen lernen f\u00fcr Anf\u00e4nger und Fortgeschrittene. Surfcamp Unterk\u00fcnfte und professionelle Surfkurse. Dein Surf Urlaub auf Fuerteventura\",\"breadcrumb\":{\"@id\":\"https:\\\/\\\/nalusurf.de\\\/#breadcrumb\"},\"inLanguage\":\"sv-SE\",\"potentialAction\":[{\"@type\":\"ReadAction\",\"target\":[\"https:\\\/\\\/nalusurf.de\\\/\"]}]},{\"@type\":\"ImageObject\",\"inLanguage\":\"sv-SE\",\"@id\":\"https:\\\/\\\/nalusurf.de\\\/#primaryimage\",\"url\":\"https:\\\/\\\/nalusurf.de\\\/wp-content\\\/uploads\\\/2022\\\/01\\\/IMG_0508.jpg\",\"contentUrl\":\"https:\\\/\\\/nalusurf.de\\\/wp-content\\\/uploads\\\/2022\\\/01\\\/IMG_0508.jpg\",\"width\":2048,\"height\":1536,\"caption\":\"Zwei Surfer gehen am Strand von La Pared\"},{\"@type\":\"BreadcrumbList\",\"@id\":\"https:\\\/\\\/nalusurf.de\\\/#breadcrumb\",\"itemListElement\":[{\"@type\":\"ListItem\",\"position\":1,\"name\":\"Startseite\",\"item\":\"https:\\\/\\\/nalusurf.de\\\/\"},{\"@type\":\"ListItem\",\"position\":2,\"name\":\"Nalusurf Surfschool &#038; Surfcamp Fuerteventura\"}]},{\"@type\":\"WebSite\",\"@id\":\"https:\\\/\\\/nalusurf.de\\\/#website\",\"url\":\"https:\\\/\\\/nalusurf.de\\\/\",\"name\":\"Nalusurf Surfschool & Surfcamp Fuerteventura\",\"description\":\"Surfen auf Fuerteventura\",\"publisher\":{\"@id\":\"https:\\\/\\\/nalusurf.de\\\/#organization\"},\"potentialAction\":[{\"@type\":\"SearchAction\",\"target\":{\"@type\":\"EntryPoint\",\"urlTemplate\":\"https:\\\/\\\/nalusurf.de\\\/?s={search_term_string}\"},\"query-input\":{\"@type\":\"PropertyValueSpecification\",\"valueRequired\":true,\"valueName\":\"search_term_string\"}}],\"inLanguage\":\"sv-SE\"},{\"@type\":[\"Organization\",\"Place\"],\"@id\":\"https:\\\/\\\/nalusurf.de\\\/#organization\",\"name\":\"Nalusurf Surfschool & Surfcamp Fuerteventura\",\"url\":\"https:\\\/\\\/nalusurf.de\\\/\",\"logo\":{\"@id\":\"https:\\\/\\\/nalusurf.de\\\/#local-main-organization-logo\"},\"image\":{\"@id\":\"https:\\\/\\\/nalusurf.de\\\/#local-main-organization-logo\"},\"sameAs\":[\"https:\\\/\\\/www.facebook.com\\\/nalusurfsurfcamp\\\/\",\"https:\\\/\\\/www.instagram.com\\\/nalusurf_fuerteventura\\\/\"],\"address\":{\"@id\":\"https:\\\/\\\/nalusurf.de\\\/#local-main-place-address\"},\"geo\":{\"@type\":\"GeoCoordinates\",\"latitude\":\"28.2127716\",\"longitude\":\"-14.2204954\"},\"telephone\":[\"+4915678730151\"],\"contactPoint\":{\"@type\":\"ContactPoint\",\"telephone\":\"+4915678730151\",\"email\":\"info@nalusurf.com\"},\"openingHoursSpecification\":[{\"@type\":\"OpeningHoursSpecification\",\"dayOfWeek\":[\"Monday\",\"Tuesday\",\"Wednesday\",\"Thursday\",\"Friday\",\"Saturday\"],\"opens\":\"09:00\",\"closes\":\"20:00\"},{\"@type\":\"OpeningHoursSpecification\",\"dayOfWeek\":[\"Sunday\"],\"opens\":\"00:00\",\"closes\":\"00:00\"}],\"email\":\"info@nalusurf.com\",\"areaServed\":\"Fuerteventura\",\"taxID\":\"X3729459G\"},{\"@type\":\"PostalAddress\",\"@id\":\"https:\\\/\\\/nalusurf.de\\\/#local-main-place-address\",\"streetAddress\":\"Avenida del Istmo 33\",\"addressLocality\":\"La Pared\",\"postalCode\":\"35627\",\"addressRegion\":\"Las Palmas\",\"addressCountry\":\"ES\"},{\"@type\":\"ImageObject\",\"inLanguage\":\"sv-SE\",\"@id\":\"https:\\\/\\\/nalusurf.de\\\/#local-main-organization-logo\",\"url\":\"https:\\\/\\\/nalusurf.de\\\/wp-content\\\/uploads\\\/2017\\\/08\\\/logo_neu.png\",\"contentUrl\":\"https:\\\/\\\/nalusurf.de\\\/wp-content\\\/uploads\\\/2017\\\/08\\\/logo_neu.png\",\"width\":736,\"height\":266,\"caption\":\"Nalusurf Surfschool & Surfcamp Fuerteventura\"}]}<\/script>\n<meta name=\"geo.placename\" content=\"La Pared\" \/>\n<meta name=\"geo.position\" content=\"28.2127716;-14.2204954\" \/>\n<meta name=\"geo.region\" content=\"Spanien\" \/>\n<!-- \/ Yoast SEO Premium plugin. -->","yoast_head_json":{"title":"Nalusurf \u2013 Surfcamp &amp; surfskola p\u00e5 Fuerteventura","description":"L\u00e4r dig surfa \u2013 f\u00f6r nyb\u00f6rjare och avancerade. Boende p\u00e5 surfcamp och professionella surfkurser. Din surfsemester p\u00e5 Fuerteventura","robots":{"index":"index","follow":"follow","max-snippet":"max-snippet:-1","max-image-preview":"max-image-preview:large","max-video-preview":"max-video-preview:-1"},"canonical":"https:\/\/nalusurf.de\/sv\/","og_locale":"sv_SE","og_type":"article","og_title":"Nalusurf: Surfschule & Surfcamp Fuerteventura","og_description":"Melde dich f\u00fcr unsere Surfkurse an und erlebe das Abenteuer!","og_url":"https:\/\/nalusurf.de\/sv\/","og_site_name":"Nalusurf Surfschool &amp; Surfcamp Fuerteventura","article_publisher":"https:\/\/www.facebook.com\/nalusurfsurfcamp\/","article_modified_time":"2026-08-31T22:10:37+00:00","og_image":[{"width":2048,"height":1536,"url":"https:\/\/nalusurf.de\/wp-content\/uploads\/2022\/01\/IMG_0508.jpg","type":"image\/jpeg"}],"twitter_card":"summary_large_image","twitter_title":"Nalusurf: Surfschule & Surfcamp Fuerteventura","twitter_description":"Melde dich f\u00fcr unsere Surfkurse an und erlebe das Abenteuer!","twitter_misc":{"Ber\u00e4knad l\u00e4stid":"5 minuter"},"schema":{"@context":"https:\/\/schema.org","@graph":[{"@type":"WebPage","@id":"https:\/\/nalusurf.de\/","url":"https:\/\/nalusurf.de\/","name":"Nalusurf \u2013 Surfcamp &amp; surfskola p\u00e5 Fuerteventura","isPartOf":{"@id":"https:\/\/nalusurf.de\/#website"},"primaryImageOfPage":{"@id":"https:\/\/nalusurf.de\/#primaryimage"},"image":{"@id":"https:\/\/nalusurf.de\/#primaryimage"},"thumbnailUrl":"https:\/\/nalusurf.de\/wp-content\/uploads\/2022\/01\/IMG_0508.jpg","datePublished":"2017-08-11T09:33:00+00:00","dateModified":"2026-08-31T22:10:37+00:00","description":"L\u00e4r dig surfa \u2013 f\u00f6r nyb\u00f6rjare och avancerade. Boende p\u00e5 surfcamp och professionella surfkurser. Din surfsemester p\u00e5 Fuerteventura","breadcrumb":{"@id":"https:\/\/nalusurf.de\/#breadcrumb"},"inLanguage":"sv-SE","potentialAction":[{"@type":"ReadAction","target":["https:\/\/nalusurf.de\/"]}]},{"@type":"ImageObject","inLanguage":"sv-SE","@id":"https:\/\/nalusurf.de\/#primaryimage","url":"https:\/\/nalusurf.de\/wp-content\/uploads\/2022\/01\/IMG_0508.jpg","contentUrl":"https:\/\/nalusurf.de\/wp-content\/uploads\/2022\/01\/IMG_0508.jpg","width":2048,"height":1536,"caption":"Zwei Surfer gehen am Strand von La Pared"},{"@type":"BreadcrumbList","@id":"https:\/\/nalusurf.de\/#breadcrumb","itemListElement":[{"@type":"ListItem","position":1,"name":"Startseite","item":"https:\/\/nalusurf.de\/"},{"@type":"ListItem","position":2,"name":"Nalusurf Surfschool &#038; Surfcamp Fuerteventura"}]},{"@type":"WebSite","@id":"https:\/\/nalusurf.de\/#website","url":"https:\/\/nalusurf.de\/","name":"Nalusurf Surfskola &amp; Surfcamp p\u00e5 Fuerteventura","description":"Surfing p\u00e5 Fuerteventura","publisher":{"@id":"https:\/\/nalusurf.de\/#organization"},"potentialAction":[{"@type":"SearchAction","target":{"@type":"EntryPoint","urlTemplate":"https:\/\/nalusurf.de\/?s={search_term_string}"},"query-input":{"@type":"PropertyValueSpecification","valueRequired":true,"valueName":"search_term_string"}}],"inLanguage":"sv-SE"},{"@type":["Organization","Place"],"@id":"https:\/\/nalusurf.de\/#organization","name":"Nalusurf Surfskola &amp; Surfcamp p\u00e5 Fuerteventura","url":"https:\/\/nalusurf.de\/","logo":{"@id":"https:\/\/nalusurf.de\/#local-main-organization-logo"},"image":{"@id":"https:\/\/nalusurf.de\/#local-main-organization-logo"},"sameAs":["https:\/\/www.facebook.com\/nalusurfsurfcamp\/","https:\/\/www.instagram.com\/nalusurf_fuerteventura\/"],"address":{"@id":"https:\/\/nalusurf.de\/#local-main-place-address"},"geo":{"@type":"GeoCoordinates","latitude":"28.2127716","longitude":"-14.2204954"},"telephone":["+4915678730151"],"contactPoint":{"@type":"ContactPoint","telephone":"+4915678730151","email":"info@nalusurf.com"},"openingHoursSpecification":[{"@type":"OpeningHoursSpecification","dayOfWeek":["Monday","Tuesday","Wednesday","Thursday","Friday","Saturday"],"opens":"09:00","closes":"20:00"},{"@type":"OpeningHoursSpecification","dayOfWeek":["Sunday"],"opens":"00:00","closes":"00:00"}],"email":"info@nalusurf.com","areaServed":"Fuerteventura","taxID":"X3729459G"},{"@type":"PostalAddress","@id":"https:\/\/nalusurf.de\/#local-main-place-address","streetAddress":"Avenida del Istmo 33","addressLocality":"La Pared","postalCode":"35627","addressRegion":"Las Palmas","addressCountry":"ES"},{"@type":"ImageObject","inLanguage":"sv-SE","@id":"https:\/\/nalusurf.de\/#local-main-organization-logo","url":"https:\/\/nalusurf.de\/wp-content\/uploads\/2017\/08\/logo_neu.png","contentUrl":"https:\/\/nalusurf.de\/wp-content\/uploads\/2017\/08\/logo_neu.png","width":736,"height":266,"caption":"Nalusurf Surfschool & Surfcamp Fuerteventura"}]},"geo.placename":"La Pared","geo.position":{"lat":"28.2127716","long":"-14.2204954"},"geo.region":"Spanien"},"_links":{"self":[{"href":"https:\/\/nalusurf.de\/sv\/wp-json\/wp\/v2\/pages\/1268","targetHints":{"allow":["GET"]}}],"collection":[{"href":"https:\/\/nalusurf.de\/sv\/wp-json\/wp\/v2\/pages"}],"about":[{"href":"https:\/\/nalusurf.de\/sv\/wp-json\/wp\/v2\/types\/page"}],"author":[{"embeddable":true,"href":"https:\/\/nalusurf.de\/sv\/wp-json\/wp\/v2\/users\/2"}],"replies":[{"embeddable":true,"href":"https:\/\/nalusurf.de\/sv\/wp-json\/wp\/v2\/comments?post=1268"}],"version-history":[{"count":99,"href":"https:\/\/nalusurf.de\/sv\/wp-json\/wp\/v2\/pages\/1268\/revisions"}],"predecessor-version":[{"id":14128,"href":"https:\/\/nalusurf.de\/sv\/wp-json\/wp\/v2\/pages\/1268\/revisions\/14128"}],"wp:featuredmedia":[{"embeddable":true,"href":"https:\/\/nalusurf.de\/sv\/wp-json\/wp\/v2\/media\/11782"}],"wp:attachment":[{"href":"https:\/\/nalusurf.de\/sv\/wp-json\/wp\/v2\/media?parent=1268"}],"curies":[{"name":"wp","href":"https:\/\/api.w.org\/{rel}","templated":true}]}}